{"id":105101,"date":"2022-01-05T11:40:59","date_gmt":"2022-01-05T10:40:59","guid":{"rendered":"https:\/\/nabytoklaguna.sk\/sk\/?post_type=product&#038;p=105101"},"modified":"2026-02-04T14:14:18","modified_gmt":"2026-02-04T13:14:18","slug":"pyka-oskar","status":"publish","type":"product","link":"https:\/\/nabytoklaguna.sk\/sk\/produkt\/pyka-oskar\/","title":{"rendered":"OSKAR ko\u017een\u00e1 sedacia s\u00faprava D3"},"content":{"rendered":"<p><strong>Luxusn\u00e1 ko\u017een\u00e1<\/strong> sedacia s\u00faprava<strong> OSKAR<\/strong> vnesie do V\u00e1\u0161ho domova kus hist\u00f3rie.Sedacia s\u00faprava je \u010dal\u00fanen\u00e1<strong> kvalitnou talianskou ko\u017eou.<\/strong> Sedenie na sedacej s\u00faprave tvoria pru\u017einy <strong>FALISTE<\/strong>, ktor\u00e9 zaru\u010duj\u00fa dlhodobo pru\u017en\u00e9 sedenie. <strong>Mas\u00edvne nohy<\/strong> dod\u00e1vaj\u00fa seda\u010dke ten spr\u00e1vny \u0161mrnc.\u00a0 Zobrazen\u00e1 zostava pozost\u00e1va z 3-sedu bez rozkladu + 2.sed + kreslo. Mo\u017enos\u0165 objednania 3-sedu s rozkladom za pr\u00edplatok<\/p>\n<p>T\u00e1to <strong>neprehliadnute\u013en\u00e1<\/strong> sedacia s\u00faprava bude<strong> dominantn\u00fdm prvkom<\/strong> v ka\u017edej dom\u00e1cnosti<\/p>\n<p><strong>Rozmer trojsedu:<\/strong><\/p>\n<p><strong>\u0160\u00edrka:<\/strong> 198 cm<\/p>\n<p><strong>V\u00fd\u0161ka:<\/strong>\u00a0105 cm<\/p>\n<p><strong>H\u013abka:<\/strong>\u00a090 cm<\/p>\n<p><strong>Plocha po rozlo\u017een\u00ed:<\/strong> 140&#215;190 cm<\/p>\n<p>&nbsp;<\/p>\n<p><strong>Rozmer dvojsedu:<\/strong><\/p>\n<p><strong>\u0160\u00edrka:<\/strong>\u00a0140 cm<\/p>\n<p><strong>V\u00fd\u0161ka:<\/strong>\u00a0105 cm<\/p>\n<p><strong>H\u013abka:<\/strong>\u00a090 cm<\/p>\n<p>&nbsp;<\/p>\n<p><strong>Rozmer kresla:<\/strong><\/p>\n<p><strong>\u0160\u00edrka:<\/strong>\u00a090 cm<\/p>\n<p><strong>V\u00fd\u0161ka:<\/strong>\u00a0105 cm<\/p>\n<p><strong>H\u013abka:<\/strong>\u00a090 cm<\/p>\n<p><strong>Materi\u00e1l:<\/strong>\u00a0ko\u017ea\/mas\u00edvne drevo<\/p>\n<ul>\n<li>Farebn\u00e9 prevedenie dreva a ko\u017ee sa na z\u00e1klade nastavenia jasu na Va\u0161ej obrazovke m\u00f4\u017ee l\u00ed\u0161i\u0165<\/li>\n<\/ul>\n","protected":false},"excerpt":{"rendered":"<p>Luxusn\u00e1 ko\u017een\u00e1 sedacia s\u00faprava OSKAR vnesie do V\u00e1\u0161ho domova kus hist\u00f3rie.Sedacia s\u00faprava je \u010dal\u00fanen\u00e1 kvalitnou talianskou ko\u017eou. Sedenie na sedacej s\u00faprave tvoria pru\u017einy FALISTE, ktor\u00e9 zaru\u010duj\u00fa dlhodobo pru\u017en\u00e9 sedenie. Mas\u00edvne nohy dod\u00e1vaj\u00fa seda\u010dke ten spr\u00e1vny \u0161mrnc.\u00a0 Zobrazen\u00e1 zostava pozost\u00e1va z 3-sedu bez rozkladu + 2.sed + kreslo. Mo\u017enos\u0165 objednania 3-sedu s rozkladom za pr\u00edplatok T\u00e1to&#8230;<\/p>\n","protected":false},"featured_media":105109,"comment_status":"closed","ping_status":"closed","template":"","meta":{"_seopress_robots_primary_cat":"none","_seopress_titles_title":"","_seopress_titles_desc":"","_seopress_robots_index":""},"product_brand":[],"product_cat":[256,140,214],"product_tag":[],"class_list":{"0":"post-105101","1":"product","2":"type-product","3":"status-publish","4":"has-post-thumbnail","6":"product_cat-supravy-311","7":"product_cat-sedacie-supravy","8":"product_cat-kozene-sedacie-supravy","9":"pa_typ-produktu-2-sed-2","10":"pa_typ-produktu-3-sed-bez-rozkladu","11":"pa_typ-produktu-3-sed-s-rozkladom","12":"pa_typ-produktu-3n11","13":"pa_typ-produktu-3n21","14":"pa_typ-produktu-kreslo","16":"first","17":"instock","18":"shipping-taxable","19":"purchasable","20":"product-type-variable"},"_links":{"self":[{"href":"https:\/\/nabytoklaguna.sk\/sk\/wp-json\/wp\/v2\/product\/105101","targetHints":{"allow":["GET"]}}],"collection":[{"href":"https:\/\/nabytoklaguna.sk\/sk\/wp-json\/wp\/v2\/product"}],"about":[{"href":"https:\/\/nabytoklaguna.sk\/sk\/wp-json\/wp\/v2\/types\/product"}],"replies":[{"embeddable":true,"href":"https:\/\/nabytoklaguna.sk\/sk\/wp-json\/wp\/v2\/comments?post=105101"}],"wp:featuredmedia":[{"embeddable":true,"href":"https:\/\/nabytoklaguna.sk\/sk\/wp-json\/wp\/v2\/media\/105109"}],"wp:attachment":[{"href":"https:\/\/nabytoklaguna.sk\/sk\/wp-json\/wp\/v2\/media?parent=105101"}],"wp:term":[{"taxonomy":"product_brand","embeddable":true,"href":"https:\/\/nabytoklaguna.sk\/sk\/wp-json\/wp\/v2\/product_brand?post=105101"},{"taxonomy":"product_cat","embeddable":true,"href":"https:\/\/nabytoklaguna.sk\/sk\/wp-json\/wp\/v2\/product_cat?post=105101"},{"taxonomy":"product_tag","embeddable":true,"href":"https:\/\/nabytoklaguna.sk\/sk\/wp-json\/wp\/v2\/product_tag?post=105101"}],"curies":[{"name":"wp","href":"https:\/\/api.w.org\/{rel}","templated":true}]}}