{"id":105129,"date":"2022-01-05T12:53:24","date_gmt":"2022-01-05T11:53:24","guid":{"rendered":"https:\/\/nabytoklaguna.sk\/sk\/?post_type=product&#038;p=105129"},"modified":"2026-02-04T14:12:34","modified_gmt":"2026-02-04T13:12:34","slug":"pyka-eryk","status":"publish","type":"product","link":"https:\/\/nabytoklaguna.sk\/sk\/produkt\/pyka-eryk\/","title":{"rendered":"ERYK ko\u017een\u00e1 sedacia s\u00faprava D3"},"content":{"rendered":"<p><strong>Ko\u017een\u00e1 sedacia<\/strong> s\u00faprava <strong>ERYK<\/strong> pote\u0161\u00ed najm\u00e4 milovn\u00edkov klasiky. Sedacia s\u00faprava je \u010dal\u00fanen\u00e1<strong> kvalitnou talianskou ko\u017eou. <\/strong>Sedenie tvoria pru\u017einy typu Bonell, ktor\u00e9 zaru\u010duj\u00fa dlhodob\u00e9 pru\u017en\u00e9 sedenie. <strong>Mas\u00edvne drevo<\/strong> dod\u00e1va tomuto setu ten spr\u00e1vny \u0161mrnc.<strong>3-sed m\u00e1 funkciu rozkladu,<\/strong> jednoduch\u00fd rozklad<strong> KLIK-KLAK<\/strong> , premen\u00ed 3- sed na plochu pre <strong>pr\u00edle\u017eitostn\u00e9 spanie<\/strong> s plochou 120x200cm. Zadn\u00e1 \u010das\u0165 3-sedu je \u010dal\u00fanen\u00e1 univerz\u00e1lnou l\u00e1tkou, za pr\u00edplatok je mo\u017en\u00e9 ju o\u010daluni\u0165 ko\u017eou v tom istom farebnom preveden\u00ed.<\/p>\n<p><strong>Rozmery 3.sedu<\/strong><\/p>\n<p>\u0160\u00edrka: 205cm<br \/>\nH\u013abka: 95 cm<br \/>\nV\u00fd\u0161ka: 95 cm<\/p>\n<p>&nbsp;<\/p>\n<p><strong>Rozmery kresla<\/strong><\/p>\n<p>\u0160\u00edrka: 65cm<br \/>\nH\u013abka: 80 cm<br \/>\nV\u00fd\u0161ka: 105 cm<\/p>\n<ul>\n<li>Farebn\u00e9 prevedenie dreva a ko\u017ee sa na z\u00e1klade nastavenia jasu na Va\u0161ej obrazovke m\u00f4\u017ee l\u00ed\u0161i\u0165<\/li>\n<\/ul>\n<p>&nbsp;<\/p>\n<p>&nbsp;<\/p>\n","protected":false},"excerpt":{"rendered":"<p>Ko\u017een\u00e1 sedacia s\u00faprava ERYK pote\u0161\u00ed najm\u00e4 milovn\u00edkov klasiky. Sedacia s\u00faprava je \u010dal\u00fanen\u00e1 kvalitnou talianskou ko\u017eou. Sedenie tvoria pru\u017einy typu Bonell, ktor\u00e9 zaru\u010duj\u00fa dlhodob\u00e9 pru\u017en\u00e9 sedenie. Mas\u00edvne drevo dod\u00e1va tomuto setu ten spr\u00e1vny \u0161mrnc.3-sed m\u00e1 funkciu rozkladu, jednoduch\u00fd rozklad KLIK-KLAK , premen\u00ed 3- sed na plochu pre pr\u00edle\u017eitostn\u00e9 spanie s plochou 120x200cm. Zadn\u00e1 \u010das\u0165 3-sedu je&#8230;<\/p>\n","protected":false},"featured_media":105132,"comment_status":"closed","ping_status":"closed","template":"","meta":{"_seopress_robots_primary_cat":"none","_seopress_titles_title":"","_seopress_titles_desc":"","_seopress_robots_index":""},"product_brand":[],"product_cat":[256,140,214],"product_tag":[],"class_list":{"0":"post-105129","1":"product","2":"type-product","3":"status-publish","4":"has-post-thumbnail","6":"product_cat-supravy-311","7":"product_cat-sedacie-supravy","8":"product_cat-kozene-sedacie-supravy","9":"pa_typ-produktu-3r11","10":"pa_typ-produktu-3sed","11":"pa_typ-produktu-kreslo","13":"first","14":"instock","15":"shipping-taxable","16":"purchasable","17":"product-type-variable"},"_links":{"self":[{"href":"https:\/\/nabytoklaguna.sk\/sk\/wp-json\/wp\/v2\/product\/105129","targetHints":{"allow":["GET"]}}],"collection":[{"href":"https:\/\/nabytoklaguna.sk\/sk\/wp-json\/wp\/v2\/product"}],"about":[{"href":"https:\/\/nabytoklaguna.sk\/sk\/wp-json\/wp\/v2\/types\/product"}],"replies":[{"embeddable":true,"href":"https:\/\/nabytoklaguna.sk\/sk\/wp-json\/wp\/v2\/comments?post=105129"}],"wp:featuredmedia":[{"embeddable":true,"href":"https:\/\/nabytoklaguna.sk\/sk\/wp-json\/wp\/v2\/media\/105132"}],"wp:attachment":[{"href":"https:\/\/nabytoklaguna.sk\/sk\/wp-json\/wp\/v2\/media?parent=105129"}],"wp:term":[{"taxonomy":"product_brand","embeddable":true,"href":"https:\/\/nabytoklaguna.sk\/sk\/wp-json\/wp\/v2\/product_brand?post=105129"},{"taxonomy":"product_cat","embeddable":true,"href":"https:\/\/nabytoklaguna.sk\/sk\/wp-json\/wp\/v2\/product_cat?post=105129"},{"taxonomy":"product_tag","embeddable":true,"href":"https:\/\/nabytoklaguna.sk\/sk\/wp-json\/wp\/v2\/product_tag?post=105129"}],"curies":[{"name":"wp","href":"https:\/\/api.w.org\/{rel}","templated":true}]}}