{"id":108013,"date":"2022-04-04T14:12:55","date_gmt":"2022-04-04T12:12:55","guid":{"rendered":"https:\/\/nabytoklaguna.sk\/sk\/?post_type=product&#038;p=108013"},"modified":"2026-04-20T14:20:59","modified_gmt":"2026-04-20T12:20:59","slug":"k-kevan","status":"publish","type":"product","link":"https:\/\/nabytoklaguna.sk\/sk\/produkt\/k-kevan\/","title":{"rendered":"K KEVAN"},"content":{"rendered":"<p><strong>Elegantn\u00e1<\/strong> rohov\u00e1 sedacia s\u00faprava <strong>KEVAN<\/strong> V\u00e1s zaujme hne\u010f na prv\u00fd poh\u013ead. Sedacia \u010das\u0165 je <strong>dekorat\u00edvne pre\u0161it\u00e1,<\/strong> \u010do dod\u00e1va seda\u010dke jedine\u010dn\u00fd dizajn. V\u00fdpl\u0148 seda\u010dky tvor\u00ed<strong> pru\u017eina Falista+Pur pena<\/strong>. Dva ve\u013ek\u00e9 vank\u00fa\u0161e V\u00e1m posl\u00fa\u017eia ako opierka chrbta. S\u00fa\u010das\u0165ou s\u00fa <strong>aj dva mal\u00e9 vank\u00fa\u0161iky<\/strong>, ktor\u00e9 plnia dekora\u010dn\u00fa funkciu, no s\u00fa aj praktick\u00e9. M\u00f4\u017eete ich vyu\u017ei\u0165 pri \u010d\u00edtan\u00ed dobrej knihy alebo pri pozeran\u00ed TV.\u00a0 Sez\u00f3nne veci si m\u00f4\u017eete uskladni\u0165 <strong>v \u00falo\u017enom priestore<\/strong>, ktor\u00fdm disponuje sedacia s\u00faprava. Jednoduch\u00fdm rozkladom premen\u00edte seda\u010dku na plochu <strong>pre pr\u00edle\u017eitostn\u00e9 spanie<\/strong>. Sedacia s\u00faprava je <strong>celo\u010dal\u00fanen\u00e1<\/strong> a tak vynikne aj v priestore. V\u010faka tomu, \u017ee je <strong>univerz\u00e1lna<\/strong>, jednoducho ju m\u00f4\u017eete posklada\u0165 s rohom na \u013eavej alebo na pravej strane. Pon\u00fakame V\u00e1m ju v po\u0165ahovej l\u00e1tke Soro.<\/p>\n<p>L\u00e1tku\u00a0<b>Soro<\/b>\u00a0rad\u00edme medzi vel\u00farovou tkaninu. Jedn\u00e1 sa o tkaninu podobn\u00fa ply\u0161u s kr\u00e1tkym vlasom, ktor\u00e1 sa vyzna\u010duje <strong>zamatovo jemn\u00fdm povrchom.<\/strong>\u00a0<b>L\u00e1tka Soro<\/b>\u00a0vyroben\u00e1 zo 100% polyesteru s vidite\u013en\u00fdm pleten\u00fdm vzorom je m\u00e4kk\u00e1, <strong>priedu\u0161n\u00fd<\/strong>, \u013eahko absorbuje vlhkos\u0165 a r\u00fdchlo schne. Odol\u00e1va tie\u017e denn\u00e9mu svetlu a <strong>netvor\u00ed \u017emolky.<\/strong><\/p>\n<p>Mo\u017enos\u0165 objednania v 6 farebn\u00fdch prevedeniach l\u00e1tky Alfa v cene 839 Eur. Doba dodania 8-10 t\u00fd\u017ed\u0148ov<\/p>\n<h3 class=\"page-product-heading\">VLASTNOSTI<\/h3>\n<table class=\"table-data-sheet\">\n<tbody>\n<tr class=\"odd\">\n<td>H\u013abka<\/td>\n<td>178\u00a0 cm<\/td>\n<\/tr>\n<tr class=\"even\">\n<td>\u0160\u00edrka<\/td>\n<td>261 cm<\/td>\n<\/tr>\n<tr class=\"odd\">\n<td>V\u00fd\u0161ka<\/td>\n<td>98 cm<\/td>\n<\/tr>\n<tr class=\"even\">\n<td>Vhodn\u00e1 miestnos\u0165<\/td>\n<td>ob\u00fdva\u010dka, spolo\u010densk\u00e1 miestnos\u0165, hotely, kaviarne<\/td>\n<\/tr>\n<tr class=\"odd\">\n<td>Typ n\u00e1bytku<\/td>\n<td>rohov\u00e1 sedacia s\u00faprava<\/td>\n<\/tr>\n<tr class=\"even\">\n<td>\u0160t\u00fdl n\u00e1bytku<\/td>\n<td>modern\u00fd<\/td>\n<\/tr>\n<tr class=\"odd\">\n<td>Z\u00e1ruka<\/td>\n<td>2 roky<\/td>\n<\/tr>\n<tr class=\"even\">\n<td>Sp\u00f4sob dodania<\/td>\n<td>demont v bal\u00edkoch<\/td>\n<\/tr>\n<tr class=\"odd\">\n<td>Hmotnos\u0165<\/td>\n<td>140 kg<\/td>\n<\/tr>\n<tr class=\"even\">\n<td>\u00dalo\u017en\u00fd priestor<\/td>\n<td>\u00e1no<\/td>\n<\/tr>\n<tr class=\"odd\">\n<td>Rohov\u00e9 prevedenie<\/td>\n<td>\u00e1no<\/td>\n<\/tr>\n<tr class=\"even\">\n<td>V\u00fd\u0161ka sed\u00e1ka<\/td>\n<td>40 cm<\/td>\n<\/tr>\n<tr class=\"odd\">\n<td>V\u00fd\u0161ka zadn\u00e9ho \u010dela<\/td>\n<td>max.98 cm<\/td>\n<\/tr>\n<tr class=\"even\">\n<td>Mo\u017enos\u0165 rozkladania<\/td>\n<td>\u00e1no<\/td>\n<\/tr>\n<tr class=\"odd\">\n<td>Plocha po rozlo\u017een\u00ed<\/td>\n<td>148x203cm<\/td>\n<\/tr>\n<tr class=\"even\">\n<td>Kon\u0161trukcia<\/td>\n<td>DTD<\/td>\n<\/tr>\n<tr class=\"odd\">\n<td><\/td>\n<td><\/td>\n<\/tr>\n<tr class=\"even\">\n<td>Obsahuje vank\u00fa\u0161e<\/td>\n<td>\u00e1no<\/td>\n<\/tr>\n<tr class=\"odd\">\n<td>Nastavenie opierok<\/td>\n<td>nie<\/td>\n<\/tr>\n<tr class=\"even\">\n<td>V\u00fdpl\u0148 sed\u00e1ka<\/td>\n<td>pru\u017eina+pena<\/td>\n<\/tr>\n<\/tbody>\n<\/table>\n<p>Nastavenie displeja m\u00f4\u017ee sp\u00f4sobi\u0165 odch\u00fdlku vo farbe vzoriek po\u0165ahov\u00fdch l\u00e1tok.<\/p>\n","protected":false},"excerpt":{"rendered":"<p>Elegantn\u00e1 rohov\u00e1 sedacia s\u00faprava KEVAN V\u00e1s zaujme hne\u010f na prv\u00fd poh\u013ead. Sedacia \u010das\u0165 je dekorat\u00edvne pre\u0161it\u00e1, \u010do dod\u00e1va seda\u010dke jedine\u010dn\u00fd dizajn. V\u00fdpl\u0148 seda\u010dky tvor\u00ed pru\u017eina Falista+Pur pena. Dva ve\u013ek\u00e9 vank\u00fa\u0161e V\u00e1m posl\u00fa\u017eia ako opierka chrbta. S\u00fa\u010das\u0165ou s\u00fa aj dva mal\u00e9 vank\u00fa\u0161iky, ktor\u00e9 plnia dekora\u010dn\u00fa funkciu, no s\u00fa aj praktick\u00e9. M\u00f4\u017eete ich vyu\u017ei\u0165 pri \u010d\u00edtan\u00ed dobrej&#8230;<\/p>\n","protected":false},"featured_media":108022,"comment_status":"closed","ping_status":"closed","template":"","meta":{"_seopress_robots_primary_cat":"none","_seopress_titles_title":"","_seopress_titles_desc":"","_seopress_robots_index":""},"product_brand":[],"product_cat":[255,140],"product_tag":[],"class_list":{"0":"post-108013","1":"product","2":"type-product","3":"status-publish","4":"has-post-thumbnail","6":"product_cat-rohove-supravy","7":"product_cat-sedacie-supravy","8":"pa_farba-soro-23-sivobezova","9":"pa_farba-soro-97-tmavosiva","10":"pa_farba-soro-40-horcicova","12":"first","13":"onbackorder","14":"shipping-taxable","15":"purchasable","16":"product-type-variable"},"_links":{"self":[{"href":"https:\/\/nabytoklaguna.sk\/sk\/wp-json\/wp\/v2\/product\/108013","targetHints":{"allow":["GET"]}}],"collection":[{"href":"https:\/\/nabytoklaguna.sk\/sk\/wp-json\/wp\/v2\/product"}],"about":[{"href":"https:\/\/nabytoklaguna.sk\/sk\/wp-json\/wp\/v2\/types\/product"}],"replies":[{"embeddable":true,"href":"https:\/\/nabytoklaguna.sk\/sk\/wp-json\/wp\/v2\/comments?post=108013"}],"wp:featuredmedia":[{"embeddable":true,"href":"https:\/\/nabytoklaguna.sk\/sk\/wp-json\/wp\/v2\/media\/108022"}],"wp:attachment":[{"href":"https:\/\/nabytoklaguna.sk\/sk\/wp-json\/wp\/v2\/media?parent=108013"}],"wp:term":[{"taxonomy":"product_brand","embeddable":true,"href":"https:\/\/nabytoklaguna.sk\/sk\/wp-json\/wp\/v2\/product_brand?post=108013"},{"taxonomy":"product_cat","embeddable":true,"href":"https:\/\/nabytoklaguna.sk\/sk\/wp-json\/wp\/v2\/product_cat?post=108013"},{"taxonomy":"product_tag","embeddable":true,"href":"https:\/\/nabytoklaguna.sk\/sk\/wp-json\/wp\/v2\/product_tag?post=108013"}],"curies":[{"name":"wp","href":"https:\/\/api.w.org\/{rel}","templated":true}]}}