{"id":108149,"date":"2022-04-06T10:59:30","date_gmt":"2022-04-06T08:59:30","guid":{"rendered":"https:\/\/nabytoklaguna.sk\/sk\/?post_type=product&#038;p=108149"},"modified":"2025-09-25T12:52:04","modified_gmt":"2025-09-25T10:52:04","slug":"elsie","status":"publish","type":"product","link":"https:\/\/nabytoklaguna.sk\/sk\/produkt\/elsie\/","title":{"rendered":"K ELSIE"},"content":{"rendered":"<p><strong>Modern\u00e1 \u010dal\u00fanen\u00e1<\/strong> poste\u013e <strong>ELSIE<\/strong> V\u00e1s dostane na prv\u00fd poh\u013ead. P\u00fd\u0161i sa elegantn\u00fdm <strong>pre\u0161\u00edvan\u00fdm \u010delom<\/strong>. ktor\u00e9 je m\u00e4kk\u00e9 a pr\u00edjemn\u00e9. Ur\u010dite ho ocen\u00edte pri \u010d\u00edtan\u00ed dobrej knihy alebo pri pozeran\u00ed ob\u013e\u00faben\u00e9ho filmu. <strong>ELSIE<\/strong> je vybaven\u00e1 <strong>\u00falo\u017en\u00fdm priestorom<\/strong>, ktor\u00fd sa skr\u00fdva pod <strong>lamelov\u00fdm ro\u0161tom<\/strong>, ktor\u00fd je dod\u00e1van\u00fd s poste\u013eou. V\u00fd\u0161ka po ro\u0161t dosahuje 23 cm. Poste\u013e sa vyr\u00e1ba v dvoch rozmeroch, s plochou na spanie 160x200cm alebo 180x200cm, vo farebnom preveden\u00ed <strong>siv\u00e1 a mentolov\u00e1.<\/strong> Kvalitn\u00fd sp\u00e1nok V\u00e1m zaru\u010d\u00ed kvalitn\u00fd matrac, preto V\u00e1m odpor\u00fa\u010dame zak\u00fapi\u0165 poste\u013e\u00a0 spolu s\u00a023 cm vysok\u00fdm luxusn\u00fdm matracom\u00a0<b><strong>VENDY,\u00a0<\/strong><\/b>\u010d\u00edm bude poste\u013e<strong> ELSIE<\/strong>\u00a0nielen vkusn\u00fdm a praktick\u00fdm prvkom, ale zabezpe\u010d\u00ed V\u00e1m aj blahodarn\u00fd plnohodnotn\u00fd sp\u00e1nok.<\/p>\n<div class=\"text\">\n<ul>\n<li><b>Materi\u00e1l:<\/b>\u00a0l\u00e1tka<\/li>\n<li><b>Farba:<\/b> siv\u00e1. mentolov\u00e1<\/li>\n<li><b>Rozmery (\u0160xHxV):<\/b> 170x219x90 cm, <b>Plocha na spanie (\u0160xD):<\/b>\u00a0160\u00d7200 cm<\/li>\n<li><b>Rozmery (\u0160xHxV):<\/b> 190x219x90cm, <b>Plocha na spanie (\u0160xD):<\/b>\u00a0180\u00d7200 cm<\/li>\n<li><b>V\u00fd\u0161ka po ro\u0161t:<\/b> 23 cm<\/li>\n<li><b>Nosnos\u0165 na l\u00f4\u017eko:<\/b> 110 kg<\/li>\n<li>Pre\u0161\u00edvan\u00e9 \u010delo<\/li>\n<li>Lamelov\u00fd ro\u0161t<\/li>\n<li>\u00dalo\u017en\u00fd priestor<\/li>\n<li>Dod\u00e1van\u00e9 v demonte<\/li>\n<\/ul>\n<\/div>\n<table style=\"width: 100%; height: 513px;\" border=\"0\" cellspacing=\"1\" cellpadding=\"1\">\n<tbody>\n<tr style=\"height: 317px;\">\n<td style=\"height: 317px; width: 27.8373%;\"><img loading=\"lazy\" decoding=\"async\" class=\"\" src=\"https:\/\/i2.wp.com\/nabytoklaguna.sk\/sk\/wp-content\/uploads\/2021\/01\/matrac-LENNA.jpg?resize=252%2C252&amp;ssl=1\" width=\"259\" height=\"259\" \/><\/td>\n<td style=\"height: 317px; width: 72.02%;\"><u><strong>Matrac LENNA:<\/strong><\/u><\/p>\n<p>Kvalitn\u00fd 5-z\u00f3nov\u00fd profilovan\u00fd matrac Lenna je z\u00e1stupcom matracov bez pou\u017eitia lepidiel. \u0160peci\u00e1lne jadro tvoria dva d\u00f4myselne rezan\u00e9 diely z kvalitn\u00fdch polyuret\u00e1nov\u00fdch Sleepfoam pien. Pri sp\u00e1nku umo\u017e\u0148uje tento matrac bez lepidiel pohyb pien v\u010faka vo\u013en\u00e9mu ulo\u017eeniu a t\u00fdm vyhovuje individu\u00e1lnym potreb\u00e1m u\u017e\u00edvate\u013ea. V\u010faka rozdielnym objemov\u00fdm hmotnostiam Sleepfoam pien tento matrac poskytuje tvrd\u0161iu a m\u00e4k\u0161iu stranu. Matrac je ur\u010den\u00fd pre v\u00e1hov\u00fa kateg\u00f3riu do 100 kg. Celkov\u00e1 v\u00fd\u0161ka matraca je 17 cm. Po\u0165ah je z kvalitn\u00e9ho \u00fapletu, z\u00f3novo pre\u0161it\u00fd, delite\u013en\u00fd a na jeho v\u00fdrobu je pou\u017eit\u00e9 r\u00fano vysokej gram\u00e1\u017ee. Po\u0165ah je prate\u013en\u00fd na 60 \u00baC.<\/td>\n<\/tr>\n<tr style=\"height: 196px;\">\n<td style=\"height: 196px; width: 27.8373%;\">&nbsp;<\/p>\n<p><img loading=\"lazy\" decoding=\"async\" class=\"\" src=\"https:\/\/i1.wp.com\/nabytoklaguna.sk\/sk\/wp-content\/uploads\/2021\/01\/matrac-VENDY.jpg?resize=258%2C258&amp;ssl=1\" width=\"259\" height=\"259\" \/><\/td>\n<td style=\"height: 196px; width: 72.02%;\"><strong><u>Matrac VENDY:<\/u><\/strong><\/p>\n<p>Luxusn\u00fd matrac tvor\u00ed z oboch str\u00e1n a\u017e 9 cm vysok\u00e1 vrstva polyuret\u00e1novej peny. Ru\u017eov\u00e1 (m\u00e4kk\u0161ia) pena je gram\u00e1\u017ee 25 kg \/ m3 a zelen\u00e1 ( tvrd\u0161ia ) a\u017e 28 kg \/ m3. V\u00fdrazn\u00e9 profilovanie povrchu oboch pien zabezpe\u010d\u00ed spr\u00e1vny a z\u00e1rove\u0148 ve\u013emi kvalitn\u00fd sp\u00e1nkov\u00fd komfort, v\u010faka ktor\u00e9mu je zaru\u010den\u00e9 od\u013eah\u010denie exponovan\u00fdch miest na tele. T\u00fdm sa zrete\u013ene zlep\u0161uje prekrvenie poko\u017eky a uvo\u013enenie svalov. Pre dosiahnutie nosnosti 130 kg je matrac spevnen\u00fd 4 cm vrstvou RE peny. Celkov\u00e1 v\u00fd\u0161ka vr\u00e1tane po\u0165ahu ALOE VERA je 23 cm. Po\u0165ah je z ALOE VERA. Po\u0165ah je prate\u013en\u00fd na 60 \u00baC.<\/td>\n<\/tr>\n<\/tbody>\n<\/table>\n","protected":false},"excerpt":{"rendered":"<p>Modern\u00e1 \u010dal\u00fanen\u00e1 poste\u013e ELSIE V\u00e1s dostane na prv\u00fd poh\u013ead. P\u00fd\u0161i sa elegantn\u00fdm pre\u0161\u00edvan\u00fdm \u010delom. ktor\u00e9 je m\u00e4kk\u00e9 a pr\u00edjemn\u00e9. Ur\u010dite ho ocen\u00edte pri \u010d\u00edtan\u00ed dobrej knihy alebo pri pozeran\u00ed ob\u013e\u00faben\u00e9ho filmu. ELSIE je vybaven\u00e1 \u00falo\u017en\u00fdm priestorom, ktor\u00fd sa skr\u00fdva pod lamelov\u00fdm ro\u0161tom, ktor\u00fd je dod\u00e1van\u00fd s poste\u013eou. V\u00fd\u0161ka po ro\u0161t dosahuje 23 cm. Poste\u013e sa&#8230;<\/p>\n","protected":false},"featured_media":108151,"comment_status":"closed","ping_status":"closed","template":"","meta":{"_seopress_robots_primary_cat":"none","_seopress_titles_title":"","_seopress_titles_desc":"","_seopress_robots_index":""},"product_brand":[],"product_cat":[4012,228],"product_tag":[],"class_list":{"0":"post-108149","1":"product","2":"type-product","3":"status-publish","4":"has-post-thumbnail","6":"product_cat-postele","7":"product_cat-calunene-postele","8":"pa_farba-mentolova","9":"pa_farba-siva","10":"pa_typ-produktu-s-matracom-lenna-2-ks-80-x-200-cm-11-zdarma","11":"pa_typ-produktu-s-matracom-lenna-2-ks-90-x-200-cm-11-zdarma","12":"pa_typ-produktu-s-matracom-vendy-2-ks-80-x-200-cm-11-zdarma","13":"pa_typ-produktu-s-matracom-vendy-2-ks-90-x-200-cm-11-zdarma","14":"pa_typ-produktu-s-rostom-bez-matraca-2","16":"first","17":"onbackorder","18":"shipping-taxable","19":"purchasable","20":"product-type-variable"},"_links":{"self":[{"href":"https:\/\/nabytoklaguna.sk\/sk\/wp-json\/wp\/v2\/product\/108149","targetHints":{"allow":["GET"]}}],"collection":[{"href":"https:\/\/nabytoklaguna.sk\/sk\/wp-json\/wp\/v2\/product"}],"about":[{"href":"https:\/\/nabytoklaguna.sk\/sk\/wp-json\/wp\/v2\/types\/product"}],"replies":[{"embeddable":true,"href":"https:\/\/nabytoklaguna.sk\/sk\/wp-json\/wp\/v2\/comments?post=108149"}],"wp:featuredmedia":[{"embeddable":true,"href":"https:\/\/nabytoklaguna.sk\/sk\/wp-json\/wp\/v2\/media\/108151"}],"wp:attachment":[{"href":"https:\/\/nabytoklaguna.sk\/sk\/wp-json\/wp\/v2\/media?parent=108149"}],"wp:term":[{"taxonomy":"product_brand","embeddable":true,"href":"https:\/\/nabytoklaguna.sk\/sk\/wp-json\/wp\/v2\/product_brand?post=108149"},{"taxonomy":"product_cat","embeddable":true,"href":"https:\/\/nabytoklaguna.sk\/sk\/wp-json\/wp\/v2\/product_cat?post=108149"},{"taxonomy":"product_tag","embeddable":true,"href":"https:\/\/nabytoklaguna.sk\/sk\/wp-json\/wp\/v2\/product_tag?post=108149"}],"curies":[{"name":"wp","href":"https:\/\/api.w.org\/{rel}","templated":true}]}}