{"id":110020,"date":"2022-07-07T12:46:16","date_gmt":"2022-07-07T10:46:16","guid":{"rendered":"https:\/\/nabytoklaguna.sk\/sk\/?post_type=product&#038;p=110020"},"modified":"2023-12-07T11:44:55","modified_gmt":"2023-12-07T10:44:55","slug":"tempo-kondela-aden","status":"publish","type":"product","link":"https:\/\/nabytoklaguna.sk\/sk\/produkt\/tempo-kondela-aden\/","title":{"rendered":"TK ADEN"},"content":{"rendered":"<div class=\"text\">\n<p>Modern\u00fd viac\u00fa\u010delov\u00fd reg\u00e1l ADEN s mnohostrann\u00fdm vyu\u017eit\u00edm\u00a0 poskytne dostatok \u00falo\u017en\u00e9ho priestoru a svojou variabilitou sa hod\u00ed do ak\u00e9hoko\u013evek priestoru. Reg\u00e1l zaujme hlavne netradi\u010dne rie\u0161en\u00fdm \u010dlenen\u00edm\u00a0 pol\u00edc. Reg\u00e1l je mo\u017en\u00e9 umiestni\u0165 ku stene, alebo aj do priestoru, tie\u017e je mo\u017en\u00e9 ulo\u017ei\u0165 ho vertik\u00e1lne alebo horizont\u00e1lne.<\/p>\n<p>Dostupn\u00e9 v preveden\u00ed dub sonoma, \u010dierna alebo biela.<\/p>\n<ul>\n<li><b>Materi\u00e1l:<\/b>\u00a0laminovan\u00e1 DTD<\/li>\n<li><b>Vertik\u00e1lne (\u0160xHxV):<\/b>\u00a068,5x25x161,3 cm<\/li>\n<li><b>Horizont\u00e1lne (\u0160xHxV):<\/b>\u00a0156,3x25x73,4 cm<\/li>\n<li><b>Hr\u00fabka materi\u00e1lu pol\u00edc:<\/b>\u00a016 mm<\/li>\n<li><b>Hr\u00fabka materi\u00e1lu korpus:<\/b>\u00a022 mm<\/li>\n<li><b>V\u00fd\u0161ka no\u017ei\u010diek:<\/b>\u00a05 cm<\/li>\n<li>Dod\u00e1van\u00e9 v demonte<\/li>\n<\/ul>\n<\/div>\n","protected":false},"excerpt":{"rendered":"<p>Modern\u00fd viac\u00fa\u010delov\u00fd reg\u00e1l ADEN s mnohostrann\u00fdm vyu\u017eit\u00edm\u00a0 poskytne dostatok \u00falo\u017en\u00e9ho priestoru a svojou variabilitou sa hod\u00ed do ak\u00e9hoko\u013evek priestoru. Reg\u00e1l zaujme hlavne netradi\u010dne rie\u0161en\u00fdm \u010dlenen\u00edm\u00a0 pol\u00edc. Reg\u00e1l je mo\u017en\u00e9 umiestni\u0165 ku stene, alebo aj do priestoru, tie\u017e je mo\u017en\u00e9 ulo\u017ei\u0165 ho vertik\u00e1lne alebo horizont\u00e1lne. Dostupn\u00e9 v preveden\u00ed dub sonoma, \u010dierna alebo biela. Materi\u00e1l:\u00a0laminovan\u00e1 DTD Vertik\u00e1lne&#8230;<\/p>\n","protected":false},"featured_media":110029,"comment_status":"closed","ping_status":"closed","template":"","meta":{"_seopress_robots_primary_cat":"none","_seopress_titles_title":"","_seopress_titles_desc":"","_seopress_robots_index":""},"product_brand":[],"product_cat":[1062],"product_tag":[],"class_list":{"0":"post-110020","1":"product","2":"type-product","3":"status-publish","4":"has-post-thumbnail","6":"product_cat-regaly-police","7":"pa_farba-biela","8":"pa_farba-cierna-2","9":"pa_farba-sonoma","11":"first","12":"onbackorder","13":"shipping-taxable","14":"purchasable","15":"product-type-variable"},"_links":{"self":[{"href":"https:\/\/nabytoklaguna.sk\/sk\/wp-json\/wp\/v2\/product\/110020","targetHints":{"allow":["GET"]}}],"collection":[{"href":"https:\/\/nabytoklaguna.sk\/sk\/wp-json\/wp\/v2\/product"}],"about":[{"href":"https:\/\/nabytoklaguna.sk\/sk\/wp-json\/wp\/v2\/types\/product"}],"replies":[{"embeddable":true,"href":"https:\/\/nabytoklaguna.sk\/sk\/wp-json\/wp\/v2\/comments?post=110020"}],"wp:featuredmedia":[{"embeddable":true,"href":"https:\/\/nabytoklaguna.sk\/sk\/wp-json\/wp\/v2\/media\/110029"}],"wp:attachment":[{"href":"https:\/\/nabytoklaguna.sk\/sk\/wp-json\/wp\/v2\/media?parent=110020"}],"wp:term":[{"taxonomy":"product_brand","embeddable":true,"href":"https:\/\/nabytoklaguna.sk\/sk\/wp-json\/wp\/v2\/product_brand?post=110020"},{"taxonomy":"product_cat","embeddable":true,"href":"https:\/\/nabytoklaguna.sk\/sk\/wp-json\/wp\/v2\/product_cat?post=110020"},{"taxonomy":"product_tag","embeddable":true,"href":"https:\/\/nabytoklaguna.sk\/sk\/wp-json\/wp\/v2\/product_tag?post=110020"}],"curies":[{"name":"wp","href":"https:\/\/api.w.org\/{rel}","templated":true}]}}