{"id":111740,"date":"2022-08-24T12:23:28","date_gmt":"2022-08-24T10:23:28","guid":{"rendered":"https:\/\/nabytoklaguna.sk\/sk\/?post_type=product&#038;p=111740"},"modified":"2025-07-11T16:17:20","modified_gmt":"2025-07-11T14:17:20","slug":"texas-2r2","status":"publish","type":"product","link":"https:\/\/nabytoklaguna.sk\/sk\/produkt\/texas-2r2\/","title":{"rendered":"TEXAS 2+R+2"},"content":{"rendered":"<p>Kr\u00e1sna a modern\u00e1<b> sedacia s\u00faprava TEXAS<strong>\u00a02+R+2 <\/strong><\/b>V\u00e1m poskytne \u010do budete potrebova\u0165.\u00a0\u00a0<b>\u0160t\u00fdlov\u00fd vzh\u013ead\u00a0<\/b>a<b>\u00a0p\u00f4sobiv\u00fd dizajn<\/b>\u00a0dodaj\u00fa ka\u017edej miestnosti ten spr\u00e1vny \u0161mrnc a\u00a0\u00a0<b>mimoriadne vlastnosti<\/b>\u00a0z h\u013eadiska<strong>\u00a0kvality<\/strong>\u00a0a\u00a0<b>funk\u010dnosti zabezpe\u010dia\u00a0<\/b>Va\u0161e pohodlie. Seda\u010dka je\u00a0<strong>\u010delo\u010dal\u00fanen\u00e1<\/strong>\u00a0a teda je mo\u017en\u00e9 ju\u00a0<strong>umiestni\u0165 aj do priestoru<\/strong>.\u00a0<strong>Funkcia rozkladania<\/strong> vytvor\u00ed l\u00f4\u017eko na pr\u00edle\u017eitostn\u00e9 spanie s plochou 120\u00d7200 cm. V <strong>\u00falo\u017enom priestore<\/strong>\u00a0je mo\u017en\u00e9 odlo\u017ei\u0165 periny, vank\u00fa\u0161iky \u010di in\u00e9 vybavenie potrebn\u00e9 k pohodln\u00e9mu oddychu. Ozajstn\u00fdm klenotom pre va\u0161u chrbticu a hlavu s\u00fa\u00a0<b>polohovacie opierky<\/b>, ktor\u00e9 v\u00e1m zabezpe\u010duj\u00fa komfortn\u00e9 a zdrav\u00e9 sedenie.\u00a0<strong>Sedacia s\u00faprava TEXAS 2+R+2<\/strong>\u00a0 V\u00e1m poskytne ten spr\u00e1vny luxus. Vn\u00fatro sedacej s\u00fapravy je vyrobene z\u00a0<strong>vlnitej pru\u017einy a HR peny<\/strong>. V\u010faka tejto v\u00fdplni bude Va\u0161e sedenie pr\u00edjemn\u00e9 a taktie\u017e \u017eivotnos\u0165 sedacej s\u00fapravy je ove\u013ea dlh\u0161ia. Kon\u0161trukcia sedacej s\u00fapravy je vyroben\u00e1 z mas\u00edvu. Mo\u017enos\u0165 v\u00fdberu <strong>prav\u00e9ho<\/strong> alebo<strong> \u013eav\u00e9ho<\/strong> prevedenia.\u00a0Ked\u017ee je sedacia s\u00faprava <strong>symetrick\u00e1<\/strong> tak sa prav\u00e9 a \u013eav\u00e9 prevedenie ur\u010duje z d\u00f4vodu umiestnenia rozkladu a \u00falo\u017en\u00e9ho priestoru.\u00a0 V\u00fdber prevej alebo \u013eavej varianty sa ur\u010duje pod\u013ea \u00falo\u017en\u00e9ho priestoru. Ak si \u00falo\u017en\u00fd priestor \u017eel\u00e1te na \u013eavej strane, zvo\u013ete \u013eav\u00fd variant, ak si ho \u017eel\u00e1te na pravej strane, zvo\u013ete prav\u00fd.<\/p>\n<p>Mo\u017enos\u0165 v\u00fdberu farebn\u00e9ho prevedenia zo vzorkovn\u00edka l\u00e1tok. Odpor\u00fa\u010dame l\u00e1tky:<strong>\u00a0MONOLITH, POWER, QUATRO, LEA.\u00a0<\/strong><\/p>\n<p>Pri objedn\u00e1vke vybran\u00fa l\u00e1tku nap\u00ed\u0161te pros\u00edm do po pozn\u00e1mky.<\/p>\n<p>Pre bli\u017e\u0161ie inform\u00e1cie a pomoc s v\u00fdberom n\u00e1s kontaktujte\u00a0<a href=\"mailto:nabytok.laguna@zoznam.sk\">emailom\u00a0<\/a>alebo telefonicky.<\/p>\n<p><img loading=\"lazy\" decoding=\"async\" class=\"alignnone wp-image-111498 size-full\" src=\"https:\/\/nabytoklaguna.sk\/sk\/wp-content\/uploads\/2021\/04\/Pomoc-sedacky-7.png\" alt=\"apollo premium b sedacia s\u00faprava\" width=\"362\" height=\"107\" \/><\/p>\n<h3 class=\"page-product-heading\">VLASTNOSTI<\/h3>\n<table class=\"table-data-sheet\">\n<tbody>\n<tr class=\"odd\">\n<td>H\u013abka<\/td>\n<td>278 cm<\/td>\n<\/tr>\n<tr class=\"even\">\n<td>\u0160\u00edrka<\/td>\n<td>278 cm<\/td>\n<\/tr>\n<tr class=\"odd\">\n<td>V\u00fd\u0161ka sedenia<\/td>\n<td>50 cm<\/td>\n<\/tr>\n<tr>\n<td>\u0160\u00edrka podr\u00fa\u010dky<\/td>\n<td>25 cm<\/td>\n<\/tr>\n<tr class=\"even\">\n<td>Vhodn\u00e1 miestnos\u0165<\/td>\n<td>ob\u00fdva\u010dka, spolo\u010densk\u00e1 miestnos\u0165, hotely, kaviarne<\/td>\n<\/tr>\n<tr class=\"odd\">\n<td>Typ n\u00e1bytku<\/td>\n<td>Rohov\u00e1 sedacia s\u00faprava<\/td>\n<\/tr>\n<tr class=\"even\">\n<td>\u0160t\u00fdl n\u00e1bytku<\/td>\n<td>modern\u00fd<\/td>\n<\/tr>\n<tr class=\"odd\">\n<td>Z\u00e1ruka<\/td>\n<td>2 roky<\/td>\n<\/tr>\n<tr class=\"even\">\n<td>Sp\u00f4sob dodania<\/td>\n<td>demont<\/td>\n<\/tr>\n<tr class=\"even\">\n<td>\u00dalo\u017en\u00fd priestor<\/td>\n<td>\u00e1no<\/td>\n<\/tr>\n<tr class=\"odd\">\n<td>Rohov\u00e9 prevedenie<\/td>\n<td>\u00e1no<\/td>\n<\/tr>\n<tr class=\"even\">\n<td>Mo\u017enos\u0165 rozkladania<\/td>\n<td>\u00e1no<\/td>\n<\/tr>\n<tr class=\"odd\">\n<td>Plocha po rozlo\u017een\u00ed<\/td>\n<td>120\u00d7200 cm<\/td>\n<\/tr>\n<tr class=\"even\">\n<td>Kon\u0161trukcia<\/td>\n<td>mas\u00edv<\/td>\n<\/tr>\n<tr class=\"even\">\n<td>Obsahuje vank\u00fa\u0161e<\/td>\n<td>nie<\/td>\n<\/tr>\n<tr class=\"odd\">\n<td>Nastavenie opierok<\/td>\n<td>\u00e1no<\/td>\n<\/tr>\n<tr class=\"even\">\n<td>V\u00fdpl\u0148 seda\u010dky<\/td>\n<td>pena+ pru\u017eina<\/td>\n<\/tr>\n<\/tbody>\n<\/table>\n<p>Nastavenie displeja m\u00f4\u017ee sp\u00f4sobi\u0165 odch\u00fdlku vo farbe vzoriek po\u0165ahov\u00fdch l\u00e1tok.<\/p>\n","protected":false},"excerpt":{"rendered":"<p>Kr\u00e1sna a modern\u00e1 sedacia s\u00faprava TEXAS\u00a02+R+2 V\u00e1m poskytne \u010do budete potrebova\u0165.\u00a0\u00a0\u0160t\u00fdlov\u00fd vzh\u013ead\u00a0a\u00a0p\u00f4sobiv\u00fd dizajn\u00a0dodaj\u00fa ka\u017edej miestnosti ten spr\u00e1vny \u0161mrnc a\u00a0\u00a0mimoriadne vlastnosti\u00a0z h\u013eadiska\u00a0kvality\u00a0a\u00a0funk\u010dnosti zabezpe\u010dia\u00a0Va\u0161e pohodlie. Seda\u010dka je\u00a0\u010delo\u010dal\u00fanen\u00e1\u00a0a teda je mo\u017en\u00e9 ju\u00a0umiestni\u0165 aj do priestoru.\u00a0Funkcia rozkladania vytvor\u00ed l\u00f4\u017eko na pr\u00edle\u017eitostn\u00e9 spanie s plochou 120\u00d7200 cm. V \u00falo\u017enom priestore\u00a0je mo\u017en\u00e9 odlo\u017ei\u0165 periny, vank\u00fa\u0161iky \u010di in\u00e9 vybavenie potrebn\u00e9 k pohodln\u00e9mu&#8230;<\/p>\n","protected":false},"featured_media":111742,"comment_status":"closed","ping_status":"closed","template":"","meta":{"_seopress_robots_primary_cat":"none","_seopress_titles_title":"","_seopress_titles_desc":"","_seopress_robots_index":""},"product_brand":[],"product_cat":[255,140,250],"product_tag":[],"class_list":{"0":"post-111740","1":"product","2":"type-product","3":"status-publish","4":"has-post-thumbnail","6":"product_cat-rohove-supravy","7":"product_cat-sedacie-supravy","8":"product_cat-namieru","10":"first","11":"onbackorder","12":"shipping-taxable","13":"purchasable","14":"product-type-variable"},"_links":{"self":[{"href":"https:\/\/nabytoklaguna.sk\/sk\/wp-json\/wp\/v2\/product\/111740","targetHints":{"allow":["GET"]}}],"collection":[{"href":"https:\/\/nabytoklaguna.sk\/sk\/wp-json\/wp\/v2\/product"}],"about":[{"href":"https:\/\/nabytoklaguna.sk\/sk\/wp-json\/wp\/v2\/types\/product"}],"replies":[{"embeddable":true,"href":"https:\/\/nabytoklaguna.sk\/sk\/wp-json\/wp\/v2\/comments?post=111740"}],"wp:featuredmedia":[{"embeddable":true,"href":"https:\/\/nabytoklaguna.sk\/sk\/wp-json\/wp\/v2\/media\/111742"}],"wp:attachment":[{"href":"https:\/\/nabytoklaguna.sk\/sk\/wp-json\/wp\/v2\/media?parent=111740"}],"wp:term":[{"taxonomy":"product_brand","embeddable":true,"href":"https:\/\/nabytoklaguna.sk\/sk\/wp-json\/wp\/v2\/product_brand?post=111740"},{"taxonomy":"product_cat","embeddable":true,"href":"https:\/\/nabytoklaguna.sk\/sk\/wp-json\/wp\/v2\/product_cat?post=111740"},{"taxonomy":"product_tag","embeddable":true,"href":"https:\/\/nabytoklaguna.sk\/sk\/wp-json\/wp\/v2\/product_tag?post=111740"}],"curies":[{"name":"wp","href":"https:\/\/api.w.org\/{rel}","templated":true}]}}