{"id":111773,"date":"2022-08-24T13:40:47","date_gmt":"2022-08-24T11:40:47","guid":{"rendered":"https:\/\/nabytoklaguna.sk\/sk\/?post_type=product&#038;p=111773"},"modified":"2025-07-11T16:09:32","modified_gmt":"2025-07-11T14:09:32","slug":"texas-premium-t2r1","status":"publish","type":"product","link":"https:\/\/nabytoklaguna.sk\/sk\/produkt\/texas-premium-t2r1\/","title":{"rendered":"TEXAS premium T+2+R+1\u00a0"},"content":{"rendered":"<p>Kr\u00e1sna a modern\u00e1<b> sedacia s\u00faprava TEXAS<strong>\u00a0premium T+2+R+1<\/strong><\/b>\u00a0V\u00e1m poskytne \u010do budete potrebova\u0165.\u00a0\u00a0<b>\u0160t\u00fdlov\u00fd vzh\u013ead\u00a0<\/b>a<b>\u00a0p\u00f4sobiv\u00fd dizajn<\/b>\u00a0dodaj\u00fa ka\u017edej miestnosti ten spr\u00e1vny \u0161mrnc a\u00a0\u00a0<b>mimoriadne vlastnosti<\/b> z h\u013eadiska<strong>\u00a0kvality<\/strong>\u00a0a\u00a0<b>funk\u010dnosti zabezpe\u010dia\u00a0<\/b>Va\u0161e pohodlie. Seda\u010dka je\u00a0<strong>\u010delo\u010dal\u00fanen\u00e1<\/strong>\u00a0a teda je mo\u017en\u00e9 ju\u00a0<strong>umiestni\u0165 aj do priestoru<\/strong>.\u00a0<strong>Funkcia rozkladania<\/strong> vytvor\u00ed l\u00f4\u017eko na pr\u00edle\u017eitostn\u00e9 spanie s plochou 120\u00d7260 cm. V <strong>\u00falo\u017enom priestore<\/strong>\u00a0je mo\u017en\u00e9 odlo\u017ei\u0165 periny, vank\u00fa\u0161iky \u010di in\u00e9 vybavenie potrebn\u00e9 k pohodln\u00e9mu oddychu. Ozajstn\u00fdm klenotom pre va\u0161u chrbticu a hlavu s\u00fa\u00a0<b>polohovacie opierky<\/b>, ktor\u00e9 v\u00e1m zabezpe\u010duj\u00fa komfortn\u00e9 a zdrav\u00e9 sedenie.\u00a0<strong>Sedacia s\u00faprava TEXAS<b>\u00a0premium T+2+R+1<\/b>\u00a0<\/strong>\u00a0 V\u00e1m poskytne ten spr\u00e1vny luxus. Vn\u00fatro sedacej s\u00fapravy je vyrobene z\u00a0<strong>vlnitej pru\u017einy a HR peny<\/strong>. V\u010faka tejto v\u00fdplni bude Va\u0161e sedenie pr\u00edjemn\u00e9 a taktie\u017e \u017eivotnos\u0165 sedacej s\u00fapravy je ove\u013ea dlh\u0161ia. Kon\u0161trukcia sedacej s\u00fapravy je vyroben\u00e1 z mas\u00edvu. Mo\u017enos\u0165 v\u00fdberu\u00a0<strong>prav\u00e9ho<\/strong>\u00a0alebo\u00a0<strong>\u013eav\u00e9ho prevedenia<\/strong>.<\/p>\n<p>Mo\u017enos\u0165 v\u00fdberu farebn\u00e9ho prevedenia zo vzorkovn\u00edka l\u00e1tok. Odpor\u00fa\u010dame l\u00e1tky:<strong>\u00a0MONOLITH, POWER, QUATRO, LEA.\u00a0<\/strong><\/p>\n<p>Pri objedn\u00e1vke vybran\u00fa l\u00e1tku nap\u00ed\u0161te pros\u00edm do po pozn\u00e1mky.<\/p>\n<p>Pre bli\u017e\u0161ie inform\u00e1cie a pomoc s v\u00fdberom n\u00e1s kontaktujte\u00a0<a href=\"mailto:nabytok.laguna@zoznam.sk\">emailom\u00a0<\/a>alebo telefonicky.<\/p>\n<p><img loading=\"lazy\" decoding=\"async\" class=\"alignnone wp-image-111498 size-full\" src=\"https:\/\/nabytoklaguna.sk\/sk\/wp-content\/uploads\/2021\/04\/Pomoc-sedacky-7.png\" alt=\"apollo premium b sedacia s\u00faprava\" width=\"362\" height=\"107\" \/><\/p>\n<h3 class=\"page-product-heading\">VLASTNOSTI<\/h3>\n<table class=\"table-data-sheet\">\n<tbody>\n<tr class=\"odd\">\n<td>H\u013abka<\/td>\n<td>209\/208 cm<\/td>\n<\/tr>\n<tr class=\"even\">\n<td>\u0160\u00edrka<\/td>\n<td>366 cm<\/td>\n<\/tr>\n<tr class=\"odd\">\n<td>V\u00fd\u0161ka sedenia<\/td>\n<td>50 cm<\/td>\n<\/tr>\n<tr>\n<td>\u0160\u00edrka podr\u00fa\u010dky<\/td>\n<td>25 cm<\/td>\n<\/tr>\n<tr class=\"even\">\n<td>Vhodn\u00e1 miestnos\u0165<\/td>\n<td>ob\u00fdva\u010dka, spolo\u010densk\u00e1 miestnos\u0165, hotely, kaviarne<\/td>\n<\/tr>\n<tr class=\"odd\">\n<td>Typ n\u00e1bytku<\/td>\n<td>Rohov\u00e1 sedacia s\u00faprava<\/td>\n<\/tr>\n<tr class=\"even\">\n<td>\u0160t\u00fdl n\u00e1bytku<\/td>\n<td>modern\u00fd<\/td>\n<\/tr>\n<tr class=\"odd\">\n<td>Z\u00e1ruka<\/td>\n<td>2 roky<\/td>\n<\/tr>\n<tr class=\"even\">\n<td>Sp\u00f4sob dodania<\/td>\n<td>demont<\/td>\n<\/tr>\n<tr class=\"even\">\n<td>\u00dalo\u017en\u00fd priestor<\/td>\n<td>\u00e1no<\/td>\n<\/tr>\n<tr class=\"odd\">\n<td>Rohov\u00e9 prevedenie<\/td>\n<td>\u00e1no<\/td>\n<\/tr>\n<tr class=\"even\">\n<td>Mo\u017enos\u0165 rozkladania<\/td>\n<td>\u00e1no<\/td>\n<\/tr>\n<tr class=\"odd\">\n<td>Plocha po rozlo\u017een\u00ed<\/td>\n<td>120\u00d7260 cm<\/td>\n<\/tr>\n<tr class=\"even\">\n<td>Kon\u0161trukcia<\/td>\n<td>mas\u00edv<\/td>\n<\/tr>\n<tr class=\"even\">\n<td>Obsahuje vank\u00fa\u0161e<\/td>\n<td>nie<\/td>\n<\/tr>\n<tr class=\"odd\">\n<td>Nastavenie opierok<\/td>\n<td>\u00e1no<\/td>\n<\/tr>\n<tr class=\"even\">\n<td>V\u00fdpl\u0148 seda\u010dky<\/td>\n<td>pena+ pru\u017eina<\/td>\n<\/tr>\n<\/tbody>\n<\/table>\n<p>Nastavenie displeja m\u00f4\u017ee sp\u00f4sobi\u0165 odch\u00fdlku vo farbe vzoriek po\u0165ahov\u00fdch l\u00e1tok.<\/p>\n","protected":false},"excerpt":{"rendered":"<p>Kr\u00e1sna a modern\u00e1 sedacia s\u00faprava TEXAS\u00a0premium T+2+R+1\u00a0V\u00e1m poskytne \u010do budete potrebova\u0165.\u00a0\u00a0\u0160t\u00fdlov\u00fd vzh\u013ead\u00a0a\u00a0p\u00f4sobiv\u00fd dizajn\u00a0dodaj\u00fa ka\u017edej miestnosti ten spr\u00e1vny \u0161mrnc a\u00a0\u00a0mimoriadne vlastnosti z h\u013eadiska\u00a0kvality\u00a0a\u00a0funk\u010dnosti zabezpe\u010dia\u00a0Va\u0161e pohodlie. Seda\u010dka je\u00a0\u010delo\u010dal\u00fanen\u00e1\u00a0a teda je mo\u017en\u00e9 ju\u00a0umiestni\u0165 aj do priestoru.\u00a0Funkcia rozkladania vytvor\u00ed l\u00f4\u017eko na pr\u00edle\u017eitostn\u00e9 spanie s plochou 120\u00d7260 cm. V \u00falo\u017enom priestore\u00a0je mo\u017en\u00e9 odlo\u017ei\u0165 periny, vank\u00fa\u0161iky \u010di in\u00e9 vybavenie potrebn\u00e9 k&#8230;<\/p>\n","protected":false},"featured_media":111775,"comment_status":"closed","ping_status":"closed","template":"","meta":{"_seopress_robots_primary_cat":"none","_seopress_titles_title":"","_seopress_titles_desc":"","_seopress_robots_index":""},"product_brand":[],"product_cat":[140,254,250],"product_tag":[],"class_list":{"0":"post-111773","1":"product","2":"type-product","3":"status-publish","4":"has-post-thumbnail","6":"product_cat-sedacie-supravy","7":"product_cat-sedacie-supravy-u","8":"product_cat-namieru","10":"first","11":"onbackorder","12":"shipping-taxable","13":"purchasable","14":"product-type-variable"},"_links":{"self":[{"href":"https:\/\/nabytoklaguna.sk\/sk\/wp-json\/wp\/v2\/product\/111773","targetHints":{"allow":["GET"]}}],"collection":[{"href":"https:\/\/nabytoklaguna.sk\/sk\/wp-json\/wp\/v2\/product"}],"about":[{"href":"https:\/\/nabytoklaguna.sk\/sk\/wp-json\/wp\/v2\/types\/product"}],"replies":[{"embeddable":true,"href":"https:\/\/nabytoklaguna.sk\/sk\/wp-json\/wp\/v2\/comments?post=111773"}],"wp:featuredmedia":[{"embeddable":true,"href":"https:\/\/nabytoklaguna.sk\/sk\/wp-json\/wp\/v2\/media\/111775"}],"wp:attachment":[{"href":"https:\/\/nabytoklaguna.sk\/sk\/wp-json\/wp\/v2\/media?parent=111773"}],"wp:term":[{"taxonomy":"product_brand","embeddable":true,"href":"https:\/\/nabytoklaguna.sk\/sk\/wp-json\/wp\/v2\/product_brand?post=111773"},{"taxonomy":"product_cat","embeddable":true,"href":"https:\/\/nabytoklaguna.sk\/sk\/wp-json\/wp\/v2\/product_cat?post=111773"},{"taxonomy":"product_tag","embeddable":true,"href":"https:\/\/nabytoklaguna.sk\/sk\/wp-json\/wp\/v2\/product_tag?post=111773"}],"curies":[{"name":"wp","href":"https:\/\/api.w.org\/{rel}","templated":true}]}}