{"id":111831,"date":"2022-08-26T12:28:46","date_gmt":"2022-08-26T10:28:46","guid":{"rendered":"https:\/\/nabytoklaguna.sk\/sk\/?post_type=product&#038;p=111831"},"modified":"2025-07-09T13:09:03","modified_gmt":"2025-07-09T11:09:03","slug":"lisa-mini","status":"publish","type":"product","link":"https:\/\/nabytoklaguna.sk\/sk\/produkt\/lisa-mini\/","title":{"rendered":"LISA mini"},"content":{"rendered":"<p>H\u013ead\u00e1te seda\u010dku ktor\u00e1 V\u00e1m zabezpe\u010d\u00ed\u00a0<b>maxim\u00e1lne pohodlie a ve\u013ek\u00fd priestor pre oddych?\u00a0<\/b>\u00a0Sedacia s\u00faprava<b> LISA mini<\/b>\u00a0v\u00e1s ur\u010dite oh\u00fari. Svojimi rozmermi pon\u00faka\u00a0<b>komfortn\u00e9 sedenie\u00a0<\/b>pre viacer\u00fdch \u010dlenov rodiny. Seda\u010dky<strong> LISA<\/strong>\u00a0maj\u00fa kvalitn\u00fa kon\u0161trukciu, ktor\u00e1 je vhodn\u00e1 aj pre vy\u0161\u0161ie v\u00e1hy a v neposlednom rade je aj\u00a0<b>stabiln\u00e1.\u00a0<\/b>Vn\u00fatro sedacej s\u00fapravy je tvoren\u00e9\u00a0<b>pru\u017einou FALISTA a PUR penou,\u00a0<\/b>\u010do \u017earu\u010d\u00ed\u00a0<b>pohodln\u00e9 sedenie<\/b>\u00a0a\u00a0<strong>trv\u00e1cnos\u0165 seda\u010dky<\/strong> ktor\u00e1 sa \u013eahko nevysed\u00ed. Ozajstn\u00fdm klenotom pre va\u0161u chrbticu a hlavu s\u00fa\u00a0<b>polohovacie opierky<\/b>, ktor\u00e9 v\u00e1m zabezpe\u010duj\u00fa komfortn\u00e9 a zdrav\u00e9 sedenie. Seda\u010dka obsahuje\u00a0<strong>\u00falo\u017en\u00fd priestor<\/strong>\u00a0a\u00a0<b>rozklad,\u00a0<\/b>\u010d\u00edm vznikne<b>\u00a0ve\u013ek\u00e1 plocha na spanie,<\/b>\u00a0ktor\u00e1 predstavuje rozmer\u00a0<b>120\u00d7200 cm.<\/b>\u00a0\u00a0Ak h\u013ead\u00e1te miesto na relax a odpo\u010dinok, modern\u00e1 rohov\u00e1\u00a0<strong>sedacia s\u00faprava LISA mini<\/strong>\u00a0je pre v\u00e1s to prav\u00e9.\u00a0 Sedacia s\u00faprava je\u00a0<strong>celo\u010dal\u00fanen\u00e1<\/strong>\u00a0tak\u017ee ju \u013eahko umiestnite aj do priestoru. M\u00e1te tie\u017e mo\u017enos\u0165 v\u00fdberu prav\u00e9ho alebo \u013eav\u00e9ho prevedenia.<\/p>\n<p>Mo\u017enos\u0165 v\u00fdberu farebn\u00e9ho prevedenia zo vzorkovn\u00edka l\u00e1tok. Odpor\u00fa\u010dame l\u00e1tky:<strong>\u00a0MONOLITH, POWER, QUATRO, LEA.\u00a0<\/strong><\/p>\n<p>Pri objedn\u00e1vke vybran\u00fa l\u00e1tku nap\u00ed\u0161te pros\u00edm do po pozn\u00e1mky.<\/p>\n<p>Pre bli\u017e\u0161ie inform\u00e1cie a pomoc s v\u00fdberom n\u00e1s kontaktujte\u00a0<a href=\"mailto:nabytok.laguna@zoznam.sk\">emailom\u00a0<\/a>alebo telefonicky.<\/p>\n<p><img loading=\"lazy\" decoding=\"async\" class=\"alignnone wp-image-111498 size-full\" src=\"https:\/\/nabytoklaguna.sk\/sk\/wp-content\/uploads\/2021\/04\/Pomoc-sedacky-7.png\" alt=\"apollo premium b sedacia s\u00faprava\" width=\"362\" height=\"107\" \/><\/p>\n<h3 class=\"page-product-heading\">VLASTNOSTI<\/h3>\n<table class=\"table-data-sheet\">\n<tbody>\n<tr class=\"odd\">\n<td>H\u013abka<\/td>\n<td>203 cm<\/td>\n<\/tr>\n<tr class=\"even\">\n<td>\u0160\u00edrka<\/td>\n<td>293 cm<\/td>\n<\/tr>\n<tr class=\"odd\">\n<td>V\u00fd\u0161ka sedenia<\/td>\n<td>46 cm<\/td>\n<\/tr>\n<tr>\n<td>\u0160\u00edrka podr\u00fa\u010dky<\/td>\n<td>35 cm<\/td>\n<\/tr>\n<tr class=\"even\">\n<td>Vhodn\u00e1 miestnos\u0165<\/td>\n<td>ob\u00fdva\u010dka, spolo\u010densk\u00e1 miestnos\u0165, hotely, kaviarne<\/td>\n<\/tr>\n<tr class=\"odd\">\n<td>Typ n\u00e1bytku<\/td>\n<td>\u00a0Rohov\u00e1 sedacia s\u00faprava<\/td>\n<\/tr>\n<tr class=\"even\">\n<td>\u0160t\u00fdl n\u00e1bytku<\/td>\n<td>modern\u00fd<\/td>\n<\/tr>\n<tr class=\"odd\">\n<td>Z\u00e1ruka<\/td>\n<td>2 roky<\/td>\n<\/tr>\n<tr class=\"even\">\n<td>Sp\u00f4sob dodania<\/td>\n<td>demont<\/td>\n<\/tr>\n<tr class=\"even\">\n<td>\u00dalo\u017en\u00fd priestor<\/td>\n<td>\u00e1no<\/td>\n<\/tr>\n<tr class=\"odd\">\n<td>Rohov\u00e9 prevedenie<\/td>\n<td>\u00e1no<\/td>\n<\/tr>\n<tr class=\"even\">\n<td>Mo\u017enos\u0165 rozkladania<\/td>\n<td>\u00e1no<\/td>\n<\/tr>\n<tr class=\"odd\">\n<td>Plocha po rozlo\u017een\u00ed<\/td>\n<td>120\u00d7200 cm<\/td>\n<\/tr>\n<tr class=\"even\">\n<td>Kon\u0161trukcia<\/td>\n<td>mas\u00edv<\/td>\n<\/tr>\n<tr class=\"even\">\n<td>Obsahuje vank\u00fa\u0161e<\/td>\n<td>nie<\/td>\n<\/tr>\n<tr class=\"odd\">\n<td>Nastavenie opierok<\/td>\n<td>\u00e1no<\/td>\n<\/tr>\n<tr class=\"even\">\n<td>V\u00fdpl\u0148 seda\u010dky<\/td>\n<td>pena+ pru\u017eina<\/td>\n<\/tr>\n<\/tbody>\n<\/table>\n<p>Nastavenie displeja m\u00f4\u017ee sp\u00f4sobi\u0165 odch\u00fdlku vo farbe vzoriek po\u0165ahov\u00fdch l\u00e1tok.<\/p>\n","protected":false},"excerpt":{"rendered":"<p>H\u013ead\u00e1te seda\u010dku ktor\u00e1 V\u00e1m zabezpe\u010d\u00ed\u00a0maxim\u00e1lne pohodlie a ve\u013ek\u00fd priestor pre oddych?\u00a0\u00a0Sedacia s\u00faprava LISA mini\u00a0v\u00e1s ur\u010dite oh\u00fari. Svojimi rozmermi pon\u00faka\u00a0komfortn\u00e9 sedenie\u00a0pre viacer\u00fdch \u010dlenov rodiny. Seda\u010dky LISA\u00a0maj\u00fa kvalitn\u00fa kon\u0161trukciu, ktor\u00e1 je vhodn\u00e1 aj pre vy\u0161\u0161ie v\u00e1hy a v neposlednom rade je aj\u00a0stabiln\u00e1.\u00a0Vn\u00fatro sedacej s\u00fapravy je tvoren\u00e9\u00a0pru\u017einou FALISTA a PUR penou,\u00a0\u010do \u017earu\u010d\u00ed\u00a0pohodln\u00e9 sedenie\u00a0a\u00a0trv\u00e1cnos\u0165 seda\u010dky ktor\u00e1 sa \u013eahko nevysed\u00ed&#8230;.<\/p>\n","protected":false},"featured_media":111833,"comment_status":"closed","ping_status":"closed","template":"","meta":{"_seopress_robots_primary_cat":"none","_seopress_titles_title":"","_seopress_titles_desc":"","_seopress_robots_index":""},"product_brand":[],"product_cat":[255,140,250],"product_tag":[],"class_list":{"0":"post-111831","1":"product","2":"type-product","3":"status-publish","4":"has-post-thumbnail","6":"product_cat-rohove-supravy","7":"product_cat-sedacie-supravy","8":"product_cat-namieru","10":"first","11":"onbackorder","12":"shipping-taxable","13":"purchasable","14":"product-type-variable"},"_links":{"self":[{"href":"https:\/\/nabytoklaguna.sk\/sk\/wp-json\/wp\/v2\/product\/111831","targetHints":{"allow":["GET"]}}],"collection":[{"href":"https:\/\/nabytoklaguna.sk\/sk\/wp-json\/wp\/v2\/product"}],"about":[{"href":"https:\/\/nabytoklaguna.sk\/sk\/wp-json\/wp\/v2\/types\/product"}],"replies":[{"embeddable":true,"href":"https:\/\/nabytoklaguna.sk\/sk\/wp-json\/wp\/v2\/comments?post=111831"}],"wp:featuredmedia":[{"embeddable":true,"href":"https:\/\/nabytoklaguna.sk\/sk\/wp-json\/wp\/v2\/media\/111833"}],"wp:attachment":[{"href":"https:\/\/nabytoklaguna.sk\/sk\/wp-json\/wp\/v2\/media?parent=111831"}],"wp:term":[{"taxonomy":"product_brand","embeddable":true,"href":"https:\/\/nabytoklaguna.sk\/sk\/wp-json\/wp\/v2\/product_brand?post=111831"},{"taxonomy":"product_cat","embeddable":true,"href":"https:\/\/nabytoklaguna.sk\/sk\/wp-json\/wp\/v2\/product_cat?post=111831"},{"taxonomy":"product_tag","embeddable":true,"href":"https:\/\/nabytoklaguna.sk\/sk\/wp-json\/wp\/v2\/product_tag?post=111831"}],"curies":[{"name":"wp","href":"https:\/\/api.w.org\/{rel}","templated":true}]}}