{"id":112105,"date":"2022-09-05T13:29:48","date_gmt":"2022-09-05T11:29:48","guid":{"rendered":"https:\/\/nabytoklaguna.sk\/sk\/?post_type=product&#038;p=112105"},"modified":"2022-12-28T14:10:50","modified_gmt":"2022-12-28T13:10:50","slug":"pohovka-verona","status":"publish","type":"product","link":"https:\/\/nabytoklaguna.sk\/sk\/produkt\/pohovka-verona\/","title":{"rendered":"pohovka VERONA"},"content":{"rendered":"<p>M\u00e1te mal\u00fd priestor a ka\u017ed\u00e1 ne\u010dakan\u00e1 n\u00e1v\u0161teva V\u00e1m rob\u00ed vr\u00e1sky? \u017diaden probl\u00e9m! Zozn\u00e1mte sa s pohovkou<b> VERONA<\/b>. Je\u00a0<b>rafinovan\u00e1, modern\u00e1, \u0161t\u00fdlov\u00e1<\/b>, a hlavne\u00a0<b>maxim\u00e1lne komfortn\u00e1<\/b>. V \u0161irokej podr\u00fa\u010dke m\u00e1 zabudovan\u00fd priestor s <strong>dvoma ladiac\u00edmi taburetkami<\/strong> o ve\u013ekosti 33x33x40 cm na pr\u00edle\u017eitostn\u00e9 sedenie. Pohovka je\u00a0<b>rozkladacia<\/b> a po rozlo\u017een\u00ed poskytne <b>priestor na spanie s rozmermi 143&#215;190 cm<\/b>. Disponuje aj\u00a0<b>\u00falo\u017en\u00fdm priestorom<\/b>, kde m\u00f4\u017eete odlo\u017ei\u0165 deky \u010di vank\u00fa\u0161e a in\u00e9 drobnosti.\u00a0Pri poh\u013eade na \u0148u dostanete chu\u0165 sa natiahnu\u0165, vylo\u017ei\u0165 nohy a naplno relaxova\u0165. Nikde inde sa v\u00e1m nebude le\u0148o\u0161i\u0165 tak \u00fa\u017easne, ako pr\u00e1ve na pohovke tipu <strong>VERONA.<\/strong> \u00a0Pohodlie spojen\u00e9 s modern\u00fdm vzh\u013eadom a funk\u010dnos\u0165ou, to je\u00a0<b>pohovka VERONA.<\/b><\/p>\n<p>Mo\u017enos\u0165 v\u00fdberu farebn\u00e9ho prevedenia zo vzorkovn\u00edka l\u00e1tok. Odpor\u00fa\u010dame l\u00e1tky:<strong>\u00a0MONOLITH, POWER, QUATRO, LEA.\u00a0<\/strong><\/p>\n<p>Pri objedn\u00e1vke vybran\u00e9 l\u00e1tky nap\u00ed\u0161te pros\u00edm do po pozn\u00e1mky.<\/p>\n<p>Pre bli\u017e\u0161ie inform\u00e1cie a pomoc s v\u00fdberom n\u00e1s kontaktujte <a href=\"mailto:nabytok.laguna@zoznam.sk\">emailom\u00a0<\/a>alebo telefonicky.<\/p>\n<p><img loading=\"lazy\" decoding=\"async\" class=\"alignnone wp-image-111498 size-full\" src=\"https:\/\/nabytoklaguna.sk\/sk\/wp-content\/uploads\/2021\/04\/Pomoc-sedacky-7.png\" alt=\"apollo premium b sedacia s\u00faprava\" width=\"362\" height=\"107\" \/><\/p>\n<h3 class=\"page-product-heading\">VLASTNOSTI<\/h3>\n<table class=\"table-data-sheet\">\n<tbody>\n<tr class=\"odd\">\n<td>H\u013abka<\/td>\n<td>98 cm<\/td>\n<\/tr>\n<tr class=\"even\">\n<td>\u0160\u00edrka<\/td>\n<td>245 cm<\/td>\n<\/tr>\n<tr class=\"even\">\n<td>Vhodn\u00e1 miestnos\u0165<\/td>\n<td>ob\u00fdva\u010dka, spolo\u010densk\u00e1 miestnos\u0165, hotely, kaviarne<\/td>\n<\/tr>\n<tr class=\"odd\">\n<td>Typ n\u00e1bytku<\/td>\n<td>pohovka<\/td>\n<\/tr>\n<tr class=\"even\">\n<td>\u0160t\u00fdl n\u00e1bytku<\/td>\n<td>modern\u00fd<\/td>\n<\/tr>\n<tr class=\"odd\">\n<td>Z\u00e1ruka<\/td>\n<td>2 roky<\/td>\n<\/tr>\n<tr class=\"even\">\n<td>Sp\u00f4sob dodania<\/td>\n<td>demont<\/td>\n<\/tr>\n<tr class=\"even\">\n<td>\u00dalo\u017en\u00fd priestor<\/td>\n<td>\u00e1no<\/td>\n<\/tr>\n<tr class=\"odd\">\n<td>Rohov\u00e9 prevedenie<\/td>\n<td>nie<\/td>\n<\/tr>\n<tr class=\"even\">\n<td>V\u00fd\u0161ka sed\u00e1ka<\/td>\n<td>41 cm<\/td>\n<\/tr>\n<tr class=\"even\">\n<td>Mo\u017enos\u0165 rozkladania<\/td>\n<td>\u00e1no<\/td>\n<\/tr>\n<tr class=\"odd\">\n<td>Plocha po rozlo\u017een\u00ed<\/td>\n<td>143\u00d7190 cm<\/td>\n<\/tr>\n<tr class=\"even\">\n<td>Obsahuje vank\u00fa\u0161e<\/td>\n<td>ano<\/td>\n<\/tr>\n<tr class=\"odd\">\n<td>Nastavenie opierok<\/td>\n<td>nie<\/td>\n<\/tr>\n<tr class=\"even\">\n<td>V\u00fdpl\u0148 seda\u010dky<\/td>\n<td>pru\u017eina<\/td>\n<\/tr>\n<\/tbody>\n<\/table>\n<p>Nastavenie displeja m\u00f4\u017ee sp\u00f4sobi\u0165 odch\u00fdlku vo farbe vzoriek po\u0165ahov\u00fdch l\u00e1tok.<\/p>\n","protected":false},"excerpt":{"rendered":"<p>M\u00e1te mal\u00fd priestor a ka\u017ed\u00e1 ne\u010dakan\u00e1 n\u00e1v\u0161teva V\u00e1m rob\u00ed vr\u00e1sky? \u017diaden probl\u00e9m! Zozn\u00e1mte sa s pohovkou VERONA. Je\u00a0rafinovan\u00e1, modern\u00e1, \u0161t\u00fdlov\u00e1, a hlavne\u00a0maxim\u00e1lne komfortn\u00e1. V \u0161irokej podr\u00fa\u010dke m\u00e1 zabudovan\u00fd priestor s dvoma ladiac\u00edmi taburetkami o ve\u013ekosti 33x33x40 cm na pr\u00edle\u017eitostn\u00e9 sedenie. Pohovka je\u00a0rozkladacia a po rozlo\u017een\u00ed poskytne priestor na spanie s rozmermi 143&#215;190 cm. Disponuje aj\u00a0\u00falo\u017en\u00fdm&#8230;<\/p>\n","protected":false},"featured_media":112108,"comment_status":"closed","ping_status":"closed","template":"","meta":{"_seopress_robots_primary_cat":"none","_seopress_titles_title":"","_seopress_titles_desc":"","_seopress_robots_index":""},"product_brand":[],"product_cat":[140,219],"product_tag":[],"class_list":{"0":"post-112105","1":"product","2":"type-product","3":"status-publish","4":"has-post-thumbnail","6":"product_cat-sedacie-supravy","7":"product_cat-pohovky","9":"first","10":"onbackorder","11":"shipping-taxable","12":"purchasable","13":"product-type-simple"},"_links":{"self":[{"href":"https:\/\/nabytoklaguna.sk\/sk\/wp-json\/wp\/v2\/product\/112105","targetHints":{"allow":["GET"]}}],"collection":[{"href":"https:\/\/nabytoklaguna.sk\/sk\/wp-json\/wp\/v2\/product"}],"about":[{"href":"https:\/\/nabytoklaguna.sk\/sk\/wp-json\/wp\/v2\/types\/product"}],"replies":[{"embeddable":true,"href":"https:\/\/nabytoklaguna.sk\/sk\/wp-json\/wp\/v2\/comments?post=112105"}],"wp:featuredmedia":[{"embeddable":true,"href":"https:\/\/nabytoklaguna.sk\/sk\/wp-json\/wp\/v2\/media\/112108"}],"wp:attachment":[{"href":"https:\/\/nabytoklaguna.sk\/sk\/wp-json\/wp\/v2\/media?parent=112105"}],"wp:term":[{"taxonomy":"product_brand","embeddable":true,"href":"https:\/\/nabytoklaguna.sk\/sk\/wp-json\/wp\/v2\/product_brand?post=112105"},{"taxonomy":"product_cat","embeddable":true,"href":"https:\/\/nabytoklaguna.sk\/sk\/wp-json\/wp\/v2\/product_cat?post=112105"},{"taxonomy":"product_tag","embeddable":true,"href":"https:\/\/nabytoklaguna.sk\/sk\/wp-json\/wp\/v2\/product_tag?post=112105"}],"curies":[{"name":"wp","href":"https:\/\/api.w.org\/{rel}","templated":true}]}}