{"id":113302,"date":"2022-10-26T14:21:03","date_gmt":"2022-10-26T12:21:03","guid":{"rendered":"https:\/\/nabytoklaguna.sk\/sk\/?post_type=product&#038;p=113302"},"modified":"2023-02-07T12:29:38","modified_gmt":"2023-02-07T11:29:38","slug":"gordon-i-konferencny-stolik","status":"publish","type":"product","link":"https:\/\/nabytoklaguna.sk\/sk\/produkt\/gordon-i-konferencny-stolik\/","title":{"rendered":"GORDON I konferen\u010dn\u00fd stol\u00edk"},"content":{"rendered":"<div class=\"field field-name-body field-type-text-with-summary field-label-hidden\">\n<div class=\"field-items\">\n<div class=\"field-item even\">\n<p>Konferen\u010dn\u00fd stol\u00edk <strong>GORDON I<\/strong> pretvor\u00ed Va\u0161u ob\u00fdvaciu izbu na miesto pln\u00e9 <strong>pohody a pokoja<\/strong>.\u00a0 Jeho <strong>prec\u00edzne spracovan\u00e9 detaily<\/strong> dodaj\u00fa miestnosti n\u00e1dych <strong>luxusu<\/strong>. Na v\u00fdrobu n\u00e1bytku je pou\u017eit\u00fd <strong>mas\u00edv<\/strong> a <strong>kvalitn\u00e1 doska, potiahnut\u00e1 pr\u00edrodnou dubovou dyhou<\/strong>. Jej farebn\u00e9 prevedenie a mo\u017enos\u0165 patiny si m\u00f4\u017eete vybra\u0165 za pr\u00edplatok pod\u013ea <strong>vlastn\u00e9ho vkusu<\/strong>. Rozmery stol\u00edka s\u00fa (\u0160xHxV): 125x60x60 cm.<\/p>\n<\/div>\n<\/div>\n<\/div>\n<div class=\"parametre-title\">Parametre<\/div>\n<table class=\"parametre\" style=\"width: 100%;height: 623px\">\n<tbody>\n<tr class=\"odd\" style=\"height: 52px\">\n<td class=\"nazov rozmery sirka\" style=\"height: 52px\">\u0160\u00edrka<\/td>\n<td class=\"hodnota\" style=\"height: 52px\">125 cm<\/td>\n<\/tr>\n<tr class=\"even\" style=\"height: 52px\">\n<td class=\"nazov rozmery hlbka\" style=\"height: 52px\">H\u013abka<\/td>\n<td class=\"hodnota\" style=\"height: 52px\">60 cm<\/td>\n<\/tr>\n<tr class=\"odd\" style=\"height: 52px\">\n<td class=\"nazov rozmery vyska\" style=\"height: 52px\">V\u00fd\u0161ka<\/td>\n<td class=\"hodnota\" style=\"height: 52px\">60 cm<\/td>\n<\/tr>\n<tr class=\"even\" style=\"height: 52px\">\n<td class=\"nazov ostatne-rozmery\" style=\"height: 52px\">\u010cist\u00e1 v\u00e1ha v\u00fdrobcu<\/td>\n<td class=\"hodnota\" style=\"height: 52px\">26 kg<\/td>\n<\/tr>\n<tr class=\"even\" style=\"height: 52px\">\n<td class=\"nazov pid-0301\" style=\"height: 52px\">Mont\u00e1\u017e<\/td>\n<td class=\"hodnota\" style=\"height: 52px\">zmontovan\u00e9<\/td>\n<\/tr>\n<tr class=\"even\" style=\"height: 52px\">\n<td class=\"nazov pid-0403\" style=\"height: 52px\">Farba<\/td>\n<td class=\"hodnota\" style=\"height: 52px\">drevo D3 , mo\u017enos\u0165 v\u00fdberu zo vzorkovn\u00edka za pr\u00edplatok 10%, mo\u017enos\u0165 pridania patiny za pr\u00edplatok 15%<\/td>\n<\/tr>\n<tr class=\"odd\" style=\"height: 52px\">\n<td class=\"nazov pid-0410\" style=\"height: 52px\">Prevedenie s leskom<\/td>\n<td class=\"hodnota\" style=\"height: 52px\">nie<\/td>\n<\/tr>\n<tr class=\"even\" style=\"height: 52px\">\n<td class=\"nazov pid-0503\" style=\"height: 52px\">Materi\u00e1l<\/td>\n<td class=\"hodnota\" style=\"height: 52px\">mas\u00edv \/ DTD \/ pr\u00edrodn\u00e1 dubov\u00e1 dyha<\/td>\n<\/tr>\n<tr class=\"odd\" style=\"height: 52px\">\n<td class=\"nazov pid-0506\" style=\"height: 52px\">Druh mas\u00edvu<\/td>\n<td class=\"hodnota\" style=\"height: 52px\">dub<\/td>\n<\/tr>\n<tr class=\"even\" style=\"height: 51px\">\n<td class=\"nazov pid-0507\" style=\"height: 51px\">Druh aglomerovan\u00e9ho materi\u00e1lu<\/td>\n<td class=\"hodnota\" style=\"height: 51px\">dyhovan\u00e1 DTD<\/td>\n<\/tr>\n<\/tbody>\n<\/table>\n","protected":false},"excerpt":{"rendered":"<p>Konferen\u010dn\u00fd stol\u00edk GORDON I pretvor\u00ed Va\u0161u ob\u00fdvaciu izbu na miesto pln\u00e9 pohody a pokoja.\u00a0 Jeho prec\u00edzne spracovan\u00e9 detaily dodaj\u00fa miestnosti n\u00e1dych luxusu. Na v\u00fdrobu n\u00e1bytku je pou\u017eit\u00fd mas\u00edv a kvalitn\u00e1 doska, potiahnut\u00e1 pr\u00edrodnou dubovou dyhou. Jej farebn\u00e9 prevedenie a mo\u017enos\u0165 patiny si m\u00f4\u017eete vybra\u0165 za pr\u00edplatok pod\u013ea vlastn\u00e9ho vkusu. Rozmery stol\u00edka s\u00fa (\u0160xHxV): 125x60x60 cm&#8230;.<\/p>\n","protected":false},"featured_media":113309,"comment_status":"closed","ping_status":"closed","template":"","meta":{"_seopress_robots_primary_cat":"none","_seopress_titles_title":"","_seopress_titles_desc":"","_seopress_robots_index":""},"product_brand":[],"product_cat":[221],"product_tag":[],"class_list":{"0":"post-113302","1":"product","2":"type-product","3":"status-publish","4":"has-post-thumbnail","6":"product_cat-konferencne-stoliky","8":"first","9":"onbackorder","10":"shipping-taxable","11":"purchasable","12":"product-type-simple"},"_links":{"self":[{"href":"https:\/\/nabytoklaguna.sk\/sk\/wp-json\/wp\/v2\/product\/113302","targetHints":{"allow":["GET"]}}],"collection":[{"href":"https:\/\/nabytoklaguna.sk\/sk\/wp-json\/wp\/v2\/product"}],"about":[{"href":"https:\/\/nabytoklaguna.sk\/sk\/wp-json\/wp\/v2\/types\/product"}],"replies":[{"embeddable":true,"href":"https:\/\/nabytoklaguna.sk\/sk\/wp-json\/wp\/v2\/comments?post=113302"}],"wp:featuredmedia":[{"embeddable":true,"href":"https:\/\/nabytoklaguna.sk\/sk\/wp-json\/wp\/v2\/media\/113309"}],"wp:attachment":[{"href":"https:\/\/nabytoklaguna.sk\/sk\/wp-json\/wp\/v2\/media?parent=113302"}],"wp:term":[{"taxonomy":"product_brand","embeddable":true,"href":"https:\/\/nabytoklaguna.sk\/sk\/wp-json\/wp\/v2\/product_brand?post=113302"},{"taxonomy":"product_cat","embeddable":true,"href":"https:\/\/nabytoklaguna.sk\/sk\/wp-json\/wp\/v2\/product_cat?post=113302"},{"taxonomy":"product_tag","embeddable":true,"href":"https:\/\/nabytoklaguna.sk\/sk\/wp-json\/wp\/v2\/product_tag?post=113302"}],"curies":[{"name":"wp","href":"https:\/\/api.w.org\/{rel}","templated":true}]}}