{"id":114947,"date":"2023-01-02T13:10:37","date_gmt":"2023-01-02T12:10:37","guid":{"rendered":"https:\/\/nabytoklaguna.sk\/sk\/?post_type=product&#038;p=114947"},"modified":"2024-05-24T12:15:07","modified_gmt":"2024-05-24T10:15:07","slug":"konferencny-stolik-janek","status":"publish","type":"product","link":"https:\/\/nabytoklaguna.sk\/sk\/produkt\/konferencny-stolik-janek\/","title":{"rendered":"konferen\u010dn\u00fd stol\u00edk JARJAN"},"content":{"rendered":"<p>Konferen\u010dn\u00fd <strong>stol\u00edk JARJAN <\/strong>\u00a0je kr\u00e1sny a hlavne <strong>funk\u010dn\u00fd, rozkladac\u00ed stol\u00edk<\/strong>, ktor\u00fd o\u017eiv\u00ed ka\u017ed\u00fa izbu. M\u00f4\u017ee st\u00e1\u0165 v men\u0161om preveden\u00ed denne v ob\u00fdva\u010dke a v pr\u00edpade potreby ho <strong>r\u00fdchlo zv\u00e4\u010d\u0161\u00edme zo 116 cm na 156 cm<\/strong>! Navy\u0161e, ak nedisponujete ve\u013ekou plochou, mo\u017eno v\u010faka <strong>nastavite\u013enej v\u00fd\u0161ke stol\u00edka od 59 cm do 70 cm<\/strong> ho vyu\u017ei\u0165 aj ako st\u00f4l na rodinn\u00e9 ve\u010dere. <strong>St\u00f4l je pevn\u00fd<\/strong> a pre\u017eije ve\u013ea ve\u010dierkov. Je vybaven\u00fd naviac s\u00a0 <strong>praktickou policou<\/strong>, ktor\u00e1 sa v\u00e1m bude hodi\u0165 na odlo\u017eenie vec\u00ed ktor\u00e9 chcete ma\u0165 po ruke.<\/p>\n<div>\n<div><strong>parametre stol\u00edka:<\/strong><\/div>\n<div><\/div>\n<div>\n<div>\n<div><span style=\"color: #000000;\">V\u00fd\u0161ka (cm) : 59<\/span><\/div>\n<\/div>\n<div>\n<div><span style=\"color: #000000;\">\u0160\u00edrka (cm): 62<\/span><\/div>\n<\/div>\n<div>\n<div><span style=\"color: #000000;\">D\u013a\u017eka po rozlo\u017een\u00ed (cm): 156<\/span><\/div>\n<\/div>\n<div>\n<div><span style=\"color: #000000;\">D\u013a\u017eka pred rozlo\u017een\u00edm (cm): 116<\/span><\/div>\n<\/div>\n<div>\n<div><span style=\"color: #000000;\">Povrchov\u00e1 \u00faprava dosky: mat<\/span><\/div>\n<\/div>\n<div>\n<div><span style=\"color: #000000;\">Materi\u00e1l dosky: laminovan\u00e1 drevotrieska<\/span><\/div>\n<\/div>\n<div>\n<div><span style=\"color: #000000;\">Materi\u00e1l r\u00e1mu: laminovan\u00e1 doska<\/span><\/div>\n<\/div>\n<div>\n<div><span style=\"color: #000000;\">Hmotnos\u0165 (kg): 34<\/span><\/div>\n<\/div>\n<div>\n<div><span style=\"color: #000000;\">Tvar dosky: pravouhl\u00e1<\/span><\/div>\n<\/div>\n<div>\n<div><span style=\"color: #000000;\">Skladac\u00ed st\u00f4l: \u00e1no<\/span><\/div>\n<\/div>\n<div>\n<div><span style=\"color: #000000;\">Potrebn\u00e9 zlo\u017ei\u0165: \u00e1no<\/span><\/div>\n<\/div>\n<div>\n<div><span style=\"color: #000000;\">Typ sortimentu: konferen\u010dn\u00fd stol\u00edk<\/span><\/div>\n<\/div>\n<div>\n<div><span style=\"color: #000000;\">\u0160t\u00fdl: klasick\u00fd<\/span><\/div>\n<\/div>\n<div>\n<div><span style=\"color: #000000;\">V\u00fd\u0161kov\u00e9 nastavenie dosky stola:\u00e1no<\/span><\/div>\n<\/div>\n<\/div>\n<\/div>\n","protected":false},"excerpt":{"rendered":"<p>Konferen\u010dn\u00fd stol\u00edk JARJAN \u00a0je kr\u00e1sny a hlavne funk\u010dn\u00fd, rozkladac\u00ed stol\u00edk, ktor\u00fd o\u017eiv\u00ed ka\u017ed\u00fa izbu. M\u00f4\u017ee st\u00e1\u0165 v men\u0161om preveden\u00ed denne v ob\u00fdva\u010dke a v pr\u00edpade potreby ho r\u00fdchlo zv\u00e4\u010d\u0161\u00edme zo 116 cm na 156 cm! Navy\u0161e, ak nedisponujete ve\u013ekou plochou, mo\u017eno v\u010faka nastavite\u013enej v\u00fd\u0161ke stol\u00edka od 59 cm do 70 cm ho vyu\u017ei\u0165 aj ako&#8230;<\/p>\n","protected":false},"featured_media":114950,"comment_status":"closed","ping_status":"closed","template":"","meta":{"_seopress_robots_primary_cat":"none","_seopress_titles_title":"","_seopress_titles_desc":"","_seopress_robots_index":""},"product_brand":[],"product_cat":[221],"product_tag":[],"class_list":{"0":"post-114947","1":"product","2":"type-product","3":"status-publish","4":"has-post-thumbnail","6":"product_cat-konferencne-stoliky","7":"pa_farba-dub-lefkas","8":"pa_farba-biela-alpska","9":"pa_farba-dub-artisan","10":"pa_farba-dub-sonoma","11":"pa_farba-jasen-tmavy","13":"first","14":"onbackorder","15":"shipping-taxable","16":"purchasable","17":"product-type-variable"},"_links":{"self":[{"href":"https:\/\/nabytoklaguna.sk\/sk\/wp-json\/wp\/v2\/product\/114947","targetHints":{"allow":["GET"]}}],"collection":[{"href":"https:\/\/nabytoklaguna.sk\/sk\/wp-json\/wp\/v2\/product"}],"about":[{"href":"https:\/\/nabytoklaguna.sk\/sk\/wp-json\/wp\/v2\/types\/product"}],"replies":[{"embeddable":true,"href":"https:\/\/nabytoklaguna.sk\/sk\/wp-json\/wp\/v2\/comments?post=114947"}],"wp:featuredmedia":[{"embeddable":true,"href":"https:\/\/nabytoklaguna.sk\/sk\/wp-json\/wp\/v2\/media\/114950"}],"wp:attachment":[{"href":"https:\/\/nabytoklaguna.sk\/sk\/wp-json\/wp\/v2\/media?parent=114947"}],"wp:term":[{"taxonomy":"product_brand","embeddable":true,"href":"https:\/\/nabytoklaguna.sk\/sk\/wp-json\/wp\/v2\/product_brand?post=114947"},{"taxonomy":"product_cat","embeddable":true,"href":"https:\/\/nabytoklaguna.sk\/sk\/wp-json\/wp\/v2\/product_cat?post=114947"},{"taxonomy":"product_tag","embeddable":true,"href":"https:\/\/nabytoklaguna.sk\/sk\/wp-json\/wp\/v2\/product_tag?post=114947"}],"curies":[{"name":"wp","href":"https:\/\/api.w.org\/{rel}","templated":true}]}}