{"id":115785,"date":"2023-01-20T10:53:19","date_gmt":"2023-01-20T09:53:19","guid":{"rendered":"https:\/\/nabytoklaguna.sk\/sk\/?post_type=product&#038;p=115785"},"modified":"2025-02-05T14:35:52","modified_gmt":"2025-02-05T13:35:52","slug":"w-ris-obyvacia-stena-2","status":"publish","type":"product","link":"https:\/\/nabytoklaguna.sk\/sk\/produkt\/w-ris-obyvacia-stena-2\/","title":{"rendered":"RIS ob\u00fdvacia stena"},"content":{"rendered":"<p>Ak h\u013ead\u00e1te <strong>modern\u00fd, vkusn\u00fd, kvalitn\u00fd<\/strong> n\u00e1bytok do Va\u0161ej ob\u00fdva\u010dky, <strong>W RIS<\/strong> je to \u010do potrebujete. N\u00e1bytok<strong> W RIS<\/strong> je vyroben\u00fd z vysokokvalitn\u00fdch 16mm laminovan\u00fdch drevotriesok v m\u00f3dnom <strong>dub evoke<\/strong> a ob\u013e\u00fabenom <strong>\u010diernom lesklom<\/strong> mat preveden\u00ed. Ve\u013ekou v\u00fdhodou tohto sektoru s\u00fa<strong> 1,5mm ABS<\/strong> <strong>hrany.<\/strong> Ve\u013ekou v\u00fdhodou s\u00fa <strong>z\u00e1suvky s pln\u00fdm v\u00fdsuvom<\/strong> &#8211; gu\u013e\u00f4\u010dkov\u00e9 vedenie a pou\u017eit\u00e9 <strong>tvrden\u00e9 sklo<\/strong>.<\/p>\n<p>Univerz\u00e1lna farba n\u00e1bytku <strong>W RIS<\/strong> vytv\u00e1ra pr\u00edjemn\u00e9 prostredie spolu s<strong>\u00a0LED<\/strong>\u00a0osvetlen\u00edm, ktor\u00e9 je za pr\u00edplatok<\/p>\n<p><strong>Ob\u00fdvacia zostava sa sklad\u00e1 z komponentov<\/strong>:<\/p>\n<ul>\n<li>RTV W RIS AS1 (\u0161\/h\/v)(v cm) 148 x 39 x 53 cm<\/li>\n<li>komoda W RIS AS5 (\u0161\/h\/v)(v cm) 88,5 x 39 x 126 cm<\/li>\n<li>vitr\u00edna W RIS AS8 (\u0161\/h\/v)(v cm) 67,5 x 39 x 194 cm<\/li>\n<li>poli\u010dka W RIS AS13 (\u0161\/h\/v)(v cm) 148 x 23,5 x 22 cm<\/li>\n<\/ul>\n<p><strong>Mo\u017enos\u0165 zak\u00fapi\u0165 \u010fal\u0161ie komponenty zo s\u00e9rie N RIS<\/strong> :<\/p>\n<ul>\n<li>RTV W RIS AS1 (\u0161\/h\/v)(v cm) 148 x 39 x 53 cm<\/li>\n<li>komoda W RIS AS2 (\u0161\/h\/v)(v cm) 88,5 x 39 x 84 cm<\/li>\n<li>komoda W RIS AS3 (\u0161\/h\/v)(v cm) 156,5 x 39 x 84 cm<\/li>\n<li>komoda W RIS AS4 (\u0161\/h\/v)(v cm) 124,5 x 39 x 106 cm<\/li>\n<li>komoda W RIS AS5 (\u0161\/h\/v)(v cm) 88,5 x 39 x 126 cm<\/li>\n<li>vitr\u00edna W RIS AS6 (\u0161\/h\/v)(v cm) 88,5 x 39 x 139 cm<\/li>\n<li>vitr\u00edna W RIS AS7 (\u0161\/h\/v)(v cm) 67,5 x 39 x 194 cm<\/li>\n<li>vitr\u00edna W RIS AS8 (\u0161\/h\/v)(v cm) 67,5 x 39 x 194 cm<\/li>\n<li>reg\u00e1l\u00a0 W RIS AS9 (\u0161\/h\/v)(v cm) 67,5 x 39 x 194 cm<\/li>\n<li>skri\u0148a W RIS AS10 (\u0161\/h\/v)(v cm) 88,5 x 54,5 x 194 cm<\/li>\n<li>poli\u010dka W RIS AS13 (\u0161\/h\/v)(v cm) 148 x 23,5 x 22 cm<\/li>\n<li>konferen\u010dn\u00fd stol\u00edk W RIS LA03 (\u0161\/h\/v)(v cm) 67 x 102 x 49 cm<\/li>\n<\/ul>\n","protected":false},"excerpt":{"rendered":"<p>Ak h\u013ead\u00e1te modern\u00fd, vkusn\u00fd, kvalitn\u00fd n\u00e1bytok do Va\u0161ej ob\u00fdva\u010dky, W RIS je to \u010do potrebujete. N\u00e1bytok W RIS je vyroben\u00fd z vysokokvalitn\u00fdch 16mm laminovan\u00fdch drevotriesok v m\u00f3dnom dub evoke a ob\u013e\u00fabenom \u010diernom lesklom mat preveden\u00ed. Ve\u013ekou v\u00fdhodou tohto sektoru s\u00fa 1,5mm ABS hrany. Ve\u013ekou v\u00fdhodou s\u00fa z\u00e1suvky s pln\u00fdm v\u00fdsuvom &#8211; gu\u013e\u00f4\u010dkov\u00e9 vedenie a pou\u017eit\u00e9&#8230;<\/p>\n","protected":false},"featured_media":115752,"comment_status":"closed","ping_status":"closed","template":"","meta":{"_seopress_robots_primary_cat":"none","_seopress_titles_title":"","_seopress_titles_desc":"","_seopress_robots_index":""},"product_brand":[],"product_cat":[182,251],"product_tag":[],"class_list":{"0":"post-115785","1":"product","2":"type-product","3":"status-publish","4":"has-post-thumbnail","6":"product_cat-obyvacie-steny","7":"product_cat-steny","9":"first","10":"onbackorder","11":"sale","12":"shipping-taxable","13":"purchasable","14":"product-type-simple"},"_links":{"self":[{"href":"https:\/\/nabytoklaguna.sk\/sk\/wp-json\/wp\/v2\/product\/115785","targetHints":{"allow":["GET"]}}],"collection":[{"href":"https:\/\/nabytoklaguna.sk\/sk\/wp-json\/wp\/v2\/product"}],"about":[{"href":"https:\/\/nabytoklaguna.sk\/sk\/wp-json\/wp\/v2\/types\/product"}],"replies":[{"embeddable":true,"href":"https:\/\/nabytoklaguna.sk\/sk\/wp-json\/wp\/v2\/comments?post=115785"}],"wp:featuredmedia":[{"embeddable":true,"href":"https:\/\/nabytoklaguna.sk\/sk\/wp-json\/wp\/v2\/media\/115752"}],"wp:attachment":[{"href":"https:\/\/nabytoklaguna.sk\/sk\/wp-json\/wp\/v2\/media?parent=115785"}],"wp:term":[{"taxonomy":"product_brand","embeddable":true,"href":"https:\/\/nabytoklaguna.sk\/sk\/wp-json\/wp\/v2\/product_brand?post=115785"},{"taxonomy":"product_cat","embeddable":true,"href":"https:\/\/nabytoklaguna.sk\/sk\/wp-json\/wp\/v2\/product_cat?post=115785"},{"taxonomy":"product_tag","embeddable":true,"href":"https:\/\/nabytoklaguna.sk\/sk\/wp-json\/wp\/v2\/product_tag?post=115785"}],"curies":[{"name":"wp","href":"https:\/\/api.w.org\/{rel}","templated":true}]}}