{"id":116156,"date":"2023-02-21T13:00:32","date_gmt":"2023-02-21T12:00:32","guid":{"rendered":"https:\/\/nabytoklaguna.sk\/sk\/?post_type=product&#038;p=116156"},"modified":"2023-03-01T13:17:27","modified_gmt":"2023-03-01T12:17:27","slug":"stephan_-ciezka-konferencny-stolik","status":"publish","type":"product","link":"https:\/\/nabytoklaguna.sk\/sk\/produkt\/stephan_-ciezka-konferencny-stolik\/","title":{"rendered":"STEPHAN  konferen\u010dn\u00fd stol\u00edk"},"content":{"rendered":"<div class=\"field field-name-body field-type-text-with-summary field-label-hidden\">\n<div class=\"field-items\">\n<div class=\"field-item even\">\n<p>Konferen\u010dn\u00fd stol\u00edk\u00a0<strong>STEPHAN<\/strong>\u00a0pretvor\u00ed Va\u0161u ob\u00fdvaciu izbu na miesto pln\u00e9\u00a0<strong>pohody a pokoja<\/strong>.\u00a0 Jeho\u00a0<strong>prec\u00edzne spracovan\u00e9 detaily<\/strong>\u00a0dodaj\u00fa miestnosti n\u00e1dych\u00a0<strong>luxusu<\/strong>. Na v\u00fdrobu n\u00e1bytku je pou\u017eit\u00fd\u00a0<strong>mas\u00edv<\/strong>\u00a0a\u00a0<strong>kvalitn\u00e1 doska, potiahnut\u00e1 pr\u00edrodnou dubovou dyhou<\/strong>. Jej farebn\u00e9 prevedenie a mo\u017enos\u0165 patiny si m\u00f4\u017eete vybra\u0165 za pr\u00edplatok pod\u013ea\u00a0<strong>vlastn\u00e9ho vkusu<\/strong>. Rozmery stol\u00edka s\u00fa (\u0160xHxV): 137x71x59 cm.<\/p>\n<\/div>\n<\/div>\n<\/div>\n<div class=\"parametre-title\">Parametre<\/div>\n<table class=\"parametre\">\n<tbody>\n<tr class=\"odd\">\n<td class=\"nazov rozmery sirka\">\u0160\u00edrka<\/td>\n<td class=\"hodnota\">137cm<\/td>\n<\/tr>\n<tr class=\"even\">\n<td class=\"nazov rozmery hlbka\">H\u013abka<\/td>\n<td class=\"hodnota\">71 cm<\/td>\n<\/tr>\n<tr class=\"odd\">\n<td class=\"nazov rozmery vyska\">V\u00fd\u0161ka<\/td>\n<td class=\"hodnota\">59 cm<\/td>\n<\/tr>\n<tr class=\"even\">\n<td class=\"nazov ostatne-rozmery\">\u010cist\u00e1 v\u00e1ha v\u00fdrobcu<\/td>\n<td class=\"hodnota\">35 kg<\/td>\n<\/tr>\n<tr class=\"even\">\n<td class=\"nazov pid-0301\">Mont\u00e1\u017e<\/td>\n<td class=\"hodnota\">zmontovan\u00e9<\/td>\n<\/tr>\n<tr class=\"even\">\n<td class=\"nazov pid-0403\">Farba<\/td>\n<td class=\"hodnota\">drevo D3 , mo\u017enos\u0165 v\u00fdberu zo vzorkovn\u00edka za pr\u00edplatok 10%, mo\u017enos\u0165 pridania patiny za pr\u00edplatok 15%<\/td>\n<\/tr>\n<tr class=\"odd\">\n<td class=\"nazov pid-0410\">Prevedenie s leskom<\/td>\n<td class=\"hodnota\">nie<\/td>\n<\/tr>\n<tr class=\"even\">\n<td class=\"nazov pid-0503\">Materi\u00e1l<\/td>\n<td class=\"hodnota\">mas\u00edv \/ DTD \/ pr\u00edrodn\u00e1 dubov\u00e1 dyha<\/td>\n<\/tr>\n<tr class=\"odd\">\n<td class=\"nazov pid-0506\">Druh mas\u00edvu<\/td>\n<td class=\"hodnota\">dub<\/td>\n<\/tr>\n<tr class=\"even\">\n<td class=\"nazov pid-0507\">Druh aglomerovan\u00e9ho materi\u00e1lu<\/td>\n<td class=\"hodnota\">dyhovan\u00e1 DTD<\/td>\n<\/tr>\n<\/tbody>\n<\/table>\n","protected":false},"excerpt":{"rendered":"<p>Konferen\u010dn\u00fd stol\u00edk\u00a0STEPHAN\u00a0pretvor\u00ed Va\u0161u ob\u00fdvaciu izbu na miesto pln\u00e9\u00a0pohody a pokoja.\u00a0 Jeho\u00a0prec\u00edzne spracovan\u00e9 detaily\u00a0dodaj\u00fa miestnosti n\u00e1dych\u00a0luxusu. Na v\u00fdrobu n\u00e1bytku je pou\u017eit\u00fd\u00a0mas\u00edv\u00a0a\u00a0kvalitn\u00e1 doska, potiahnut\u00e1 pr\u00edrodnou dubovou dyhou. Jej farebn\u00e9 prevedenie a mo\u017enos\u0165 patiny si m\u00f4\u017eete vybra\u0165 za pr\u00edplatok pod\u013ea\u00a0vlastn\u00e9ho vkusu. Rozmery stol\u00edka s\u00fa (\u0160xHxV): 137x71x59 cm. Parametre \u0160\u00edrka 137cm H\u013abka 71 cm V\u00fd\u0161ka 59 cm \u010cist\u00e1 v\u00e1ha&#8230;<\/p>\n","protected":false},"featured_media":116157,"comment_status":"closed","ping_status":"closed","template":"","meta":{"_seopress_robots_primary_cat":"none","_seopress_titles_title":"","_seopress_titles_desc":"","_seopress_robots_index":""},"product_brand":[],"product_cat":[221],"product_tag":[],"class_list":{"0":"post-116156","1":"product","2":"type-product","3":"status-publish","4":"has-post-thumbnail","6":"product_cat-konferencne-stoliky","8":"first","9":"onbackorder","10":"shipping-taxable","11":"purchasable","12":"product-type-simple"},"_links":{"self":[{"href":"https:\/\/nabytoklaguna.sk\/sk\/wp-json\/wp\/v2\/product\/116156","targetHints":{"allow":["GET"]}}],"collection":[{"href":"https:\/\/nabytoklaguna.sk\/sk\/wp-json\/wp\/v2\/product"}],"about":[{"href":"https:\/\/nabytoklaguna.sk\/sk\/wp-json\/wp\/v2\/types\/product"}],"replies":[{"embeddable":true,"href":"https:\/\/nabytoklaguna.sk\/sk\/wp-json\/wp\/v2\/comments?post=116156"}],"wp:featuredmedia":[{"embeddable":true,"href":"https:\/\/nabytoklaguna.sk\/sk\/wp-json\/wp\/v2\/media\/116157"}],"wp:attachment":[{"href":"https:\/\/nabytoklaguna.sk\/sk\/wp-json\/wp\/v2\/media?parent=116156"}],"wp:term":[{"taxonomy":"product_brand","embeddable":true,"href":"https:\/\/nabytoklaguna.sk\/sk\/wp-json\/wp\/v2\/product_brand?post=116156"},{"taxonomy":"product_cat","embeddable":true,"href":"https:\/\/nabytoklaguna.sk\/sk\/wp-json\/wp\/v2\/product_cat?post=116156"},{"taxonomy":"product_tag","embeddable":true,"href":"https:\/\/nabytoklaguna.sk\/sk\/wp-json\/wp\/v2\/product_tag?post=116156"}],"curies":[{"name":"wp","href":"https:\/\/api.w.org\/{rel}","templated":true}]}}