{"id":11658,"date":"2021-02-22T16:54:36","date_gmt":"2021-02-22T15:54:36","guid":{"rendered":"http:\/\/nabytoklaguna.sk\/sk\/?post_type=product&#038;p=11658"},"modified":"2023-02-21T12:37:45","modified_gmt":"2023-02-21T11:37:45","slug":"rea-abra","status":"publish","type":"product","link":"https:\/\/nabytoklaguna.sk\/sk\/produkt\/rea-abra\/","title":{"rendered":"DREVONA REA ABRA"},"content":{"rendered":"<p>Jednol\u00f4\u017eko s rozkladom &#8211; spanie pre dve osoby. Druh\u00e9 l\u00f4\u017eko na kolieskach je mo\u017en\u00e9 \u00faplne vysun\u00fa\u0165. Poste\u013e je vhodn\u00e1 do detsk\u00fdch \u010di \u0161tudentsk\u00fdch izieb. Die\u0165a je v\u010faka \u010del\u00e1m chr\u00e1nen\u00e9 od chladu zo steny a z\u00e1rove\u0148 je stena chr\u00e1nen\u00e1 pred po\u0161koden\u00edm.<br \/>\nKvalitn\u00fd slovensk\u00fd v\u00fdrobok s mo\u017enos\u0165ou v\u00fdberu farebn\u00e9ho prevedenia pod\u013ea ponuky.\u00a0 Poste\u013e je dod\u00e1van\u00e1 s mas\u00edvnym smrekov\u00fdm ro\u0161tom.<\/p>\n<p>Mo\u017enos\u0165 objednania \u010dela na z\u00e1suvku v 8 dez\u00e9noch UNICOLOR, n\u00e1jdete v na\u0161ej gal\u00e9rii, cena \u010dela je 20,- \u20ac.<\/p>\n<table style=\"width: 100%;height: 336px\">\n<tbody>\n<tr class=\"odd\" style=\"height: 98px\">\n<th style=\"height: 98px;width: 17.2839%\">Materi\u00e1l<\/th>\n<td style=\"height: 98px;width: 82.5397%\">\n<ul>\n<li>nosn\u00e9 \u010dasti: DTD laminovan\u00e1 doska hr\u00fabky 25 mm, 2 mm ABS hrany<\/li>\n<li>ostatn\u00e9 \u010dasti: DTD laminovan\u00e1 doska hr\u00fabky 16 mm, 0,5 mm ABS hrany<\/li>\n<\/ul>\n<\/td>\n<\/tr>\n<tr style=\"height: 218px\">\n<th style=\"height: 56px;width: 17.2839%\">Rozmery<\/p>\n<p>\u0161 x h x v<\/th>\n<td style=\"height: 56px;width: 82.5397%\">\n<ul>\n<li>rozmery korpusu: 95 x 205 x 81 cm, plocha na spanie: 90 x 200 cm<\/li>\n<li>v\u00fd\u0161ka bo\u010dnice: 43 cm<\/li>\n<li>zapustenie matraca od hornej hrany korpusu je 5 cm<\/li>\n<li>max. v\u00fd\u0161ka matraca do spodn\u00e9ho l\u00f4\u017eka je 15cm<\/li>\n<\/ul>\n<\/td>\n<\/tr>\n<tr class=\"odd\" style=\"height: 50px\">\n<th style=\"height: 50px;width: 17.2839%\">Typ<\/th>\n<td style=\"height: 50px;width: 82.5397%\">\u00a0s rozkladom &#8211; v\u00fdsuvn\u00e9 l\u00f4\u017eko<\/td>\n<\/tr>\n<tr style=\"height: 122px\">\n<th style=\"height: 122px;width: 17.2839%\">Farba<\/th>\n<td style=\"height: 122px;width: 82.5397%\">\n<ul>\n<li>korpus: biela, dub bardolino, dub canyon,\u00a0 lancelot, orech rockpile, navarra, buk, wenge, graphite<\/li>\n<li>\u010del\u00e1: graphite, rose, plum, ice blue, pow blue, zelen\u00e1, cappuccino<\/li>\n<li>Ak si chcete poste\u013e farebne o\u017eivi\u0165, m\u00f4\u017eete si dok\u00fapi\u0165\u00a0<strong>farebn\u00e9 \u010dielko z\u00e1suvky<\/strong>\u00a0vo farb\u00e1ch\u00a0<strong>UNI color<\/strong> z aktu\u00e1lnej ponuky za pr\u00edplatok + 20,- \u20ac<\/li>\n<\/ul>\n<\/td>\n<\/tr>\n<tr class=\"odd\" style=\"height: 49px\">\n<th style=\"height: 10px;width: 17.2839%\">Ro\u0161t<\/th>\n<td style=\"height: 10px;width: 82.5397%\">mas\u00edvny smrekov\u00fd rolovac\u00ed<\/p>\n<p>&nbsp;<\/td>\n<\/tr>\n<\/tbody>\n<\/table>\n<table border=\"0\" cellspacing=\"1\" cellpadding=\"1\">\n<tbody>\n<tr>\n<td style=\"width: 32.1945%\"><img decoding=\"async\" src=\"https:\/\/nabytoklaguna.sk\/sk\/wp-content\/uploads\/2017\/11\/80x200-610x609.jpg\" \/><\/td>\n<td style=\"width: 67.2799%\"><strong><u>Matrac BE KATARINA:<\/u><\/strong><\/p>\n<p><a href=\"https:\/\/nabytoklaguna.sk\/sk\/obchod\/spalne\/matrace\/tempo-kondela-katarina-10\/\">https:\/\/nabytoklaguna.sk\/sk\/obchod\/spalne\/matrace\/tempo-kondela-katarina-10\/<\/a><\/td>\n<\/tr>\n<\/tbody>\n<\/table>\n","protected":false},"excerpt":{"rendered":"<p><img loading=\"lazy\" decoding=\"async\" class=\"alignnone size-full wp-image-11515\" src=\"http:\/\/nabytoklaguna.sk\/sk\/wp-content\/uploads\/2017\/03\/slovensk\u00fd-znak-9.png\" alt=\"\" width=\"126\" height=\"126\" srcset=\"https:\/\/nabytoklaguna.sk\/sk\/wp-content\/uploads\/2017\/03\/slovensk\u00fd-znak-9.png 126w, https:\/\/nabytoklaguna.sk\/sk\/wp-content\/uploads\/2017\/03\/slovensk\u00fd-znak-9-100x100.png 100w\" sizes=\"auto, (max-width: 126px) 100vw, 126px\" \/><\/p>\n","protected":false},"featured_media":11659,"comment_status":"closed","ping_status":"closed","template":"","meta":{"_seopress_robots_primary_cat":"234","_seopress_titles_title":"","_seopress_titles_desc":"","_seopress_robots_index":""},"product_brand":[],"product_cat":[234],"product_tag":[],"class_list":{"0":"post-11658","1":"product","2":"type-product","3":"status-publish","4":"has-post-thumbnail","6":"product_cat-detske-postele","7":"pa_farba-biela","8":"pa_farba-buk","9":"pa_farba-dub-bardolino","10":"pa_farba-dub-canyon","11":"pa_farba-graphite","12":"pa_farba-lancelot","13":"pa_farba-navarra","14":"pa_farba-orech-rockpile","15":"pa_farba-venge","16":"pa_typ-produktu-s-matracmi-be-katarina-10-new-11","17":"pa_typ-produktu-s-rostom-bez-matraca-2","19":"first","20":"onbackorder","21":"shipping-taxable","22":"purchasable","23":"product-type-variable"},"_links":{"self":[{"href":"https:\/\/nabytoklaguna.sk\/sk\/wp-json\/wp\/v2\/product\/11658","targetHints":{"allow":["GET"]}}],"collection":[{"href":"https:\/\/nabytoklaguna.sk\/sk\/wp-json\/wp\/v2\/product"}],"about":[{"href":"https:\/\/nabytoklaguna.sk\/sk\/wp-json\/wp\/v2\/types\/product"}],"replies":[{"embeddable":true,"href":"https:\/\/nabytoklaguna.sk\/sk\/wp-json\/wp\/v2\/comments?post=11658"}],"wp:featuredmedia":[{"embeddable":true,"href":"https:\/\/nabytoklaguna.sk\/sk\/wp-json\/wp\/v2\/media\/11659"}],"wp:attachment":[{"href":"https:\/\/nabytoklaguna.sk\/sk\/wp-json\/wp\/v2\/media?parent=11658"}],"wp:term":[{"taxonomy":"product_brand","embeddable":true,"href":"https:\/\/nabytoklaguna.sk\/sk\/wp-json\/wp\/v2\/product_brand?post=11658"},{"taxonomy":"product_cat","embeddable":true,"href":"https:\/\/nabytoklaguna.sk\/sk\/wp-json\/wp\/v2\/product_cat?post=11658"},{"taxonomy":"product_tag","embeddable":true,"href":"https:\/\/nabytoklaguna.sk\/sk\/wp-json\/wp\/v2\/product_tag?post=11658"}],"curies":[{"name":"wp","href":"https:\/\/api.w.org\/{rel}","templated":true}]}}