{"id":119605,"date":"2023-04-22T18:40:00","date_gmt":"2023-04-22T18:40:00","guid":{"rendered":"https:\/\/nabytoklaguna.sk\/sk\/?post_type=product&#038;p=119605"},"modified":"2026-04-20T14:00:43","modified_gmt":"2026-04-20T12:00:43","slug":"k-visby","status":"publish","type":"product","link":"https:\/\/nabytoklaguna.sk\/sk\/produkt\/k-visby\/","title":{"rendered":"K VISBY"},"content":{"rendered":"<p><strong>Elegantn\u00e1 univerz\u00e1lna<\/strong> rohov\u00e1 sedacia s\u00faprava<strong> VISBY<\/strong> si V\u00e1s z\u00edska hne\u010f na prv\u00fd poh\u013ead. V\u00e1\u0161mu oku neunikn\u00fa vy\u0161\u0161ie no\u017ei\u010dky, ktor\u00e9 zaru\u010duj\u00fa stabilitu seda\u010dky a taktie\u017e dod\u00e1vaj\u00fa ten spr\u00e1vny dizajn.. O pohodln\u00e9 sedenie sa postar\u00e1 pru\u017eina FALISTA , ktor\u00e1 zaru\u010d\u00ed stredne m\u00e4kk\u00e9 sedenie. Ne\u010dakan\u00e1 n\u00e1v\u0161teva u\u017e nebude probl\u00e9m, sedaciu s\u00fapravu jednoduch\u00fdmi krokmi premen\u00edte na plochu pre pr\u00edle\u017eitostn\u00e9 spanie. V kon\u0161trukcii seda\u010dky n\u00e1jdete \u00falo\u017en\u00fd priestor, veci ktor\u00e9 potrebujete ma\u0165 po ruke si v \u0148om n\u00e1jdu svoje miesto. M\u00f4\u017eete ju ulo\u017ei\u0165 akoko\u013evek potrebujete, ke\u010f\u017ee je univerz\u00e1lna. \u010eal\u0161ou v\u00fdhodou je, \u017ee je celo\u010dal\u00fanen\u00e1 a tak ur\u010dite vynikne aj v priestore<\/p>\n<h3 class=\"page-product-heading\">VLASTNOSTI<\/h3>\n<table class=\"table-data-sheet\">\n<tbody>\n<tr class=\"odd\">\n<td>H\u013abka<\/td>\n<td>164 cm<\/td>\n<\/tr>\n<tr class=\"even\">\n<td>\u0160\u00edrka<\/td>\n<td>230 cm<\/td>\n<\/tr>\n<tr class=\"odd\">\n<td>V\u00fd\u0161ka<\/td>\n<td>88 cm<\/td>\n<\/tr>\n<tr class=\"even\">\n<td>Vhodn\u00e1 miestnos\u0165<\/td>\n<td>ob\u00fdva\u010dka, spolo\u010densk\u00e1 miestnos\u0165, hotely, kaviarne<\/td>\n<\/tr>\n<tr class=\"odd\">\n<td>Typ n\u00e1bytku<\/td>\n<td>rohov\u00e1 sedacia s\u00faprava<\/td>\n<\/tr>\n<tr class=\"even\">\n<td>\u0160t\u00fdl n\u00e1bytku<\/td>\n<td>modern\u00fd<\/td>\n<\/tr>\n<tr class=\"odd\">\n<td>Z\u00e1ruka<\/td>\n<td>2 roky<\/td>\n<\/tr>\n<tr class=\"even\">\n<td>Sp\u00f4sob dodania<\/td>\n<td>demont v dvoch bal\u00edkoch<\/td>\n<\/tr>\n<tr class=\"odd\">\n<td>Hmotnos\u0165<\/td>\n<td>120 kg<\/td>\n<\/tr>\n<tr class=\"even\">\n<td>\u00dalo\u017en\u00fd priestor<\/td>\n<td>\u00e1no<\/td>\n<\/tr>\n<tr class=\"odd\">\n<td>Rohov\u00e9 prevedenie<\/td>\n<td>\u00e1no<\/td>\n<\/tr>\n<tr class=\"even\">\n<td>V\u00fd\u0161ka sed\u00e1ka<\/td>\n<td>46 cm<\/td>\n<\/tr>\n<tr class=\"odd\">\n<td>V\u00fd\u0161ka zadn\u00e9ho \u010dela<\/td>\n<td>max. 88 cm<\/td>\n<\/tr>\n<tr class=\"even\">\n<td>Mo\u017enos\u0165 rozkladania<\/td>\n<td>\u00e1no<\/td>\n<\/tr>\n<tr class=\"odd\">\n<td>Plocha na spanie<\/td>\n<td>122\u00d7200 cm<\/td>\n<\/tr>\n<tr class=\"even\">\n<td>Kon\u0161trukcia<\/td>\n<td>DTD<\/td>\n<\/tr>\n<tr class=\"odd\">\n<td>No\u017eky<\/td>\n<td>dreven\u00e9<\/td>\n<\/tr>\n<tr class=\"even\">\n<td>Obsahuje vank\u00fa\u0161e<\/td>\n<td>nie<\/td>\n<\/tr>\n<tr class=\"odd\">\n<td>Nastavenie opierok<\/td>\n<td>nie<\/td>\n<\/tr>\n<tr class=\"even\">\n<td>V\u00fdpl\u0148 seda\u010dky<\/td>\n<td>pena+ pru\u017eina<\/td>\n<\/tr>\n<\/tbody>\n<\/table>\n<p>&nbsp;<\/p>\n<p>&nbsp;<\/p>\n<p>&nbsp;<\/p>\n","protected":false},"excerpt":{"rendered":"<p>Elegantn\u00e1 univerz\u00e1lna rohov\u00e1 sedacia s\u00faprava VISBY si V\u00e1s z\u00edska hne\u010f na prv\u00fd poh\u013ead. V\u00e1\u0161mu oku neunikn\u00fa vy\u0161\u0161ie no\u017ei\u010dky, ktor\u00e9 zaru\u010duj\u00fa stabilitu seda\u010dky a taktie\u017e dod\u00e1vaj\u00fa ten spr\u00e1vny dizajn.. O pohodln\u00e9 sedenie sa postar\u00e1 pru\u017eina FALISTA , ktor\u00e1 zaru\u010d\u00ed stredne m\u00e4kk\u00e9 sedenie. Ne\u010dakan\u00e1 n\u00e1v\u0161teva u\u017e nebude probl\u00e9m, sedaciu s\u00fapravu jednoduch\u00fdmi krokmi premen\u00edte na plochu pre pr\u00edle\u017eitostn\u00e9&#8230;<\/p>\n","protected":false},"featured_media":90724,"comment_status":"closed","ping_status":"closed","template":"","meta":{"_seopress_robots_primary_cat":"140","_seopress_titles_title":"","_seopress_titles_desc":"","_seopress_robots_index":""},"product_brand":[],"product_cat":[255,140],"product_tag":[],"class_list":{"0":"post-119605","1":"product","2":"type-product","3":"status-publish","4":"has-post-thumbnail","6":"product_cat-rohove-supravy","7":"product_cat-sedacie-supravy","9":"first","10":"onbackorder","11":"shipping-taxable","12":"purchasable","13":"product-type-simple"},"_links":{"self":[{"href":"https:\/\/nabytoklaguna.sk\/sk\/wp-json\/wp\/v2\/product\/119605","targetHints":{"allow":["GET"]}}],"collection":[{"href":"https:\/\/nabytoklaguna.sk\/sk\/wp-json\/wp\/v2\/product"}],"about":[{"href":"https:\/\/nabytoklaguna.sk\/sk\/wp-json\/wp\/v2\/types\/product"}],"replies":[{"embeddable":true,"href":"https:\/\/nabytoklaguna.sk\/sk\/wp-json\/wp\/v2\/comments?post=119605"}],"wp:featuredmedia":[{"embeddable":true,"href":"https:\/\/nabytoklaguna.sk\/sk\/wp-json\/wp\/v2\/media\/90724"}],"wp:attachment":[{"href":"https:\/\/nabytoklaguna.sk\/sk\/wp-json\/wp\/v2\/media?parent=119605"}],"wp:term":[{"taxonomy":"product_brand","embeddable":true,"href":"https:\/\/nabytoklaguna.sk\/sk\/wp-json\/wp\/v2\/product_brand?post=119605"},{"taxonomy":"product_cat","embeddable":true,"href":"https:\/\/nabytoklaguna.sk\/sk\/wp-json\/wp\/v2\/product_cat?post=119605"},{"taxonomy":"product_tag","embeddable":true,"href":"https:\/\/nabytoklaguna.sk\/sk\/wp-json\/wp\/v2\/product_tag?post=119605"}],"curies":[{"name":"wp","href":"https:\/\/api.w.org\/{rel}","templated":true}]}}