{"id":119648,"date":"2023-04-22T20:12:00","date_gmt":"2023-04-22T20:12:00","guid":{"rendered":"https:\/\/nabytoklaguna.sk\/sk\/?post_type=product&#038;p=119648"},"modified":"2026-02-18T08:29:46","modified_gmt":"2026-02-18T07:29:46","slug":"aut-ak-130-pw2","status":"publish","type":"product","link":"https:\/\/nabytoklaguna.sk\/sk\/produkt\/aut-ak-130-pw2\/","title":{"rendered":"AUT AK-130 PW2"},"content":{"rendered":"<p>Dizajnov\u00fd retro otoman, bude ozdobou Va\u0161ej\u00a0 dom\u00e1cnosti a o\u017eiv\u00ed ka\u017ed\u00fa miestnos\u0165. Je pr\u00edjemne polstrovan\u00fd a \u010dal\u00fanen\u00fd patchwork l\u00e1tkou vesel\u00fdch farieb. Kostra taburetu je z preglejky, nohy z poctiv\u00e9ho mas\u00edvu a s\u00fa lakovan\u00e9 \u010diernou farbou. Nosnos\u0165 otomanu je 80 kg.<\/p>\n<table>\n<tbody>\n<tr>\n<td class=\"popis\">Karton1:<\/td>\n<td>8,5<br \/>\n104&#215;33,5&#215;33<\/td>\n<\/tr>\n<tr>\n<td class=\"popis\">\u0160\u00edrka (cm):<\/td>\n<td>100<\/td>\n<\/tr>\n<tr>\n<td class=\"popis\">H\u013abka (cm):<\/td>\n<td>30<\/td>\n<\/tr>\n<tr>\n<td class=\"popis\">V\u00fd\u0161ka (cm):<\/td>\n<td>53<\/td>\n<\/tr>\n<tr>\n<td class=\"popis\">\u0160\u00edrka sedu:<\/td>\n<td>65 cm<\/td>\n<\/tr>\n<tr>\n<td class=\"popis\">H\u013abka sedu:<\/td>\n<td>30 cm<\/td>\n<\/tr>\n<tr>\n<td class=\"popis\">V\u00fd\u0161ka sedu:<\/td>\n<td>38 cm<\/td>\n<\/tr>\n<tr>\n<td class=\"popis\">Nosnos\u0165 (kg):<\/td>\n<td>80<\/td>\n<\/tr>\n<tr>\n<td class=\"popis\">Po\u010det balen\u00ed:<\/td>\n<td>1<\/td>\n<\/tr>\n<tr>\n<td class=\"popis\">Materi\u00e1l sed\u00e1ku:<\/td>\n<td>L\u00e1tka<\/td>\n<\/tr>\n<tr>\n<td class=\"popis\">Materi\u00e1l kostry:<\/td>\n<td>Mas\u00edv<\/td>\n<\/tr>\n<tr>\n<td class=\"popis\">Dekor:<\/td>\n<td>Patchwork<\/td>\n<\/tr>\n<tr>\n<td class=\"popis\">\u0160t\u00fdl:<\/td>\n<td>\u0160kandin\u00e1vsk\u00fd<\/td>\n<\/tr>\n<tr>\n<td class=\"popis\">Demontovan\u00e9:<\/td>\n<td>\u00c1no<\/td>\n<\/tr>\n<tr>\n<td class=\"popis\">Barva:<\/td>\n<td>V\u00edcebarevn\u00e1<\/td>\n<\/tr>\n<\/tbody>\n<\/table>\n","protected":false},"excerpt":{"rendered":"<p>Dizajnov\u00fd retro otoman, bude ozdobou Va\u0161ej\u00a0 dom\u00e1cnosti a o\u017eiv\u00ed ka\u017ed\u00fa miestnos\u0165. Je pr\u00edjemne polstrovan\u00fd a \u010dal\u00fanen\u00fd patchwork l\u00e1tkou vesel\u00fdch farieb. Kostra taburetu je z preglejky, nohy z poctiv\u00e9ho mas\u00edvu a s\u00fa lakovan\u00e9 \u010diernou farbou. Nosnos\u0165 otomanu je 80 kg. Karton1: 8,5 104&#215;33,5&#215;33 \u0160\u00edrka (cm): 100 H\u013abka (cm): 30 V\u00fd\u0161ka (cm): 53 \u0160\u00edrka sedu: 65 cm&#8230;<\/p>\n","protected":false},"featured_media":94898,"comment_status":"closed","ping_status":"closed","template":"","meta":{"_seopress_robots_primary_cat":"none","_seopress_titles_title":"","_seopress_titles_desc":"","_seopress_robots_index":""},"product_brand":[],"product_cat":[231,232],"product_tag":[],"class_list":{"0":"post-119648","1":"product","2":"type-product","3":"status-publish","4":"has-post-thumbnail","6":"product_cat-kresla","7":"product_cat-taburetky","9":"first","10":"onbackorder","11":"shipping-taxable","12":"purchasable","13":"product-type-simple"},"_links":{"self":[{"href":"https:\/\/nabytoklaguna.sk\/sk\/wp-json\/wp\/v2\/product\/119648","targetHints":{"allow":["GET"]}}],"collection":[{"href":"https:\/\/nabytoklaguna.sk\/sk\/wp-json\/wp\/v2\/product"}],"about":[{"href":"https:\/\/nabytoklaguna.sk\/sk\/wp-json\/wp\/v2\/types\/product"}],"replies":[{"embeddable":true,"href":"https:\/\/nabytoklaguna.sk\/sk\/wp-json\/wp\/v2\/comments?post=119648"}],"wp:featuredmedia":[{"embeddable":true,"href":"https:\/\/nabytoklaguna.sk\/sk\/wp-json\/wp\/v2\/media\/94898"}],"wp:attachment":[{"href":"https:\/\/nabytoklaguna.sk\/sk\/wp-json\/wp\/v2\/media?parent=119648"}],"wp:term":[{"taxonomy":"product_brand","embeddable":true,"href":"https:\/\/nabytoklaguna.sk\/sk\/wp-json\/wp\/v2\/product_brand?post=119648"},{"taxonomy":"product_cat","embeddable":true,"href":"https:\/\/nabytoklaguna.sk\/sk\/wp-json\/wp\/v2\/product_cat?post=119648"},{"taxonomy":"product_tag","embeddable":true,"href":"https:\/\/nabytoklaguna.sk\/sk\/wp-json\/wp\/v2\/product_tag?post=119648"}],"curies":[{"name":"wp","href":"https:\/\/api.w.org\/{rel}","templated":true}]}}