{"id":119746,"date":"2023-04-22T20:12:00","date_gmt":"2023-04-22T20:12:00","guid":{"rendered":"https:\/\/nabytoklaguna.sk\/sk\/?post_type=product&#038;p=119746"},"modified":"2023-11-30T13:30:30","modified_gmt":"2023-11-30T12:30:30","slug":"tempo-kondela-odyn","status":"publish","type":"product","link":"https:\/\/nabytoklaguna.sk\/sk\/produkt\/tempo-kondela-odyn\/","title":{"rendered":"TK ODYN"},"content":{"rendered":"<p>Modern\u00fd viac\u00fa\u010delov\u00fd reg\u00e1l ODYN \u013eahko skombinujete s n\u00e1bytkom a stane sa klenotom v miestnosti. Je vyroben\u00fd z kvalitnej drevotriesky s hr\u00fabkou 3,4cm vo farebnom preveden\u00ed biela alebo americk\u00e1 \u010dere\u0161\u0148a. Reg\u00e1l je o\u0161etren\u00fd p\u00e1skou, \u010do znamen\u00e1 \u017ee je vhodn\u00fd aj do priestoru.\u00a0<b><\/b><\/p>\n<ul>\n<li><b>Materi\u00e1l:<\/b>\u00a0laminovan\u00e1 DTD<\/li>\n<li><b>Farba:<\/b>\u00a0biela, americk\u00e1 \u010dere\u0161\u0148a<\/li>\n<li><b>Rozmery (\u0160xHxV):<\/b>\u00a089x29x179,8 cm<\/li>\n<li><b>Hr\u00fabka materi\u00e1lu:<\/b>\u00a03,4 cm<\/li>\n<li>Hrany o\u0161etren\u00e9 p\u00e1skou z prednej aj zadnej strany<\/li>\n<li>Dod\u00e1van\u00e9 v demonte<\/li>\n<\/ul>\n","protected":false},"excerpt":{"rendered":"<p>Modern\u00fd viac\u00fa\u010delov\u00fd reg\u00e1l ODYN \u013eahko skombinujete s n\u00e1bytkom a stane sa klenotom v miestnosti. Je vyroben\u00fd z kvalitnej drevotriesky s hr\u00fabkou 3,4cm vo farebnom preveden\u00ed biela alebo americk\u00e1 \u010dere\u0161\u0148a. Reg\u00e1l je o\u0161etren\u00fd p\u00e1skou, \u010do znamen\u00e1 \u017ee je vhodn\u00fd aj do priestoru.\u00a0 Materi\u00e1l:\u00a0laminovan\u00e1 DTD Farba:\u00a0biela, americk\u00e1 \u010dere\u0161\u0148a Rozmery (\u0160xHxV):\u00a089x29x179,8 cm Hr\u00fabka materi\u00e1lu:\u00a03,4 cm Hrany o\u0161etren\u00e9 p\u00e1skou&#8230;<\/p>\n","protected":false},"featured_media":68994,"comment_status":"closed","ping_status":"closed","template":"","meta":{"_seopress_robots_primary_cat":"1062","_seopress_titles_title":"","_seopress_titles_desc":"","_seopress_robots_index":""},"product_brand":[],"product_cat":[1062],"product_tag":[],"class_list":{"0":"post-119746","1":"product","2":"type-product","3":"status-publish","4":"has-post-thumbnail","6":"product_cat-regaly-police","7":"pa_farba-americka-ceresna","8":"pa_farba-biela","10":"first","11":"onbackorder","12":"shipping-taxable","13":"purchasable","14":"product-type-simple"},"_links":{"self":[{"href":"https:\/\/nabytoklaguna.sk\/sk\/wp-json\/wp\/v2\/product\/119746","targetHints":{"allow":["GET"]}}],"collection":[{"href":"https:\/\/nabytoklaguna.sk\/sk\/wp-json\/wp\/v2\/product"}],"about":[{"href":"https:\/\/nabytoklaguna.sk\/sk\/wp-json\/wp\/v2\/types\/product"}],"replies":[{"embeddable":true,"href":"https:\/\/nabytoklaguna.sk\/sk\/wp-json\/wp\/v2\/comments?post=119746"}],"wp:featuredmedia":[{"embeddable":true,"href":"https:\/\/nabytoklaguna.sk\/sk\/wp-json\/wp\/v2\/media\/68994"}],"wp:attachment":[{"href":"https:\/\/nabytoklaguna.sk\/sk\/wp-json\/wp\/v2\/media?parent=119746"}],"wp:term":[{"taxonomy":"product_brand","embeddable":true,"href":"https:\/\/nabytoklaguna.sk\/sk\/wp-json\/wp\/v2\/product_brand?post=119746"},{"taxonomy":"product_cat","embeddable":true,"href":"https:\/\/nabytoklaguna.sk\/sk\/wp-json\/wp\/v2\/product_cat?post=119746"},{"taxonomy":"product_tag","embeddable":true,"href":"https:\/\/nabytoklaguna.sk\/sk\/wp-json\/wp\/v2\/product_tag?post=119746"}],"curies":[{"name":"wp","href":"https:\/\/api.w.org\/{rel}","templated":true}]}}