{"id":119784,"date":"2023-04-22T20:12:00","date_gmt":"2023-04-22T20:12:00","guid":{"rendered":"https:\/\/nabytoklaguna.sk\/sk\/?post_type=product&#038;p=119784"},"modified":"2025-02-24T13:17:12","modified_gmt":"2025-02-24T12:17:12","slug":"stg-osti-kreslo","status":"publish","type":"product","link":"https:\/\/nabytoklaguna.sk\/sk\/produkt\/stg-osti-kreslo\/","title":{"rendered":"STG OSTI kreslo"},"content":{"rendered":"<p>Luxusn\u00e9 kreslo <strong>OSTI<\/strong> V\u00e1m dopraje to prav\u00e9 pohodlie. Jedn\u00e1 sa o dizajnov\u00e9 kreslo s elektrick\u00fdm ovl\u00e1dan\u00edm.\u00a0Vn\u00fatro kresla tvor\u00ed pru\u017eina FALISTA v kombin\u00e1cii s\u00a0polyuret\u00e1novou penou. V\u010faka tejto v\u00fdplne bude sedenie pohodln\u00e9-stredne m\u00e4kk\u00e9.<\/p>\n<p>Mo\u017enos\u0165 v\u00fdberu farby z celej kolekcie l\u00e1tok\u00a0 kateg\u00f3rie CENOVA SKUPINA 0-bez pr\u00edplatku. L\u00e1tky n\u00e1jdete\u00a0<strong>TU<\/strong>: https:\/\/nabytoklaguna.sk\/sk\/farebne-prevedenia\/<\/p>\n<p>Ostatn\u00e9 cenov\u00e9 skupiny s\u00fa s pr\u00edplatkom. Pri objedn\u00e1vka pros\u00edm uve\u010fte do pozn\u00e1mky typ l\u00e1tky.V pr\u00edpade ot\u00e1zok n\u00e1s nev\u00e1hajte kontaktova\u0165<\/p>\n<h3 class=\"page-product-heading\">VLASTNOSTI<\/h3>\n<table class=\"table-data-sheet\">\n<tbody>\n<tr class=\"odd\">\n<td>H\u013abka<\/td>\n<td>75 cm<\/td>\n<\/tr>\n<tr class=\"even\">\n<td>\u0160\u00edrka<\/td>\n<td>72 cm<\/td>\n<\/tr>\n<tr class=\"odd\">\n<td>V\u00fd\u0161ka<\/td>\n<td>116 cm<\/td>\n<\/tr>\n<tr class=\"even\">\n<td>Vhodn\u00e1 miestnos\u0165<\/td>\n<td>ob\u00fdva\u010dka, spolo\u010densk\u00e1 miestnos\u0165, hotely, kaviarne<\/td>\n<\/tr>\n<tr class=\"odd\">\n<td>Typ n\u00e1bytku<\/td>\n<td>kreslo<\/td>\n<\/tr>\n<tr class=\"even\">\n<td>\u0160t\u00fdl n\u00e1bytku<\/td>\n<td>modern\u00fd<\/td>\n<\/tr>\n<tr class=\"odd\">\n<td>Z\u00e1ruka<\/td>\n<td>2 roky<\/td>\n<\/tr>\n<tr class=\"even\">\n<td>Sp\u00f4sob dodania<\/td>\n<td>demont v\u00a0 jednom bal\u00edku<\/td>\n<\/tr>\n<tr class=\"odd\">\n<td>Hmotnos\u0165<\/td>\n<td>95 kg<\/td>\n<\/tr>\n<tr class=\"even\">\n<td>\u00dalo\u017en\u00fd priestor<\/td>\n<td>nie<\/td>\n<\/tr>\n<tr class=\"odd\">\n<td>Rohov\u00e9 prevedenie<\/td>\n<td>nie<\/td>\n<\/tr>\n<tr class=\"even\">\n<td>V\u00fd\u0161ka sed\u00e1ka<\/td>\n<td>50 cm<\/td>\n<\/tr>\n<tr class=\"odd\">\n<td>V\u00fd\u0161ka zadn\u00e9ho \u010dela<\/td>\n<td>max. 116 cm<\/td>\n<\/tr>\n<tr class=\"even\">\n<td>Mo\u017enos\u0165 rozkladania<\/td>\n<td>nie<\/td>\n<\/tr>\n<tr class=\"odd\">\n<td>Plocha po rozlo\u017een\u00ed<\/td>\n<td><\/td>\n<\/tr>\n<tr class=\"even\">\n<td>Kon\u0161trukcia<\/td>\n<td>DTD<\/td>\n<\/tr>\n<tr class=\"odd\">\n<td>N\u00f4\u017eky<\/td>\n<td>kov<\/td>\n<\/tr>\n<tr class=\"even\">\n<td>Obsahuje vank\u00fa\u0161e<\/td>\n<td>nie<\/td>\n<\/tr>\n<tr class=\"odd\">\n<td>Nastavenie opierok<\/td>\n<td>nie<\/td>\n<\/tr>\n<tr class=\"even\">\n<td>V\u00fdpl\u0148 seda\u010dky<\/td>\n<td>pena+ pru\u017eina<\/td>\n<\/tr>\n<\/tbody>\n<\/table>\n<p>&nbsp;<\/p>\n","protected":false},"excerpt":{"rendered":"<p>Luxusn\u00e9 kreslo OSTI V\u00e1m dopraje to prav\u00e9 pohodlie. Jedn\u00e1 sa o dizajnov\u00e9 kreslo s elektrick\u00fdm ovl\u00e1dan\u00edm.\u00a0Vn\u00fatro kresla tvor\u00ed pru\u017eina FALISTA v kombin\u00e1cii s\u00a0polyuret\u00e1novou penou. V\u010faka tejto v\u00fdplne bude sedenie pohodln\u00e9-stredne m\u00e4kk\u00e9. Mo\u017enos\u0165 v\u00fdberu farby z celej kolekcie l\u00e1tok\u00a0 kateg\u00f3rie CENOVA SKUPINA 0-bez pr\u00edplatku. L\u00e1tky n\u00e1jdete\u00a0TU: https:\/\/nabytoklaguna.sk\/sk\/farebne-prevedenia\/ Ostatn\u00e9 cenov\u00e9 skupiny s\u00fa s pr\u00edplatkom. Pri objedn\u00e1vka pros\u00edm&#8230;<\/p>\n","protected":false},"featured_media":79115,"comment_status":"closed","ping_status":"closed","template":"","meta":{"_seopress_robots_primary_cat":"231","_seopress_titles_title":"","_seopress_titles_desc":"","_seopress_robots_index":""},"product_brand":[],"product_cat":[231],"product_tag":[],"class_list":{"0":"post-119784","1":"product","2":"type-product","3":"status-publish","4":"has-post-thumbnail","6":"product_cat-kresla","8":"first","9":"onbackorder","10":"shipping-taxable","11":"purchasable","12":"product-type-simple"},"_links":{"self":[{"href":"https:\/\/nabytoklaguna.sk\/sk\/wp-json\/wp\/v2\/product\/119784","targetHints":{"allow":["GET"]}}],"collection":[{"href":"https:\/\/nabytoklaguna.sk\/sk\/wp-json\/wp\/v2\/product"}],"about":[{"href":"https:\/\/nabytoklaguna.sk\/sk\/wp-json\/wp\/v2\/types\/product"}],"replies":[{"embeddable":true,"href":"https:\/\/nabytoklaguna.sk\/sk\/wp-json\/wp\/v2\/comments?post=119784"}],"wp:featuredmedia":[{"embeddable":true,"href":"https:\/\/nabytoklaguna.sk\/sk\/wp-json\/wp\/v2\/media\/79115"}],"wp:attachment":[{"href":"https:\/\/nabytoklaguna.sk\/sk\/wp-json\/wp\/v2\/media?parent=119784"}],"wp:term":[{"taxonomy":"product_brand","embeddable":true,"href":"https:\/\/nabytoklaguna.sk\/sk\/wp-json\/wp\/v2\/product_brand?post=119784"},{"taxonomy":"product_cat","embeddable":true,"href":"https:\/\/nabytoklaguna.sk\/sk\/wp-json\/wp\/v2\/product_cat?post=119784"},{"taxonomy":"product_tag","embeddable":true,"href":"https:\/\/nabytoklaguna.sk\/sk\/wp-json\/wp\/v2\/product_tag?post=119784"}],"curies":[{"name":"wp","href":"https:\/\/api.w.org\/{rel}","templated":true}]}}