{"id":119833,"date":"2023-04-22T20:12:00","date_gmt":"2023-04-22T20:12:00","guid":{"rendered":"https:\/\/nabytoklaguna.sk\/sk\/?post_type=product&#038;p=119833"},"modified":"2026-03-18T13:09:24","modified_gmt":"2026-03-18T12:09:24","slug":"k-dikaro","status":"publish","type":"product","link":"https:\/\/nabytoklaguna.sk\/sk\/produkt\/k-dikaro\/","title":{"rendered":"K DIKARO"},"content":{"rendered":"<p><b>Konferen\u010dn\u00fd stol\u00edk DIKARO<\/b> vyroben\u00fd z kvalitn\u00e9ho materi\u00e1lu <b>MDF<\/b> v <b>elegantnej bielej farbe<\/b> s <b>vysok\u00fdm leskom<\/b> ur\u010dite zapadne do va\u0161ej modernej ob\u00fdva\u010dky a cel\u00fa ju roz\u017eiari. Ur\u010dite ocen\u00edte v\u00fdsuvn\u00fa vrchn\u00fa \u010das\u0165 stola, pod ktorou sa ukr\u00fdva \u00falo\u017en\u00fd priestor. Vys\u00favanie zabezpe\u010duj\u00fa kvalitn\u00e9 <b>kovov\u00e9 pojazdy<\/b>.<\/p>\n<ul>\n<li><b>Materi\u00e1l:<\/b> MDF\/kov<\/li>\n<li><b>Farba: <\/b> biela s vysok\u00fdm leskom<\/li>\n<li><b>Rozmery(\u0160xHxV): <\/b>90x60x44 cm<\/li>\n<li>V\u00fdsuvn\u00fd syst\u00e9m vrchnej \u010dasti<\/li>\n<li>Kovov\u00e9 pojazdy<\/li>\n<li>\u00dalo\u017en\u00fd priestor<\/li>\n<li>Elegantn\u00fd dizajn<\/li>\n<li>Dod\u00e1van\u00e9 v demonte<\/li>\n<\/ul>\n","protected":false},"excerpt":{"rendered":"<p>Konferen\u010dn\u00fd stol\u00edk DIKARO vyroben\u00fd z kvalitn\u00e9ho materi\u00e1lu MDF v elegantnej bielej farbe s vysok\u00fdm leskom ur\u010dite zapadne do va\u0161ej modernej ob\u00fdva\u010dky a cel\u00fa ju roz\u017eiari. Ur\u010dite ocen\u00edte v\u00fdsuvn\u00fa vrchn\u00fa \u010das\u0165 stola, pod ktorou sa ukr\u00fdva \u00falo\u017en\u00fd priestor. Vys\u00favanie zabezpe\u010duj\u00fa kvalitn\u00e9 kovov\u00e9 pojazdy. Materi\u00e1l: MDF\/kov Farba: biela s vysok\u00fdm leskom Rozmery(\u0160xHxV): 90x60x44 cm V\u00fdsuvn\u00fd syst\u00e9m vrchnej&#8230;<\/p>\n","protected":false},"featured_media":47891,"comment_status":"closed","ping_status":"closed","template":"","meta":{"_seopress_robots_primary_cat":"221","_seopress_titles_title":"","_seopress_titles_desc":"","_seopress_robots_index":""},"product_brand":[],"product_cat":[221],"product_tag":[],"class_list":{"0":"post-119833","1":"product","2":"type-product","3":"status-publish","4":"has-post-thumbnail","6":"product_cat-konferencne-stoliky","8":"first","9":"onbackorder","10":"shipping-taxable","11":"purchasable","12":"product-type-simple"},"_links":{"self":[{"href":"https:\/\/nabytoklaguna.sk\/sk\/wp-json\/wp\/v2\/product\/119833","targetHints":{"allow":["GET"]}}],"collection":[{"href":"https:\/\/nabytoklaguna.sk\/sk\/wp-json\/wp\/v2\/product"}],"about":[{"href":"https:\/\/nabytoklaguna.sk\/sk\/wp-json\/wp\/v2\/types\/product"}],"replies":[{"embeddable":true,"href":"https:\/\/nabytoklaguna.sk\/sk\/wp-json\/wp\/v2\/comments?post=119833"}],"wp:featuredmedia":[{"embeddable":true,"href":"https:\/\/nabytoklaguna.sk\/sk\/wp-json\/wp\/v2\/media\/47891"}],"wp:attachment":[{"href":"https:\/\/nabytoklaguna.sk\/sk\/wp-json\/wp\/v2\/media?parent=119833"}],"wp:term":[{"taxonomy":"product_brand","embeddable":true,"href":"https:\/\/nabytoklaguna.sk\/sk\/wp-json\/wp\/v2\/product_brand?post=119833"},{"taxonomy":"product_cat","embeddable":true,"href":"https:\/\/nabytoklaguna.sk\/sk\/wp-json\/wp\/v2\/product_cat?post=119833"},{"taxonomy":"product_tag","embeddable":true,"href":"https:\/\/nabytoklaguna.sk\/sk\/wp-json\/wp\/v2\/product_tag?post=119833"}],"curies":[{"name":"wp","href":"https:\/\/api.w.org\/{rel}","templated":true}]}}