{"id":119937,"date":"2023-04-22T20:12:00","date_gmt":"2023-04-22T20:12:00","guid":{"rendered":"https:\/\/nabytoklaguna.sk\/sk\/?post_type=product&#038;p=119937"},"modified":"2025-03-18T11:13:23","modified_gmt":"2025-03-18T10:13:23","slug":"obyvacia-stena-w-rma","status":"publish","type":"product","link":"https:\/\/nabytoklaguna.sk\/sk\/produkt\/obyvacia-stena-w-rma\/","title":{"rendered":"Ob\u00fdvacia stena W RMA"},"content":{"rendered":"<p>W RMA je ve\u013emi modern\u00e1 ob\u00fdvacia stena s vysok\u00fdm leskom. Ve\u013ekou v\u00fdhodou tejto ob\u00fdvacej steny je tich\u00e9 zatv\u00e1ranie dvierok a <strong>ABS<\/strong> hrany.D\u00e1 sa objedna\u0165 v dvoch farebn\u00fdch prevedeniach: v bielom s vlo\u017ekou dub maggia (vi\u010f na hlavnom obr\u00e1zku) alebo bielom s bielou vlo\u017ekou.<\/p>\n<p>Ob\u00fdvacia stena\u00a0<span style=\"font-size: 15.008px;\">sa sklad\u00e1 z:<\/span><\/p>\n<ul>\n<li>Vitr\u00edna IM5 (\u0161\/h\/v)(v cm) 100x39x134,5cm<\/li>\n<li>polica IM10 (\u0161\/h\/v)(v cm) 100&#215;21,5x21cm<\/li>\n<li>polica IM11 (\u0161\/h\/v)(v cm) 152&#215;21,5x21cm<\/li>\n<li>reg\u00e1l IM8 (\u0161\/h\/v)(v cm) 60x39x195,5cm<\/li>\n<li>TV stol\u00edk IM2 (\u0161\/h\/v)(v cm) 152&#215;44,5x48cm<\/li>\n<\/ul>\n<p>\u010ealej je mo\u017en\u00e9 zak\u00fapi\u0165 :<\/p>\n<ul>\n<li>TV stol\u00edk IM1 (\u0161\/h\/v)(v cm) 115\u00d744,5x48cm<\/li>\n<li>Stol\u00edk rozkl. IM12(\u0161\/h\/v)(v cm) 114-144\/68\/52cm,<\/li>\n<li>Komoda IM3 (\u0161\/h\/v)(v cm) 100x39x89cm,<\/li>\n<li>komoda IM4 (\u0161\/h\/v)(v cm) 152x39x89cm<\/li>\n<li>vitr\u00edna IM6 L (\u0161\/h\/v)(v cm) 60x39x195,5cm<\/li>\n<li>vitr\u00edna IM7 P (\u0161\/h\/v)(v cm) 60x39x195,5 cm<\/li>\n<li>skri\u0148a 2D IM9 (\u0161\/h\/v)(v cm) 100\u00d754,5\u00d7195,5 cm<\/li>\n<li>rozkladac\u00ed st\u00f4l IM13 (\u0161\/h\/v)(v cm) 160-200x90x76,5<\/li>\n<\/ul>\n","protected":false},"excerpt":{"rendered":"<p>W RMA je ve\u013emi modern\u00e1 ob\u00fdvacia stena s vysok\u00fdm leskom. Ve\u013ekou v\u00fdhodou tejto ob\u00fdvacej steny je tich\u00e9 zatv\u00e1ranie dvierok a ABS hrany.D\u00e1 sa objedna\u0165 v dvoch farebn\u00fdch prevedeniach: v bielom s vlo\u017ekou dub maggia (vi\u010f na hlavnom obr\u00e1zku) alebo bielom s bielou vlo\u017ekou. Ob\u00fdvacia stena\u00a0sa sklad\u00e1 z: Vitr\u00edna IM5 (\u0161\/h\/v)(v cm) 100x39x134,5cm polica IM10 (\u0161\/h\/v)(v&#8230;<\/p>\n","protected":false},"featured_media":56985,"comment_status":"closed","ping_status":"closed","template":"","meta":{"_seopress_robots_primary_cat":"251","_seopress_titles_title":"","_seopress_titles_desc":"","_seopress_robots_index":""},"product_brand":[],"product_cat":[251],"product_tag":[],"class_list":{"0":"post-119937","1":"product","2":"type-product","3":"status-publish","4":"has-post-thumbnail","6":"product_cat-steny","8":"first","9":"onbackorder","10":"shipping-taxable","11":"purchasable","12":"product-type-simple"},"_links":{"self":[{"href":"https:\/\/nabytoklaguna.sk\/sk\/wp-json\/wp\/v2\/product\/119937","targetHints":{"allow":["GET"]}}],"collection":[{"href":"https:\/\/nabytoklaguna.sk\/sk\/wp-json\/wp\/v2\/product"}],"about":[{"href":"https:\/\/nabytoklaguna.sk\/sk\/wp-json\/wp\/v2\/types\/product"}],"replies":[{"embeddable":true,"href":"https:\/\/nabytoklaguna.sk\/sk\/wp-json\/wp\/v2\/comments?post=119937"}],"wp:featuredmedia":[{"embeddable":true,"href":"https:\/\/nabytoklaguna.sk\/sk\/wp-json\/wp\/v2\/media\/56985"}],"wp:attachment":[{"href":"https:\/\/nabytoklaguna.sk\/sk\/wp-json\/wp\/v2\/media?parent=119937"}],"wp:term":[{"taxonomy":"product_brand","embeddable":true,"href":"https:\/\/nabytoklaguna.sk\/sk\/wp-json\/wp\/v2\/product_brand?post=119937"},{"taxonomy":"product_cat","embeddable":true,"href":"https:\/\/nabytoklaguna.sk\/sk\/wp-json\/wp\/v2\/product_cat?post=119937"},{"taxonomy":"product_tag","embeddable":true,"href":"https:\/\/nabytoklaguna.sk\/sk\/wp-json\/wp\/v2\/product_tag?post=119937"}],"curies":[{"name":"wp","href":"https:\/\/api.w.org\/{rel}","templated":true}]}}