{"id":119939,"date":"2023-04-22T20:12:00","date_gmt":"2023-04-22T20:12:00","guid":{"rendered":"https:\/\/nabytoklaguna.sk\/sk\/?post_type=product&#038;p=119939"},"modified":"2025-03-18T10:56:38","modified_gmt":"2025-03-18T09:56:38","slug":"negro-masiv","status":"publish","type":"product","link":"https:\/\/nabytoklaguna.sk\/sk\/produkt\/negro-masiv\/","title":{"rendered":"NEGRO MAS\u00cdV"},"content":{"rendered":"<p>Sektorov\u00fd n\u00e1bytok<strong> NEGRO<\/strong> odr\u00e1\u017ea univerz\u00e1lnu defin\u00edciu kr\u00e1sy, v\u010faka ktorej z\u00edska ka\u017ed\u00fd interi\u00e9r jedine\u010dn\u00fd charakter. Prirodzen\u00fd \u0161arm <strong>mas\u00edvneho dreva<\/strong> zd\u00f4raz\u0148uj\u00fa <strong>sklenen\u00e9 detaily a kovov\u00e9 vlo\u017eky<\/strong>. N\u00e1bytok m\u00e1 jemne <strong>zaoblen\u00e9 hrany<\/strong> \u010d\u00edm p\u00f4sob\u00ed ve\u013emi elegantne. Predn\u00e1 \u010das\u0165 n\u00e1bytku\u00a0 Montenegro \u00a0je vyroben\u00e1 z\u00a0 <strong>mas\u00edvneho dreva<\/strong> , zadn\u00e1 \u010das\u0165 z dubovej d\u00fdhy, vn\u00fatorn\u00e1 \u010das\u0165 je vyroben\u00e1 z f\u00f3liovan\u00e9ho lamin\u00e1tu, povrch je upraven\u00fd <strong>ekologick\u00fdm olejom<\/strong>, \u010do zabezpe\u010duje zdravotn\u00fa nez\u00e1vadnos\u0165 n\u00e1bytku. N\u00e1bytok z mas\u00edvneho dreva s\u00edce vy\u017eaduje tro\u0161ku vy\u0161\u0161iu invest\u00edciu, ale <strong>\u013eahk\u00e1 \u00fadr\u017eba<\/strong>, neodolate\u013en\u00fd vzh\u013ead n\u00e1bytku a dlh\u00e1 <strong>\u017eivotnos\u0165 v\u00fdrobkov<\/strong> v\u00e1m tieto invest\u00edcie \u010doskoro vr\u00e1ti. Sektor je vyrkoben\u00fd vo farebnom preveden\u00ed <strong>dub rustikal<\/strong>.V\u010faka n\u00e1bytku <strong>NEGRO<\/strong> si jednoducho a r\u00fdchlo zairadite ob\u00fdvaciu izbu \u010di jed\u00e1le\u0148<\/p>\n<p>&nbsp;<\/p>\n<p><strong>Zobrazen\u00e1 zostava pozost\u00e1va:<\/strong><\/p>\n<p>Vitr\u00edna NEGRO 11 prav\u00e1, rozmery(\u0160xHxV)&#8230;..58x42x198cm<br \/>\nRTV stol\u00edk NEGRO 25, rozmery (\u0160xHxV)&#8230;&#8230;..163x42x38cm<br \/>\nPolica NEGRO 35, rozmery (\u0160xHxV)&#8230;&#8230;&#8230;&#8230;..160x23x23cm<br \/>\nKomoda NEGRO 44, rozmery(\u0160xHxV)&#8230;&#8230;&#8230;&#8230;108x42x87cm<\/p>\n<p><strong>Mo\u017enos\u0165 doobjedna\u0165:<\/strong><\/p>\n<p>Konf.stol\u00edk NEGRO 41, rozmer (\u0160xHxV)&#8230;&#8230;&#8230;80x80x45cm\u00a0 \u00a0 \u00a0 \u00a0 \u00a0 \u00a0 \u00a0 \u00a0 \u00a0 \u00a0 \u00a0 \u00a0 \u00a0 \u00a0 \u00a0 \u00a0 \u00a0 \u00a0 \u00a0 \u00a0 \u00a0 \u00a0 \u00a0 \u00a0 \u00a0 \u00a0 \u00a0 \u00a0 \u00a0 \u00a0 \u00a0 \u00a0 \u00a0 \u00a0 \u00a0 \u00a0 \u00a0 \u00a0 \u00a0 \u00a0 \u00a0 \u00a0 \u00a0 \u00a0 \u00a0 \u00a0 \u00a0 \u00a0 \u00a0 \u00a0 \u00a0 \u00a0 \u00a0 \u00a0 \u00a0 \u00a0 \u00a0 \u00a0 \u00a0 \u00a0 \u00a0 \u00a0 \u00a0 \u00a0 \u00a0 \u00a0 \u00a0 \u00a0 V<span style=\"font-size: 15.008px;\">itr\u00edna NEGRO 10 \u013eav\u00e1, rozmery(\u0160xHxV)&#8230;.58x42x198cm\u00a0 \u00a0 \u00a0 \u00a0 \u00a0 \u00a0 \u00a0 \u00a0 \u00a0 \u00a0 \u00a0 \u00a0 \u00a0 \u00a0 \u00a0 \u00a0 \u00a0 \u00a0 \u00a0 \u00a0 \u00a0 \u00a0 \u00a0 \u00a0 \u00a0 \u00a0 \u00a0 \u00a0 \u00a0 \u00a0 \u00a0 \u00a0 \u00a0 \u00a0 \u00a0 \u00a0 \u00a0 \u00a0 \u00a0 \u00a0 \u00a0 \u00a0 \u00a0 \u00a0 \u00a0 \u00a0 \u00a0 \u00a0 \u00a0 \u00a0 \u00a0 \u00a0 \u00a0 \u00a0 \u00a0 \u00a0 \u00a0 \u00a0 \u00a0 \u00a0 \u00a0 \u00a0 \u00a0 \u00a0 \u00a0 \u00a0 \u00a0 \u00a0 <\/span><span style=\"font-size: 15.008px;\">V<\/span>itr\u00edna NEGRO 12, rozmery (\u0160xHxV)&#8230;&#8230;&#8230;&#8230;..90x42x198cm<br \/>\nVitr\u00edna NEGRO 15, rozmery(\u0160xHxV)&#8230;&#8230;&#8230;&#8230;&#8230;90x42x125cm<br \/>\nVitr\u00edna NEGRO 48, rozmery (\u0160xHxV)&#8230;&#8230;&#8230;&#8230;..120x42x125cm<br \/>\nRTV stol\u00edk NEGRO 24, rozmery (\u0160xHxV)&#8230;&#8230;..108x42x38cm<br \/>\nRTV stol\u00edk NEGRO 26, rozmery(\u0160xHxV)&#8230;&#8230;&#8230;180x42x59cm<br \/>\nKomoda NEGRO 45, rozmery (\u0160xHxV)&#8230;&#8230;&#8230;..163x42x87cm<br \/>\nKomoda NEGRO 47, rozmery(\u0160xHxV)&#8230;&#8230;&#8230;&#8230;180x42x87cm<br \/>\nPolica NEGRO 34, rozmery (\u0160xHxV)&#8230;&#8230;&#8230;&#8230;&#8230;105x23x23cm<br \/>\nPolica NEGRO 35, rozmery (\u0160xHxV)&#8230;&#8230;&#8230;&#8230;&#8230;160x23x23cm<br \/>\nJed\u00e1lensk\u00fd st\u00f4l NEGRO, rozmer (\u0160xHxV)&#8230;&#8230;.160-250x90x76cm<\/p>\n","protected":false},"excerpt":{"rendered":"<p>Sektorov\u00fd n\u00e1bytok NEGRO odr\u00e1\u017ea univerz\u00e1lnu defin\u00edciu kr\u00e1sy, v\u010faka ktorej z\u00edska ka\u017ed\u00fd interi\u00e9r jedine\u010dn\u00fd charakter. Prirodzen\u00fd \u0161arm mas\u00edvneho dreva zd\u00f4raz\u0148uj\u00fa sklenen\u00e9 detaily a kovov\u00e9 vlo\u017eky. N\u00e1bytok m\u00e1 jemne zaoblen\u00e9 hrany \u010d\u00edm p\u00f4sob\u00ed ve\u013emi elegantne. Predn\u00e1 \u010das\u0165 n\u00e1bytku\u00a0 Montenegro \u00a0je vyroben\u00e1 z\u00a0 mas\u00edvneho dreva , zadn\u00e1 \u010das\u0165 z dubovej d\u00fdhy, vn\u00fatorn\u00e1 \u010das\u0165 je vyroben\u00e1 z f\u00f3liovan\u00e9ho lamin\u00e1tu,&#8230;<\/p>\n","protected":false},"featured_media":106104,"comment_status":"closed","ping_status":"closed","template":"","meta":{"_seopress_robots_primary_cat":"251","_seopress_titles_title":"","_seopress_titles_desc":"","_seopress_robots_index":""},"product_brand":[],"product_cat":[7513,182,251],"product_tag":[],"class_list":{"0":"post-119939","1":"product","2":"type-product","3":"status-publish","4":"has-post-thumbnail","6":"product_cat-obyvacie-steny-masiv","7":"product_cat-obyvacie-steny","8":"product_cat-steny","10":"first","11":"onbackorder","12":"shipping-taxable","13":"purchasable","14":"product-type-simple"},"_links":{"self":[{"href":"https:\/\/nabytoklaguna.sk\/sk\/wp-json\/wp\/v2\/product\/119939","targetHints":{"allow":["GET"]}}],"collection":[{"href":"https:\/\/nabytoklaguna.sk\/sk\/wp-json\/wp\/v2\/product"}],"about":[{"href":"https:\/\/nabytoklaguna.sk\/sk\/wp-json\/wp\/v2\/types\/product"}],"replies":[{"embeddable":true,"href":"https:\/\/nabytoklaguna.sk\/sk\/wp-json\/wp\/v2\/comments?post=119939"}],"wp:featuredmedia":[{"embeddable":true,"href":"https:\/\/nabytoklaguna.sk\/sk\/wp-json\/wp\/v2\/media\/106104"}],"wp:attachment":[{"href":"https:\/\/nabytoklaguna.sk\/sk\/wp-json\/wp\/v2\/media?parent=119939"}],"wp:term":[{"taxonomy":"product_brand","embeddable":true,"href":"https:\/\/nabytoklaguna.sk\/sk\/wp-json\/wp\/v2\/product_brand?post=119939"},{"taxonomy":"product_cat","embeddable":true,"href":"https:\/\/nabytoklaguna.sk\/sk\/wp-json\/wp\/v2\/product_cat?post=119939"},{"taxonomy":"product_tag","embeddable":true,"href":"https:\/\/nabytoklaguna.sk\/sk\/wp-json\/wp\/v2\/product_tag?post=119939"}],"curies":[{"name":"wp","href":"https:\/\/api.w.org\/{rel}","templated":true}]}}