{"id":120035,"date":"2023-04-22T20:12:00","date_gmt":"2023-04-22T20:12:00","guid":{"rendered":"https:\/\/nabytoklaguna.sk\/sk\/?post_type=product&#038;p=120035"},"modified":"2026-01-08T13:26:40","modified_gmt":"2026-01-08T12:26:40","slug":"k-rafael-new","status":"publish","type":"product","link":"https:\/\/nabytoklaguna.sk\/sk\/produkt\/k-rafael-new\/","title":{"rendered":"K RAFAEL NEW"},"content":{"rendered":"<p>K tomu, aby v\u00e1s pr\u00e1ca bavila, dopom\u00f4\u017ee aj\u00a0<b>kvalitn\u00fd multifunk\u010dn\u00fd p\u00edsac\u00ed st\u00f4l<\/b>. Zvo\u013ete si\u00a0<b>p\u00edsac\u00ed st\u00f4l RAFAEL NEW<\/b>, viac sa do pracovn\u00fdch povinnost\u00ed nebudete sili\u0165. Modern\u00fd dizajn, ve\u013ek\u00e1 pracovn\u00e1 plocha a dostatok \u00falo\u017en\u00e9ho priestoru. Pracovn\u00e1 \u010das\u0165 m\u00e1\u00a0<b>ide\u00e1lnu v\u00fd\u0161ku<\/b>, spolu\u00a0<a href=\"https:\/\/www.kondela.sk\/kancelaria-kancelarske-stolicky\/\">so spr\u00e1vnym kancel\u00e1rskym kreslom<\/a>\u00a0v\u00e1m zabezpe\u010d\u00ed\u00a0<b>pohodln\u00e9 sedenie pri pr\u00e1ci a zdrav\u00fd sklon chrbtice a ramien<\/b>. So\u00a0<b>\u0161\u00edrkou 138 cm<\/b>\u00a0poskytuje dostatok miesta na v\u0161etku potrebn\u00fa elektroniku. Pracovn\u00e1 doska sa z jednej strany opierka o\u00a0<b>\u00falo\u017en\u00fd syst\u00e9m<\/b>, ktor\u00fd tvor\u00ed\u00a0<b>uzavret\u00e1 a otvoren\u00e1 \u010das\u0165<\/b>. Otvoren\u00fd reg\u00e1l je\u00a0<b>jednou policou rozdelen\u00fd na dve odkladacie plochy<\/b>.\u00a0<b>Skrinka<\/b>\u00a0m\u00e1 tie\u017e jednu policu, nad \u0148ou sa nach\u00e1dzaj\u00fa\u00a0<b>dva \u0161upl\u00edky<\/b>. RAFAEL NEW je vyroben\u00fd z\u00a0<b>kvalitnej laminovanej drevotriesky<\/b>\u00a0v jemnej a peknej kombin\u00e1cii odtie\u0148ov\u00a0<b>dub sonoma a biela<\/b>.<\/p>\n<ul>\n<li><b>Materi\u00e1l:<\/b>\u00a0DTD laminovan\u00e1<\/li>\n<li><b>Farba:<\/b> dub sonoma\/biela<\/li>\n<li><b>Rozmery (\u0160xHxV):<\/b>\u00a0138&#215;76,6&#215;139,3 cm<\/li>\n<li><b>Rozmery pracovnej \u010dasti (\u0160xHxV):<\/b>\u00a0138&#215;76,6&#215;64 cm<\/li>\n<li><b>Rozmery \u00falo\u017en\u00e9ho priestoru (\u0160xHxV):<\/b>\u00a0139,3&#215;33,2&#215;73,5 cm<\/li>\n<li>Otvoren\u00fd reg\u00e1l s jednou policou<\/li>\n<li><b>\u0160\u00edrka a v\u00fd\u0161ka jedn\u00e9ho \u00falo\u017en\u00e9ho priestoru v reg\u00e1le (\u0160xV):<\/b>\u00a063&#215;36 cm<\/li>\n<li>Dvojdverov\u00e1 skrinka s jednou policou<\/li>\n<li>Dva \u0161upl\u00edky<\/li>\n<li><b>Rozmery pracovnej \u010dasti (\u0160xHxV):<\/b>\u00a033,7&#215;25,6&#215;17,5cm<\/li>\n<li><b>Hr\u00fabka materi\u00e1lu:<\/b>\u00a018 mm<\/li>\n<li><b>Nosnos\u0165:<\/b>\u00a0cca 20 kg<\/li>\n<li>Dod\u00e1van\u00e9 v demonte<\/li>\n<li><b>Kvalitn\u00fd slovensk\u00fd v\u00fdrobok<\/b><\/li>\n<\/ul>\n<p>.<\/p>\n","protected":false},"excerpt":{"rendered":"<p>K tomu, aby v\u00e1s pr\u00e1ca bavila, dopom\u00f4\u017ee aj\u00a0kvalitn\u00fd multifunk\u010dn\u00fd p\u00edsac\u00ed st\u00f4l. Zvo\u013ete si\u00a0p\u00edsac\u00ed st\u00f4l RAFAEL NEW, viac sa do pracovn\u00fdch povinnost\u00ed nebudete sili\u0165. Modern\u00fd dizajn, ve\u013ek\u00e1 pracovn\u00e1 plocha a dostatok \u00falo\u017en\u00e9ho priestoru. Pracovn\u00e1 \u010das\u0165 m\u00e1\u00a0ide\u00e1lnu v\u00fd\u0161ku, spolu\u00a0so spr\u00e1vnym kancel\u00e1rskym kreslom\u00a0v\u00e1m zabezpe\u010d\u00ed\u00a0pohodln\u00e9 sedenie pri pr\u00e1ci a zdrav\u00fd sklon chrbtice a ramien. So\u00a0\u0161\u00edrkou 138 cm\u00a0poskytuje dostatok miesta&#8230;<\/p>\n","protected":false},"featured_media":24975,"comment_status":"closed","ping_status":"closed","template":"","meta":{"_seopress_robots_primary_cat":"none","_seopress_titles_title":"","_seopress_titles_desc":"","_seopress_robots_index":""},"product_brand":[],"product_cat":[247],"product_tag":[],"class_list":{"0":"post-120035","1":"product","2":"type-product","3":"status-publish","4":"has-post-thumbnail","6":"product_cat-pisacie-pocitacove-stoly","7":"pa_farba-dub-sonomabiela","8":"pa_farba-slivka-biela","10":"first","11":"onbackorder","12":"shipping-taxable","13":"purchasable","14":"product-type-simple"},"_links":{"self":[{"href":"https:\/\/nabytoklaguna.sk\/sk\/wp-json\/wp\/v2\/product\/120035","targetHints":{"allow":["GET"]}}],"collection":[{"href":"https:\/\/nabytoklaguna.sk\/sk\/wp-json\/wp\/v2\/product"}],"about":[{"href":"https:\/\/nabytoklaguna.sk\/sk\/wp-json\/wp\/v2\/types\/product"}],"replies":[{"embeddable":true,"href":"https:\/\/nabytoklaguna.sk\/sk\/wp-json\/wp\/v2\/comments?post=120035"}],"wp:featuredmedia":[{"embeddable":true,"href":"https:\/\/nabytoklaguna.sk\/sk\/wp-json\/wp\/v2\/media\/24975"}],"wp:attachment":[{"href":"https:\/\/nabytoklaguna.sk\/sk\/wp-json\/wp\/v2\/media?parent=120035"}],"wp:term":[{"taxonomy":"product_brand","embeddable":true,"href":"https:\/\/nabytoklaguna.sk\/sk\/wp-json\/wp\/v2\/product_brand?post=120035"},{"taxonomy":"product_cat","embeddable":true,"href":"https:\/\/nabytoklaguna.sk\/sk\/wp-json\/wp\/v2\/product_cat?post=120035"},{"taxonomy":"product_tag","embeddable":true,"href":"https:\/\/nabytoklaguna.sk\/sk\/wp-json\/wp\/v2\/product_tag?post=120035"}],"curies":[{"name":"wp","href":"https:\/\/api.w.org\/{rel}","templated":true}]}}