{"id":122211,"date":"2025-02-17T16:35:12","date_gmt":"2025-02-17T15:35:12","guid":{"rendered":"https:\/\/nabytoklaguna.sk\/sk\/?post_type=product&#038;p=122211"},"modified":"2025-04-03T14:05:30","modified_gmt":"2025-04-03T12:05:30","slug":"nersophie","status":"publish","type":"product","link":"https:\/\/nabytoklaguna.sk\/sk\/produkt\/nersophie\/","title":{"rendered":"NER SOPHIE"},"content":{"rendered":"<p>Pl\u00e1nujete zaria\u010fova\u0165 interi\u00e9r a\u00a0chcete si jednotliv\u00fd\u00a0n\u00e1bytok\u00a0vysklada\u0165 presne <strong>pod\u013ea seba<\/strong>? Nevyhovuj\u00fa v\u00e1m hotov\u00e9 zostavy \u010d<strong>i\u00a0<\/strong>steny, a\u00a0to z\u00a0d\u00f4vodu ich ve\u013ekosti \u010di osobit\u00fdch charakterist\u00edk dan\u00e9ho priestoru? \u017diaden probl\u00e9m.\u00a0Sektorov\u00fd n\u00e1bytok\u00a0je pre v\u00e1s tou ide\u00e1lnou vo\u013ebou. Sta\u010d\u00ed si len zvoli\u0165 preferovan\u00fa kolekciu n\u00e1bytku, ktor\u00e1 v\u00e1m dizajnovo najviac padla do oka a\u00a0\u010do najviac sa hod\u00ed do dan\u00e9ho priestoru, a\u00a0n\u00e1sledne si z\u00a0jednotliv\u00fdch kusov n\u00e1bytku vysklada\u0165 cel\u00fa zostavu do miestnosti. V\u00a0na\u0161ej ponuke sa nach\u00e1dzaj\u00fa\u00a0<strong>desiatky kolekci\u00ed sektorov\u00e9ho n\u00e1bytku<\/strong>, z\u00a0ktor\u00fdch si zaru\u010dene vyberiete aj vy.<\/p>\n<p>Kolekcia <strong>SOPHIE<\/strong>\u00a0je modern\u00fd n\u00e1bytok, <strong>pln\u00fd elegancie<\/strong> a zmyselnosti<strong> s klasick\u00fdm n\u00e1dychom<\/strong>. Jedine\u010dn\u00e1 kompoz\u00edcia <strong>ka\u0161m\u00edrov\u00e9ho dekoru<\/strong> a <strong>fr\u00e9zovan\u00fdch \u010diel.<\/strong>\u00a0 Ka\u0161m\u00edrov\u00e9 MDF \u010del\u00e1 s dekorat\u00edvnymi, fr\u00e9zovan\u00fdmi lamelami dod\u00e1vaj\u00fa n\u00e1bytku charakter a eleganciu, ktor\u00fa \u010falej zd\u00f4raz\u0148uj\u00fa zladen\u00e9 <strong>kovov\u00e9 \u00fachytky<\/strong> vo farbe <strong>kart\u00e1\u010dovan\u00e9ho zlata<\/strong>. Modern\u00fd vzh\u013ead a kvalitn\u00e9 materi\u00e1ly zabezpe\u010dia, \u017ee va\u0161a ob\u00fdvacia izba bude p\u00f4sobi\u0165 moderne a vkusne, zatia\u013e \u010do jeho funk\u010dnos\u0165 spln\u00ed v\u0161etky va\u0161e potreby.\u00a0 Bude fungova\u0165 nielen v ob\u00fdvacej izbe, ale aj v sp\u00e1lni.<\/p>\n<ul>\n<li>farba <strong>Ka\u0161m\u00edr<\/strong><\/li>\n<li>no\u017ei\u010dky kovov\u00e9 \u010dierne<\/li>\n<li>\u00fachytky<strong>\u00a0<\/strong>kovov\u00e9 zlat\u00e9<\/li>\n<li>LED osvetlenie v cene<\/li>\n<\/ul>\n<p><strong>Z jednotliv\u00fdch komponentov si m\u00f4\u017eete vysklada\u0165 ob\u00fdvaciu stenu pod\u013ea Va\u0161ich predst\u00e1v:<\/strong><\/p>\n<ul>\n<li>01 \u2013 skri\u0148a\u00a0 \u00a0 \u00a0 \u00a0 \u00a0 \u00a0 \u00a0\u2013\u00a0 Rozmery: \u0161xhxv: 92x53x190 cm<\/li>\n<li>02 \u2013 vitr\u00edna\u00a0 \u00a0 \u00a0 \u00a0 \u00a0 \u00a0 \u00a0\u2013\u00a0 Rozmery: \u0161xhxv: 55x40x190 cm<\/li>\n<li>03 \u2013 vitr\u00edna\u00a0 \u00a0 \u00a0 \u00a0 \u00a0 \u00a0 \u00a0\u2013\u00a0 Rozmery: \u0161xhxv: 92x40x151 cm<\/li>\n<li>04 \u2013 komoda\u00a0 \u00a0 \u00a0 \u00a0 \u00a0 \u2013\u00a0 Rozmery: \u0161xhxv: 160x40x85 cm<\/li>\n<li>05 \u2013 komoda\u00a0 \u00a0 \u00a0 \u00a0 \u00a0 \u2013\u00a0 Rozmery: \u0161xhxv: 120x40x85 cm<\/li>\n<li>06 \u2013 tv stol\u00edk\u00a0 \u00a0 \u00a0 \u00a0 \u00a0 \u00a0\u2013\u00a0 Rozmery: \u0161xhxv: 160x40x53 cm<\/li>\n<li>07 \u2013 no\u010dn\u00fd stol\u00edk\u00a0 \u00a0 \u2013\u00a0 Rozmery: \u0161xhxv:\u00a0 50x34x53 cm<\/li>\n<li>08 \u2013 toaletn\u00fd stol\u00edk \u2013\u00a0 Rozmery: \u0161xhxv: 92x40x78 cm<\/li>\n<li>09 \u2013 poli\u010dka\u00a0 \u00a0 \u00a0 \u00a0 \u00a0 \u00a0 \u2013\u00a0 Rozmery: \u0161xhxv: 120x40x18 cm<\/li>\n<li>10 \u2013 konferen\u010dn\u00fd stol\u00edk \u2013 Rozmery: \u0161xhxv: 100x60x45 cm<\/li>\n<li>11 \u2013 zrkadlo\u00a0 \u00a0 \u00a0 \u00a0 \u00a0 \u00a0 \u2013\u00a0 Rozmery: \u0161xhxv: 65x2x56 cm<\/li>\n<\/ul>\n","protected":false},"excerpt":{"rendered":"<p>Pl\u00e1nujete zaria\u010fova\u0165 interi\u00e9r a\u00a0chcete si jednotliv\u00fd\u00a0n\u00e1bytok\u00a0vysklada\u0165 presne pod\u013ea seba? Nevyhovuj\u00fa v\u00e1m hotov\u00e9 zostavy \u010di\u00a0steny, a\u00a0to z\u00a0d\u00f4vodu ich ve\u013ekosti \u010di osobit\u00fdch charakterist\u00edk dan\u00e9ho priestoru? \u017diaden probl\u00e9m.\u00a0Sektorov\u00fd n\u00e1bytok\u00a0je pre v\u00e1s tou ide\u00e1lnou vo\u013ebou. Sta\u010d\u00ed si len zvoli\u0165 preferovan\u00fa kolekciu n\u00e1bytku, ktor\u00e1 v\u00e1m dizajnovo najviac padla do oka a\u00a0\u010do najviac sa hod\u00ed do dan\u00e9ho priestoru, a\u00a0n\u00e1sledne si z\u00a0jednotliv\u00fdch&#8230;<\/p>\n","protected":false},"featured_media":122214,"comment_status":"closed","ping_status":"closed","template":"","meta":{"_seopress_robots_primary_cat":"none","_seopress_titles_title":"","_seopress_titles_desc":"","_seopress_robots_index":""},"product_brand":[],"product_cat":[182,183,221,824],"product_tag":[],"class_list":{"0":"post-122211","1":"product","2":"type-product","3":"status-publish","4":"has-post-thumbnail","6":"product_cat-obyvacie-steny","7":"product_cat-sektorove-obyvacie-steny","8":"product_cat-konferencne-stoliky","9":"product_cat-rtv-stoliky","10":"pa_typ-produktu-8158","11":"pa_typ-produktu-8168","12":"pa_typ-produktu-8169","13":"pa_typ-produktu-8163","14":"pa_typ-produktu-8170","15":"pa_typ-produktu-8164","16":"pa_typ-produktu-8157","17":"pa_typ-produktu-8165","18":"pa_typ-produktu-8166","19":"pa_typ-produktu-8167","20":"pa_typ-produktu-8171","22":"first","23":"instock","24":"shipping-taxable","25":"purchasable","26":"product-type-variable"},"_links":{"self":[{"href":"https:\/\/nabytoklaguna.sk\/sk\/wp-json\/wp\/v2\/product\/122211","targetHints":{"allow":["GET"]}}],"collection":[{"href":"https:\/\/nabytoklaguna.sk\/sk\/wp-json\/wp\/v2\/product"}],"about":[{"href":"https:\/\/nabytoklaguna.sk\/sk\/wp-json\/wp\/v2\/types\/product"}],"replies":[{"embeddable":true,"href":"https:\/\/nabytoklaguna.sk\/sk\/wp-json\/wp\/v2\/comments?post=122211"}],"wp:featuredmedia":[{"embeddable":true,"href":"https:\/\/nabytoklaguna.sk\/sk\/wp-json\/wp\/v2\/media\/122214"}],"wp:attachment":[{"href":"https:\/\/nabytoklaguna.sk\/sk\/wp-json\/wp\/v2\/media?parent=122211"}],"wp:term":[{"taxonomy":"product_brand","embeddable":true,"href":"https:\/\/nabytoklaguna.sk\/sk\/wp-json\/wp\/v2\/product_brand?post=122211"},{"taxonomy":"product_cat","embeddable":true,"href":"https:\/\/nabytoklaguna.sk\/sk\/wp-json\/wp\/v2\/product_cat?post=122211"},{"taxonomy":"product_tag","embeddable":true,"href":"https:\/\/nabytoklaguna.sk\/sk\/wp-json\/wp\/v2\/product_tag?post=122211"}],"curies":[{"name":"wp","href":"https:\/\/api.w.org\/{rel}","templated":true}]}}