{"id":122924,"date":"2025-04-22T13:01:57","date_gmt":"2025-04-22T11:01:57","guid":{"rendered":"https:\/\/nabytoklaguna.sk\/sk\/?post_type=product&#038;p=122924"},"modified":"2025-04-22T13:01:57","modified_gmt":"2025-04-22T11:01:57","slug":"ner-adagio","status":"publish","type":"product","link":"https:\/\/nabytoklaguna.sk\/sk\/produkt\/ner-adagio\/","title":{"rendered":"NER ADAGIO"},"content":{"rendered":"<p>Sektorov\u00fd syst\u00e9m\u00a0<strong>ADAGIO\u00a0<\/strong>bude neprehliadnute\u013en\u00fdm k\u00faskom n\u00e1bytku vo Va\u0161ej dom\u00e1cnosti v\u010faka kr\u00e1snej \u010distej kombin\u00e1ci\u00ed\u00a0<strong>bieleho lesku<\/strong>\u00a0doplnen\u00e9ho drevom<strong>\u00a0dub castello<\/strong>.\u00a0\u00a0<strong>Biela \u010das\u0165<\/strong>\u00a0v kombin\u00e1cii s prirodzenou\u00a0<strong>farbou<\/strong>\u00a0korpusov vytv\u00e1ra kombin\u00e1ciu, ktor\u00e1 sa hod\u00ed do modern\u00e9ho aj tradi\u010dn\u00e9ho interi\u00e9ru. Hladk\u00fd povrch n\u00e1bytku a kovov\u00e9 \u00fachytky odr\u00e1\u017eaj\u00fa svetlo a opticky zv\u00e4\u010d\u0161uj\u00fa priestor. Presklen\u00e9, osvetlen\u00e9 vitr\u00edny vytv\u00e1raj\u00fa v interi\u00e9ri jedine\u010dn\u00fa atmosf\u00e9ru. Dr\u00e1\u017ekovan\u00e9 vsadky v rovnakom teplom odtieni ako tel\u00e1 dod\u00e1vaj\u00fa zauj\u00edmav\u00fd vzh\u013ead a predn\u00e1 \u010das\u0165 zaoblen\u00e1 smerom nahor nar\u00fa\u0161a priamu l\u00edniu kolekcie a vytv\u00e1ra tak trochu modernej klasiky.<\/p>\n<p>Priestrann\u00e9 komody, priestrann\u00e9 vitr\u00edny, praktick\u00e1 TV skrinka a konferen\u010dn\u00fd stol\u00edk dod\u00e1vaj\u00fa miestnosti nielen vysok\u00e9 funk\u010dn\u00e9 hodnoty, ale vytv\u00e1raj\u00fa aj nad\u010dasov\u00fd interi\u00e9r, v ktorom sa c\u00edtime dobre.\u00a0 \u00a0Kolekcia\u00a0<strong>ADAGIO<\/strong>\u00a0je kvalitn\u00fd funk\u010dn\u00fd n\u00e1bytok , ktor\u00fd m\u00e1\u00a0<strong>t<\/strong><b>ich\u00e9 zatv\u00e1ranie, plnov\u00fdsuv, zv\u00fd\u0161en\u00e1 nosnos\u0165 z\u00e1suvky.<\/b><\/p>\n<p>Mo\u017enos\u0165 dok\u00fapi\u0165<strong>\u00a0 2 LED<\/strong>\u00a0osvetlenie za pr\u00edplatok\u00a0<strong>58<\/strong>\u00a0<strong>eur\u00a0<\/strong>\u00a0 \u00a0 \u00a0 \u00a0 \u00a0 \u00a0 \u00a0 \u00a0 \u00a0 \u00a0 \u00a0 \u00a0 \u00a0 \u00a0 \u00a0 \u00a0 \u00a0 \u00a0 \u00a0 \u00a0 \u00a0 \u00a0 \u00a0 \u00a0 \u00a0 \u00a0 \u00a0 \u00a0 \u00a0 \u00a0 \u00a0 \u00a0 \u00a0 \u00a0 \u00a0 \u00a0 \u00a0 \u00a0 \u00a0 \u00a0 \u00a0 \u00a0 \u00a0 \u00a0 \u00a0 \u00a0 \u00a0 \u00a0 \u00a0 \u00a0 \u00a0 \u00a0 \u00a0 \u00a0 \u00a0 \u00a0 \u00a0 \u00a0 \u00a0 \u00a0 \u00a0 \u00a0 \u00a0 \u00a0 \u00a0 \u00a0 \u00a0 \u00a0 \u00a0 \u00a0 \u00a0 \u00a0 \u00a0 \u00a0 \u00a0 \u00a0 \u00a0 \u00a0 \u00a0 \u00a0 \u00a0 \u00a0 \u00a0 \u00a0 \u00a0 \u00a0 \u00a0 \u00a0 \u00a0 \u00a0 \u00a0 \u00a0 \u00a0 \u00a0 \u00a0 \u00a0 \u00a0 \u00a0 \u00a0 \u00a0 \u00a0 \u00a0 \u00a0 \u00a0 \u00a0 \u00a0 \u00a0<strong>3 LED<\/strong>\u00a0osvetlenie za pr\u00edplatok\u00a0<strong>65\u00a0eur\u00a0<\/strong><\/p>\n<p><strong>Ob\u00fdvacia stena pozost\u00e1va z komponentov:\u00a0<\/strong><\/p>\n<ul>\n<li>ADAGIO 02P \u2013 vitr\u00edna prav\u00e1\u00a0 \u00a0 \u00a0 \u2013\u00a0 Rozmery: \u0161xhxv: 65x42x196 cm<\/li>\n<li>ADAGIO 07\u00a0 \u00a0\u2013 tv stol\u00edk\u00a0 \u00a0 \u00a0 \u00a0 \u00a0 \u00a0 \u00a0 \u2013\u00a0 Rozmery: \u0161xhxv: 150x42x47 cm<\/li>\n<li>ADAGIO 08\u00a0 \u00a0\u2013 pr\u00edstavba k tv stol\u00edk\u2013 Rozmery: \u0161xhxv: 60x42x47 cm<\/li>\n<li>ADAGIO 03L \u2013 vitr\u00edna \u013eav\u00e1\u00a0 \u00a0 \u00a0 \u00a0 \u00a0\u2013\u00a0 Rozmery: \u0161xhxv: 92x42x143 cm<\/li>\n<li>ADAGIO 09\u00a0 \u00a0\u2013 polica\u00a0 \u00a0 \u00a0 \u00a0 \u00a0 \u00a0 \u00a0 \u00a0 \u00a0 \u2013\u00a0 Rozmery: \u0161xhxv: 134x20x25 cm<\/li>\n<\/ul>\n<p><strong>Z jednotliv\u00fdch komponentov si m\u00f4\u017eete vysklada\u0165 ob\u00fdvaciu stenu pod\u013ea Va\u0161ich predst\u00e1v:<\/strong><\/p>\n<ul>\n<li>ADAGIO 01\u00a0 \u00a0\u2013 skri\u0148a\u00a0 \u00a0 \u00a0 \u00a0 \u00a0 \u00a0 \u00a0 \u00a0 \u00a0\u2013\u00a0 Rozmery: \u0161xhxv: 92x56x196 cm<\/li>\n<li>ADAGIO 02L \u2013 vitr\u00edna \u013eav\u00e1\u00a0 \u00a0 \u00a0 \u00a0 \u00a0\u2013\u00a0 Rozmery: \u0161xhxv: 65x42x196 cm<\/li>\n<li>ADAGIO 03P \u2013 vitr\u00edna prav\u00e1\u00a0 \u00a0 \u00a0 \u00a0\u2013\u00a0 Rozmery: \u0161xhxv: 92x42x143 cm<\/li>\n<li>ADAGIO 04\u00a0 \u00a0\u2013 komoda\u00a0 \u00a0 \u00a0 \u00a0 \u00a0 \u00a0 \u00a0 \u2013\u00a0 Rozmery: \u0161xhxv: 143x42x90 cm<\/li>\n<li>ADAGIO 06\u00a0 \u00a0\u2013 komoda\u00a0 \u00a0 \u00a0 \u00a0 \u00a0 \u00a0 \u00a0 \u2013\u00a0 Rozmery: \u0161xhxv: 190x42x90 cm<\/li>\n<li>ADAGIO 10\u00a0 \u00a0\u2013 konferen\u010dn\u00fd stol\u00edk \u2013 Rozmery: \u0161xhxv: 109x60x48 cm<\/li>\n<\/ul>\n","protected":false},"excerpt":{"rendered":"<p>Sektorov\u00fd syst\u00e9m\u00a0ADAGIO\u00a0bude neprehliadnute\u013en\u00fdm k\u00faskom n\u00e1bytku vo Va\u0161ej dom\u00e1cnosti v\u010faka kr\u00e1snej \u010distej kombin\u00e1ci\u00ed\u00a0bieleho lesku\u00a0doplnen\u00e9ho drevom\u00a0dub castello.\u00a0\u00a0Biela \u010das\u0165\u00a0v kombin\u00e1cii s prirodzenou\u00a0farbou\u00a0korpusov vytv\u00e1ra kombin\u00e1ciu, ktor\u00e1 sa hod\u00ed do modern\u00e9ho aj tradi\u010dn\u00e9ho interi\u00e9ru. Hladk\u00fd povrch n\u00e1bytku a kovov\u00e9 \u00fachytky odr\u00e1\u017eaj\u00fa svetlo a opticky zv\u00e4\u010d\u0161uj\u00fa priestor. Presklen\u00e9, osvetlen\u00e9 vitr\u00edny vytv\u00e1raj\u00fa v interi\u00e9ri jedine\u010dn\u00fa atmosf\u00e9ru. Dr\u00e1\u017ekovan\u00e9 vsadky v rovnakom teplom odtieni&#8230;<\/p>\n","protected":false},"featured_media":122203,"comment_status":"closed","ping_status":"closed","template":"","meta":{"_seopress_robots_primary_cat":"","_seopress_titles_title":"","_seopress_titles_desc":"","_seopress_robots_index":""},"product_brand":[],"product_cat":[182,251],"product_tag":[],"class_list":{"0":"post-122924","1":"product","2":"type-product","3":"status-publish","4":"has-post-thumbnail","6":"product_cat-obyvacie-steny","7":"product_cat-steny","9":"first","10":"instock","11":"shipping-taxable","12":"purchasable","13":"product-type-simple"},"_links":{"self":[{"href":"https:\/\/nabytoklaguna.sk\/sk\/wp-json\/wp\/v2\/product\/122924","targetHints":{"allow":["GET"]}}],"collection":[{"href":"https:\/\/nabytoklaguna.sk\/sk\/wp-json\/wp\/v2\/product"}],"about":[{"href":"https:\/\/nabytoklaguna.sk\/sk\/wp-json\/wp\/v2\/types\/product"}],"replies":[{"embeddable":true,"href":"https:\/\/nabytoklaguna.sk\/sk\/wp-json\/wp\/v2\/comments?post=122924"}],"wp:featuredmedia":[{"embeddable":true,"href":"https:\/\/nabytoklaguna.sk\/sk\/wp-json\/wp\/v2\/media\/122203"}],"wp:attachment":[{"href":"https:\/\/nabytoklaguna.sk\/sk\/wp-json\/wp\/v2\/media?parent=122924"}],"wp:term":[{"taxonomy":"product_brand","embeddable":true,"href":"https:\/\/nabytoklaguna.sk\/sk\/wp-json\/wp\/v2\/product_brand?post=122924"},{"taxonomy":"product_cat","embeddable":true,"href":"https:\/\/nabytoklaguna.sk\/sk\/wp-json\/wp\/v2\/product_cat?post=122924"},{"taxonomy":"product_tag","embeddable":true,"href":"https:\/\/nabytoklaguna.sk\/sk\/wp-json\/wp\/v2\/product_tag?post=122924"}],"curies":[{"name":"wp","href":"https:\/\/api.w.org\/{rel}","templated":true}]}}