{"id":122959,"date":"2025-04-23T09:21:04","date_gmt":"2025-04-23T07:21:04","guid":{"rendered":"https:\/\/nabytoklaguna.sk\/sk\/?post_type=product&#038;p=122959"},"modified":"2026-02-19T13:34:32","modified_gmt":"2026-02-19T12:34:32","slug":"ner-ripa","status":"publish","type":"product","link":"https:\/\/nabytoklaguna.sk\/sk\/produkt\/ner-ripa\/","title":{"rendered":"NER RIPA MAS\u00cdV"},"content":{"rendered":"<p><strong>Luxusn\u00fd elegantn\u00fd sektorov\u00fd<\/strong>\u00a0<strong>NERRIPA <\/strong>\u00a0n\u00e1bytok je v \u0161t\u00fdlovom a jedine\u010dnom preveden\u00ed. V\u010faka svojmu prec\u00edznemu spracovaniu vhodn\u00fd ako do modern\u00e9ho tak i do tradi\u010dn\u00e9ho interi\u00e9ru. Jednotliv\u00e9 prvky, ktor\u00e9 sektor\u00a0<strong>NERRIPA<\/strong>\u00a0 pon\u00faka spolu v\u00fdnikaj\u00faco ladia a robia z ob\u00fdvacej izby tepl\u00fd domov. Predn\u00e1 \u010das\u0165 n\u00e1bytku je vyroben\u00e1 z kvalitn\u00e9ho dubov\u00e9ho mas\u00edvu\u00a0<strong>s fr\u00e9zovan\u00fdmi \u010das\u0165ami<\/strong>. Zadn\u00fd korpus je vyroben\u00fd z dubovej d\u00fdhy, vn\u00fatorn\u00e1 \u010das\u0165 je vyroben\u00e1 z f\u00f3liovan\u00e9ho lamin\u00e1tu. Povrch je upraven\u00fd ekologick\u00fdm olejom, \u010do zabezpe\u010duje zdravotn\u00fa nez\u00e1vadnos\u0165 n\u00e1bytku. Predn\u00e1 strana je z n\u00e1bytkovej dosky s dekorom podobn\u00fdm drevu. Sektor sa vyr\u00e1ba v\u00a0<strong>farebnom preveden\u00ed dub antick\u00fd \/ \u010dierna.<\/strong>\u00a0 Pou\u017eitie pr\u00edrodn\u00fdch\u00a0 materi\u00e1lov zaru\u010duje kvalitu a odolnos\u0165 n\u00e1bytku. P\u00e1nty a guli\u010dkov\u00e9\u00a0 vedenie v\u00a0 \u0161ufl\u00edkoch\u00a0 je vybaven\u00e9\u00a0<strong>syst\u00e9mom tich\u00e9ho pomal\u00e9ho zatv\u00e1rania<\/strong>. Sklo v hr\u00fabke\u00a0 4 a 8 mm je\u00a0<strong>\u010d\u00edre a tvrden\u00e9<\/strong>.\u00a0 Led osvetlenie je v cene. Sektor je doplnen\u00fd<strong>\u00a0kovov\u00fdmi \u00fachytkami<\/strong> v \u010diernej farbe. Nohy s\u00fa z mas\u00edveneho dreva v \u010diernej farbe. V\u010faka n\u00e1bytku NERRIPA si jednoducho a r\u00fdchlo zariadite ob\u00fdvaciu izbu \u010di jed\u00e1le\u0148. Pam\u00e4tajte, \u017ee<strong>\u00a0mas\u00edvny a elegantn\u00fd n\u00e1bytok<\/strong>\u00a0je invest\u00edciou na roky.<\/p>\n<p><strong>Ob\u00fdvacia stena pozost\u00e1va z komponentov:\u00a0<\/strong><\/p>\n<ul>\n<li>Vitr\u00edna 15 (\u0160xHxV)\u2026.106x42x114cm<\/li>\n<li>Rtv stol\u00edk\u00a0 25 (\u0160xHxV)\u2026180x42x47cm<\/li>\n<li>Vitr\u00edna 10 (\u0160xHxV)\u2026.75x42x202cm<\/li>\n<\/ul>\n<p><strong>Z jednotliv\u00fdch komponentov si m\u00f4\u017eete vysklada\u0165 ob\u00fdvaciu stenu pod\u013ea Va\u0161ich predst\u00e1v:<\/strong><\/p>\n<ul>\n<li>Vitr\u00edna 10 (\u0160xHxV)\u2026.75x42x202cm<\/li>\n<li>Vitr\u00edna 12 (\u0160xHxV)\u2026.106x42x202cm<\/li>\n<li>Vitr\u00edna 15 (\u0160xHxV)\u2026.106x42x114cm<\/li>\n<li>Rtv stol\u00edk\u00a0 25 (\u0160xHxV)\u2026\u00a0 \u00a0180x42x47cm<\/li>\n<li>Konf. stol\u00edk\u00a0 41 (\u0160xHxV)\u2026110x48x60cm<\/li>\n<li>Komoda 45 (\u0160xHxV)\u2026180x42x90cm.<\/li>\n<li>Komoda 46 (\u0160xHxV)\u2026130x42x90cm.<\/li>\n<\/ul>\n","protected":false},"excerpt":{"rendered":"<p>Luxusn\u00fd elegantn\u00fd sektorov\u00fd\u00a0NERRIPA \u00a0n\u00e1bytok je v \u0161t\u00fdlovom a jedine\u010dnom preveden\u00ed. V\u010faka svojmu prec\u00edznemu spracovaniu vhodn\u00fd ako do modern\u00e9ho tak i do tradi\u010dn\u00e9ho interi\u00e9ru. Jednotliv\u00e9 prvky, ktor\u00e9 sektor\u00a0NERRIPA\u00a0 pon\u00faka spolu v\u00fdnikaj\u00faco ladia a robia z ob\u00fdvacej izby tepl\u00fd domov. Predn\u00e1 \u010das\u0165 n\u00e1bytku je vyroben\u00e1 z kvalitn\u00e9ho dubov\u00e9ho mas\u00edvu\u00a0s fr\u00e9zovan\u00fdmi \u010das\u0165ami. Zadn\u00fd korpus je vyroben\u00fd z dubovej&#8230;<\/p>\n","protected":false},"featured_media":122633,"comment_status":"closed","ping_status":"closed","template":"","meta":{"_seopress_robots_primary_cat":"","_seopress_titles_title":"","_seopress_titles_desc":"","_seopress_robots_index":""},"product_brand":[],"product_cat":[7513,182],"product_tag":[],"class_list":{"0":"post-122959","1":"product","2":"type-product","3":"status-publish","4":"has-post-thumbnail","6":"product_cat-obyvacie-steny-masiv","7":"product_cat-obyvacie-steny","9":"first","10":"instock","11":"shipping-taxable","12":"purchasable","13":"product-type-simple"},"_links":{"self":[{"href":"https:\/\/nabytoklaguna.sk\/sk\/wp-json\/wp\/v2\/product\/122959","targetHints":{"allow":["GET"]}}],"collection":[{"href":"https:\/\/nabytoklaguna.sk\/sk\/wp-json\/wp\/v2\/product"}],"about":[{"href":"https:\/\/nabytoklaguna.sk\/sk\/wp-json\/wp\/v2\/types\/product"}],"replies":[{"embeddable":true,"href":"https:\/\/nabytoklaguna.sk\/sk\/wp-json\/wp\/v2\/comments?post=122959"}],"wp:featuredmedia":[{"embeddable":true,"href":"https:\/\/nabytoklaguna.sk\/sk\/wp-json\/wp\/v2\/media\/122633"}],"wp:attachment":[{"href":"https:\/\/nabytoklaguna.sk\/sk\/wp-json\/wp\/v2\/media?parent=122959"}],"wp:term":[{"taxonomy":"product_brand","embeddable":true,"href":"https:\/\/nabytoklaguna.sk\/sk\/wp-json\/wp\/v2\/product_brand?post=122959"},{"taxonomy":"product_cat","embeddable":true,"href":"https:\/\/nabytoklaguna.sk\/sk\/wp-json\/wp\/v2\/product_cat?post=122959"},{"taxonomy":"product_tag","embeddable":true,"href":"https:\/\/nabytoklaguna.sk\/sk\/wp-json\/wp\/v2\/product_tag?post=122959"}],"curies":[{"name":"wp","href":"https:\/\/api.w.org\/{rel}","templated":true}]}}