{"id":123245,"date":"2025-04-25T16:36:09","date_gmt":"2025-04-25T14:36:09","guid":{"rendered":"https:\/\/nabytoklaguna.sk\/sk\/?post_type=product&#038;p=123245"},"modified":"2025-04-28T12:54:35","modified_gmt":"2025-04-28T10:54:35","slug":"ner-nevio-2","status":"publish","type":"product","link":"https:\/\/nabytoklaguna.sk\/sk\/produkt\/ner-nevio-2\/","title":{"rendered":"NER NEVIO"},"content":{"rendered":"<p>Tento sektor bude ur\u010dite neprehliadnute\u013en\u00fd vo Va\u0161ej dom\u00e1cnosti. Sektorov\u00fd syst\u00e9m NEVIO\u00a0 je vhodn\u00fd najm\u00e4 do ob\u00fdvacej izby, ale jednotliv\u00e9 komponenty m\u00f4\u017eete umiestni\u0165 aj do sp\u00e1lne, pr\u00edpadne chodby alebo jed\u00e1lne.<strong>\u00a0Modern\u00fd sektorov\u00fd n\u00e1bytok\u00a0 NEVIO<\/strong>\u00a0 pozost\u00e1va z jednotliv\u00fdch dielov n\u00e1bytku tejto modelovej rady, ktor\u00e9 je mo\u017en\u00e9 medzi sebou \u013eubovolne vysklada\u0165 a vytvori\u0165 si zostavu pod\u013ea svojich predst\u00e1v. Dvierka s\u00fa vyroben\u00e9 z odolnej <strong>DTD dosky laminovanej<\/strong>. Syst\u00e9m<strong> NEVIO\u00a0<\/strong> je vyroben\u00fd z lamino dosiek s hr\u00fabkou 28 mm, ktor\u00e9 s\u00fa <strong>ohrani\u010den\u00e9 ABS \u00fapravou<\/strong>. <strong>\u00a0Univerz\u00e1lna farba<\/strong> n\u00e1bytku\u00a0 vytv\u00e1ra pr\u00edjemn\u00e9 prostredie spolu s\u00a0LED osvetlen\u00edm, ktor\u00e9 je za pr\u00edplatok\u00a0 <strong>1 LED<\/strong> osvetlenie za 35 eur,\u00a0<strong> 2 LED<\/strong> osvetlenie za 55 eur.<\/p>\n<ul>\n<li>farba <strong>Dub artisan\u00a0<\/strong><\/li>\n<li><strong>no\u017ei\u010dky<\/strong> \u010dierne plastov\u00e9<\/li>\n<li><strong>\u00fachytky<\/strong> \u010dierne plastov\u00e9<\/li>\n<\/ul>\n<p><strong>Ob\u00fdvacia stena pozost\u00e1va z komponentov:\u00a0<\/strong><\/p>\n<ul>\n<li>18 \u2013 vitr\u00edna\u00a0 \u00a0 \u00a0 \u00a0 \u00a0 \u00a0 \u2013\u00a0 Rozmery: \u0161xhxv: 55x40x200 cm<\/li>\n<li>20 \u2013 tv. stol\u00edk\u00a0 \u00a0 \u00a0 \u00a0 \u00a0\u2013\u00a0 Rozmery: \u0161xhxv: 155x40x52 cm<\/li>\n<li>19 \u2013 vitr\u00edna\u00a0 \u00a0 \u00a0 \u00a0 \u00a0 \u00a0 \u2013\u00a0 Rozmery: \u0161xhxv: 90x40x153 cm<\/li>\n<\/ul>\n<p><strong>Z jednotliv\u00fdch komponentov si m\u00f4\u017eete vysklada\u0165 ob\u00fdvaciu stenu pod\u013ea Va\u0161ich predst\u00e1v:<\/strong><\/p>\n<ul>\n<li>09 \u2013 komoda\u00a0 \u00a0 \u00a0 \u00a0 \u00a0\u2013\u00a0 Rozmery: \u0161xhxv:\u00a0 \u00a092x40x83 cm<\/li>\n<li class=\"product_title entry-title\">10 \u2013 komoda\u00a0 \u00a0 \u00a0 \u00a0 \u00a0\u2013\u00a0 Rozmery: \u0161xhxv: 120x40x83 cm<\/li>\n<li>11 \u2013 komoda\u00a0 \u00a0 \u00a0 \u00a0 \u00a0\u2013\u00a0 Rozmery: \u0161xhxv: 138x40x83 cm<\/li>\n<li>12 \u2013 komoda\u00a0 \u00a0 \u00a0 \u00a0 \u00a0\u2013\u00a0 Rozmery: \u0161xhxv: 138x40x83 cm<\/li>\n<li>13 \u2013 komoda\u00a0 \u00a0 \u00a0 \u00a0 \u00a0\u2013\u00a0 Rozmery: \u0161xhxv: 159x40x83 cm<\/li>\n<li>17 \u2013 skri\u0148a\u00a0 \u00a0 \u00a0 \u00a0 \u00a0 \u00a0 \u2013\u00a0 Rozmery: \u0161xhxv: 80x51x200 cm<\/li>\n<li>18 \u2013 vitr\u00edna\u00a0 \u00a0 \u00a0 \u00a0 \u00a0 \u00a0 \u2013\u00a0 Rozmery: \u0161xhxv: 55x40x200 cm<\/li>\n<li>19 \u2013 vitr\u00edna\u00a0 \u00a0 \u00a0 \u00a0 \u00a0 \u00a0 \u2013\u00a0 Rozmery: \u0161xhxv: 90x40x153 cm<\/li>\n<li>20 \u2013 tv. stol\u00edk\u00a0 \u00a0 \u00a0 \u00a0 \u00a0\u2013\u00a0 Rozmery: \u0161xhxv: 155x40x52 cm<\/li>\n<li>21 \u2013 tv. stol\u00edk\u00a0 \u00a0 \u00a0 \u00a0 \u00a0\u2013\u00a0 Rozmery: \u0161xhxv: 100x60x48 cm<\/li>\n<li>22 \u2013 polica\u00a0 \u00a0 \u00a0 \u00a0 \u00a0 \u00a0 \u00a0\u2013\u00a0 Rozmery: \u0161xhxv: 110x21x24 cm<\/li>\n<\/ul>\n","protected":false},"excerpt":{"rendered":"<p>Tento sektor bude ur\u010dite neprehliadnute\u013en\u00fd vo Va\u0161ej dom\u00e1cnosti. Sektorov\u00fd syst\u00e9m NEVIO\u00a0 je vhodn\u00fd najm\u00e4 do ob\u00fdvacej izby, ale jednotliv\u00e9 komponenty m\u00f4\u017eete umiestni\u0165 aj do sp\u00e1lne, pr\u00edpadne chodby alebo jed\u00e1lne.\u00a0Modern\u00fd sektorov\u00fd n\u00e1bytok\u00a0 NEVIO\u00a0 pozost\u00e1va z jednotliv\u00fdch dielov n\u00e1bytku tejto modelovej rady, ktor\u00e9 je mo\u017en\u00e9 medzi sebou \u013eubovolne vysklada\u0165 a vytvori\u0165 si zostavu pod\u013ea svojich predst\u00e1v. Dvierka&#8230;<\/p>\n","protected":false},"featured_media":123216,"comment_status":"closed","ping_status":"closed","template":"","meta":{"_seopress_robots_primary_cat":"none","_seopress_titles_title":"","_seopress_titles_desc":"","_seopress_robots_index":""},"product_brand":[],"product_cat":[182,251],"product_tag":[],"class_list":{"0":"post-123245","1":"product","2":"type-product","3":"status-publish","4":"has-post-thumbnail","6":"product_cat-obyvacie-steny","7":"product_cat-steny","8":"pa_typ-produktu-8166","9":"pa_typ-produktu-8167","10":"pa_typ-produktu-8171","11":"pa_typ-produktu-8243","12":"pa_typ-produktu-8244","13":"pa_typ-produktu-8245","14":"pa_typ-produktu-8246","15":"pa_typ-produktu-8247","16":"pa_typ-produktu-8248","17":"pa_typ-produktu-8249","18":"pa_typ-produktu-8250","20":"first","21":"instock","22":"shipping-taxable","23":"purchasable","24":"product-type-simple"},"_links":{"self":[{"href":"https:\/\/nabytoklaguna.sk\/sk\/wp-json\/wp\/v2\/product\/123245","targetHints":{"allow":["GET"]}}],"collection":[{"href":"https:\/\/nabytoklaguna.sk\/sk\/wp-json\/wp\/v2\/product"}],"about":[{"href":"https:\/\/nabytoklaguna.sk\/sk\/wp-json\/wp\/v2\/types\/product"}],"replies":[{"embeddable":true,"href":"https:\/\/nabytoklaguna.sk\/sk\/wp-json\/wp\/v2\/comments?post=123245"}],"wp:featuredmedia":[{"embeddable":true,"href":"https:\/\/nabytoklaguna.sk\/sk\/wp-json\/wp\/v2\/media\/123216"}],"wp:attachment":[{"href":"https:\/\/nabytoklaguna.sk\/sk\/wp-json\/wp\/v2\/media?parent=123245"}],"wp:term":[{"taxonomy":"product_brand","embeddable":true,"href":"https:\/\/nabytoklaguna.sk\/sk\/wp-json\/wp\/v2\/product_brand?post=123245"},{"taxonomy":"product_cat","embeddable":true,"href":"https:\/\/nabytoklaguna.sk\/sk\/wp-json\/wp\/v2\/product_cat?post=123245"},{"taxonomy":"product_tag","embeddable":true,"href":"https:\/\/nabytoklaguna.sk\/sk\/wp-json\/wp\/v2\/product_tag?post=123245"}],"curies":[{"name":"wp","href":"https:\/\/api.w.org\/{rel}","templated":true}]}}