{"id":123279,"date":"2025-05-02T11:04:06","date_gmt":"2025-05-02T09:04:06","guid":{"rendered":"https:\/\/nabytoklaguna.sk\/sk\/?post_type=product&#038;p=123279"},"modified":"2026-03-30T14:02:31","modified_gmt":"2026-03-30T12:02:31","slug":"nerti-obyvacia-stena","status":"publish","type":"product","link":"https:\/\/nabytoklaguna.sk\/sk\/produkt\/nerti-obyvacia-stena\/","title":{"rendered":"NERTI ob\u00fdvacia stena"},"content":{"rendered":"<p>Modern\u00e1 <strong>ob\u00fdvacia stena Nerti<\/strong>\u00a0sa ur\u010dite stane neprehliadnute\u013en\u00fdm k\u00faskom Va\u0161ej ob\u00fdva\u010dky. S\u00fa\u010das\u0165ou ob\u00fdvacej steny je panel, ktor\u00fd je tvoren\u00fd v dne\u0161nej dobe ob\u013e\u00faben\u00fdmi <strong>lamelami.<\/strong> S\u00fa\u010das\u0165ou steny je dlh\u00e1 <strong>3-dverov\u00e1 RTV skrinka a 1-dverov\u00e1 policov\u00e1 vitr\u00edna,<\/strong> ktor\u00e1 je dod\u00e1van\u00e1 s\u00a0<strong>LED osvetlen\u00edm<\/strong>.<\/p>\n<p><strong>Materi\u00e1l<\/strong>: DTD laminovan\u00e1<\/p>\n<p><strong>Farebn\u00e9 prevedenie:<\/strong><\/p>\n<ul>\n<li>dub artisan + perla grey + lamely \u010dierne<\/li>\n<\/ul>\n<p><strong>Rozmery:<\/strong><\/p>\n<ul>\n<li>\u0161\u00edrka \/ h\u013abka \/ v\u00fd\u0161ka (cm): 220\/35\/148<\/li>\n<\/ul>\n","protected":false},"excerpt":{"rendered":"<p>Modern\u00e1 ob\u00fdvacia stena Nerti\u00a0sa ur\u010dite stane neprehliadnute\u013en\u00fdm k\u00faskom Va\u0161ej ob\u00fdva\u010dky. S\u00fa\u010das\u0165ou ob\u00fdvacej steny je panel, ktor\u00fd je tvoren\u00fd v dne\u0161nej dobe ob\u013e\u00faben\u00fdmi lamelami. S\u00fa\u010das\u0165ou steny je dlh\u00e1 3-dverov\u00e1 RTV skrinka a 1-dverov\u00e1 policov\u00e1 vitr\u00edna, ktor\u00e1 je dod\u00e1van\u00e1 s\u00a0LED osvetlen\u00edm. Materi\u00e1l: DTD laminovan\u00e1 Farebn\u00e9 prevedenie: dub artisan + perla grey + lamely \u010dierne Rozmery: \u0161\u00edrka \/&#8230;<\/p>\n","protected":false},"featured_media":127359,"comment_status":"closed","ping_status":"closed","template":"","meta":{"_seopress_robots_primary_cat":"none","_seopress_titles_title":"","_seopress_titles_desc":"","_seopress_robots_index":""},"product_brand":[],"product_cat":[182,251],"product_tag":[],"class_list":{"0":"post-123279","1":"product","2":"type-product","3":"status-publish","4":"has-post-thumbnail","6":"product_cat-obyvacie-steny","7":"product_cat-steny","9":"first","10":"onbackorder","11":"shipping-taxable","12":"purchasable","13":"product-type-simple"},"_links":{"self":[{"href":"https:\/\/nabytoklaguna.sk\/sk\/wp-json\/wp\/v2\/product\/123279","targetHints":{"allow":["GET"]}}],"collection":[{"href":"https:\/\/nabytoklaguna.sk\/sk\/wp-json\/wp\/v2\/product"}],"about":[{"href":"https:\/\/nabytoklaguna.sk\/sk\/wp-json\/wp\/v2\/types\/product"}],"replies":[{"embeddable":true,"href":"https:\/\/nabytoklaguna.sk\/sk\/wp-json\/wp\/v2\/comments?post=123279"}],"wp:featuredmedia":[{"embeddable":true,"href":"https:\/\/nabytoklaguna.sk\/sk\/wp-json\/wp\/v2\/media\/127359"}],"wp:attachment":[{"href":"https:\/\/nabytoklaguna.sk\/sk\/wp-json\/wp\/v2\/media?parent=123279"}],"wp:term":[{"taxonomy":"product_brand","embeddable":true,"href":"https:\/\/nabytoklaguna.sk\/sk\/wp-json\/wp\/v2\/product_brand?post=123279"},{"taxonomy":"product_cat","embeddable":true,"href":"https:\/\/nabytoklaguna.sk\/sk\/wp-json\/wp\/v2\/product_cat?post=123279"},{"taxonomy":"product_tag","embeddable":true,"href":"https:\/\/nabytoklaguna.sk\/sk\/wp-json\/wp\/v2\/product_tag?post=123279"}],"curies":[{"name":"wp","href":"https:\/\/api.w.org\/{rel}","templated":true}]}}