{"id":123293,"date":"2025-05-02T16:16:22","date_gmt":"2025-05-02T14:16:22","guid":{"rendered":"https:\/\/nabytoklaguna.sk\/sk\/?post_type=product&#038;p=123293"},"modified":"2025-06-08T21:29:45","modified_gmt":"2025-06-08T19:29:45","slug":"nerolo-obyvacia-stena","status":"publish","type":"product","link":"https:\/\/nabytoklaguna.sk\/sk\/produkt\/nerolo-obyvacia-stena\/","title":{"rendered":"NEROLO ob\u00fdvacia stena"},"content":{"rendered":"<p>Modern\u00e1\u00a0<strong>ob\u00fdvacia stena Nerolo<\/strong> sa ur\u010dite stane neprehliadnute\u013en\u00fdm k\u00faskom Va\u0161ej ob\u00fdva\u010dky. S\u00fa\u010das\u0165ou ob\u00fdvacej steny je n\u00e1stenn\u00fd panel, ktor\u00fd je tvoren\u00fd v dne\u0161nej dobe ob\u013e\u00faben\u00fdmi <strong>lamelami + n\u00e1stenn\u00e1 polica.<\/strong> S\u00fa\u010das\u0165ou steny je aj <strong>RTV skrinka s 3 v\u00fdklopn\u00fdmi dverami<\/strong>.<\/p>\n<p><strong>Materi\u00e1l<\/strong>: DTD laminovan\u00e1<\/p>\n<p><strong>Farebn\u00e9 prevedenie:<\/strong><\/p>\n<ul>\n<li>dub artisan + ka\u0161m\u00edr + \u010dierna<\/li>\n<\/ul>\n<p><strong>Rozmery:<\/strong><\/p>\n<ul>\n<li>\u0161\u00edrka \/ h\u013abka \/ v\u00fd\u0161ka (cm): 180\/40\/130<\/li>\n<\/ul>\n","protected":false},"excerpt":{"rendered":"<p>Modern\u00e1\u00a0ob\u00fdvacia stena Nerolo sa ur\u010dite stane neprehliadnute\u013en\u00fdm k\u00faskom Va\u0161ej ob\u00fdva\u010dky. S\u00fa\u010das\u0165ou ob\u00fdvacej steny je n\u00e1stenn\u00fd panel, ktor\u00fd je tvoren\u00fd v dne\u0161nej dobe ob\u013e\u00faben\u00fdmi lamelami + n\u00e1stenn\u00e1 polica. S\u00fa\u010das\u0165ou steny je aj RTV skrinka s 3 v\u00fdklopn\u00fdmi dverami. Materi\u00e1l: DTD laminovan\u00e1 Farebn\u00e9 prevedenie: dub artisan + ka\u0161m\u00edr + \u010dierna Rozmery: \u0161\u00edrka \/ h\u013abka \/ v\u00fd\u0161ka (cm):&#8230;<\/p>\n","protected":false},"featured_media":123298,"comment_status":"closed","ping_status":"closed","template":"","meta":{"_seopress_robots_primary_cat":"none","_seopress_titles_title":"","_seopress_titles_desc":"","_seopress_robots_index":""},"product_brand":[],"product_cat":[182,251],"product_tag":[],"class_list":{"0":"post-123293","1":"product","2":"type-product","3":"status-publish","4":"has-post-thumbnail","6":"product_cat-obyvacie-steny","7":"product_cat-steny","9":"first","10":"onbackorder","11":"shipping-taxable","12":"purchasable","13":"product-type-simple"},"_links":{"self":[{"href":"https:\/\/nabytoklaguna.sk\/sk\/wp-json\/wp\/v2\/product\/123293","targetHints":{"allow":["GET"]}}],"collection":[{"href":"https:\/\/nabytoklaguna.sk\/sk\/wp-json\/wp\/v2\/product"}],"about":[{"href":"https:\/\/nabytoklaguna.sk\/sk\/wp-json\/wp\/v2\/types\/product"}],"replies":[{"embeddable":true,"href":"https:\/\/nabytoklaguna.sk\/sk\/wp-json\/wp\/v2\/comments?post=123293"}],"wp:featuredmedia":[{"embeddable":true,"href":"https:\/\/nabytoklaguna.sk\/sk\/wp-json\/wp\/v2\/media\/123298"}],"wp:attachment":[{"href":"https:\/\/nabytoklaguna.sk\/sk\/wp-json\/wp\/v2\/media?parent=123293"}],"wp:term":[{"taxonomy":"product_brand","embeddable":true,"href":"https:\/\/nabytoklaguna.sk\/sk\/wp-json\/wp\/v2\/product_brand?post=123293"},{"taxonomy":"product_cat","embeddable":true,"href":"https:\/\/nabytoklaguna.sk\/sk\/wp-json\/wp\/v2\/product_cat?post=123293"},{"taxonomy":"product_tag","embeddable":true,"href":"https:\/\/nabytoklaguna.sk\/sk\/wp-json\/wp\/v2\/product_tag?post=123293"}],"curies":[{"name":"wp","href":"https:\/\/api.w.org\/{rel}","templated":true}]}}