{"id":123501,"date":"2025-05-29T13:45:33","date_gmt":"2025-05-29T11:45:33","guid":{"rendered":"https:\/\/nabytoklaguna.sk\/sk\/?post_type=product&#038;p=123501"},"modified":"2025-06-02T11:50:29","modified_gmt":"2025-06-02T09:50:29","slug":"neran-obyvacia-stena","status":"publish","type":"product","link":"https:\/\/nabytoklaguna.sk\/sk\/produkt\/neran-obyvacia-stena\/","title":{"rendered":"NERAN ob\u00fdvacia stena"},"content":{"rendered":"<p>Ob\u00fdvacia stena <strong>NERAN<\/strong> v modernom dizajne ur\u010den\u00e1 na zavesenie na stenu, \u010d\u00edm optick\u00fd od\u013eah\u010d\u00ed priestor a p\u00f4sob\u00ed minimalisticky napriek mno\u017estvu \u00falo\u017en\u00e9ho priestoru.<\/p>\n<p><strong>TV skrinka<\/strong> obsahuje <strong>tri v\u00fdklopn\u00e9 \u010dasti<\/strong>. V\u00fdklopy sa otv\u00e1raj\u00fa mechanizmom <strong>push-click<\/strong> s plynov\u00fdmi piestami.<\/p>\n<p><strong>Z\u00e1vesn\u00e1 dvierkov\u00e1 skrinka<\/strong> obsahuje dve police, ktor\u00e9 ju rozde\u013euj\u00fa na 3 priestory. <strong>Korpus<\/strong> v preveden\u00ed dub grafit s <strong>otvoren\u00fdmi policami<\/strong> v kontraste s ka\u0161m\u00edrovn\u00fdm preveden\u00edm skriniek p\u00f4sob\u00ed elegantne a z\u00e1rove\u0148 moderne.<\/p>\n<p>Farba: korpus &#8211; ka\u0161m\u00edr \/ dub grafit, predn\u00e1 \u010das\u0165 &#8211; ka\u0161m\u00edr<\/p>\n<p>Celkov\u00e9 rozmery (\u0160\/V\/H): 210cm \/ ~140cm \/ 35cm<\/p>\n<p>Dod\u00e1van\u00e9 v demonte<\/p>\n","protected":false},"excerpt":{"rendered":"<p>Ob\u00fdvacia stena NERAN v modernom dizajne ur\u010den\u00e1 na zavesenie na stenu, \u010d\u00edm optick\u00fd od\u013eah\u010d\u00ed priestor a p\u00f4sob\u00ed minimalisticky napriek mno\u017estvu \u00falo\u017en\u00e9ho priestoru. TV skrinka obsahuje tri v\u00fdklopn\u00e9 \u010dasti. V\u00fdklopy sa otv\u00e1raj\u00fa mechanizmom push-click s plynov\u00fdmi piestami. Z\u00e1vesn\u00e1 dvierkov\u00e1 skrinka obsahuje dve police, ktor\u00e9 ju rozde\u013euj\u00fa na 3 priestory. Korpus v preveden\u00ed dub grafit s otvoren\u00fdmi&#8230;<\/p>\n","protected":false},"featured_media":123504,"comment_status":"closed","ping_status":"closed","template":"","meta":{"_seopress_robots_primary_cat":"none","_seopress_titles_title":"","_seopress_titles_desc":"","_seopress_robots_index":""},"product_brand":[],"product_cat":[182,251],"product_tag":[],"class_list":{"0":"post-123501","1":"product","2":"type-product","3":"status-publish","4":"has-post-thumbnail","6":"product_cat-obyvacie-steny","7":"product_cat-steny","9":"first","10":"instock","11":"shipping-taxable","12":"purchasable","13":"product-type-simple"},"_links":{"self":[{"href":"https:\/\/nabytoklaguna.sk\/sk\/wp-json\/wp\/v2\/product\/123501","targetHints":{"allow":["GET"]}}],"collection":[{"href":"https:\/\/nabytoklaguna.sk\/sk\/wp-json\/wp\/v2\/product"}],"about":[{"href":"https:\/\/nabytoklaguna.sk\/sk\/wp-json\/wp\/v2\/types\/product"}],"replies":[{"embeddable":true,"href":"https:\/\/nabytoklaguna.sk\/sk\/wp-json\/wp\/v2\/comments?post=123501"}],"wp:featuredmedia":[{"embeddable":true,"href":"https:\/\/nabytoklaguna.sk\/sk\/wp-json\/wp\/v2\/media\/123504"}],"wp:attachment":[{"href":"https:\/\/nabytoklaguna.sk\/sk\/wp-json\/wp\/v2\/media?parent=123501"}],"wp:term":[{"taxonomy":"product_brand","embeddable":true,"href":"https:\/\/nabytoklaguna.sk\/sk\/wp-json\/wp\/v2\/product_brand?post=123501"},{"taxonomy":"product_cat","embeddable":true,"href":"https:\/\/nabytoklaguna.sk\/sk\/wp-json\/wp\/v2\/product_cat?post=123501"},{"taxonomy":"product_tag","embeddable":true,"href":"https:\/\/nabytoklaguna.sk\/sk\/wp-json\/wp\/v2\/product_tag?post=123501"}],"curies":[{"name":"wp","href":"https:\/\/api.w.org\/{rel}","templated":true}]}}