{"id":123969,"date":"2025-06-12T16:32:04","date_gmt":"2025-06-12T14:32:04","guid":{"rendered":"https:\/\/nabytoklaguna.sk\/sk\/?post_type=product&#038;p=123969"},"modified":"2026-02-23T11:56:59","modified_gmt":"2026-02-23T10:56:59","slug":"magnat-kozena-sedacia-suprava","status":"publish","type":"product","link":"https:\/\/nabytoklaguna.sk\/sk\/produkt\/magnat-kozena-sedacia-suprava\/","title":{"rendered":"MAGNAT KO\u017dEN\u00c1 SEDACIA S\u00daPRAVA"},"content":{"rendered":"<p><strong>Luxusn\u00e1 ko\u017een\u00e1<\/strong> sedacia s\u00faprava <strong>MAGNAT <\/strong>\u00a0u\u017e na prv\u00fd poh\u013ead p\u00f4sob\u00ed ve\u013emi <strong>elegantne<\/strong>. Ur\u010dite sa stane ob\u013e\u00fabenou medzi milovn\u00edkmi klasick\u00e9ho \u0161t\u00fdlu. \u010cal\u00fanen\u00e1 je kvalitnou\u00a0<strong>talianskou hov\u00e4dzou ko\u017eou.<\/strong>\u00a0Sedenie tvoria pru\u017einy BONELL, ktor\u00e9 zaru\u010duj\u00fa dlhodobo\u00a0<strong>pru\u017en\u00e9 sedenie<\/strong><strong>.<\/strong> Drevo vyu\u017e\u00edvan\u00e9 na v\u00fdrobu n\u00e1bytku je pevn\u00fd a vysoko kvalitn\u00fd dub. Zobrazen\u00e1 zostava pozost\u00e1va z 3-sedu bez funkcie rozkladu, 2- sedu a kresla. Mo\u017enos\u0165 objednania 3- sedu s rozkladom za pr\u00edplatok. Tieto zostavy maj\u00fa navy\u0161e nesporn\u00fa v\u00fdhodu v tom, \u017ee umiestnenie jednotliv\u00fdch kusov v ob\u00fdva\u010dke mo\u017eno <strong>\u013eubovo\u013ene meni\u0165<\/strong>, a tak razom zmen\u00edte aj\u00a0<strong>charakter miestnosti<\/strong>.<\/p>\n<p><strong>Kreslo<\/strong> je s relaxa\u010dnou funkciou s manu\u00e1lnym ovl\u00e1dan\u00edm, m\u00e1 mo\u017enos\u0165 ot\u00e1\u010dania a kol\u00edsania. MAGNAT je sedacia s\u00faprava vyroben\u00e1 pre klienta, ktor\u00fd h\u013ead\u00e1 vysok\u00fa opierku a ve\u013ekorys\u00fd priestor pre oddych. V\u00fd\u0161ka operadla (a\u017e 107 cm) zabezpe\u010d\u00ed pohodln\u00e9 sedenie n\u00edzkym, ale aj vysok\u00fdm u\u017e\u00edvate\u013eom.<\/p>\n<p><strong>Rozmer trojsedu:\u00a0<\/strong><\/p>\n<p><strong>\u0160\u00edrka: <\/strong>203\u00a0cm<\/p>\n<p><strong>V\u00fd\u0161ka:\u00a0<\/strong>107 cm<\/p>\n<p><strong>H\u013abka:<\/strong> 100 cm<\/p>\n<p><strong>Spacia plocha:\u00a0<\/strong>140\u00d7190 cm<\/p>\n<p><strong>Rozmer dvojsedu:\u00a0<\/strong><\/p>\n<p><strong>\u0160\u00edrka: <\/strong>145 cm<\/p>\n<p><strong>V\u00fd\u0161ka:\u00a0<\/strong>107 cm<\/p>\n<p><strong>H\u013abka:<\/strong> 100 cm<\/p>\n<p><strong>Rozmer kresla:<\/strong><\/p>\n<p><strong>\u0160\u00edrka:<\/strong> 85\u00a0cm<\/p>\n<p><strong>V\u00fd\u0161ka: <\/strong>107 cm<\/p>\n<p><strong>H\u013abka: <\/strong>100\u00a0cm<\/p>\n","protected":false},"excerpt":{"rendered":"<p>Luxusn\u00e1 ko\u017een\u00e1 sedacia s\u00faprava MAGNAT \u00a0u\u017e na prv\u00fd poh\u013ead p\u00f4sob\u00ed ve\u013emi elegantne. Ur\u010dite sa stane ob\u013e\u00fabenou medzi milovn\u00edkmi klasick\u00e9ho \u0161t\u00fdlu. \u010cal\u00fanen\u00e1 je kvalitnou\u00a0talianskou hov\u00e4dzou ko\u017eou.\u00a0Sedenie tvoria pru\u017einy BONELL, ktor\u00e9 zaru\u010duj\u00fa dlhodobo\u00a0pru\u017en\u00e9 sedenie. Drevo vyu\u017e\u00edvan\u00e9 na v\u00fdrobu n\u00e1bytku je pevn\u00fd a vysoko kvalitn\u00fd dub. Zobrazen\u00e1 zostava pozost\u00e1va z 3-sedu bez funkcie rozkladu, 2- sedu a kresla&#8230;.<\/p>\n","protected":false},"featured_media":126123,"comment_status":"closed","ping_status":"closed","template":"","meta":{"_seopress_robots_primary_cat":"none","_seopress_titles_title":"","_seopress_titles_desc":"","_seopress_robots_index":""},"product_brand":[],"product_cat":[140,214],"product_tag":[],"class_list":{"0":"post-123969","1":"product","2":"type-product","3":"status-publish","4":"has-post-thumbnail","6":"product_cat-sedacie-supravy","7":"product_cat-kozene-sedacie-supravy","8":"pa_typ-produktu-3n1","9":"pa_typ-produktu-3r1kreslo","10":"pa_typ-produktu-2-sed","11":"pa_typ-produktu-3-sed-bez-rozkladu","12":"pa_typ-produktu-3-sed-s-rozkladom","13":"pa_typ-produktu-kreslo-bez-funkcie","14":"pa_typ-produktu-kreslo-s-funkciou-relax","16":"first","17":"instock","18":"shipping-taxable","19":"purchasable","20":"product-type-variable"},"_links":{"self":[{"href":"https:\/\/nabytoklaguna.sk\/sk\/wp-json\/wp\/v2\/product\/123969","targetHints":{"allow":["GET"]}}],"collection":[{"href":"https:\/\/nabytoklaguna.sk\/sk\/wp-json\/wp\/v2\/product"}],"about":[{"href":"https:\/\/nabytoklaguna.sk\/sk\/wp-json\/wp\/v2\/types\/product"}],"replies":[{"embeddable":true,"href":"https:\/\/nabytoklaguna.sk\/sk\/wp-json\/wp\/v2\/comments?post=123969"}],"wp:featuredmedia":[{"embeddable":true,"href":"https:\/\/nabytoklaguna.sk\/sk\/wp-json\/wp\/v2\/media\/126123"}],"wp:attachment":[{"href":"https:\/\/nabytoklaguna.sk\/sk\/wp-json\/wp\/v2\/media?parent=123969"}],"wp:term":[{"taxonomy":"product_brand","embeddable":true,"href":"https:\/\/nabytoklaguna.sk\/sk\/wp-json\/wp\/v2\/product_brand?post=123969"},{"taxonomy":"product_cat","embeddable":true,"href":"https:\/\/nabytoklaguna.sk\/sk\/wp-json\/wp\/v2\/product_cat?post=123969"},{"taxonomy":"product_tag","embeddable":true,"href":"https:\/\/nabytoklaguna.sk\/sk\/wp-json\/wp\/v2\/product_tag?post=123969"}],"curies":[{"name":"wp","href":"https:\/\/api.w.org\/{rel}","templated":true}]}}