{"id":124071,"date":"2025-06-17T13:41:48","date_gmt":"2025-06-17T11:41:48","guid":{"rendered":"https:\/\/nabytoklaguna.sk\/sk\/?post_type=product&#038;p=124071"},"modified":"2026-02-23T12:27:02","modified_gmt":"2026-02-23T11:27:02","slug":"sara3-2-1kozena-sedacia-suprava","status":"publish","type":"product","link":"https:\/\/nabytoklaguna.sk\/sk\/produkt\/sara3-2-1kozena-sedacia-suprava\/","title":{"rendered":"SARA 3+2+1 ko\u017een\u00e1 sedacia s\u00faprava"},"content":{"rendered":"<p><strong>Ko\u017een\u00e1 sedacia s\u00faprava<\/strong> <strong>SARA 3+2+1<\/strong> je v\u010faka svojmu <strong>nad\u00fdchan\u00e9mu tvaru<\/strong> jedn\u00fdm z najpohodlnej\u0161\u00edch kusov n\u00e1bytku do ob\u00fdva\u010dky, ktor\u00fd sa hod\u00ed do modern\u00e9ho aj klasick\u00e9ho \u0161t\u00fdlu. Je vhodn\u00e1 najm\u00e4 do stredne ve\u013ek\u00fdch interi\u00e9rov. Sedacia s\u00faprava <strong>SARA<\/strong> sa stane <strong>dominantn\u00fdm k\u00faskom<\/strong> n\u00e1bytku vo Va\u0161ej dom\u00e1cnosti. \u010cal\u00fanen\u00e1 je kvalitnou <strong>hov\u00e4dzou talianskou ko\u017eou<\/strong>. O pohodln\u00e9 a <strong>komfortn\u00e9 sedenie<\/strong> sa postar\u00e1<strong> HR pena <\/strong>v kombin\u00e1cii <strong>s pru\u017einou Faliste<\/strong>. Mo\u017enos\u0165 vyrobi\u0165 nohy za pr\u00edplatok z vysokokvalitn\u00e9ho dubu. Mo\u017enos\u0165 objednania 3- sedu s rozkladom za pr\u00edplatok. Tieto zostavy maj\u00fa navy\u0161e nesporn\u00fa v\u00fdhodu v tom, \u017ee umiestnenie jednotliv\u00fdch kusov v ob\u00fdva\u010dke mo\u017eno \u013eubovo\u013ene meni\u0165, a tak razom zmen\u00edte aj charakter miestnosti.<\/p>\n<p>Zobrazen\u00e1 zostava pozost\u00e1va z <strong>3-sedu bez rozkladu + 2-sedu bez rozkladu bez \u00falo\u017en\u00e9ho priestoru+kreslo<\/strong><\/p>\n<p><strong>Rozmery:<\/strong> (\u0160xHxVxVsedu)<\/p>\n<ul>\n<li>3-sed &#8211; 205 x 88 x 85 x 46 cm<\/li>\n<li>2-sed &#8211; 149 x 88 x 85 x 46 cm<\/li>\n<li>kreslo &#8211; 100 x 88 x 85 x 46 cm<\/li>\n<\/ul>\n<p>Farebn\u00e9 prevedenie dreva a ko\u017ee sa na z\u00e1klade nastavenia jasu na Va\u0161ej obrazovke m\u00f4\u017ee l\u00ed\u0161i\u0165<\/p>\n","protected":false},"excerpt":{"rendered":"<p>Ko\u017een\u00e1 sedacia s\u00faprava SARA 3+2+1 je v\u010faka svojmu nad\u00fdchan\u00e9mu tvaru jedn\u00fdm z najpohodlnej\u0161\u00edch kusov n\u00e1bytku do ob\u00fdva\u010dky, ktor\u00fd sa hod\u00ed do modern\u00e9ho aj klasick\u00e9ho \u0161t\u00fdlu. Je vhodn\u00e1 najm\u00e4 do stredne ve\u013ek\u00fdch interi\u00e9rov. Sedacia s\u00faprava SARA sa stane dominantn\u00fdm k\u00faskom n\u00e1bytku vo Va\u0161ej dom\u00e1cnosti. \u010cal\u00fanen\u00e1 je kvalitnou hov\u00e4dzou talianskou ko\u017eou. O pohodln\u00e9 a komfortn\u00e9 sedenie sa&#8230;<\/p>\n","protected":false},"featured_media":105440,"comment_status":"closed","ping_status":"closed","template":"","meta":{"_seopress_robots_primary_cat":"none","_seopress_titles_title":"","_seopress_titles_desc":"","_seopress_robots_index":""},"product_brand":[],"product_cat":[140,214],"product_tag":[],"class_list":{"0":"post-124071","1":"product","2":"type-product","3":"status-publish","4":"has-post-thumbnail","6":"product_cat-sedacie-supravy","7":"product_cat-kozene-sedacie-supravy","8":"pa_typ-produktu-7371","10":"first","11":"instock","12":"sale","13":"shipping-taxable","14":"purchasable","15":"product-type-variable"},"_links":{"self":[{"href":"https:\/\/nabytoklaguna.sk\/sk\/wp-json\/wp\/v2\/product\/124071","targetHints":{"allow":["GET"]}}],"collection":[{"href":"https:\/\/nabytoklaguna.sk\/sk\/wp-json\/wp\/v2\/product"}],"about":[{"href":"https:\/\/nabytoklaguna.sk\/sk\/wp-json\/wp\/v2\/types\/product"}],"replies":[{"embeddable":true,"href":"https:\/\/nabytoklaguna.sk\/sk\/wp-json\/wp\/v2\/comments?post=124071"}],"wp:featuredmedia":[{"embeddable":true,"href":"https:\/\/nabytoklaguna.sk\/sk\/wp-json\/wp\/v2\/media\/105440"}],"wp:attachment":[{"href":"https:\/\/nabytoklaguna.sk\/sk\/wp-json\/wp\/v2\/media?parent=124071"}],"wp:term":[{"taxonomy":"product_brand","embeddable":true,"href":"https:\/\/nabytoklaguna.sk\/sk\/wp-json\/wp\/v2\/product_brand?post=124071"},{"taxonomy":"product_cat","embeddable":true,"href":"https:\/\/nabytoklaguna.sk\/sk\/wp-json\/wp\/v2\/product_cat?post=124071"},{"taxonomy":"product_tag","embeddable":true,"href":"https:\/\/nabytoklaguna.sk\/sk\/wp-json\/wp\/v2\/product_tag?post=124071"}],"curies":[{"name":"wp","href":"https:\/\/api.w.org\/{rel}","templated":true}]}}