{"id":126074,"date":"2026-02-19T11:09:29","date_gmt":"2026-02-19T10:09:29","guid":{"rendered":"https:\/\/nabytoklaguna.sk\/sk\/?post_type=product&#038;p=126074"},"modified":"2026-02-19T11:38:36","modified_gmt":"2026-02-19T10:38:36","slug":"karmen-kuchynska-linka-260","status":"publish","type":"product","link":"https:\/\/nabytoklaguna.sk\/sk\/produkt\/karmen-kuchynska-linka-260\/","title":{"rendered":"Karmen kuchynsk\u00e1 linka 260 KR\u00c9MOV\u00c1 leskl\u00e1"},"content":{"rendered":"<p><strong>Luxusn\u00e1 kuchynsk\u00e1 zostava<\/strong> <b>KARMEN<\/b> dod\u00e1 ka\u017edej kuchyni \u017eiariv\u00fd lesk. Jej dizajn sa hod\u00ed do r\u00f4zne farebn\u00fdch a materi\u00e1lov\u00fdch miestnost\u00ed, kde dostato\u010dne vynikne a nebude p\u00f4sobi\u0165 ru\u0161ivo. V skrink\u00e1ch je\u00a0 dostato\u010dn\u00fd\u00a0 <b>\u00falo\u017en\u00fd priestor<\/b>, ktor\u00fd zabezpe\u010d\u00ed, aby ste mali v\u0161etko v\u017edy poruke, na spr\u00e1vnom mieste, pripraven\u00e9 na pou\u017eitie, \u010do je v ka\u017edej kuchyni to najd\u00f4le\u017eitej\u0161ie. Skrinky si m\u00f4\u017eete posklada\u0165 v\u00a0<b>\u013eubovo\u013enom porad\u00ed<\/b> pod\u013ea va\u0161ich predst\u00e1v.\u00a0\u0160\u00edrka\u00a0hornej a spodnej zostavy je\u00a0<b>2,6 m.<\/b> Doln\u00e9 skrinky z\u00e1kladnej zostavy s\u00fa dod\u00e1van\u00e9 bez pracovnej dosky, ktor\u00fa je mo\u017en\u00e9 objedna\u0165. M\u00e1 syst\u00e9m <b>tich\u00e9ho zatv\u00e1rania<\/b> a <b>kovov\u00e9 \u00fachytky <\/b>vo farbe<b> le\u0161ten\u00fd chr\u00f3m<\/b>. Kuchynsk\u00e1 linka je<strong>\u00a0sektorov\u00e1,<\/strong>\u00a0je teda mo\u017en\u00e9 si vybra\u0165 z ve\u013ek\u00e9ho\u00a0<strong>mno\u017estva skriniek\u00a0<\/strong>a vysklada\u0165 kuchy\u0148u\u00a0pod\u013ea Va\u0161ich predst\u00e1v<strong> s po\u017eadovan\u00fdm rozmerom. <\/strong>Uvarte si r\u00e1no k\u00e1vu pri takejto linke, hne\u010f z\u00edskate pocit, \u017ee v\u00e1s \u010dak\u00e1 skvel\u00fd de\u0148.<\/p>\n<p><strong>Skrinky v cene zostavy:<\/strong><\/p>\n<p>1 x 80 cm doln\u00e1 dvojdvierkov\u00e1 drezov\u00e1<\/p>\n<p>1 x 60 cm doln\u00e1 jednodvierkov\u00e1<\/p>\n<p>1 x 40 cm doln\u00e1 z\u00e1suvkov\u00e1<\/p>\n<p>1 x 80 cm doln\u00e1 dvojdvierkov\u00e1<\/p>\n<p>1 x 80 cm horn\u00e1 dvojdvierkov\u00e1 v\u00fdklopn\u00e1<\/p>\n<p>1 x 60 cm horn\u00e1 dvojdvierkov\u00e1 v\u00fdklopn\u00e1<\/p>\n<p>1 x 40 cm horn\u00e1 jednodvierkov\u00e1<\/p>\n<p>1 x 80 cm horn\u00e1 dvojdvierkov\u00e1 v\u00fdklopn\u00e1<\/p>\n<p><strong>Parametre v\u00fdrobku<\/strong><\/p>\n<table style=\"width: 98.5068%;\" border=\"0\" cellspacing=\"5\" cellpadding=\"1\">\n<tbody>\n<tr>\n<td style=\"width: 49.7858%;\"><strong>Typ v\u00fdrobku<\/strong><\/td>\n<td style=\"width: 86.5388%;\">sektorov\u00e1 kuchynsk\u00e1 linka<\/td>\n<\/tr>\n<tr>\n<td style=\"width: 49.7858%;\"><strong>Rozmer zostavy<br \/>\n<\/strong><\/td>\n<td style=\"width: 86.5388%;\">260 cm<\/td>\n<\/tr>\n<tr>\n<td style=\"width: 49.7858%;\"><strong>\u0160\u00edrky horn\u00fdch skriniek v zostave:\u00a0 \u00a0 \u00a0<\/strong><\/td>\n<td style=\"width: 86.5388%;\">80 + 60 + 40 + 80 cm<\/td>\n<\/tr>\n<tr>\n<td style=\"width: 49.7858%;\"><strong>\u0160\u00edrky spodn\u00fdch skriniek v zostave:\u00a0<\/strong><\/td>\n<td style=\"width: 86.5388%;\">80 + 60 + 40 + 80 cm<\/td>\n<\/tr>\n<tr>\n<td style=\"width: 49.7858%;\"><strong>V\u00fd\u0161ka horn\u00fdch skriniek:<\/strong><\/td>\n<td style=\"width: 86.5388%;\">71,5 cm<\/td>\n<\/tr>\n<tr>\n<td style=\"width: 49.7858%;\"><strong>V\u00fd\u0161ka spodn\u00fdch skriniek (bez dosky):<\/strong><\/td>\n<td style=\"width: 86.5388%;\">82 cm<\/td>\n<\/tr>\n<tr>\n<td style=\"width: 49.7858%;\"><strong>H\u013abka horn\u00fdch skriniek\u00a0 (bez dvierok):\u00a0 \u00a0 \u00a0 \u00a0<\/strong><\/td>\n<td style=\"width: 86.5388%;\">29 cm<\/td>\n<\/tr>\n<tr>\n<td style=\"width: 49.7858%;\"><strong>H\u013abka spodn\u00fdch skriniek (bez dvierok):<\/strong><\/td>\n<td style=\"width: 86.5388%;\">50 cm<\/td>\n<\/tr>\n<tr>\n<td style=\"width: 49.7858%;\"><strong>Pracovn\u00e1 doska:<\/strong><\/td>\n<td style=\"width: 86.5388%;\">bez pracovnej dosky<\/td>\n<\/tr>\n<tr>\n<td style=\"width: 49.7858%;\"><strong>Farebn\u00e9 prevedenie\u00a0<\/strong><\/td>\n<td style=\"width: 86.5388%;\">korpus siv\u00e1, predn\u00e9 plochy kr\u00e9mov\u00e1 leskl\u00e1<\/td>\n<\/tr>\n<tr>\n<td style=\"width: 49.7858%;\"><strong>Materi\u00e1l<\/strong><\/td>\n<td style=\"width: 86.5388%;\">DTD laminovan\u00e1 16 mm<\/td>\n<\/tr>\n<tr>\n<td style=\"width: 49.7858%;\"><strong>Balenie<\/strong><\/td>\n<td style=\"width: 86.5388%;\">demont<\/td>\n<\/tr>\n<tr>\n<td style=\"width: 49.7858%;\"><strong>Z\u00e1ruka<\/strong><\/td>\n<td style=\"width: 86.5388%;\">2 roky<\/td>\n<\/tr>\n<\/tbody>\n<\/table>\n","protected":false},"excerpt":{"rendered":"<p><img decoding=\"async\" src=\"https:\/\/nabytoklaguna.sk\/sk\/wp-content\/uploads\/2017\/02\/N%C3%A1vrh-2.png\" \/><\/p>\n<p><span style=\"color: #ff0000;\"><strong><span style=\"color: #000000;\">\u00a0N\u00e1vrh a cenov\u00e1 ponuka<\/span> GR\u00c1TIS<\/strong><\/span><\/p>\n","protected":false},"featured_media":126077,"comment_status":"closed","ping_status":"closed","template":"","meta":{"_seopress_robots_primary_cat":"none","_seopress_titles_title":"","_seopress_titles_desc":"","_seopress_robots_index":""},"product_brand":[],"product_cat":[177,248,412],"product_tag":[],"class_list":{"0":"post-126074","1":"product","2":"type-product","3":"status-publish","4":"has-post-thumbnail","6":"product_cat-kuchyne-top","7":"product_cat-kuchyne-sektor","8":"product_cat-kuchyne-na-mieru","10":"first","11":"onbackorder","12":"shipping-taxable","13":"purchasable","14":"product-type-simple"},"_links":{"self":[{"href":"https:\/\/nabytoklaguna.sk\/sk\/wp-json\/wp\/v2\/product\/126074","targetHints":{"allow":["GET"]}}],"collection":[{"href":"https:\/\/nabytoklaguna.sk\/sk\/wp-json\/wp\/v2\/product"}],"about":[{"href":"https:\/\/nabytoklaguna.sk\/sk\/wp-json\/wp\/v2\/types\/product"}],"replies":[{"embeddable":true,"href":"https:\/\/nabytoklaguna.sk\/sk\/wp-json\/wp\/v2\/comments?post=126074"}],"wp:featuredmedia":[{"embeddable":true,"href":"https:\/\/nabytoklaguna.sk\/sk\/wp-json\/wp\/v2\/media\/126077"}],"wp:attachment":[{"href":"https:\/\/nabytoklaguna.sk\/sk\/wp-json\/wp\/v2\/media?parent=126074"}],"wp:term":[{"taxonomy":"product_brand","embeddable":true,"href":"https:\/\/nabytoklaguna.sk\/sk\/wp-json\/wp\/v2\/product_brand?post=126074"},{"taxonomy":"product_cat","embeddable":true,"href":"https:\/\/nabytoklaguna.sk\/sk\/wp-json\/wp\/v2\/product_cat?post=126074"},{"taxonomy":"product_tag","embeddable":true,"href":"https:\/\/nabytoklaguna.sk\/sk\/wp-json\/wp\/v2\/product_tag?post=126074"}],"curies":[{"name":"wp","href":"https:\/\/api.w.org\/{rel}","templated":true}]}}