{"id":126256,"date":"2026-02-25T13:15:02","date_gmt":"2026-02-25T12:15:02","guid":{"rendered":"https:\/\/nabytoklaguna.sk\/sk\/?post_type=product&#038;p=126256"},"modified":"2026-02-26T11:23:44","modified_gmt":"2026-02-26T10:23:44","slug":"stilo-kuchynska-linka-260-grafit-mat-artisan","status":"publish","type":"product","link":"https:\/\/nabytoklaguna.sk\/sk\/produkt\/stilo-kuchynska-linka-260-grafit-mat-artisan\/","title":{"rendered":"STILO kuchynsk\u00e1 linka 260    grafit mat \/ dub artisan"},"content":{"rendered":"<p>Kuchy\u0148a\u00a0<strong>STILO 260\u00a0<\/strong>\u00a0sa vyzna\u010duje\u00a0\u00a0<strong>m\u00f3dnymi farbami, fr\u00e9zovan\u00fdmi predn\u00fdmi<\/strong>\u00a0<strong>\u010das\u0165ami<\/strong>\u00a0a kr\u00e1snymi \u00fachytmi. Kr\u00e1sne fr\u00e9zovanie a\u00a0<strong>atrakt\u00edvne, p\u00fatav\u00e9 \u00fachyty<\/strong>\u00a0dodaj\u00fa kuchyni eleganciu a \u00fa\u017easn\u00fd vzh\u013ead. Kuchynsk\u00fd n\u00e1bytok STILO je vyroben\u00fd\u00a0<strong>z odolnej a pevnej<\/strong>\u00a0n\u00e1bytkovej dosky. Odolnos\u0165 proti po\u0161kodeniu, vy\u0161\u0161ej teplote a vlhkosti rob\u00ed z laminovanej dosky ide\u00e1lnu dosku do kuchynsk\u00fdch miestnost\u00ed.\u00a0\u00a0\u0160t\u00fdlov\u00e1 svojim farebn\u00fdm preveden\u00edm, praktick\u00e1 a funk\u010dn\u00e1 pre mno\u017estvo v\u00fdberu z r\u00f4znych horn\u00fdch a doln\u00fdch skriniek.<strong> STILO\u00a0 260<\/strong>\u00a0je vyroben\u00e1 z\u00a0<b>kvalitnej laminovanej drevotriesky DTD,<\/b> ktor\u00e1 je odoln\u00e1 vo\u010di mechanick\u00e9mu po\u0161kodeniu. Vynik\u00e1 dlhou \u017eivotnos\u0165ou, a to predsa tak\u00e1 akt\u00edvna miestnos\u0165, akou je pr\u00e1ve kuchy\u0148a, naozaj potrebuje.\u00a0 <strong>Sektorov\u00e1<\/strong> kuchynsk\u00e1 linka<strong> STILO\u00a0260\u00a0<\/strong> v atrakt\u00edvnom <strong>grafitovom matnom a dub artisan\u00a0<\/strong> preveden\u00ed<strong>\u00a0 j<\/strong>e minimalistick\u00e1 a modern\u00e1, z\u00e1rove\u0148 je v\u0161ak elegantn\u00e1 a nad\u010dasov\u00e1.\u00a0 <strong>Pracovn\u00e1 doska nie je v cene<\/strong> v kuchynskej linky.\u00a0 Pracovn\u00fa dosku je mo\u017en\u00e9 doobjedna\u0165 v <strong>dekore dub artisan <\/strong>ladiacom ku korpusu kuchynskej linky Stilo. Celkov\u00fd modern\u00fd dizajn umoc\u0148uj\u00fa\u00a0 <b>kovov\u00e9 \u00fachytky v \u010diernej farbe<\/b>, ktor\u00e9 s\u00fa v cene kuchynskej linky. Kuchynsk\u00e1 linka je<strong>\u00a0sektorov\u00e1,\u00a0<\/strong>je teda mo\u017en\u00e9 si vybra\u0165 z ve\u013ek\u00e9ho\u00a0mno\u017estva skriniek a<strong>\u00a0vysklada\u0165\u00a0<\/strong>kuchy\u0148u\u00a0pod\u013ea Va\u0161ich predst\u00e1v\u00a0<strong>s po\u017eadovan\u00fdm rozmerom.\u00a0<\/strong><strong>\u00a0<\/strong><\/p>\n<p>Skrinky v cene zostavy:<\/p>\n<p>1 x 80 cm doln\u00e1 dvojdvierkov\u00e1 drezov\u00e1<\/p>\n<p>1 x 80 cm doln\u00e1 dvojdvierkov\u00e1<\/p>\n<p>1 x 60 cm doln\u00e1 \u0161upl\u00edkov\u00e1<\/p>\n<p>1 x 40 cm doln\u00e1 jednodvierkov\u00e1<\/p>\n<p>2 x 80 cm horn\u00e1 dvojdvierkov\u00e1<\/p>\n<p>1 x 60 cm horn\u00e1 jednodvierkov\u00e1<\/p>\n<p>1 x 40 cm horn\u00e1 jednodvierkov\u00e1 presklen\u00e1<\/p>\n<p><strong>Parametre v\u00fdrobku<\/strong><\/p>\n<table style=\"width: 99.8784%; height: 663px;\" border=\"0\" cellspacing=\"5\" cellpadding=\"1\">\n<tbody>\n<tr style=\"height: 52px;\">\n<td style=\"width: 52.3323%; height: 52px;\"><strong>Typ v\u00fdrobku<\/strong><\/td>\n<td style=\"width: 88.0339%; height: 52px;\">sektorov\u00e1 kuchynsk\u00e1 linka<\/td>\n<\/tr>\n<tr style=\"height: 52px;\">\n<td style=\"width: 52.3323%; height: 52px;\"><strong>Rozmer zostavy<br \/>\n<\/strong><\/td>\n<td style=\"width: 88.0339%; height: 52px;\">260 cm<\/td>\n<\/tr>\n<tr style=\"height: 52px;\">\n<td style=\"width: 52.3323%; height: 52px;\"><strong>\u0160\u00edrky horn\u00fdch skriniek v zostave:\u00a0<\/strong><\/td>\n<td style=\"width: 88.0339%; height: 52px;\">80 + 80 + 60 +40 cm<\/td>\n<\/tr>\n<tr style=\"height: 52px;\">\n<td style=\"width: 52.3323%; height: 52px;\"><strong>\u0160\u00edrky spodn\u00fdch skriniek v zostave:\u00a0<\/strong><\/td>\n<td style=\"width: 88.0339%; height: 52px;\">80 + 80 + 60 +40 cm<\/td>\n<\/tr>\n<tr style=\"height: 52px;\">\n<td style=\"width: 52.3323%; height: 52px;\"><strong>V\u00fd\u0161ka horn\u00fdch skriniek:<\/strong><\/td>\n<td style=\"width: 88.0339%; height: 52px;\">72 cm<\/td>\n<\/tr>\n<tr style=\"height: 52px;\">\n<td style=\"width: 52.3323%; height: 52px;\"><strong>V\u00fd\u0161ka spodn\u00fdch skriniek (bez dosky):<\/strong><\/td>\n<td style=\"width: 88.0339%; height: 52px;\">82 cm<\/td>\n<\/tr>\n<tr style=\"height: 52px;\">\n<td style=\"width: 52.3323%; height: 52px;\"><strong>H\u013abka horn\u00fdch skriniek (bez dvierok):<\/strong><\/td>\n<td style=\"width: 88.0339%; height: 52px;\">29 cm<\/td>\n<\/tr>\n<tr style=\"height: 52px;\">\n<td style=\"width: 52.3323%; height: 52px;\"><strong>H\u013abka spodn\u00fdch skriniek (bez dvierok):<\/strong><\/td>\n<td style=\"width: 88.0339%; height: 52px;\">50 cm<\/td>\n<\/tr>\n<tr style=\"height: 52px;\">\n<td style=\"width: 52.3323%; height: 52px;\"><strong>Pracovn\u00e1 doska:<\/strong><\/td>\n<td style=\"width: 88.0339%; height: 52px;\">bez pracovnej dosky<\/td>\n<\/tr>\n<tr style=\"height: 52px;\">\n<td style=\"width: 52.3323%; height: 39px;\"><strong>Farebn\u00e9 prevedenie\u00a0<\/strong><\/td>\n<td style=\"width: 88.0339%; height: 39px;\">korpus dub artisan<\/p>\n<p>farba horn\u00fdch dvierok grafit mat<\/p>\n<p>farba spodn\u00fdch dvierok grafit mat<\/td>\n<\/tr>\n<tr style=\"height: 52px;\">\n<td style=\"width: 52.3323%; height: 52px;\"><strong>Materi\u00e1l<\/strong><\/td>\n<td style=\"width: 88.0339%; height: 52px;\">DTD laminovan\u00e1 16 mm matn\u00e1<\/td>\n<\/tr>\n<tr style=\"height: 52px;\">\n<td style=\"width: 52.3323%; height: 52px;\"><strong>Balenie<\/strong><\/td>\n<td style=\"width: 88.0339%; height: 52px;\">demont<\/td>\n<\/tr>\n<tr style=\"height: 52px;\">\n<td style=\"width: 52.3323%; height: 52px;\"><strong>Z\u00e1ruka<\/strong><\/td>\n<td style=\"width: 88.0339%; height: 52px;\">2 roky<\/td>\n<\/tr>\n<\/tbody>\n<\/table>\n","protected":false},"excerpt":{"rendered":"<p><img decoding=\"async\" src=\"https:\/\/nabytoklaguna.sk\/sk\/wp-content\/uploads\/2017\/02\/N%C3%A1vrh-2.png\" \/><\/p>\n<p><span style=\"color: #ff0000;\"><strong><span style=\"color: #000000;\">\u00a0N\u00e1vrh a cenov\u00e1 ponuka<\/span> GR\u00c1TIS<\/strong><\/span><\/p>\n","protected":false},"featured_media":126265,"comment_status":"closed","ping_status":"closed","template":"","meta":{"_seopress_robots_primary_cat":"none","_seopress_titles_title":"","_seopress_titles_desc":"","_seopress_robots_index":""},"product_brand":[],"product_cat":[177,248,412],"product_tag":[],"class_list":{"0":"post-126256","1":"product","2":"type-product","3":"status-publish","4":"has-post-thumbnail","6":"product_cat-kuchyne-top","7":"product_cat-kuchyne-sektor","8":"product_cat-kuchyne-na-mieru","10":"first","11":"onbackorder","12":"shipping-taxable","13":"purchasable","14":"product-type-simple"},"_links":{"self":[{"href":"https:\/\/nabytoklaguna.sk\/sk\/wp-json\/wp\/v2\/product\/126256","targetHints":{"allow":["GET"]}}],"collection":[{"href":"https:\/\/nabytoklaguna.sk\/sk\/wp-json\/wp\/v2\/product"}],"about":[{"href":"https:\/\/nabytoklaguna.sk\/sk\/wp-json\/wp\/v2\/types\/product"}],"replies":[{"embeddable":true,"href":"https:\/\/nabytoklaguna.sk\/sk\/wp-json\/wp\/v2\/comments?post=126256"}],"wp:featuredmedia":[{"embeddable":true,"href":"https:\/\/nabytoklaguna.sk\/sk\/wp-json\/wp\/v2\/media\/126265"}],"wp:attachment":[{"href":"https:\/\/nabytoklaguna.sk\/sk\/wp-json\/wp\/v2\/media?parent=126256"}],"wp:term":[{"taxonomy":"product_brand","embeddable":true,"href":"https:\/\/nabytoklaguna.sk\/sk\/wp-json\/wp\/v2\/product_brand?post=126256"},{"taxonomy":"product_cat","embeddable":true,"href":"https:\/\/nabytoklaguna.sk\/sk\/wp-json\/wp\/v2\/product_cat?post=126256"},{"taxonomy":"product_tag","embeddable":true,"href":"https:\/\/nabytoklaguna.sk\/sk\/wp-json\/wp\/v2\/product_tag?post=126256"}],"curies":[{"name":"wp","href":"https:\/\/api.w.org\/{rel}","templated":true}]}}