{"id":126437,"date":"2026-03-03T11:03:35","date_gmt":"2026-03-03T10:03:35","guid":{"rendered":"https:\/\/nabytoklaguna.sk\/sk\/?post_type=product&#038;p=126437"},"modified":"2026-03-03T11:26:21","modified_gmt":"2026-03-03T10:26:21","slug":"cordoba-250-skrina","status":"publish","type":"product","link":"https:\/\/nabytoklaguna.sk\/sk\/produkt\/cordoba-250-skrina\/","title":{"rendered":"Cordoba 250 skri\u0148a"},"content":{"rendered":"<p data-start=\"0\" data-end=\"377\"><strong data-start=\"0\" data-end=\"18\">Skri\u0148a CORDOBA 250<\/strong> \u2013 modern\u00e1 elegancia s maxim\u00e1lnym \u00falo\u017en\u00fdm priestorom.<br data-start=\"71\" data-end=\"74\" \/>T\u00e1to \u0161t\u00fdlov\u00e1 skri\u0148a s posuvn\u00fdmi dverami zaujme na prv\u00fd poh\u013ead svoj\u00edm modern\u00fdm dizajnom a z\u00e1rove\u0148 pon\u00faka premyslen\u00fd vn\u00fatorn\u00fd priestor. K dispoz\u00edcii m\u00e1te police, skryt\u00e9 z\u00e1suvky aj ty\u010d na ve\u0161anie, pri\u010dom v\u0161etko je u\u017e zahrnut\u00e9 v cene. Nemus\u00edte tak po\u010d\u00edta\u0165 so \u017eiadnymi \u010fal\u0161\u00edmi n\u00e1kladmi na vn\u00fatorn\u00e9 vybavenie.<\/p>\n<p data-start=\"379\" data-end=\"402\"><strong data-start=\"381\" data-end=\"402\">Hlavn\u00e9 prednosti:<\/strong><\/p>\n<ul data-start=\"403\" data-end=\"861\">\n<li data-start=\"403\" data-end=\"457\">\n<p data-start=\"405\" data-end=\"457\">Tri praktick\u00e9 posuvn\u00e9 dvere pre pohodln\u00e9 otv\u00e1ranie<\/p>\n<\/li>\n<li data-start=\"458\" data-end=\"507\">\n<p data-start=\"460\" data-end=\"507\">Police, skryt\u00e9 z\u00e1suvky a ve\u0161iakov\u00e1 ty\u010d v cene<\/p>\n<\/li>\n<li data-start=\"508\" data-end=\"574\">\n<p data-start=\"510\" data-end=\"574\">Funk\u010dn\u00fd interi\u00e9r s dostatkom priestoru na oble\u010denie aj doplnky<\/p>\n<\/li>\n<li data-start=\"575\" data-end=\"678\">\n<p data-start=\"577\" data-end=\"678\">Dostupn\u00e1 v troch zemit\u00fdch farebn\u00fdch prevedeniach v kombin\u00e1cii s modernou tmavou alebo bielou farbou<\/p>\n<\/li>\n<li data-start=\"679\" data-end=\"738\">\n<p data-start=\"681\" data-end=\"738\">Hr\u00fabka materi\u00e1lu 16 mm pre pevn\u00fa a stabiln\u00fa kon\u0161trukciu<\/p>\n<\/li>\n<li data-start=\"739\" data-end=\"794\">\n<p data-start=\"741\" data-end=\"794\">Hlin\u00edkov\u00e9 ko\u013eajni\u010dky pre plynul\u00fd a tich\u00fd chod dver\u00ed<\/p>\n<\/li>\n<li data-start=\"795\" data-end=\"861\">\n<p data-start=\"797\" data-end=\"861\">Ochrann\u00e9 li\u0161ty s kart\u00e1\u010dkov\u00fdm tesnen\u00edm na bo\u010dn\u00fdch hran\u00e1ch dver\u00ed<\/p>\n<\/li>\n<\/ul>\n<p>Rozmer (\u0160xVxH): 250 x 215 x 61 cm<\/p>\n<p><strong>Parametre v\u00fdrobku<\/strong><\/p>\n<table border=\"0\" cellspacing=\"5\" cellpadding=\"1\">\n<tbody>\n<tr>\n<td><strong>Typ v\u00fdrobku<\/strong><\/td>\n<td>Skri\u0148a s posuvn\u00fdmi dverami<\/td>\n<\/tr>\n<tr>\n<td><strong>Materi\u00e1l<\/strong><\/td>\n<td>DTD laminovan\u00e1\/sklo<\/td>\n<\/tr>\n<tr>\n<td><strong>Rozmery \u0161\/v\/h<br \/>\n<\/strong><\/td>\n<td>250 x 215 x 61 cm<\/td>\n<\/tr>\n<tr>\n<td><strong>Balenie<\/strong><\/td>\n<td>demont<\/td>\n<\/tr>\n<\/tbody>\n<\/table>\n","protected":false},"excerpt":{"rendered":"<p>Skri\u0148a CORDOBA 250 \u2013 modern\u00e1 elegancia s maxim\u00e1lnym \u00falo\u017en\u00fdm priestorom.T\u00e1to \u0161t\u00fdlov\u00e1 skri\u0148a s posuvn\u00fdmi dverami zaujme na prv\u00fd poh\u013ead svoj\u00edm modern\u00fdm dizajnom a z\u00e1rove\u0148 pon\u00faka premyslen\u00fd vn\u00fatorn\u00fd priestor. K dispoz\u00edcii m\u00e1te police, skryt\u00e9 z\u00e1suvky aj ty\u010d na ve\u0161anie, pri\u010dom v\u0161etko je u\u017e zahrnut\u00e9 v cene. Nemus\u00edte tak po\u010d\u00edta\u0165 so \u017eiadnymi \u010fal\u0161\u00edmi n\u00e1kladmi na vn\u00fatorn\u00e9 vybavenie&#8230;.<\/p>\n","protected":false},"featured_media":126444,"comment_status":"closed","ping_status":"closed","template":"","meta":{"_seopress_robots_primary_cat":"none","_seopress_titles_title":"","_seopress_titles_desc":"","_seopress_robots_index":""},"product_brand":[],"product_cat":[1585,225],"product_tag":[],"class_list":{"0":"post-126437","1":"product","2":"type-product","3":"status-publish","4":"has-post-thumbnail","6":"product_cat-s-posuvnymi-dverami","7":"product_cat-skrine","8":"pa_farba-bezova","9":"pa_farba-grafit","11":"first","12":"instock","13":"shipping-taxable","14":"purchasable","15":"product-type-simple"},"_links":{"self":[{"href":"https:\/\/nabytoklaguna.sk\/sk\/wp-json\/wp\/v2\/product\/126437","targetHints":{"allow":["GET"]}}],"collection":[{"href":"https:\/\/nabytoklaguna.sk\/sk\/wp-json\/wp\/v2\/product"}],"about":[{"href":"https:\/\/nabytoklaguna.sk\/sk\/wp-json\/wp\/v2\/types\/product"}],"replies":[{"embeddable":true,"href":"https:\/\/nabytoklaguna.sk\/sk\/wp-json\/wp\/v2\/comments?post=126437"}],"wp:featuredmedia":[{"embeddable":true,"href":"https:\/\/nabytoklaguna.sk\/sk\/wp-json\/wp\/v2\/media\/126444"}],"wp:attachment":[{"href":"https:\/\/nabytoklaguna.sk\/sk\/wp-json\/wp\/v2\/media?parent=126437"}],"wp:term":[{"taxonomy":"product_brand","embeddable":true,"href":"https:\/\/nabytoklaguna.sk\/sk\/wp-json\/wp\/v2\/product_brand?post=126437"},{"taxonomy":"product_cat","embeddable":true,"href":"https:\/\/nabytoklaguna.sk\/sk\/wp-json\/wp\/v2\/product_cat?post=126437"},{"taxonomy":"product_tag","embeddable":true,"href":"https:\/\/nabytoklaguna.sk\/sk\/wp-json\/wp\/v2\/product_tag?post=126437"}],"curies":[{"name":"wp","href":"https:\/\/api.w.org\/{rel}","templated":true}]}}