{"id":126692,"date":"2026-03-05T13:01:24","date_gmt":"2026-03-05T12:01:24","guid":{"rendered":"https:\/\/nabytoklaguna.sk\/sk\/?post_type=product&#038;p=126692"},"modified":"2026-03-05T13:04:23","modified_gmt":"2026-03-05T12:04:23","slug":"aria-kuchynska-linka-300-sandgrau-antracit","status":"publish","type":"product","link":"https:\/\/nabytoklaguna.sk\/sk\/produkt\/aria-kuchynska-linka-300-sandgrau-antracit\/","title":{"rendered":"ARIA kuchynsk\u00e1 linka 300  sandgrau \/ antracit"},"content":{"rendered":"<p><strong>Sektorov\u00e1<\/strong> kuchynsk\u00e1 linka<strong> ARIA\u00a0 300\u00a0<\/strong> v atrakt\u00edvnom farebnom preveden\u00ed<strong> sandgrau <\/strong><strong>\/ antracit\u00a0 \u00a0<\/strong>je minimalistick\u00e1 a modern\u00e1, z\u00e1rove\u0148 je v\u0161ak elegantn\u00e1 a nad\u010dasov\u00e1. Kombin\u00e1cia dekoru\u00a0 <strong>antracit siv\u00e1 \/ sandgrau b\u00e9\u017eov\u00e1<\/strong>\u00a0p\u00f4sob\u00ed pr\u00edjemne a \u00fatulne. Kuchynsk\u00e1 linka je sektorov\u00e1, je teda mo\u017en\u00e9 si vybra\u0165 z ve\u013ek\u00e9ho <strong>mno\u017estva skriniek<\/strong> a vysklada\u0165 kuchy\u0148u <strong>pod\u013ea Va\u0161ich predst\u00e1v<\/strong> s po\u017eadovan\u00fdm rozmerom.\u00a0 <strong>Pracovn\u00e1 doska nie je v cene<\/strong> v kuchynskej linky.\u00a0 Pracovn\u00fa dosku je mo\u017en\u00e9 doobjedna\u0165 v <strong>dekore <\/strong>\u00a0ladiacom ku korpusu kuchynskej linky\u00a0 Aria. Celkov\u00fd modern\u00fd dizajn umoc\u0148uj\u00fa <strong>\u00fachytky v chr\u00f3movom dekore<\/strong>, ktor\u00e9 s\u00fa v cene kuchynskej linky. Kuchynsk\u00e1 linka je<strong>\u00a0sektorov\u00e1,<\/strong> je teda mo\u017en\u00e9 si vybra\u0165 z ve\u013ek\u00e9ho <strong>mno\u017estva skriniek <\/strong>a vysklada\u0165 kuchy\u0148u\u00a0pod\u013ea Va\u0161ich predst\u00e1v<strong> s po\u017eadovan\u00fdm rozmerom.\u00a0 \u00a0<\/strong><strong>\u00a0<\/strong><strong>\u00a0<\/strong><\/p>\n<p><strong>Skrinky v cene zostavy:<\/strong><\/p>\n<p>1 x 60 cm doln\u00e1 jednodvierkov\u00e1<\/p>\n<p>1 x 60 cm doln\u00e1 jednodvierkov\u00e1 drezov\u00e1<\/p>\n<p>1 x 30 cm doln\u00e1 otvoren\u00e1 policov\u00e1<\/p>\n<p>1 x 60 cm doln\u00e1 \u0161ufl\u00edkov\u00e1<\/p>\n<p>1 x 30 cm doln\u00e1 jednodvierkov\u00e1<\/p>\n<p>1 x 60 cm doln\u00e1 jednodvierkov\u00e1<\/p>\n<p>4 x 60 cm horn\u00e1 jednodvierkov\u00e1<\/p>\n<p>2 x 30 cm horn\u00e1 jednodvierkov\u00e1<\/p>\n<p><strong>Parametre v\u00fdrobku<\/strong><\/p>\n<table style=\"width: 99.8784%; height: 663px;\" border=\"0\" cellspacing=\"5\" cellpadding=\"1\">\n<tbody>\n<tr style=\"height: 52px;\">\n<td style=\"width: 52.3323%; height: 52px;\"><strong>Typ v\u00fdrobku<\/strong><\/td>\n<td style=\"width: 88.0339%; height: 52px;\">sektorov\u00e1 kuchynsk\u00e1 linka<\/td>\n<\/tr>\n<tr style=\"height: 52px;\">\n<td style=\"width: 52.3323%; height: 52px;\"><strong>Rozmer zostavy<br \/>\n<\/strong><\/td>\n<td style=\"width: 88.0339%; height: 52px;\">300 cm<\/td>\n<\/tr>\n<tr style=\"height: 52px;\">\n<td style=\"width: 52.3323%; height: 52px;\"><strong>\u0160\u00edrky horn\u00fdch skriniek v zostave:\u00a0<\/strong><\/td>\n<td style=\"width: 88.0339%; height: 52px;\">\n<div class=\"value large-5\">60 + 60 + 30 + 60 + 30 + 60 cm<\/div>\n<\/td>\n<\/tr>\n<tr style=\"height: 52px;\">\n<td style=\"width: 52.3323%; height: 52px;\"><strong>\u0160\u00edrky spodn\u00fdch skriniek v zostave:\u00a0<\/strong><\/td>\n<td style=\"width: 88.0339%; height: 52px;\">60 + 60 + 30 + 60 + 30 + 60 cm<\/td>\n<\/tr>\n<tr style=\"height: 52px;\">\n<td style=\"width: 52.3323%; height: 52px;\"><strong>V\u00fd\u0161ka horn\u00fdch skriniek:<\/strong><\/td>\n<td style=\"width: 88.0339%; height: 52px;\">72 cm<\/td>\n<\/tr>\n<tr style=\"height: 52px;\">\n<td style=\"width: 52.3323%; height: 52px;\"><strong>V\u00fd\u0161ka spodn\u00fdch skriniek (bez dosky):<\/strong><\/td>\n<td style=\"width: 88.0339%; height: 52px;\">87 cm<\/td>\n<\/tr>\n<tr style=\"height: 52px;\">\n<td style=\"width: 52.3323%; height: 52px;\"><strong>H\u013abka horn\u00fdch skriniek (bez dvierok):<\/strong><\/td>\n<td style=\"width: 88.0339%; height: 52px;\">31 cm<\/td>\n<\/tr>\n<tr style=\"height: 52px;\">\n<td style=\"width: 52.3323%; height: 52px;\"><strong>H\u013abka spodn\u00fdch skriniek (bez dvierok):<\/strong><\/td>\n<td style=\"width: 88.0339%; height: 52px;\">52 cm<\/td>\n<\/tr>\n<tr style=\"height: 52px;\">\n<td style=\"width: 52.3323%; height: 52px;\"><strong>Pracovn\u00e1 doska:<\/strong><\/td>\n<td style=\"width: 88.0339%; height: 52px;\">bez pracovnej dosky<\/td>\n<\/tr>\n<tr style=\"height: 52px;\">\n<td style=\"width: 52.3323%; height: 39px;\"><strong>Farebn\u00e9 prevedenie\u00a0<\/strong><\/td>\n<td style=\"width: 88.0339%; height: 39px;\">korpus antracit siv\u00e1<\/p>\n<p>farba horn\u00fdch dvierok sandgrau b\u00e9\u017eov\u00e1<\/p>\n<p>farba spodn\u00fdch dvierok sandgrau b\u00e9\u017eov\u00e1<\/td>\n<\/tr>\n<tr style=\"height: 52px;\">\n<td style=\"width: 52.3323%; height: 52px;\"><strong>Materi\u00e1l<\/strong><\/td>\n<td style=\"width: 88.0339%; height: 52px;\">DTD laminovan\u00e1 16 mm matn\u00e1<\/td>\n<\/tr>\n<tr style=\"height: 52px;\">\n<td style=\"width: 52.3323%; height: 52px;\"><strong>Balenie<\/strong><\/td>\n<td style=\"width: 88.0339%; height: 52px;\">demont<\/td>\n<\/tr>\n<tr style=\"height: 52px;\">\n<td style=\"width: 52.3323%; height: 52px;\"><strong>Z\u00e1ruka<\/strong><\/td>\n<td style=\"width: 88.0339%; height: 52px;\">2 roky<\/td>\n<\/tr>\n<\/tbody>\n<\/table>\n","protected":false},"excerpt":{"rendered":"<p><img decoding=\"async\" src=\"https:\/\/nabytoklaguna.sk\/sk\/wp-content\/uploads\/2017\/02\/N%C3%A1vrh-2.png\" \/><\/p>\n<p><span style=\"color: #ff0000;\"><strong><span style=\"color: #000000;\">\u00a0N\u00e1vrh a cenov\u00e1 ponuka<\/span> GR\u00c1TIS<\/strong><\/span><\/p>\n","protected":false},"featured_media":126694,"comment_status":"closed","ping_status":"closed","template":"","meta":{"_seopress_robots_primary_cat":"none","_seopress_titles_title":"","_seopress_titles_desc":"","_seopress_robots_index":""},"product_brand":[],"product_cat":[177,248,412],"product_tag":[],"class_list":{"0":"post-126692","1":"product","2":"type-product","3":"status-publish","4":"has-post-thumbnail","6":"product_cat-kuchyne-top","7":"product_cat-kuchyne-sektor","8":"product_cat-kuchyne-na-mieru","10":"first","11":"onbackorder","12":"shipping-taxable","13":"purchasable","14":"product-type-simple"},"_links":{"self":[{"href":"https:\/\/nabytoklaguna.sk\/sk\/wp-json\/wp\/v2\/product\/126692","targetHints":{"allow":["GET"]}}],"collection":[{"href":"https:\/\/nabytoklaguna.sk\/sk\/wp-json\/wp\/v2\/product"}],"about":[{"href":"https:\/\/nabytoklaguna.sk\/sk\/wp-json\/wp\/v2\/types\/product"}],"replies":[{"embeddable":true,"href":"https:\/\/nabytoklaguna.sk\/sk\/wp-json\/wp\/v2\/comments?post=126692"}],"wp:featuredmedia":[{"embeddable":true,"href":"https:\/\/nabytoklaguna.sk\/sk\/wp-json\/wp\/v2\/media\/126694"}],"wp:attachment":[{"href":"https:\/\/nabytoklaguna.sk\/sk\/wp-json\/wp\/v2\/media?parent=126692"}],"wp:term":[{"taxonomy":"product_brand","embeddable":true,"href":"https:\/\/nabytoklaguna.sk\/sk\/wp-json\/wp\/v2\/product_brand?post=126692"},{"taxonomy":"product_cat","embeddable":true,"href":"https:\/\/nabytoklaguna.sk\/sk\/wp-json\/wp\/v2\/product_cat?post=126692"},{"taxonomy":"product_tag","embeddable":true,"href":"https:\/\/nabytoklaguna.sk\/sk\/wp-json\/wp\/v2\/product_tag?post=126692"}],"curies":[{"name":"wp","href":"https:\/\/api.w.org\/{rel}","templated":true}]}}