{"id":127211,"date":"2026-03-23T14:13:33","date_gmt":"2026-03-23T13:13:33","guid":{"rendered":"https:\/\/nabytoklaguna.sk\/sk\/?post_type=product&#038;p=127211"},"modified":"2026-03-23T14:54:38","modified_gmt":"2026-03-23T13:54:38","slug":"siena-d2-skrina","status":"publish","type":"product","link":"https:\/\/nabytoklaguna.sk\/sk\/produkt\/siena-d2-skrina\/","title":{"rendered":"Siena D2 skri\u0148a"},"content":{"rendered":"<p data-start=\"0\" data-end=\"359\"><strong data-start=\"0\" data-end=\"17\">Skri\u0148a SIENA D2<\/strong> \u2013 \u0161t\u00fdlov\u00fd detail, ktor\u00fd o\u017eiv\u00ed va\u0161u sp\u00e1l\u0148u.<br data-start=\"60\" data-end=\"63\" \/>T\u00e1to modern\u00e1 \u0161atn\u00edkov\u00e1 skri\u0148a zaujme na prv\u00fd poh\u013ead jednoduch\u00fdmi\u00a0 \u00fachytkami, ktor\u00e9 jej dod\u00e1vaj\u00fa jedine\u010dn\u00fd a elegantn\u00fd charakter. V\u010faka \u010dist\u00fdm l\u00edni\u00e1m a modern\u00e9mu farebn\u00e9mu prevedeniu sa stane v\u00fdrazn\u00fdm,\u00a0 \u00a0 <span style=\"font-size: 15.008px;\">no z\u00e1rove\u0148 vkusn\u00fdm doplnkom ka\u017ed\u00e9ho interi\u00e9ru.<\/span><\/p>\n<p data-start=\"361\" data-end=\"599\">Skri\u0148a je vyroben\u00e1 z kvalitn\u00fdch a odoln\u00fdch materi\u00e1lov, \u010do zaru\u010duje jej pevnos\u0165, stabilitu a dlh\u00fa \u017eivotnos\u0165. Prakticky rie\u0161en\u00fd vn\u00fatorn\u00fd priestor pon\u00faka dostatok miesta na oble\u010denie aj doplnky, tak\u017ee budete ma\u0165 v\u0161etko preh\u013eadne usporiadan\u00e9.<\/p>\n<p data-start=\"601\" data-end=\"624\"><strong data-start=\"603\" data-end=\"624\">Hlavn\u00e9 prednosti:<\/strong><\/p>\n<ul data-start=\"625\" data-end=\"862\">\n<li data-start=\"625\" data-end=\"658\">\n<p data-start=\"627\" data-end=\"658\">2 dvierka (jedny so zrkadlom)<\/p>\n<\/li>\n<li data-start=\"659\" data-end=\"705\">\n<p data-start=\"661\" data-end=\"705\">3 praktick\u00e9 z\u00e1suvky pre lep\u0161iu organiz\u00e1ciu<\/p>\n<\/li>\n<li data-start=\"706\" data-end=\"763\">\n<p data-start=\"708\" data-end=\"763\">Laminovan\u00e1 drevotrieskov\u00e1 doska pre pevn\u00fa kon\u0161trukciu<\/p>\n<\/li>\n<li data-start=\"764\" data-end=\"813\">\n<p data-start=\"766\" data-end=\"813\">Kovov\u00e9 \u00fachytky v elegantnom preveden\u00ed<\/p>\n<\/li>\n<\/ul>\n<p>Rozmer (\u0160xVxH): 100 x 200 x 57,5 cm<\/p>\n<p><strong>Parametre v\u00fdrobku<\/strong><\/p>\n<table style=\"width: 100%; height: 203px;\" border=\"0\" cellspacing=\"5\" cellpadding=\"1\">\n<tbody>\n<tr style=\"height: 51px;\">\n<td style=\"height: 51px; width: 46.9185%;\"><strong>Typ v\u00fdrobku<\/strong><\/td>\n<td style=\"height: 51px; width: 52.6839%;\">Skri\u0148a<\/td>\n<\/tr>\n<tr style=\"height: 51px;\">\n<td style=\"height: 51px; width: 46.9185%;\"><strong>Materi\u00e1l<\/strong><\/td>\n<td style=\"height: 51px; width: 52.6839%;\">DTD laminovan\u00e1<\/td>\n<\/tr>\n<tr style=\"height: 51px;\">\n<td style=\"height: 51px; width: 46.9185%;\"><strong>Rozmery \u0161\/v\/h<br \/>\n<\/strong><\/td>\n<td style=\"height: 51px; width: 52.6839%;\">100 x 200 x 57,5 cm<\/td>\n<\/tr>\n<tr style=\"height: 50px;\">\n<td style=\"height: 50px; width: 46.9185%;\"><strong>Balenie<\/strong><\/td>\n<td style=\"height: 50px; width: 52.6839%;\">demont<\/td>\n<\/tr>\n<tr>\n<td style=\"width: 46.9185%;\"><strong>Farebn\u00e9 prevedenie<\/strong><\/td>\n<td style=\"width: 52.6839%;\">biela,\u010dierna,modr\u00e1,slivkov\u00e1,zelen\u00e1<\/td>\n<\/tr>\n<\/tbody>\n<\/table>\n","protected":false},"excerpt":{"rendered":"<p>Skri\u0148a SIENA D2 \u2013 \u0161t\u00fdlov\u00fd detail, ktor\u00fd o\u017eiv\u00ed va\u0161u sp\u00e1l\u0148u.T\u00e1to modern\u00e1 \u0161atn\u00edkov\u00e1 skri\u0148a zaujme na prv\u00fd poh\u013ead jednoduch\u00fdmi\u00a0 \u00fachytkami, ktor\u00e9 jej dod\u00e1vaj\u00fa jedine\u010dn\u00fd a elegantn\u00fd charakter. V\u010faka \u010dist\u00fdm l\u00edni\u00e1m a modern\u00e9mu farebn\u00e9mu prevedeniu sa stane v\u00fdrazn\u00fdm,\u00a0 \u00a0 no z\u00e1rove\u0148 vkusn\u00fdm doplnkom ka\u017ed\u00e9ho interi\u00e9ru. Skri\u0148a je vyroben\u00e1 z kvalitn\u00fdch a odoln\u00fdch materi\u00e1lov, \u010do zaru\u010duje jej pevnos\u0165,&#8230;<\/p>\n","protected":false},"featured_media":127218,"comment_status":"closed","ping_status":"closed","template":"","meta":{"_seopress_robots_primary_cat":"none","_seopress_titles_title":"","_seopress_titles_desc":"","_seopress_robots_index":""},"product_brand":[],"product_cat":[225,1586],"product_tag":[],"class_list":{"0":"post-127211","1":"product","2":"type-product","3":"status-publish","4":"has-post-thumbnail","6":"product_cat-skrine","7":"product_cat-klasicky-otvaracie","8":"pa_farba-biela","9":"pa_farba-cierna-2","10":"pa_farba-modra","11":"pa_farba-slivkova","12":"pa_farba-zelena","14":"first","15":"instock","16":"shipping-taxable","17":"purchasable","18":"product-type-variable"},"_links":{"self":[{"href":"https:\/\/nabytoklaguna.sk\/sk\/wp-json\/wp\/v2\/product\/127211","targetHints":{"allow":["GET"]}}],"collection":[{"href":"https:\/\/nabytoklaguna.sk\/sk\/wp-json\/wp\/v2\/product"}],"about":[{"href":"https:\/\/nabytoklaguna.sk\/sk\/wp-json\/wp\/v2\/types\/product"}],"replies":[{"embeddable":true,"href":"https:\/\/nabytoklaguna.sk\/sk\/wp-json\/wp\/v2\/comments?post=127211"}],"wp:featuredmedia":[{"embeddable":true,"href":"https:\/\/nabytoklaguna.sk\/sk\/wp-json\/wp\/v2\/media\/127218"}],"wp:attachment":[{"href":"https:\/\/nabytoklaguna.sk\/sk\/wp-json\/wp\/v2\/media?parent=127211"}],"wp:term":[{"taxonomy":"product_brand","embeddable":true,"href":"https:\/\/nabytoklaguna.sk\/sk\/wp-json\/wp\/v2\/product_brand?post=127211"},{"taxonomy":"product_cat","embeddable":true,"href":"https:\/\/nabytoklaguna.sk\/sk\/wp-json\/wp\/v2\/product_cat?post=127211"},{"taxonomy":"product_tag","embeddable":true,"href":"https:\/\/nabytoklaguna.sk\/sk\/wp-json\/wp\/v2\/product_tag?post=127211"}],"curies":[{"name":"wp","href":"https:\/\/api.w.org\/{rel}","templated":true}]}}