{"id":127392,"date":"2026-03-31T10:48:56","date_gmt":"2026-03-31T08:48:56","guid":{"rendered":"https:\/\/nabytoklaguna.sk\/sk\/?post_type=product&#038;p=127392"},"modified":"2026-03-31T12:28:59","modified_gmt":"2026-03-31T10:28:59","slug":"rumba-2f","status":"publish","type":"product","link":"https:\/\/nabytoklaguna.sk\/sk\/produkt\/rumba-2f\/","title":{"rendered":"RUMBA 2F"},"content":{"rendered":"<p><strong>Kolekcia<\/strong>\u00a0<strong>Rumba <\/strong>je ide\u00e1lnym rie\u0161en\u00edm pre v\u00e1s, pokia\u013e h\u013ead\u00e1te elegantn\u00fd n\u00e1bytok do va\u0161ej ob\u00fdva\u010dky. <strong>Kolekcia<\/strong> sa sklad\u00e1 z <strong>troch<\/strong> kom\u00f4d <strong>v r\u00f4znych rozmeroch. <\/strong><strong>Komody<\/strong>\u00a0z tejto\u00a0<strong>kolekcie<\/strong> m\u00f4\u017eete vyu\u017ei\u0165 aj v sp\u00e1lni, predsieni \u010di pracovni, kde poskytn\u00fa dostatok \u00falo\u017en\u00e9ho priestoru.<\/p>\n<p><strong>N\u00e1bytok<\/strong>\u00a0je dostupn\u00fd\u00a0<strong>v piatich <\/strong>atrakt\u00edvnych<strong>\u00a0farebn\u00fdch prevedeniach<\/strong>\u00a0a to v\u00a0<strong>dekore<\/strong>\u00a0<strong>dub<\/strong>\u00a0<strong>sonoma<\/strong>,\u00a0<strong>dub<\/strong>\u00a0<strong>lefkas, bet\u00f3n, old style wood\/matera<\/strong> a <strong>bielej farbe<\/strong>, v\u010faka \u010domu sa \u013eahko prisp\u00f4sob\u00ed r\u00f4znym interi\u00e9rom. Ka\u017ed\u00fd kus n\u00e1bytku je vyroben\u00fd\u00a0<strong>z kvalitnej laminovanej dosky,<\/strong>\u00a0<strong>MDF l\u00ed\u0161t a prieh\u013eadn\u00e9ho skla.\u00a0<\/strong>Na dvierkach sa nach\u00e1dzaj\u00fa\u00a0<strong>plastov\u00e9 \u00fachytky,\u00a0<\/strong>ktor\u00e9 zabezpe\u010duj\u00fa pohodln\u00e9 otv\u00e1ranie skriniek a z\u00e1suviek.<\/p>\n<p><strong>Parametre v\u00fdrobku<\/strong><\/p>\n<table style=\"width: 100%; height: 363px;\" border=\"0\" cellspacing=\"5\" cellpadding=\"1\">\n<tbody>\n<tr style=\"height: 52px;\">\n<td style=\"width: 45.6428%; height: 52px;\"><strong>Typ v\u00fdrobku<\/strong><\/td>\n<td style=\"width: 54.1846%; height: 52px;\">komoda<\/td>\n<\/tr>\n<tr style=\"height: 52px;\">\n<td style=\"width: 45.6428%; height: 52px;\"><strong>Materi\u00e1l<\/strong><\/td>\n<td style=\"width: 54.1846%; height: 52px;\">DTD<\/td>\n<\/tr>\n<tr style=\"height: 52px;\">\n<td style=\"width: 45.6428%; height: 52px;\"><strong>Farebn\u00e9 prevedenie:<\/strong><\/td>\n<td style=\"width: 54.1846%; height: 52px;\">biela,\u00a0 bet\u00f3n, dub sonoma, dub lefkas, old style wood\/matera<\/td>\n<\/tr>\n<tr style=\"height: 52px;\">\n<td style=\"width: 45.6428%; height: 52px;\"><strong>Rozmery: \u0161\/v\/h<\/strong><\/td>\n<td style=\"width: 54.1846%; height: 52px;\">97,2 x 82 x 40,3 cm<\/td>\n<\/tr>\n<tr style=\"height: 52px;\">\n<td style=\"width: 45.6428%; height: 52px;\"><strong>Balenie<\/strong><\/td>\n<td style=\"width: 54.1846%; height: 52px;\">dod\u00e1van\u00e9 v demonte<\/td>\n<\/tr>\n<tr style=\"height: 51px;\">\n<td style=\"width: 45.6428%; height: 51px;\"><strong>Z\u00e1ruka<\/strong><\/td>\n<td style=\"width: 54.1846%; height: 51px;\">2 roky<\/td>\n<\/tr>\n<\/tbody>\n<\/table>\n<p>&nbsp;<\/p>\n","protected":false},"excerpt":{"rendered":"<p>Kolekcia\u00a0Rumba je ide\u00e1lnym rie\u0161en\u00edm pre v\u00e1s, pokia\u013e h\u013ead\u00e1te elegantn\u00fd n\u00e1bytok do va\u0161ej ob\u00fdva\u010dky. Kolekcia sa sklad\u00e1 z troch kom\u00f4d v r\u00f4znych rozmeroch. Komody\u00a0z tejto\u00a0kolekcie m\u00f4\u017eete vyu\u017ei\u0165 aj v sp\u00e1lni, predsieni \u010di pracovni, kde poskytn\u00fa dostatok \u00falo\u017en\u00e9ho priestoru. N\u00e1bytok\u00a0je dostupn\u00fd\u00a0v piatich atrakt\u00edvnych\u00a0farebn\u00fdch prevedeniach\u00a0a to v\u00a0dekore\u00a0dub\u00a0sonoma,\u00a0dub\u00a0lefkas, bet\u00f3n, old style wood\/matera a bielej farbe, v\u010faka \u010domu sa \u013eahko&#8230;<\/p>\n","protected":false},"featured_media":127401,"comment_status":"open","ping_status":"closed","template":"","meta":{"_seopress_robots_primary_cat":"none","_seopress_titles_title":"","_seopress_titles_desc":"","_seopress_robots_index":""},"product_brand":[],"product_cat":[222],"product_tag":[],"class_list":{"0":"post-127392","1":"product","2":"type-product","3":"status-publish","4":"has-post-thumbnail","6":"product_cat-komody","7":"pa_farba-dub-lefkas","8":"pa_farba-beton","9":"pa_farba-biela","10":"pa_farba-dub-sonoma","11":"pa_farba-old-style-wood-matera","13":"first","14":"instock","15":"shipping-taxable","16":"purchasable","17":"product-type-variable"},"_links":{"self":[{"href":"https:\/\/nabytoklaguna.sk\/sk\/wp-json\/wp\/v2\/product\/127392","targetHints":{"allow":["GET"]}}],"collection":[{"href":"https:\/\/nabytoklaguna.sk\/sk\/wp-json\/wp\/v2\/product"}],"about":[{"href":"https:\/\/nabytoklaguna.sk\/sk\/wp-json\/wp\/v2\/types\/product"}],"replies":[{"embeddable":true,"href":"https:\/\/nabytoklaguna.sk\/sk\/wp-json\/wp\/v2\/comments?post=127392"}],"wp:featuredmedia":[{"embeddable":true,"href":"https:\/\/nabytoklaguna.sk\/sk\/wp-json\/wp\/v2\/media\/127401"}],"wp:attachment":[{"href":"https:\/\/nabytoklaguna.sk\/sk\/wp-json\/wp\/v2\/media?parent=127392"}],"wp:term":[{"taxonomy":"product_brand","embeddable":true,"href":"https:\/\/nabytoklaguna.sk\/sk\/wp-json\/wp\/v2\/product_brand?post=127392"},{"taxonomy":"product_cat","embeddable":true,"href":"https:\/\/nabytoklaguna.sk\/sk\/wp-json\/wp\/v2\/product_cat?post=127392"},{"taxonomy":"product_tag","embeddable":true,"href":"https:\/\/nabytoklaguna.sk\/sk\/wp-json\/wp\/v2\/product_tag?post=127392"}],"curies":[{"name":"wp","href":"https:\/\/api.w.org\/{rel}","templated":true}]}}