{"id":127673,"date":"2026-04-15T12:01:13","date_gmt":"2026-04-15T10:01:13","guid":{"rendered":"https:\/\/nabytoklaguna.sk\/sk\/?post_type=product&#038;p=127673"},"modified":"2026-04-15T13:32:46","modified_gmt":"2026-04-15T11:32:46","slug":"gdt-202","status":"publish","type":"product","link":"https:\/\/nabytoklaguna.sk\/sk\/produkt\/gdt-202\/","title":{"rendered":"GDT-202"},"content":{"rendered":"<p><strong>Jed\u00e1lensk\u00fd st\u00f4l<\/strong> s d\u013a\u017ekou 110 cm a \u0161\u00edrkou 70 cm v minimalistickom klasickom \u0161t\u00fdle. <strong>Stolov\u00e1 doska hr. 2 cm<\/strong> je z\u00a0 <strong>MDF obd\u013a\u017enikov\u00e9ho tvaru<\/strong>. Nohy a kon\u0161trukcia je z kovov\u00fdch profilov \u0161tvorcov\u00e9ho prierezu. Nohy s\u00fa v spodnej \u010dasti opatren\u00e9 plastov\u00fdmi z\u00e1slepkami s klz\u00e1kmi, zabra\u0148uj\u00faci po\u0161kodeniu podlahovej krytiny. Povrchov\u00e1 \u00faprava je <strong>pr\u00e1\u0161kovou vypa\u013eovacou farbou<\/strong>. V\u00fd\u0161ka stola je 75 cm. St\u00f4l sa hod\u00ed do men\u0161\u00edch a striedne zariaden\u00fdch kuch\u00fd\u0148 i jed\u00e1ln\u00ed, svojim neutr\u00e1lnym dizajnom n\u00e1jde \u00faspe\u0161n\u00e9 uplatnenie aj v in\u00fdch priestoroch. \u010ealej je ho mo\u017en\u00e9 pou\u017ei\u0165 aj ako p\u00edsac\u00ed \u010di pracovn\u00fd na \u013eah\u0161ie \u010dinnosti, vzh\u013eadom na jeho subt\u00edlnos\u0165. K stolu je mo\u017en\u00e9 umiestni\u0165 4 stoli\u010dky.<\/p>\n<ul>\n<li>\u00a0\u00a0\u00a0\u00a0 Materi\u00e1l dosky: MDF<\/li>\n<li>\u00a0\u00a0\u00a0\u00a0 Tvar dosky: obd\u013a\u017enik<\/li>\n<li>\u00a0\u00a0\u00a0\u00a0 Rozkladan\u00edm: Nie<\/li>\n<li>\u00a0\u00a0\u00a0\u00a0 Farba dosky: Biela,Travert\u00edn, Star\u00e9 drevo<\/li>\n<li>\u00a0\u00a0\u00a0\u00a0 Materi\u00e1l n\u00f4h: Kov<\/li>\n<li>\u00a0\u00a0\u00a0\u00a0 Hr\u00fabka dosky: 2 cm<\/li>\n<\/ul>\n<p><strong>Rozmery:<\/strong><\/p>\n<p>\u0161\u00edrka: 110 cm<\/p>\n<p>h\u013abka: 70 cm<\/p>\n<p>v\u00fd\u0161ka: 75 cm<\/p>\n<p>Dod\u00e1van\u00e9 v demonte<\/p>\n","protected":false},"excerpt":{"rendered":"<p>Jed\u00e1lensk\u00fd st\u00f4l s d\u013a\u017ekou 110 cm a \u0161\u00edrkou 70 cm v minimalistickom klasickom \u0161t\u00fdle. Stolov\u00e1 doska hr. 2 cm je z\u00a0 MDF obd\u013a\u017enikov\u00e9ho tvaru. Nohy a kon\u0161trukcia je z kovov\u00fdch profilov \u0161tvorcov\u00e9ho prierezu. Nohy s\u00fa v spodnej \u010dasti opatren\u00e9 plastov\u00fdmi z\u00e1slepkami s klz\u00e1kmi, zabra\u0148uj\u00faci po\u0161kodeniu podlahovej krytiny. Povrchov\u00e1 \u00faprava je pr\u00e1\u0161kovou vypa\u013eovacou farbou. V\u00fd\u0161ka stola&#8230;<\/p>\n","protected":false},"featured_media":127676,"comment_status":"closed","ping_status":"closed","template":"","meta":{"_seopress_robots_primary_cat":"none","_seopress_titles_title":"","_seopress_titles_desc":"","_seopress_robots_index":""},"product_brand":[],"product_cat":[4719],"product_tag":[],"class_list":{"0":"post-127673","1":"product","2":"type-product","3":"status-publish","4":"has-post-thumbnail","6":"product_cat-jedalenske-stoly","7":"pa_farba-olw2","8":"pa_farba-trv","9":"pa_farba-wt","11":"first","12":"instock","13":"sale","14":"shipping-taxable","15":"purchasable","16":"product-type-variable"},"_links":{"self":[{"href":"https:\/\/nabytoklaguna.sk\/sk\/wp-json\/wp\/v2\/product\/127673","targetHints":{"allow":["GET"]}}],"collection":[{"href":"https:\/\/nabytoklaguna.sk\/sk\/wp-json\/wp\/v2\/product"}],"about":[{"href":"https:\/\/nabytoklaguna.sk\/sk\/wp-json\/wp\/v2\/types\/product"}],"replies":[{"embeddable":true,"href":"https:\/\/nabytoklaguna.sk\/sk\/wp-json\/wp\/v2\/comments?post=127673"}],"wp:featuredmedia":[{"embeddable":true,"href":"https:\/\/nabytoklaguna.sk\/sk\/wp-json\/wp\/v2\/media\/127676"}],"wp:attachment":[{"href":"https:\/\/nabytoklaguna.sk\/sk\/wp-json\/wp\/v2\/media?parent=127673"}],"wp:term":[{"taxonomy":"product_brand","embeddable":true,"href":"https:\/\/nabytoklaguna.sk\/sk\/wp-json\/wp\/v2\/product_brand?post=127673"},{"taxonomy":"product_cat","embeddable":true,"href":"https:\/\/nabytoklaguna.sk\/sk\/wp-json\/wp\/v2\/product_cat?post=127673"},{"taxonomy":"product_tag","embeddable":true,"href":"https:\/\/nabytoklaguna.sk\/sk\/wp-json\/wp\/v2\/product_tag?post=127673"}],"curies":[{"name":"wp","href":"https:\/\/api.w.org\/{rel}","templated":true}]}}