{"id":13124,"date":"2021-02-22T16:54:36","date_gmt":"2021-02-22T15:54:36","guid":{"rendered":"http:\/\/nabytoklaguna.sk\/sk\/?post_type=product&#038;p=13124"},"modified":"2026-02-18T08:33:16","modified_gmt":"2026-02-18T07:33:16","slug":"air-mono","status":"publish","type":"product","link":"https:\/\/nabytoklaguna.sk\/sk\/produkt\/air-mono\/","title":{"rendered":"D.P.V. AIR MONO"},"content":{"rendered":"<p>SLEEPFOAM pena vynik\u00e1 svojou v\u00fdbornou elasticitou, tvarovou st\u00e1los\u0165ou a dlhou \u017eivotnos\u0165ou. Jadro matraca je upraven\u00e9 najmodernej\u0161ou technol\u00f3giou \u0158E\u0160ETO, ktor\u00e1 zvy\u0161uje predov\u0161etk\u00fdm priedu\u0161nos\u0165, hygienu aj \u017eivotnos\u0165 matraca. V\u010faka vyv\u0155tan\u00fdm otvorom jadro lep\u0161ie\u00a0 odvetr\u00e1va, \u010d\u00edm nedoch\u00e1dza k prehriatiu \u013eudsk\u00e9ho organizmu. Povrch jadra je bez z\u00f3novania a matrac je vhodn\u00fd aj pre sp\u00e1nok na bruchu a taktie\u017e je vhodn\u00fd pre u\u017e\u00edvate\u013eov \u010dasto meniacich polohu pri sp\u00e1nku. Matrac m\u00e1 luxusn\u00fd po\u0165ah bez pre\u0161itia\u00a0 s r\u00fanom, \u010d\u00edm pon\u00faka dokonal\u00fd pocit reakcie peny na \u013eudsk\u00e9 telo. Matrac je vhodn\u00fd na lamelov\u00fd pevn\u00fd aj polohovate\u013en\u00fd ro\u0161t. V\u010faka pou\u017eitiu kvalitn\u00fdch pien matrac zaru\u010duje dlh\u00fa \u017eivotnos\u0165. Po\u0165ah \u00faplet je prate\u013en\u00fd pri 60 stup\u0148och. <strong>Mo\u017enos\u0165 objednania aj ne\u0161tandardn\u00fdch rozmerov v cene.<\/strong><\/p>\n","protected":false},"excerpt":{"rendered":"<p><img loading=\"lazy\" decoding=\"async\" class=\"alignnone size-full wp-image-12920\" src=\"http:\/\/nabytoklaguna.sk\/sk\/wp-content\/uploads\/2017\/03\/\u010desk\u00fd-v\u00fdrobca.png\" alt=\"\" width=\"39\" height=\"47\" \/><img loading=\"lazy\" decoding=\"async\" class=\"alignnone size-full wp-image-12919\" src=\"http:\/\/nabytoklaguna.sk\/sk\/wp-content\/uploads\/2017\/03\/zdravotn\u00fd-matrac.png\" alt=\"\" width=\"39\" height=\"47\" \/><img loading=\"lazy\" decoding=\"async\" class=\"alignnone size-full wp-image-12922\" src=\"http:\/\/nabytoklaguna.sk\/sk\/wp-content\/uploads\/2017\/03\/osved\u010denie-matrace.jpg\" alt=\"\" width=\"167\" height=\"141\" \/><\/p>\n<table>\n<tbody>\n<tr>\n<td><strong>Tuhos\u0165:<\/strong><\/td>\n<td>4<\/td>\n<\/tr>\n<tr>\n<td><strong>V\u00e1hov\u00e1 kateg\u00f3ria:<\/strong><\/td>\n<td>do 110 kg<\/td>\n<\/tr>\n<tr>\n<td><strong>Jadro:<\/strong><\/td>\n<td>bez pou\u017eitia lepidiel<\/td>\n<\/tr>\n<tr>\n<td><strong>Materi\u00e1l:<\/strong><\/td>\n<td>PUR pena<\/td>\n<\/tr>\n<tr>\n<td><strong>Po\u0165ah:<\/strong><\/td>\n<td>\u00a0sn\u00edmate\u013en\u00fd a prate\u013en\u00fd pri 60 stup\u0148och<\/td>\n<\/tr>\n<tr>\n<td><strong>Typ matraca<\/strong>:<\/td>\n<td>obojstrann\u00fd<\/td>\n<\/tr>\n<tr>\n<td><strong>V\u00fd\u0161ka matraca:<\/strong><\/td>\n<td>19 cm<\/td>\n<\/tr>\n<tr>\n<td><strong>V\u00fdrobca:<\/strong><\/td>\n<td>\u010cesko<\/td>\n<\/tr>\n<\/tbody>\n<\/table>\n","protected":false},"featured_media":13131,"comment_status":"closed","ping_status":"closed","template":"","meta":{"_seopress_robots_primary_cat":"1100","_seopress_titles_title":"","_seopress_titles_desc":"","_seopress_robots_index":""},"product_brand":[],"product_cat":[1100,227],"product_tag":[],"class_list":{"0":"post-13124","1":"product","2":"type-product","3":"status-publish","4":"has-post-thumbnail","6":"product_cat-klasicke","7":"product_cat-rosty-matrace","9":"first","10":"onbackorder","11":"shipping-taxable","12":"purchasable","13":"product-type-variable"},"_links":{"self":[{"href":"https:\/\/nabytoklaguna.sk\/sk\/wp-json\/wp\/v2\/product\/13124","targetHints":{"allow":["GET"]}}],"collection":[{"href":"https:\/\/nabytoklaguna.sk\/sk\/wp-json\/wp\/v2\/product"}],"about":[{"href":"https:\/\/nabytoklaguna.sk\/sk\/wp-json\/wp\/v2\/types\/product"}],"replies":[{"embeddable":true,"href":"https:\/\/nabytoklaguna.sk\/sk\/wp-json\/wp\/v2\/comments?post=13124"}],"wp:featuredmedia":[{"embeddable":true,"href":"https:\/\/nabytoklaguna.sk\/sk\/wp-json\/wp\/v2\/media\/13131"}],"wp:attachment":[{"href":"https:\/\/nabytoklaguna.sk\/sk\/wp-json\/wp\/v2\/media?parent=13124"}],"wp:term":[{"taxonomy":"product_brand","embeddable":true,"href":"https:\/\/nabytoklaguna.sk\/sk\/wp-json\/wp\/v2\/product_brand?post=13124"},{"taxonomy":"product_cat","embeddable":true,"href":"https:\/\/nabytoklaguna.sk\/sk\/wp-json\/wp\/v2\/product_cat?post=13124"},{"taxonomy":"product_tag","embeddable":true,"href":"https:\/\/nabytoklaguna.sk\/sk\/wp-json\/wp\/v2\/product_tag?post=13124"}],"curies":[{"name":"wp","href":"https:\/\/api.w.org\/{rel}","templated":true}]}}