{"id":14279,"date":"2021-02-22T16:54:36","date_gmt":"2021-02-22T15:54:36","guid":{"rendered":"http:\/\/nabytoklaguna.sk\/sk\/?post_type=product&#038;p=14279"},"modified":"2022-04-14T10:08:59","modified_gmt":"2022-04-14T08:08:59","slug":"baby-2","status":"publish","type":"product","link":"https:\/\/nabytoklaguna.sk\/sk\/produkt\/baby-2\/","title":{"rendered":"Detsk\u00fd matrac BABY D.P.V.s.r.o"},"content":{"rendered":"<p>Kvalitn\u00fd detsk\u00fd matrac BABY z polyuret\u00e1novej peny je vyroben\u00fd z jedn\u00e9ho dielu. Luxusn\u00fd odn\u00edmate\u013en\u00fd po\u0165ah vybaven\u00fd zipsom zaru\u010duje jednoduch\u00e9 pranie a \u00fadr\u017ebu. Kombin\u00e1cia kvalitn\u00fdch materi\u00e1lov a pr\u00edjemn\u00fd detsk\u00fd design zaru\u010d\u00ed k\u013eudn\u00fd a zdrav\u00fd sp\u00e1nok t\u00fdm najmen\u0161\u00edm. Pre bezprobl\u00e9mov\u00fa manipul\u00e1ciu s prate\u013en\u00fdm po\u0165ahom je jadro matraca naviac vybaven\u00e9 separa\u010dnou tkaninou. Matrac sa dod\u00e1va v dvoch rozmeroch: 60&#215;120 cm. a 70&#215;140 cm.<\/p>\n","protected":false},"excerpt":{"rendered":"<p><img loading=\"lazy\" decoding=\"async\" class=\"alignnone size-full wp-image-14075\" src=\"http:\/\/nabytoklaguna.sk\/sk\/wp-content\/uploads\/2017\/03\/\u010desk\u00fd-v\u00fdrobok-2.png\" alt=\"\" width=\"39\" height=\"47\" \/><img loading=\"lazy\" decoding=\"async\" class=\"alignnone size-full wp-image-14077\" src=\"http:\/\/nabytoklaguna.sk\/sk\/wp-content\/uploads\/2017\/03\/zdravotn\u00fd-2.png\" alt=\"\" width=\"39\" height=\"47\" \/><img loading=\"lazy\" decoding=\"async\" class=\"alignnone size-full wp-image-13927\" src=\"http:\/\/nabytoklaguna.sk\/sk\/wp-content\/uploads\/2017\/03\/certifik\u00e1t.jpg\" alt=\"\" width=\"167\" height=\"141\" \/><\/p>\n<table width=\"867\">\n<tbody>\n<tr>\n<td width=\"262\"><strong>Jadro matraca:<\/strong><\/td>\n<td width=\"599\">bez pou\u017eitia lepidiel<\/td>\n<\/tr>\n<tr>\n<td width=\"262\"><strong>Materi\u00e1l:<\/strong><\/td>\n<td width=\"599\">PUR<\/td>\n<\/tr>\n<tr>\n<td width=\"262\"><strong>Po\u0165ah:<\/strong><\/td>\n<td width=\"599\">z\u00f3novo pre\u0161it\u00fd, sn\u00edmate\u013en\u00fd a prate\u013en\u00fd<\/td>\n<\/tr>\n<tr>\n<td width=\"262\">\u00a0<strong>Typ matraca:<\/strong><\/td>\n<td width=\"599\">detsk\u00fd<\/td>\n<\/tr>\n<tr>\n<td width=\"262\"><strong>V\u00fdrobca:<\/strong><\/td>\n<td width=\"599\">\u010cesko<\/td>\n<\/tr>\n<tr>\n<td width=\"262\"><strong>Rozmer: <\/strong><\/td>\n<td width=\"599\">\u00a060&#215;120 cm a\u00a070&#215;140 cm<\/td>\n<\/tr>\n<\/tbody>\n<\/table>\n<p>&nbsp;<\/p>\n","protected":false},"featured_media":0,"comment_status":"closed","ping_status":"closed","template":"","meta":{"_seopress_robots_primary_cat":"235","_seopress_titles_title":"","_seopress_titles_desc":"","_seopress_robots_index":""},"product_brand":[],"product_cat":[235],"product_tag":[],"class_list":{"0":"post-14279","1":"product","2":"type-product","3":"status-publish","5":"product_cat-detske-matrace","7":"first","8":"onbackorder","9":"shipping-taxable","10":"purchasable","11":"product-type-variable"},"_links":{"self":[{"href":"https:\/\/nabytoklaguna.sk\/sk\/wp-json\/wp\/v2\/product\/14279","targetHints":{"allow":["GET"]}}],"collection":[{"href":"https:\/\/nabytoklaguna.sk\/sk\/wp-json\/wp\/v2\/product"}],"about":[{"href":"https:\/\/nabytoklaguna.sk\/sk\/wp-json\/wp\/v2\/types\/product"}],"replies":[{"embeddable":true,"href":"https:\/\/nabytoklaguna.sk\/sk\/wp-json\/wp\/v2\/comments?post=14279"}],"wp:attachment":[{"href":"https:\/\/nabytoklaguna.sk\/sk\/wp-json\/wp\/v2\/media?parent=14279"}],"wp:term":[{"taxonomy":"product_brand","embeddable":true,"href":"https:\/\/nabytoklaguna.sk\/sk\/wp-json\/wp\/v2\/product_brand?post=14279"},{"taxonomy":"product_cat","embeddable":true,"href":"https:\/\/nabytoklaguna.sk\/sk\/wp-json\/wp\/v2\/product_cat?post=14279"},{"taxonomy":"product_tag","embeddable":true,"href":"https:\/\/nabytoklaguna.sk\/sk\/wp-json\/wp\/v2\/product_tag?post=14279"}],"curies":[{"name":"wp","href":"https:\/\/api.w.org\/{rel}","templated":true}]}}