{"id":14285,"date":"2021-02-22T16:54:36","date_gmt":"2021-02-22T15:54:36","guid":{"rendered":"http:\/\/nabytoklaguna.sk\/sk\/?post_type=product&#038;p=14285"},"modified":"2022-04-14T10:11:48","modified_gmt":"2022-04-14T08:11:48","slug":"happy-kids","status":"publish","type":"product","link":"https:\/\/nabytoklaguna.sk\/sk\/produkt\/happy-kids\/","title":{"rendered":"Detsk\u00fd matrac HAPPY KIDS D.P.V.s.r.o."},"content":{"rendered":"<p>Revolu\u010dn\u00e1 dvojdielna kon\u0161trukcia \/bez pou\u017eitia lepidiel\/ tohto detsk\u00e9ho matraca sp\u00e1ja v jedno bezkonkuren\u010dn\u00e9 ventila\u010dn\u00e9 schopnosti materi\u00e1lu Dryfeel a vynikaj\u00face pevnostn\u00e9 parametre vysoko elastickej studenej peny. Z\u00e1kladn\u00fdm charakteristick\u00fdm znakom tohoto matraca je 100% priedu\u0161nos\u0165 a hygiena. Matracov\u00fd komponent z Dryfeelu sa d\u00e1 jednoducho vypra\u0165. Pou\u017eitie dvojcentimetrovej vrstvy Dryfeelu zni\u017euje riziko zaparenia a zabra\u0148uje uduseniu die\u0165atka pri polohe na bru\u0161ku. Matrac je mo\u017en\u00e9 pou\u017e\u00edva\u0165, pod\u013ea po\u017eiadavku na prevzdu\u0161nenie hornej vrsty, obojstranne. <strong>Matrac je mo\u017en\u00e9 objedna\u0165 v dvoch rozmeroch. 60&#215;120 cm a 70x 140 cm<\/strong>.<\/p>\n","protected":false},"excerpt":{"rendered":"<p><img loading=\"lazy\" decoding=\"async\" class=\"alignnone size-full wp-image-14075\" src=\"http:\/\/nabytoklaguna.sk\/sk\/wp-content\/uploads\/2017\/03\/\u010desk\u00fd-v\u00fdrobok-2.png\" alt=\"\" width=\"39\" height=\"47\" \/><img loading=\"lazy\" decoding=\"async\" class=\"alignnone size-full wp-image-14077\" src=\"http:\/\/nabytoklaguna.sk\/sk\/wp-content\/uploads\/2017\/03\/zdravotn\u00fd-2.png\" alt=\"\" width=\"39\" height=\"47\" \/><img loading=\"lazy\" decoding=\"async\" class=\"alignnone size-full wp-image-14009\" src=\"http:\/\/nabytoklaguna.sk\/sk\/wp-content\/uploads\/2017\/03\/certifik\u00e1t-1.jpg\" alt=\"\" width=\"167\" height=\"141\" \/><\/p>\n<table width=\"867\">\n<tbody>\n<tr>\n<td width=\"262\"><strong>Jadro matraca:<\/strong><\/td>\n<td width=\"599\">bez pou\u017eitia lepidiel<\/td>\n<\/tr>\n<tr>\n<td width=\"262\"><strong>Materi\u00e1l:<\/strong><\/td>\n<td width=\"599\">DRYFEEL<\/td>\n<\/tr>\n<tr>\n<td width=\"262\"><strong>Po\u0165ah:<\/strong><\/td>\n<td width=\"599\">z\u00f3novo pre\u0161it\u00fd, sn\u00edmate\u013en\u00fd a prate\u013en\u00fd<\/td>\n<\/tr>\n<tr>\n<td width=\"262\">\u00a0<strong>Typ matraca:<\/strong><\/td>\n<td width=\"599\">detsk\u00fd<\/td>\n<\/tr>\n<tr>\n<td width=\"262\"><strong>V\u00fdrobca:<\/strong><\/td>\n<td width=\"599\">\u010cesko<\/td>\n<\/tr>\n<tr>\n<td width=\"262\"><strong>Rozmer: <\/strong><\/td>\n<td width=\"599\">\u00a060&#215;120 cm a\u00a070&#215;140 cm<\/td>\n<\/tr>\n<\/tbody>\n<\/table>\n","protected":false},"featured_media":0,"comment_status":"closed","ping_status":"closed","template":"","meta":{"_seopress_robots_primary_cat":"235","_seopress_titles_title":"","_seopress_titles_desc":"","_seopress_robots_index":""},"product_brand":[],"product_cat":[235],"product_tag":[],"class_list":{"0":"post-14285","1":"product","2":"type-product","3":"status-publish","5":"product_cat-detske-matrace","7":"first","8":"onbackorder","9":"shipping-taxable","10":"purchasable","11":"product-type-variable"},"_links":{"self":[{"href":"https:\/\/nabytoklaguna.sk\/sk\/wp-json\/wp\/v2\/product\/14285","targetHints":{"allow":["GET"]}}],"collection":[{"href":"https:\/\/nabytoklaguna.sk\/sk\/wp-json\/wp\/v2\/product"}],"about":[{"href":"https:\/\/nabytoklaguna.sk\/sk\/wp-json\/wp\/v2\/types\/product"}],"replies":[{"embeddable":true,"href":"https:\/\/nabytoklaguna.sk\/sk\/wp-json\/wp\/v2\/comments?post=14285"}],"wp:attachment":[{"href":"https:\/\/nabytoklaguna.sk\/sk\/wp-json\/wp\/v2\/media?parent=14285"}],"wp:term":[{"taxonomy":"product_brand","embeddable":true,"href":"https:\/\/nabytoklaguna.sk\/sk\/wp-json\/wp\/v2\/product_brand?post=14285"},{"taxonomy":"product_cat","embeddable":true,"href":"https:\/\/nabytoklaguna.sk\/sk\/wp-json\/wp\/v2\/product_cat?post=14285"},{"taxonomy":"product_tag","embeddable":true,"href":"https:\/\/nabytoklaguna.sk\/sk\/wp-json\/wp\/v2\/product_tag?post=14285"}],"curies":[{"name":"wp","href":"https:\/\/api.w.org\/{rel}","templated":true}]}}