{"id":19397,"date":"2021-02-22T16:54:36","date_gmt":"2021-02-22T15:54:36","guid":{"rendered":"http:\/\/nabytoklaguna.sk\/sk\/?post_type=product&#038;p=19397"},"modified":"2025-12-01T16:36:52","modified_gmt":"2025-12-01T15:36:52","slug":"nd-rodan-premium","status":"publish","type":"product","link":"https:\/\/nabytoklaguna.sk\/sk\/produkt\/nd-rodan-premium\/","title":{"rendered":"RODAN premium"},"content":{"rendered":"<p><strong>Pr\u00e9miov\u00fd<\/strong>\u00a0rad postel\u00ed pon\u00faka maxim\u00e1lny\u00a0<strong>komfort<\/strong>\u00a0a\u00a0<strong>relax<\/strong>. Rann\u00e9 vst\u00e1vanie sa zmen\u00ed na\u00a0<strong>rados\u0165<\/strong>, ktor\u00e1 sprev\u00e1dza telo a du\u0161u po cel\u00fd de\u0148. Postele\u00a0<strong>box-spring<\/strong>\u00a0s\u00fa zn\u00e1me u\u017e desiatky rokov predov\u0161etk\u00fdm z\u00a0<strong>luxusn\u00fdch<\/strong>\u00a0hotelov. Va\u0161a poste\u013e bude\u00a0<strong>origin\u00e1lny<\/strong>\u00a0kus. Individu\u00e1lne\u00a0<strong>ru\u010dn\u00e9<\/strong>\u00a0spracovanie a kon\u0161truk\u010dn\u00e1\u00a0<strong>kvalita<\/strong>\u00a0rad\u00ed poste\u013e do kateg\u00f3rie\u00a0<strong>Premium<\/strong>. Vysok\u00e9 postele Premium maj\u00fa\u00a0<strong>mas\u00edvny<\/strong>\u00a0dreven\u00fd r\u00e1m s lamelami umo\u017e\u0148uj\u00faci\u00a0<strong>pr\u00edstup<\/strong>\u00a0k \u00falo\u017en\u00e9mu priestoru\u00a0<strong>od n\u00f4h<\/strong>, alebo\u00a0<strong>zboku<\/strong>. \u00dalo\u017en\u00fd priestor je dostato\u010dnej ve\u013ekosti s\u00a0<strong>odvetr\u00e1van\u00edm<\/strong>, ktor\u00e9 zais\u0165uje pr\u00edvod\u00a0<strong>vzduchu<\/strong>\u00a0k matracom. Okraj postele\u00a0<strong>prevy\u0161uje<\/strong> z\u00e1kladn\u00fd box Spring a zabra\u0148uje tzv.\u00a0<strong>sklzu<\/strong>\u00a0horn\u00e9ho matraca.\u00a0<strong>Dut\u00e9 vl\u00e1kno<\/strong>\u00a0a po\u0165ahov\u00e1 l\u00e1tka\u00a0<strong>zm\u00e4k\u010duje<\/strong>\u00a0r\u00e1m postele.\u00a0<strong>Vzdu\u0161n\u00e9<\/strong>pru\u017einov\u00e9 jadro, textil, pena a dut\u00e9 vl\u00e1kno s\u00fa\u00a0<strong>pevne<\/strong>\u00a0<strong>pri\u010dal\u00fanen\u00e9<\/strong>\u00a0k lamelov\u00e9mu\u00a0<strong>mas\u00edvnemu <\/strong>r\u00e1mu.\u00a0<strong>Po\u0165ahov\u00fa<\/strong>\u00a0l\u00e1tku si m\u00f4\u017eete\u00a0<strong>vybra\u0165<\/strong>\u00a0v r\u00f4znych\u00a0<strong>farb\u00e1ch<\/strong>\u00a0a\u00a0<strong>\u0161t\u00fdloch<\/strong>.<\/p>\n<p><strong>Topper nie je s\u00fa\u010das\u0165ou postele<\/strong>. <strong>Teraz je mo\u017en\u00e9 ho zak\u00fapi\u0165 za zv\u00fdhodnen\u00fa cenu 210,- EUR !<\/strong><\/p>\n<p><strong>Farbu<\/strong>\u00a0n\u00f4h si m\u00f4\u017eete vybra\u0165 z<strong>\u00a0piatich<\/strong>\u00a0variantov \u2013 buk, \u010dere\u0161\u0148a, orech, strieborn\u00e1 a \u010dierna. Takisto je mo\u017en\u00e9 vybra\u0165 si\u00a0<strong>typ<\/strong>\u00a0<strong>n\u00f4h<\/strong>, a to zo\u00a0<strong>\u0161iestich<\/strong>\u00a0variantov (v\u00fd\u0161ka 6 alebo 12 cm). Farbu a typ no\u017ei\u010diek pros\u00edm uve\u010fte v\u00a0<strong>pozn\u00e1mke<\/strong>\u00a0objedn\u00e1vky. Poste\u013e je dod\u00e1van\u00e1 v dvoch \u0161\u00edrkach:\u00a0<strong>160<\/strong>\u00a0a\u00a0<strong>180<\/strong>\u00a0cm<\/p>\n<p><strong>L\u00c1TKU pros\u00edm vyberte tu:<\/strong><\/p>\n<p><a href=\"https:\/\/nabytoklaguna.sk\/sk\/wp-content\/uploads\/2020\/05\/ND-Vzorkovn%C3%ADk-l%C3%A1tok.pdf\">ND-Vzorkovn\u00edk-l\u00e1tok.pdf<\/a><\/p>\n<p>Nastavenie displeja m\u00f4\u017ee sp\u00f4sobi\u0165 odch\u00fdlku vo farbe vzoriek po\u0165ahov\u00fdch l\u00e1tok.<\/p>\n<table class=\"table-data-sheet\">\n<tbody>\n<tr class=\"odd\">\n<td><strong>Rozmery postele:<\/strong>\u00a0(\u0160xVxH)<\/td>\n<td>188 x 141 x 214 cm, Plocha na spanie: 180 x 200 cm<\/td>\n<td><\/td>\n<\/tr>\n<tr class=\"even\">\n<td><\/td>\n<td>168 x 141x 214 cm, Plocha na spanie: 160 x 200 cm<\/td>\n<td><\/td>\n<\/tr>\n<tr class=\"odd\">\n<td><strong>V\u00fd\u0161ka lo\u017enej plochy<\/strong>:<\/td>\n<td>59\/ 70cm (pod\u013ea typu n\u00f4h, matracov)<\/td>\n<td><\/td>\n<\/tr>\n<tr class=\"even\">\n<td><strong>Max. nosnos\u0165 postele<\/strong>:<\/td>\n<td>2 x 130 kg<\/td>\n<td><\/td>\n<\/tr>\n<tr class=\"odd\">\n<td><strong>Prevedenie n\u00f4h:<\/strong><\/td>\n<td>v\u00fd\u0161ka 6 cm (typ 1, 2) alebo 12 cm (typ 3, 4, 5, 6)<\/td>\n<\/tr>\n<\/tbody>\n<\/table>\n<p>&nbsp;<\/p>\n<p>&nbsp;<\/p>\n<p><strong>Typy ro\u0161tov:<\/strong><\/p>\n<p><img loading=\"lazy\" decoding=\"async\" class=\"alignnone wp-image-61676\" src=\"https:\/\/i0.wp.com\/nabytoklaguna.sk\/sk\/wp-content\/uploads\/2017\/06\/rost1.jpg?resize=165%2C163&amp;ssl=1\" alt=\"\" width=\"165\" height=\"163\" \/><img loading=\"lazy\" decoding=\"async\" class=\"wp-image-61677 alignnone\" src=\"https:\/\/i1.wp.com\/nabytoklaguna.sk\/sk\/wp-content\/uploads\/2017\/06\/rost2.jpg?resize=162%2C131&amp;ssl=1\" alt=\"\" width=\"162\" height=\"131\" \/><\/p>\n<p><strong>Typy matracov:<\/strong><\/p>\n<table border=\"0\" width=\"759\" cellspacing=\"1\" cellpadding=\"1\">\n<tbody>\n<tr>\n<td style=\"width: 243px;\"><img loading=\"lazy\" decoding=\"async\" class=\"alignnone wp-image-61910\" src=\"https:\/\/i1.wp.com\/nabytoklaguna.sk\/sk\/wp-content\/uploads\/2017\/05\/BAZI.jpg?resize=500%2C310&amp;ssl=1\" alt=\"\" width=\"292\" height=\"181\" srcset=\"https:\/\/nabytoklaguna.sk\/sk\/wp-content\/uploads\/2017\/05\/BAZI.jpg 1292w, https:\/\/nabytoklaguna.sk\/sk\/wp-content\/uploads\/2017\/05\/BAZI-610x378.jpg 610w, https:\/\/nabytoklaguna.sk\/sk\/wp-content\/uploads\/2017\/05\/BAZI-500x310.jpg 500w, https:\/\/nabytoklaguna.sk\/sk\/wp-content\/uploads\/2017\/05\/BAZI-768x476.jpg 768w, https:\/\/nabytoklaguna.sk\/sk\/wp-content\/uploads\/2017\/05\/BAZI-1024x634.jpg 1024w\" sizes=\"auto, (max-width: 292px) 100vw, 292px\" \/><\/td>\n<td style=\"width: 514px;\"><strong><u>Matrac BAZI:<\/u><\/strong><\/p>\n<ul>\n<li>v\u00fd\u0161ka matraca: cca 16 cm<\/li>\n<li>nosnos\u0165 matraca: do 110 kg<\/li>\n<li>po\u0165ah: frot\u00e9, pranie na 60\u00b0C<\/li>\n<li>5-z\u00f3nov\u00fd matrac sa sklad\u00e1 z polyuret\u00e1novej peny, kon\u0161trukcie sendvi\u010dov\u00e9ho typu<\/li>\n<li>obojstrann\u00fd matrac s 2 druhmi tuhost\u00ed<\/li>\n<li>farby jadier matracov s\u00fa len orienta\u010dn\u00e9<\/li>\n<\/ul>\n<\/td>\n<\/tr>\n<tr>\n<td style=\"width: 243px;\"><img loading=\"lazy\" decoding=\"async\" class=\"alignnone wp-image-61913\" src=\"https:\/\/i2.wp.com\/nabytoklaguna.sk\/sk\/wp-content\/uploads\/2017\/05\/SABI.jpg?resize=500%2C310&amp;ssl=1\" alt=\"\" width=\"293\" height=\"182\" srcset=\"https:\/\/nabytoklaguna.sk\/sk\/wp-content\/uploads\/2017\/05\/SABI.jpg 1292w, https:\/\/nabytoklaguna.sk\/sk\/wp-content\/uploads\/2017\/05\/SABI-610x378.jpg 610w, https:\/\/nabytoklaguna.sk\/sk\/wp-content\/uploads\/2017\/05\/SABI-500x310.jpg 500w, https:\/\/nabytoklaguna.sk\/sk\/wp-content\/uploads\/2017\/05\/SABI-768x476.jpg 768w, https:\/\/nabytoklaguna.sk\/sk\/wp-content\/uploads\/2017\/05\/SABI-1024x634.jpg 1024w\" sizes=\"auto, (max-width: 293px) 100vw, 293px\" \/><\/td>\n<td style=\"width: 514px;\"><strong><u>Matrac SABI:<\/u><\/strong><\/p>\n<ul>\n<li>v\u00fd\u0161ka matraca: cca 16 cm<\/li>\n<li>nosnos\u0165 matraca: do 110 kg<\/li>\n<li>po\u0165ah: frot\u00e9, pranie na 60\u00b0C<\/li>\n<li>sendvi\u010dov\u00fd 7-z\u00f3nov\u00fd matrac, stred zo spojen\u00e9ho polyuret\u00e1nu a dve dosky a mas\u00e1\u017enymi nopmi, ktor\u00e9 zabezpe\u010duj\u00fa vzdu\u0161nos\u0165 a ve\u013emi kvalitn\u00fd sp\u00e1nkov\u00fd komfort<\/li>\n<\/ul>\n<\/td>\n<\/tr>\n<tr>\n<td style=\"width: 243px;\"><img loading=\"lazy\" decoding=\"async\" class=\"alignnone wp-image-61912\" src=\"https:\/\/i1.wp.com\/nabytoklaguna.sk\/sk\/wp-content\/uploads\/2017\/05\/INFLEX.jpg?resize=500%2C310&amp;ssl=1\" alt=\"\" width=\"300\" height=\"186\" srcset=\"https:\/\/nabytoklaguna.sk\/sk\/wp-content\/uploads\/2017\/05\/INFLEX.jpg 1292w, https:\/\/nabytoklaguna.sk\/sk\/wp-content\/uploads\/2017\/05\/INFLEX-610x378.jpg 610w, https:\/\/nabytoklaguna.sk\/sk\/wp-content\/uploads\/2017\/05\/INFLEX-500x310.jpg 500w, https:\/\/nabytoklaguna.sk\/sk\/wp-content\/uploads\/2017\/05\/INFLEX-768x476.jpg 768w, https:\/\/nabytoklaguna.sk\/sk\/wp-content\/uploads\/2017\/05\/INFLEX-1024x634.jpg 1024w\" sizes=\"auto, (max-width: 300px) 100vw, 300px\" \/><\/td>\n<td style=\"width: 514px;\"><strong><u>Matrac INFLEX:<\/u><\/strong><\/p>\n<ul>\n<li>v\u00fd\u0161ka matraca: cca 21 cm<\/li>\n<li>nosnos\u0165 matraca: do 130 kg<\/li>\n<li>po\u0165ah: \u00fapletov\u00fd po\u0165ah aloe vera, pranie na 60\u00b0C<\/li>\n<li>7-z\u00f3nov\u00fd matrac je vyroben\u00fd zo studenej HR peny s vysokou gram\u00e1\u017eou.<\/li>\n<li>obojstrann\u00fd matrac s 2 druhmi tuhost\u00ed<\/li>\n<li>matrac zais\u0165uje ide\u00e1lnu sp\u00e1nkov\u00fa kl\u00edmu, komfort sp\u00e1nku a dlh\u00fa \u017eivotnos\u0165<\/li>\n<\/ul>\n<p><strong>\u00a0<\/strong><\/td>\n<\/tr>\n<tr>\n<td style=\"width: 243px;\"><img loading=\"lazy\" decoding=\"async\" class=\"alignnone wp-image-61914\" src=\"https:\/\/i2.wp.com\/nabytoklaguna.sk\/sk\/wp-content\/uploads\/2017\/05\/TERAFLEX.jpg?resize=500%2C310&amp;ssl=1\" alt=\"\" width=\"305\" height=\"189\" srcset=\"https:\/\/nabytoklaguna.sk\/sk\/wp-content\/uploads\/2017\/05\/TERAFLEX.jpg 1292w, https:\/\/nabytoklaguna.sk\/sk\/wp-content\/uploads\/2017\/05\/TERAFLEX-610x378.jpg 610w, https:\/\/nabytoklaguna.sk\/sk\/wp-content\/uploads\/2017\/05\/TERAFLEX-500x310.jpg 500w, https:\/\/nabytoklaguna.sk\/sk\/wp-content\/uploads\/2017\/05\/TERAFLEX-768x476.jpg 768w, https:\/\/nabytoklaguna.sk\/sk\/wp-content\/uploads\/2017\/05\/TERAFLEX-1024x634.jpg 1024w\" sizes=\"auto, (max-width: 305px) 100vw, 305px\" \/><\/td>\n<td style=\"width: 514px;\"><strong><u>Matrac TERAFLEX:<\/u><\/strong><\/p>\n<ul>\n<li>v\u00fd\u0161ka matraca: cca 21 cm<\/li>\n<li>nosnos\u0165 matraca: do 130 kg<\/li>\n<li>obsahuje visco pam\u00e4\u0165ov\u00fa penu<\/li>\n<li>po\u0165ah: \u00fapletov\u00fd po\u0165ah aloe vera, pranie na 60\u00b0C<\/li>\n<li>sendvi\u010dov\u00fd 7-z\u00f3nov\u00fd matrac je vyroben\u00fd zo studenej HR peny s vysokou gram\u00e1\u017eou, na ktorej spo\u010d\u00edva doska z visco peny s mas\u00e1\u017enymi nopmi.<\/li>\n<li>obojstrann\u00fd matrac s 2 druhmi tuhost\u00ed<\/li>\n<li>matrac zais\u0165uje ide\u00e1lnu sp\u00e1nkov\u00fa kl\u00edmu, komfort sp\u00e1nku a dlh\u00fa \u017eivotnos\u0165<\/li>\n<\/ul>\n<\/td>\n<\/tr>\n<tr>\n<td style=\"width: 243px;\"><img loading=\"lazy\" decoding=\"async\" class=\"alignnone wp-image-61911\" src=\"https:\/\/i0.wp.com\/nabytoklaguna.sk\/sk\/wp-content\/uploads\/2017\/05\/CONTINENTAL.jpg?resize=500%2C310&amp;ssl=1\" alt=\"\" width=\"308\" height=\"191\" srcset=\"https:\/\/nabytoklaguna.sk\/sk\/wp-content\/uploads\/2017\/05\/CONTINENTAL.jpg 1292w, https:\/\/nabytoklaguna.sk\/sk\/wp-content\/uploads\/2017\/05\/CONTINENTAL-610x378.jpg 610w, https:\/\/nabytoklaguna.sk\/sk\/wp-content\/uploads\/2017\/05\/CONTINENTAL-500x310.jpg 500w, https:\/\/nabytoklaguna.sk\/sk\/wp-content\/uploads\/2017\/05\/CONTINENTAL-768x476.jpg 768w, https:\/\/nabytoklaguna.sk\/sk\/wp-content\/uploads\/2017\/05\/CONTINENTAL-1024x634.jpg 1024w\" sizes=\"auto, (max-width: 308px) 100vw, 308px\" \/><\/td>\n<td style=\"width: 514px;\"><strong><u>Matrac CONTINENTAL:<\/u><\/strong><\/p>\n<ul>\n<li>v\u00fd\u0161ka matraca: cca 21 cm<\/li>\n<li>nosnos\u0165 matraca: do 130 kg<\/li>\n<li>po\u0165ah: \u00fapletov\u00fd po\u0165ah aloe vera, pranie na 60\u00b0C<\/li>\n<li>matrac obsahuje vzdu\u0161n\u00e9 ta\u0161ti\u010dkov\u00e9 jadro vyroben\u00e9 z 390 pru\u017e\u00edn. Ka\u017ed\u00e1 pru\u017eina je za\u0161it\u00e1 v textilnej ta\u0161ke.<\/li>\n<li>obojstrann\u00fd matrac s dvomatypmi tuhosti, z ktor\u00fdch jedna strana obsahuje visco 7-z\u00f3nov\u00fa pam\u00e4\u0165ov\u00fa penu s mas\u00e1\u017en\u00fdmi nopmi a druh\u00e1 strana 7-z\u00f3nov\u00fa HR studen\u00fa penu s mas\u00e1\u017enymi nopmi vysokej z\u00e1\u0165a\u017ee.<\/li>\n<li>\u0161tyry odvetr\u00e1vaj\u00face otvory v bokoch matraca zais\u0165uj\u00fa ide\u00e1lne odvetr\u00e1vanie a komfort sp\u00e1nku<\/li>\n<\/ul>\n<p><strong>\u00a0<\/strong><\/td>\n<\/tr>\n<tr>\n<td style=\"width: 243px;\"><img loading=\"lazy\" decoding=\"async\" class=\"alignnone wp-image-61908\" src=\"https:\/\/i2.wp.com\/nabytoklaguna.sk\/sk\/wp-content\/uploads\/2017\/05\/AQUAFLEX.jpg?resize=500%2C310&amp;ssl=1\" alt=\"\" width=\"303\" height=\"188\" srcset=\"https:\/\/nabytoklaguna.sk\/sk\/wp-content\/uploads\/2017\/05\/AQUAFLEX.jpg 1292w, https:\/\/nabytoklaguna.sk\/sk\/wp-content\/uploads\/2017\/05\/AQUAFLEX-610x378.jpg 610w, https:\/\/nabytoklaguna.sk\/sk\/wp-content\/uploads\/2017\/05\/AQUAFLEX-500x310.jpg 500w, https:\/\/nabytoklaguna.sk\/sk\/wp-content\/uploads\/2017\/05\/AQUAFLEX-768x476.jpg 768w, https:\/\/nabytoklaguna.sk\/sk\/wp-content\/uploads\/2017\/05\/AQUAFLEX-1024x634.jpg 1024w\" sizes=\"auto, (max-width: 303px) 100vw, 303px\" \/><\/td>\n<td style=\"width: 514px;\"><strong><u>Matrac AQUAFLEX:<\/u><\/strong><\/p>\n<ul>\n<li>v\u00fd\u0161ka matraca cca 21 cm<\/li>\n<li>nosnos\u0165 matraca: do 130 kg<\/li>\n<li>po\u0165ah: \u00fapletov\u00fd po\u0165ah aloe vera, pranie na 60\u00b0C<\/li>\n<li>tento luxusn\u00fd matrac zais\u0165uje ide\u00e1lnu kl\u00edmu a komfort.<\/li>\n<li>matrac sa sklad\u00e1 z vysoko objemov\u00fdch pien, ktor\u00e9 s\u00fa chr\u00e1nen\u00e9 ochrannou zn\u00e1mkou PANTERA\u00ae a CELLFLEX\u00ae.<\/li>\n<\/ul>\n<p><strong>\u00a0<\/strong><\/td>\n<\/tr>\n<\/tbody>\n<\/table>\n<p><u><strong>Farebn\u00e9 prevedenie\u00a0 a typy n\u00f4h \u2013 v cene postele (uve\u010fte pros\u00edm v pozn\u00e1mke objedn\u00e1vky):<\/strong><\/u><\/p>\n<p><img loading=\"lazy\" decoding=\"async\" class=\"alignnone size-medium wp-image-82336\" src=\"https:\/\/i1.wp.com\/nabytoklaguna.sk\/sk\/wp-content\/uploads\/2020\/05\/nd-nohy.jpg?resize=500%2C330&amp;ssl=1\" alt=\"\" width=\"500\" height=\"330\" srcset=\"https:\/\/nabytoklaguna.sk\/sk\/wp-content\/uploads\/2020\/05\/nd-nohy.jpg 839w, https:\/\/nabytoklaguna.sk\/sk\/wp-content\/uploads\/2020\/05\/nd-nohy-610x402.jpg 610w, https:\/\/nabytoklaguna.sk\/sk\/wp-content\/uploads\/2020\/05\/nd-nohy-500x330.jpg 500w, https:\/\/nabytoklaguna.sk\/sk\/wp-content\/uploads\/2020\/05\/nd-nohy-768x506.jpg 768w\" sizes=\"auto, (max-width: 500px) 100vw, 500px\" \/><\/p>\n<p><strong>Mo\u017enos\u0165 dok\u00fapi\u0165 vank\u00fa\u0161iky (uve\u010fte pros\u00edm v pozn\u00e1mke objedn\u00e1vky):<\/strong><\/p>\n<p><strong>A: 40 x 40 cm \u2013 12 \u20ac<\/strong><\/p>\n<p><strong>B: 60 x 60 cm \u2013 20 \u20ac<\/strong><\/p>\n<p><strong>C: 70 x 28 cm \u2013 15 \u20ac<\/strong><\/p>\n<p><img loading=\"lazy\" decoding=\"async\" class=\"alignnone size-medium wp-image-61674\" src=\"https:\/\/i0.wp.com\/nabytoklaguna.sk\/sk\/wp-content\/uploads\/2017\/06\/vankuse.jpg?resize=500%2C310&amp;ssl=1\" alt=\"\" width=\"500\" height=\"310\" srcset=\"https:\/\/nabytoklaguna.sk\/sk\/wp-content\/uploads\/2017\/06\/vankuse.jpg 1290w, https:\/\/nabytoklaguna.sk\/sk\/wp-content\/uploads\/2017\/06\/vankuse-610x378.jpg 610w, https:\/\/nabytoklaguna.sk\/sk\/wp-content\/uploads\/2017\/06\/vankuse-500x310.jpg 500w, https:\/\/nabytoklaguna.sk\/sk\/wp-content\/uploads\/2017\/06\/vankuse-768x476.jpg 768w, https:\/\/nabytoklaguna.sk\/sk\/wp-content\/uploads\/2017\/06\/vankuse-1024x635.jpg 1024w\" sizes=\"auto, (max-width: 500px) 100vw, 500px\" \/><\/p>\n<p><strong>Denn\u00e1 deka v l\u00e1tke pod\u013ea vlastn\u00e9ho v\u00fdberu \u2013 153,- \u20ac (rozmery 230\u00d7240 cm):<\/strong><\/p>\n<p><img loading=\"lazy\" decoding=\"async\" class=\"alignnone wp-image-62747\" src=\"https:\/\/i1.wp.com\/nabytoklaguna.sk\/sk\/wp-content\/uploads\/2017\/06\/Denn%C3%AD-deka.jpg?resize=308%2C227&amp;ssl=1\" alt=\"\" width=\"308\" height=\"227\" \/><\/p>\n<p><strong>Taburet v po\u0165ahovej l\u00e1tke postele pod\u013ea vlastn\u00e9ho v\u00fdberu \u2013 92,- \u20ac (rozmery 40x101x33 cm):<\/strong><\/p>\n<p><img loading=\"lazy\" decoding=\"async\" class=\"alignnone wp-image-62749\" src=\"https:\/\/i2.wp.com\/nabytoklaguna.sk\/sk\/wp-content\/uploads\/2017\/06\/Harme.jpg?resize=288%2C201&amp;ssl=1\" alt=\"\" width=\"288\" height=\"201\" srcset=\"https:\/\/nabytoklaguna.sk\/sk\/wp-content\/uploads\/2017\/06\/Harme.jpg 1146w, https:\/\/nabytoklaguna.sk\/sk\/wp-content\/uploads\/2017\/06\/Harme-610x426.jpg 610w, https:\/\/nabytoklaguna.sk\/sk\/wp-content\/uploads\/2017\/06\/Harme-500x349.jpg 500w, https:\/\/nabytoklaguna.sk\/sk\/wp-content\/uploads\/2017\/06\/Harme-768x536.jpg 768w, https:\/\/nabytoklaguna.sk\/sk\/wp-content\/uploads\/2017\/06\/Harme-1024x715.jpg 1024w\" sizes=\"auto, (max-width: 288px) 100vw, 288px\" \/><\/p>\n<p>&nbsp;<\/p>\n<p><strong>Pl\u00e9d v po\u0165ahovej l\u00e1tke pod\u013ea vlastn\u00e9ho v\u00fdberu \u2013 53,- \u20ac (rozmery 250\u00d770 cm):<\/strong><\/p>\n<p><img loading=\"lazy\" decoding=\"async\" class=\"alignnone size-medium wp-image-62750\" src=\"https:\/\/i0.wp.com\/nabytoklaguna.sk\/sk\/wp-content\/uploads\/2017\/06\/Pl%C3%A9d.jpg?resize=500%2C290&amp;ssl=1\" alt=\"\" width=\"500\" height=\"290\" \/><\/p>\n<p>Farebnos\u0165 pien u matracov sa m\u00f4\u017ee l\u00ed\u0161i\u0165 na z\u00e1klade v\u00fdrobnej \u0161ar\u017ee alebo zmenou dod\u00e1vate\u013ea. Farba nem\u00e1 vplyv na kvalitu matraca.<\/p>\n","protected":false},"excerpt":{"rendered":"<p><img loading=\"lazy\" decoding=\"async\" class=\"alignnone size-full wp-image-85474\" src=\"https:\/\/nabytoklaguna.sk\/sk\/wp-content\/uploads\/2017\/05\/logo-\u010desk\u00fd-v\u00fdrobok.png\" alt=\"\" width=\"264\" height=\"191\" \/><\/p>\n","protected":false},"featured_media":89134,"comment_status":"closed","ping_status":"closed","template":"","meta":{"_seopress_robots_primary_cat":"223","_seopress_titles_title":"","_seopress_titles_desc":"","_seopress_robots_index":""},"product_brand":[],"product_cat":[4012,223,617],"product_tag":[],"class_list":{"0":"post-19397","1":"product","2":"type-product","3":"status-publish","4":"has-post-thumbnail","6":"product_cat-postele","7":"product_cat-spalne","8":"product_cat-boxspring-postele","9":"pa_typ-produktu-s-matracom-bazi","10":"pa_typ-produktu-zakladny-box-spring","12":"first","13":"onbackorder","14":"sale","15":"shipping-taxable","16":"purchasable","17":"product-type-variable"},"_links":{"self":[{"href":"https:\/\/nabytoklaguna.sk\/sk\/wp-json\/wp\/v2\/product\/19397","targetHints":{"allow":["GET"]}}],"collection":[{"href":"https:\/\/nabytoklaguna.sk\/sk\/wp-json\/wp\/v2\/product"}],"about":[{"href":"https:\/\/nabytoklaguna.sk\/sk\/wp-json\/wp\/v2\/types\/product"}],"replies":[{"embeddable":true,"href":"https:\/\/nabytoklaguna.sk\/sk\/wp-json\/wp\/v2\/comments?post=19397"}],"wp:featuredmedia":[{"embeddable":true,"href":"https:\/\/nabytoklaguna.sk\/sk\/wp-json\/wp\/v2\/media\/89134"}],"wp:attachment":[{"href":"https:\/\/nabytoklaguna.sk\/sk\/wp-json\/wp\/v2\/media?parent=19397"}],"wp:term":[{"taxonomy":"product_brand","embeddable":true,"href":"https:\/\/nabytoklaguna.sk\/sk\/wp-json\/wp\/v2\/product_brand?post=19397"},{"taxonomy":"product_cat","embeddable":true,"href":"https:\/\/nabytoklaguna.sk\/sk\/wp-json\/wp\/v2\/product_cat?post=19397"},{"taxonomy":"product_tag","embeddable":true,"href":"https:\/\/nabytoklaguna.sk\/sk\/wp-json\/wp\/v2\/product_tag?post=19397"}],"curies":[{"name":"wp","href":"https:\/\/api.w.org\/{rel}","templated":true}]}}