{"id":20245,"date":"2021-02-22T16:54:36","date_gmt":"2021-02-22T15:54:36","guid":{"rendered":"http:\/\/nabytoklaguna.sk\/sk\/?post_type=product&#038;p=20245"},"modified":"2025-09-25T10:15:15","modified_gmt":"2025-09-25T08:15:15","slug":"nd-soul-prava","status":"publish","type":"product","link":"https:\/\/nabytoklaguna.sk\/sk\/produkt\/nd-soul-prava\/","title":{"rendered":"SOUL varianta prav\u00e1"},"content":{"rendered":"<p>Poste\u013e <strong>SOUL <\/strong>je ve\u013emi <strong>elegantn\u00e9<\/strong> a <strong>komfortn\u00e9<\/strong> jednol\u00f4\u017eko vhodn\u00e9 do <strong>sp\u00e1lne, detskej izby<\/strong> alebo <strong>ubytovne, penzi\u00f3nu,<\/strong> \u010di <strong>hotela.<\/strong> Mo\u017eno vyu\u017ei\u0165 aj na <strong>sedenie.<\/strong><\/p>\n<p><strong>TOP EXCLUSIVE<\/strong> je modelov\u00e1 rada postel\u00ed, ktor\u00e1 sa vyzna\u010duje <strong>osobit\u00fdm <\/strong>\u00a0<strong>vzh\u013eadom<\/strong>\u00a0a\u00a0<strong>starostliv\u00fdm<\/strong>\u00a0spracovan\u00edm do toho najmen\u0161ieho\u00a0<strong>detailu<\/strong>. Podstatnou, nie v\u0161ak jedinou v\u00fdhodou modelov\u00e9ho radu je, \u017ee Vami vybran\u00fa\u00a0<strong>skladbu<\/strong>\u00a0<strong>ro\u0161tu<\/strong>,\u00a0<strong>matraca<\/strong>\u00a0a\u00a0<strong>dennej<\/strong>\u00a0<strong>deky\u00a0<\/strong>mo\u017eno po nieko\u013ekoro\u010dnom pou\u017e\u00edvan\u00ed <strong>vymeni\u0165<\/strong>, \u010do predstavuje\u00a0<strong>ekonomick\u00fd<\/strong>,\u00a0 <strong>komfortn\u00fd<\/strong>\u00a0a\u00a0<strong>hygienick\u00fd<\/strong>\u00a0pr\u00edstup u\u017e\u00edvania postel\u00ed. Ka\u017ed\u00fa poste\u013e tejto rady je mo\u017en\u00e9\u00a0<strong>prisp\u00f4sobi\u0165<\/strong>\u00a0pre v\u00e1\u0161 interi\u00e9r. Postele typu\u00a0<strong>TOP EXCLUSIVE\u00a0 <\/strong>maj\u00fa\u00a0<strong>mas\u00edvny<\/strong>\u00a0dreven\u00fd r\u00e1m s lamelami umo\u017e\u0148uj\u00faci\u00a0<strong>pr\u00edstup<\/strong>\u00a0k \u00falo\u017en\u00e9mu priestoru\u00a0<strong>od n\u00f4h<\/strong>, alebo\u00a0<strong>zboku<\/strong>.\u00a0<strong>Po\u0165ahov\u00fa<\/strong>\u00a0l\u00e1tku si m\u00f4\u017eete\u00a0<strong>vybra\u0165<\/strong>\u00a0v r\u00f4znych\u00a0<strong>farb\u00e1ch<\/strong>\u00a0a\u00a0<strong>\u0161t\u00fdloch<\/strong>.\u00a0Takisto je mo\u017en\u00e9 vybra\u0165 si\u00a0typ n\u00f4h, a to zo\u00a0\u0161iestich\u00a0variantov (v\u00fd\u0161ka 6 alebo 12 cm). Farbu a typ no\u017ei\u010diek pros\u00edm uve\u010fte v\u00a0pozn\u00e1mke\u00a0objedn\u00e1vky. Poste\u013e je dod\u00e1van\u00e1 v dvoch \u0161\u00edrkach: 80 a 90 cm.\u00a0V\u00fd\u0161ka lo\u017enej plochy je 52\/57\/58\/63 cm (z\u00e1le\u017e\u00ed od typu n\u00f4h a matraca). Dok\u00fapte si takisto \u0161t\u00fdlov\u00e9 a kvalitn\u00e9\u00a0vank\u00fa\u0161iky\u00a0v\u00a0super\u00a0cene.<\/p>\n<p><strong>L\u00c1TKU pros\u00edm vyberte tu:<\/strong><\/p>\n<p><a href=\"https:\/\/nabytoklaguna.sk\/sk\/wp-content\/uploads\/2020\/05\/ND-Vzorkovn%C3%ADk-l%C3%A1tok.pdf\">ND-Vzorkovn\u00edk-l\u00e1tok.pdf<\/a><\/p>\n<p>Nastavenie displeja m\u00f4\u017ee sp\u00f4sobi\u0165 odch\u00fdlku vo farbe vzoriek po\u0165ahov\u00fdch l\u00e1tok<\/p>\n<table class=\"table-data-sheet\">\n<tbody>\n<tr class=\"odd\">\n<td><strong>Rozmery postele:<\/strong>\u00a0(\u0160xHxV)<\/td>\n<td>102x212x107 cm, Plocha na spanie: 90 x 200 cm<\/td>\n<td><\/td>\n<\/tr>\n<tr class=\"even\">\n<td><\/td>\n<td>92x 212\u00d7107 cm, Plocha na spanie: 80 x 200 cm<\/td>\n<td><\/td>\n<\/tr>\n<tr class=\"odd\">\n<td><strong>V\u00fd\u0161ka lo\u017enej plochy<\/strong>:<\/td>\n<td>52 \/ 63 cm (pod\u013ea typu n\u00f4h a matraca)<\/td>\n<td><\/td>\n<\/tr>\n<tr class=\"even\">\n<td><strong>Max. nosnos\u0165 postele<\/strong>:<\/td>\n<td>130 kg<\/td>\n<td><\/td>\n<\/tr>\n<tr class=\"odd\">\n<td><strong>Prevedenie n\u00f4h:<\/strong><\/td>\n<td>v\u00fd\u0161ka 6 cm (typ 1, 2) alebo 12 cm (typ 3, 4, 5, 6)<\/td>\n<\/tr>\n<\/tbody>\n<\/table>\n<p><strong>Mo\u017enos\u0165 dok\u00fapi\u0165 jednoduch\u00fd no\u010dn\u00fd stol\u00edk za 53 Eur, denn\u00fa deku za 95 Eur a taburetku za 89 Eur (potrebn\u00e9 uvies\u0165 v pozn\u00e1mke objedn\u00e1vky)<\/strong><\/p>\n<p><u><strong>Ro\u0161ty:<\/strong><\/u><\/p>\n<table border=\"0\" width=\"672\" cellspacing=\"1\" cellpadding=\"1\">\n<tbody>\n<tr>\n<td style=\"width: 257px;\"><img loading=\"lazy\" decoding=\"async\" class=\"alignnone size-full wp-image-115923\" src=\"https:\/\/nabytoklaguna.sk\/sk\/wp-content\/uploads\/2021\/02\/ND3.jpg\" alt=\"gregor varianta prav\u00e1\" width=\"307\" height=\"250\" \/><\/td>\n<td style=\"width: 500px;\"><u><strong>Ro\u0161t ND3:<\/strong><\/u><\/p>\n<ul>\n<li>ro\u0161t ur\u010den\u00fd pre bo\u010dn\u00fd pr\u00edstup k \u00falo\u017en\u00e9mu priestoru<\/li>\n<li>piestov\u00fd mechanizmus<\/li>\n<li>po\u010det lamiel: 28+5 kusov kvalitn\u00fdch lamiel nastavenia tuhosti + spev\u0148uj\u00faci popruh<\/li>\n<li>p\u00fazdra: v\u00fdkyvn\u00e9 zdvojen\u00e9<\/li>\n<li>max. za\u0165a\u017eenie: do 130 kg<\/li>\n<\/ul>\n<\/td>\n<\/tr>\n<tr>\n<td style=\"width: 257px;\"><img loading=\"lazy\" decoding=\"async\" class=\"alignnone size-full wp-image-115924\" src=\"https:\/\/nabytoklaguna.sk\/sk\/wp-content\/uploads\/2021\/02\/ND4.jpg\" alt=\"gregor varianta prav\u00e1\" width=\"380\" height=\"201\" \/><\/td>\n<td style=\"width: 500px;\"><strong><u>Ro\u0161t ND4:<\/u><\/strong><\/p>\n<ul>\n<li>ve\u013emi dobr\u00fd pr\u00edstup k \u00falo\u017en\u00e9mu priestoru<\/li>\n<li>5 pol\u00f4h pod hlavou + relaxa\u010dn\u00e1 poloha pre nohy<\/li>\n<li>piestov\u00fd mechanizmus<\/li>\n<li>po\u010det lamiel: 28+5 kusov kvalitn\u00fdch lamiel nastavenia tuhosti + spev\u0148uj\u00faci popruh<\/li>\n<li>p\u00fazdr\u00e1: v\u00fdkyvn\u00e9 zdvojen\u00e9<\/li>\n<li>max. za\u0165a\u017eenie: do 130 kg<\/li>\n<\/ul>\n<\/td>\n<\/tr>\n<tr>\n<td style=\"width: 257px;\"><\/td>\n<td style=\"width: 500px;\"><\/td>\n<\/tr>\n<\/tbody>\n<\/table>\n<p><strong>Typy matracov:<\/strong><\/p>\n<table border=\"0\" width=\"759\" cellspacing=\"1\" cellpadding=\"1\">\n<tbody>\n<tr>\n<td style=\"width: 256px;\"><img loading=\"lazy\" decoding=\"async\" class=\"alignnone wp-image-61910\" src=\"https:\/\/i1.wp.com\/nabytoklaguna.sk\/sk\/wp-content\/uploads\/2017\/05\/BAZI.jpg?resize=500%2C310&amp;ssl=1\" alt=\"\" width=\"339\" height=\"210\" srcset=\"https:\/\/nabytoklaguna.sk\/sk\/wp-content\/uploads\/2017\/05\/BAZI.jpg 1292w, https:\/\/nabytoklaguna.sk\/sk\/wp-content\/uploads\/2017\/05\/BAZI-610x378.jpg 610w, https:\/\/nabytoklaguna.sk\/sk\/wp-content\/uploads\/2017\/05\/BAZI-500x310.jpg 500w, https:\/\/nabytoklaguna.sk\/sk\/wp-content\/uploads\/2017\/05\/BAZI-768x476.jpg 768w, https:\/\/nabytoklaguna.sk\/sk\/wp-content\/uploads\/2017\/05\/BAZI-1024x634.jpg 1024w\" sizes=\"auto, (max-width: 339px) 100vw, 339px\" \/><\/td>\n<td style=\"width: 501px;\"><strong><u>Matrac BAZI:<\/u><\/strong><\/p>\n<ul>\n<li>v\u00fd\u0161ka matraca: cca 16 cm<\/li>\n<li>nosnos\u0165 matraca: do 110 kg<\/li>\n<li>po\u0165ah: frot\u00e9, pranie na 60\u00b0C<\/li>\n<li>5-z\u00f3nov\u00fd matrac sa sklad\u00e1 z polyuret\u00e1novej peny, kon\u0161trukcie sendvi\u010dov\u00e9ho typu<\/li>\n<li>obojstrann\u00fd matrac s 2 druhmi tuhost\u00ed<\/li>\n<li>farby jadier matracov s\u00fa len orienta\u010dn\u00e9<\/li>\n<\/ul>\n<\/td>\n<\/tr>\n<tr>\n<td style=\"width: 256px;\"><img loading=\"lazy\" decoding=\"async\" class=\"alignnone wp-image-61913\" src=\"https:\/\/i2.wp.com\/nabytoklaguna.sk\/sk\/wp-content\/uploads\/2017\/05\/SABI.jpg?resize=500%2C310&amp;ssl=1\" alt=\"\" width=\"326\" height=\"202\" srcset=\"https:\/\/nabytoklaguna.sk\/sk\/wp-content\/uploads\/2017\/05\/SABI.jpg 1292w, https:\/\/nabytoklaguna.sk\/sk\/wp-content\/uploads\/2017\/05\/SABI-610x378.jpg 610w, https:\/\/nabytoklaguna.sk\/sk\/wp-content\/uploads\/2017\/05\/SABI-500x310.jpg 500w, https:\/\/nabytoklaguna.sk\/sk\/wp-content\/uploads\/2017\/05\/SABI-768x476.jpg 768w, https:\/\/nabytoklaguna.sk\/sk\/wp-content\/uploads\/2017\/05\/SABI-1024x634.jpg 1024w\" sizes=\"auto, (max-width: 326px) 100vw, 326px\" \/><\/td>\n<td style=\"width: 501px;\"><strong><u>Matrac SABI:<\/u><\/strong><\/p>\n<ul>\n<li>v\u00fd\u0161ka matraca: cca 16 cm<\/li>\n<li>nosnos\u0165 matraca: do 110 kg<\/li>\n<li>po\u0165ah: frot\u00e9, pranie na 60\u00b0C<\/li>\n<li>sendvi\u010dov\u00fd 7-z\u00f3nov\u00fd matrac, stred zo spojen\u00e9ho polyuret\u00e1nu a dve dosky a mas\u00e1\u017enymi nopmi, ktor\u00e9 zabezpe\u010duj\u00fa vzdu\u0161nos\u0165 a ve\u013emi kvalitn\u00fd sp\u00e1nkov\u00fd komfort<\/li>\n<\/ul>\n<\/td>\n<\/tr>\n<tr>\n<td style=\"width: 256px;\"><img loading=\"lazy\" decoding=\"async\" class=\"alignnone wp-image-61912\" src=\"https:\/\/i1.wp.com\/nabytoklaguna.sk\/sk\/wp-content\/uploads\/2017\/05\/INFLEX.jpg?resize=500%2C310&amp;ssl=1\" alt=\"\" width=\"363\" height=\"225\" srcset=\"https:\/\/nabytoklaguna.sk\/sk\/wp-content\/uploads\/2017\/05\/INFLEX.jpg 1292w, https:\/\/nabytoklaguna.sk\/sk\/wp-content\/uploads\/2017\/05\/INFLEX-610x378.jpg 610w, https:\/\/nabytoklaguna.sk\/sk\/wp-content\/uploads\/2017\/05\/INFLEX-500x310.jpg 500w, https:\/\/nabytoklaguna.sk\/sk\/wp-content\/uploads\/2017\/05\/INFLEX-768x476.jpg 768w, https:\/\/nabytoklaguna.sk\/sk\/wp-content\/uploads\/2017\/05\/INFLEX-1024x634.jpg 1024w\" sizes=\"auto, (max-width: 363px) 100vw, 363px\" \/><\/td>\n<td style=\"width: 501px;\"><strong><u>Matrac INFLEX:<\/u><\/strong><\/p>\n<ul>\n<li>v\u00fd\u0161ka matraca: cca 21 cm<\/li>\n<li>nosnos\u0165 matraca: do 130 kg<\/li>\n<li>po\u0165ah: \u00fapletov\u00fd po\u0165ah aloe vera, pranie na 60\u00b0C<\/li>\n<li>7-z\u00f3nov\u00fd matrac je vyroben\u00fd zo studenej HR peny s vysokou gram\u00e1\u017eou.<\/li>\n<li>obojstrann\u00fd matrac s 2 druhmi tuhost\u00ed<\/li>\n<li>matrac zais\u0165uje ide\u00e1lnu sp\u00e1nkov\u00fa kl\u00edmu, komfort sp\u00e1nku a dlh\u00fa \u017eivotnos\u0165<\/li>\n<\/ul>\n<p><strong>\u00a0<\/strong><\/td>\n<\/tr>\n<tr>\n<td style=\"width: 256px;\"><img loading=\"lazy\" decoding=\"async\" class=\"alignnone wp-image-61914\" src=\"https:\/\/i2.wp.com\/nabytoklaguna.sk\/sk\/wp-content\/uploads\/2017\/05\/TERAFLEX.jpg?resize=500%2C310&amp;ssl=1\" alt=\"\" width=\"372\" height=\"231\" srcset=\"https:\/\/nabytoklaguna.sk\/sk\/wp-content\/uploads\/2017\/05\/TERAFLEX.jpg 1292w, https:\/\/nabytoklaguna.sk\/sk\/wp-content\/uploads\/2017\/05\/TERAFLEX-610x378.jpg 610w, https:\/\/nabytoklaguna.sk\/sk\/wp-content\/uploads\/2017\/05\/TERAFLEX-500x310.jpg 500w, https:\/\/nabytoklaguna.sk\/sk\/wp-content\/uploads\/2017\/05\/TERAFLEX-768x476.jpg 768w, https:\/\/nabytoklaguna.sk\/sk\/wp-content\/uploads\/2017\/05\/TERAFLEX-1024x634.jpg 1024w\" sizes=\"auto, (max-width: 372px) 100vw, 372px\" \/><\/td>\n<td style=\"width: 501px;\"><strong><u>Matrac TERAFLEX:<\/u><\/strong><\/p>\n<ul>\n<li>v\u00fd\u0161ka matraca: cca 21 cm<\/li>\n<li>nosnos\u0165 matraca: do 130 kg<\/li>\n<li>obsahuje visco pam\u00e4\u0165ov\u00fa penu<\/li>\n<li>po\u0165ah: \u00fapletov\u00fd po\u0165ah aloe vera, pranie na 60\u00b0C<\/li>\n<li>sendvi\u010dov\u00fd 7-z\u00f3nov\u00fd matrac je vyroben\u00fd zo studenej HR peny s vysokou gram\u00e1\u017eou, na ktorej spo\u010d\u00edva doska z visco peny s mas\u00e1\u017enymi nopmi.<\/li>\n<li>obojstrann\u00fd matrac s 2 druhmi tuhost\u00ed<\/li>\n<li>matrac zais\u0165uje ide\u00e1lnu sp\u00e1nkov\u00fa kl\u00edmu, komfort sp\u00e1nku a dlh\u00fa \u017eivotnos\u0165<\/li>\n<\/ul>\n<\/td>\n<\/tr>\n<tr>\n<td style=\"width: 256px;\"><img loading=\"lazy\" decoding=\"async\" class=\"alignnone wp-image-61911\" src=\"https:\/\/i0.wp.com\/nabytoklaguna.sk\/sk\/wp-content\/uploads\/2017\/05\/CONTINENTAL.jpg?resize=500%2C310&amp;ssl=1\" alt=\"\" width=\"380\" height=\"236\" srcset=\"https:\/\/nabytoklaguna.sk\/sk\/wp-content\/uploads\/2017\/05\/CONTINENTAL.jpg 1292w, https:\/\/nabytoklaguna.sk\/sk\/wp-content\/uploads\/2017\/05\/CONTINENTAL-610x378.jpg 610w, https:\/\/nabytoklaguna.sk\/sk\/wp-content\/uploads\/2017\/05\/CONTINENTAL-500x310.jpg 500w, https:\/\/nabytoklaguna.sk\/sk\/wp-content\/uploads\/2017\/05\/CONTINENTAL-768x476.jpg 768w, https:\/\/nabytoklaguna.sk\/sk\/wp-content\/uploads\/2017\/05\/CONTINENTAL-1024x634.jpg 1024w\" sizes=\"auto, (max-width: 380px) 100vw, 380px\" \/><\/td>\n<td style=\"width: 501px;\"><strong><u>Matrac CONTINENTAL:<\/u><\/strong><\/p>\n<ul>\n<li>v\u00fd\u0161ka matraca: cca 21 cm<\/li>\n<li>nosnos\u0165 matraca: do 130 kg<\/li>\n<li>po\u0165ah: \u00fapletov\u00fd po\u0165ah aloe vera, pranie na 60\u00b0C<\/li>\n<li>matrac obsahuje vzdu\u0161n\u00e9 ta\u0161ti\u010dkov\u00e9 jadro vyroben\u00e9 z 390 pru\u017e\u00edn. Ka\u017ed\u00e1 pru\u017eina je za\u0161it\u00e1 v textilnej ta\u0161ke.<\/li>\n<li>obojstrann\u00fd matrac s dvomatypmi tuhosti, z ktor\u00fdch jedna strana obsahuje visco 7-z\u00f3nov\u00fa pam\u00e4\u0165ov\u00fa penu s mas\u00e1\u017en\u00fdmi nopmi a druh\u00e1 strana 7-z\u00f3nov\u00fa HR studen\u00fa penu s mas\u00e1\u017enymi nopmi vysokej z\u00e1\u0165a\u017ee.<\/li>\n<li>\u0161tyry odvetr\u00e1vaj\u00face otvory v bokoch matraca zais\u0165uj\u00fa ide\u00e1lne odvetr\u00e1vanie a komfort sp\u00e1nku<\/li>\n<\/ul>\n<p><strong>\u00a0<\/strong><\/td>\n<\/tr>\n<tr>\n<td style=\"width: 256px;\"><img loading=\"lazy\" decoding=\"async\" class=\"alignnone wp-image-61908\" src=\"https:\/\/i2.wp.com\/nabytoklaguna.sk\/sk\/wp-content\/uploads\/2017\/05\/AQUAFLEX.jpg?resize=500%2C310&amp;ssl=1\" alt=\"\" width=\"376\" height=\"233\" srcset=\"https:\/\/nabytoklaguna.sk\/sk\/wp-content\/uploads\/2017\/05\/AQUAFLEX.jpg 1292w, https:\/\/nabytoklaguna.sk\/sk\/wp-content\/uploads\/2017\/05\/AQUAFLEX-610x378.jpg 610w, https:\/\/nabytoklaguna.sk\/sk\/wp-content\/uploads\/2017\/05\/AQUAFLEX-500x310.jpg 500w, https:\/\/nabytoklaguna.sk\/sk\/wp-content\/uploads\/2017\/05\/AQUAFLEX-768x476.jpg 768w, https:\/\/nabytoklaguna.sk\/sk\/wp-content\/uploads\/2017\/05\/AQUAFLEX-1024x634.jpg 1024w\" sizes=\"auto, (max-width: 376px) 100vw, 376px\" \/><\/td>\n<td style=\"width: 501px;\"><strong><u>Matrac AQUAFLEX:<\/u><\/strong><\/p>\n<ul>\n<li>v\u00fd\u0161ka matraca cca 21 cm<\/li>\n<li>nosnos\u0165 matraca: do 130 kg<\/li>\n<li>po\u0165ah: \u00fapletov\u00fd po\u0165ah aloe vera, pranie na 60\u00b0C<\/li>\n<li>tento luxusn\u00fd matrac zais\u0165uje ide\u00e1lnu kl\u00edmu a komfort.<\/li>\n<li>matrac sa sklad\u00e1 z vysoko objemov\u00fdch pien, ktor\u00e9 s\u00fa chr\u00e1nen\u00e9 ochrannou zn\u00e1mkou PANTERA\u00ae a CELLFLEX\u00ae.<\/li>\n<\/ul>\n<p><strong>\u00a0<\/strong><\/td>\n<\/tr>\n<\/tbody>\n<\/table>\n<p>Farebnos\u0165 pien u matracov sa m\u00f4\u017ee l\u00ed\u0161i\u0165 na z\u00e1klade v\u00fdrobnej \u0161ar\u017ee alebo zmenou dod\u00e1vate\u013ea. Farba nem\u00e1 vplyv na kvalitu matraca.<\/p>\n<p><u><strong>Farebn\u00e9 prevedenie\u00a0 a typy n\u00f4h \u2013 v cene postele (uve\u010fte pros\u00edm v pozn\u00e1mke objedn\u00e1vky):<\/strong><\/u><\/p>\n<p><img loading=\"lazy\" decoding=\"async\" class=\"alignnone size-medium wp-image-82336\" src=\"https:\/\/i1.wp.com\/nabytoklaguna.sk\/sk\/wp-content\/uploads\/2020\/05\/nd-nohy.jpg?resize=500%2C330&amp;ssl=1\" alt=\"\" width=\"500\" height=\"330\" srcset=\"https:\/\/nabytoklaguna.sk\/sk\/wp-content\/uploads\/2020\/05\/nd-nohy.jpg 839w, https:\/\/nabytoklaguna.sk\/sk\/wp-content\/uploads\/2020\/05\/nd-nohy-610x402.jpg 610w, https:\/\/nabytoklaguna.sk\/sk\/wp-content\/uploads\/2020\/05\/nd-nohy-500x330.jpg 500w, https:\/\/nabytoklaguna.sk\/sk\/wp-content\/uploads\/2020\/05\/nd-nohy-768x506.jpg 768w\" sizes=\"auto, (max-width: 500px) 100vw, 500px\" \/><\/p>\n<p><strong>Mo\u017enos\u0165 dok\u00fapi\u0165 vank\u00fa\u0161iky:<\/strong><\/p>\n<p><strong>A: 40 x 40 cm \u2013 12 \u20ac<\/strong><\/p>\n<p><strong>B: 60 x 60 cm \u2013 20 \u20ac<\/strong><\/p>\n<p><strong>C: 70 x 28 cm \u2013 15 \u20ac<\/strong><\/p>\n<p><img loading=\"lazy\" decoding=\"async\" class=\"alignnone size-medium wp-image-61674\" src=\"https:\/\/i0.wp.com\/nabytoklaguna.sk\/sk\/wp-content\/uploads\/2017\/06\/vankuse.jpg?resize=500%2C310&amp;ssl=1\" alt=\"\" width=\"500\" height=\"310\" srcset=\"https:\/\/nabytoklaguna.sk\/sk\/wp-content\/uploads\/2017\/06\/vankuse.jpg 1290w, https:\/\/nabytoklaguna.sk\/sk\/wp-content\/uploads\/2017\/06\/vankuse-610x378.jpg 610w, https:\/\/nabytoklaguna.sk\/sk\/wp-content\/uploads\/2017\/06\/vankuse-500x310.jpg 500w, https:\/\/nabytoklaguna.sk\/sk\/wp-content\/uploads\/2017\/06\/vankuse-768x476.jpg 768w, https:\/\/nabytoklaguna.sk\/sk\/wp-content\/uploads\/2017\/06\/vankuse-1024x635.jpg 1024w\" sizes=\"auto, (max-width: 500px) 100vw, 500px\" \/><\/p>\n<p><strong>Denn\u00e1 deka v l\u00e1tke pod\u013ea vlastn\u00e9ho v\u00fdberu \u2013 100,- \u20ac (rozmery 260\u00d7150 cm):<\/strong><\/p>\n<p><img loading=\"lazy\" decoding=\"async\" class=\"alignnone wp-image-62747\" src=\"https:\/\/i1.wp.com\/nabytoklaguna.sk\/sk\/wp-content\/uploads\/2017\/06\/Denn%C3%AD-deka.jpg?resize=308%2C227&amp;ssl=1\" alt=\"\" width=\"308\" height=\"227\" \/><\/p>\n<p><strong>Taburet v po\u0165ahovej l\u00e1tke postele pod\u013ea vlastn\u00e9ho v\u00fdberu \u2013 92,- \u20ac (rozmery 40x101x33 cm):<\/strong><\/p>\n<p><img loading=\"lazy\" decoding=\"async\" class=\"alignnone wp-image-62749\" src=\"https:\/\/i2.wp.com\/nabytoklaguna.sk\/sk\/wp-content\/uploads\/2017\/06\/Harme.jpg?resize=288%2C201&amp;ssl=1\" alt=\"\" width=\"288\" height=\"201\" srcset=\"https:\/\/nabytoklaguna.sk\/sk\/wp-content\/uploads\/2017\/06\/Harme.jpg 1146w, https:\/\/nabytoklaguna.sk\/sk\/wp-content\/uploads\/2017\/06\/Harme-610x426.jpg 610w, https:\/\/nabytoklaguna.sk\/sk\/wp-content\/uploads\/2017\/06\/Harme-500x349.jpg 500w, https:\/\/nabytoklaguna.sk\/sk\/wp-content\/uploads\/2017\/06\/Harme-768x536.jpg 768w, https:\/\/nabytoklaguna.sk\/sk\/wp-content\/uploads\/2017\/06\/Harme-1024x715.jpg 1024w\" sizes=\"auto, (max-width: 288px) 100vw, 288px\" \/><\/p>\n<p>&nbsp;<\/p>\n<p><strong>Pl\u00e9d v po\u0165ahovej l\u00e1tke pod\u013ea vlastn\u00e9ho v\u00fdberu \u2013 53,- \u20ac (rozmery 250\u00d770 cm):<\/strong><\/p>\n<p><img loading=\"lazy\" decoding=\"async\" class=\"alignnone size-medium wp-image-62750\" src=\"https:\/\/i0.wp.com\/nabytoklaguna.sk\/sk\/wp-content\/uploads\/2017\/06\/Pl%C3%A9d.jpg?resize=500%2C290&amp;ssl=1\" alt=\"\" width=\"500\" height=\"290\" \/><\/p>\n","protected":false},"excerpt":{"rendered":"<p><img loading=\"lazy\" decoding=\"async\" class=\"alignnone size-full wp-image-89195\" src=\"https:\/\/nabytoklaguna.sk\/sk\/wp-content\/uploads\/2017\/05\/logo-cesky-vyrobok.png\" alt=\"\" width=\"264\" height=\"191\" \/><\/p>\n","protected":false},"featured_media":124669,"comment_status":"closed","ping_status":"closed","template":"","meta":{"_seopress_robots_primary_cat":"234","_seopress_titles_title":"","_seopress_titles_desc":"","_seopress_robots_index":""},"product_brand":[],"product_cat":[234],"product_tag":[],"class_list":{"0":"post-20245","1":"product","2":"type-product","3":"status-publish","4":"has-post-thumbnail","6":"product_cat-detske-postele","7":"pa_typ-produktu-bez-matraca","8":"pa_typ-produktu-s-matracom-aquaflex","9":"pa_typ-produktu-s-matracom-bazi","10":"pa_typ-produktu-s-matracom-continental","11":"pa_typ-produktu-s-matracom-inflex","12":"pa_typ-produktu-s-matracom-sabi","13":"pa_typ-produktu-s-matracom-teraflex","15":"first","16":"onbackorder","17":"shipping-taxable","18":"purchasable","19":"product-type-variable"},"_links":{"self":[{"href":"https:\/\/nabytoklaguna.sk\/sk\/wp-json\/wp\/v2\/product\/20245","targetHints":{"allow":["GET"]}}],"collection":[{"href":"https:\/\/nabytoklaguna.sk\/sk\/wp-json\/wp\/v2\/product"}],"about":[{"href":"https:\/\/nabytoklaguna.sk\/sk\/wp-json\/wp\/v2\/types\/product"}],"replies":[{"embeddable":true,"href":"https:\/\/nabytoklaguna.sk\/sk\/wp-json\/wp\/v2\/comments?post=20245"}],"wp:featuredmedia":[{"embeddable":true,"href":"https:\/\/nabytoklaguna.sk\/sk\/wp-json\/wp\/v2\/media\/124669"}],"wp:attachment":[{"href":"https:\/\/nabytoklaguna.sk\/sk\/wp-json\/wp\/v2\/media?parent=20245"}],"wp:term":[{"taxonomy":"product_brand","embeddable":true,"href":"https:\/\/nabytoklaguna.sk\/sk\/wp-json\/wp\/v2\/product_brand?post=20245"},{"taxonomy":"product_cat","embeddable":true,"href":"https:\/\/nabytoklaguna.sk\/sk\/wp-json\/wp\/v2\/product_cat?post=20245"},{"taxonomy":"product_tag","embeddable":true,"href":"https:\/\/nabytoklaguna.sk\/sk\/wp-json\/wp\/v2\/product_tag?post=20245"}],"curies":[{"name":"wp","href":"https:\/\/api.w.org\/{rel}","templated":true}]}}