{"id":21112,"date":"2021-02-22T16:54:36","date_gmt":"2021-02-22T15:54:36","guid":{"rendered":"http:\/\/nabytoklaguna.sk\/sk\/?post_type=product&#038;p=21112"},"modified":"2025-09-10T12:15:27","modified_gmt":"2025-09-10T10:15:27","slug":"tempo-kondela-keny-new","status":"publish","type":"product","link":"https:\/\/nabytoklaguna.sk\/sk\/produkt\/tempo-kondela-keny-new\/","title":{"rendered":"K KENY"},"content":{"rendered":"<p>Modern\u00e9, pohodln\u00e9 rozkladacie kreslo <strong>KENY,<\/strong> ktor\u00e9 vyu\u017eijete aj ako poste\u013e. Kreslo je \u010dal\u00fanen\u00e9 kvalitnou hnedou l\u00e1tkou. S\u00fa\u010das\u0165ou je aj opierkov\u00fd vank\u00fa\u0161. Ocen\u00edte aj \u00falo\u017en\u00fd piestor, ktor\u00fd ur\u010dite neostane nevyu\u017eit\u00fd.<\/p>\n<ul>\n<li><b>Materi\u00e1l:<\/b>\u00a0l\u00e1tka Savana<\/li>\n<li><b>Rozmery (\u0160xHxV):<\/b>\u00a0100x87x90 cm<\/li>\n<li><b>Rozmer plochy na spanie (\u0160xD):<\/b>\u00a0100&#215;190 cm<\/li>\n<li><b>V\u00fd\u0161ka sedu:<\/b>\u00a045 cm<\/li>\n<li><b>H\u013abka sedu s vank\u00fa\u0161om:<\/b>\u00a055 cm<\/li>\n<li><b>H\u013abka sedu bez vank\u00fa\u0161a:<\/b>\u00a078 cm<\/li>\n<li><b>V\u00fd\u0161ka l\u00f4\u017eka po rozlo\u017een\u00ed:<\/b>\u00a035 cm<\/li>\n<li><b>Rozmer opierkov\u00e9ho vank\u00fa\u0161a \u0160xV:<\/b>\u00a0100&#215;40 cm<\/li>\n<li><b>Nosnos\u0165:<\/b>\u00a070 kg<\/li>\n<li>S \u00falo\u017en\u00fdm priestorom<\/li>\n<li>Funkcia rozkladania<\/li>\n<li>Molitanov\u00e1 v\u00fdpl\u0148 sedacej \u010dasti<\/li>\n<li>Dod\u00e1van\u00e9 s vank\u00fa\u0161om<\/li>\n<li>Vank\u00fa\u0161 so vzorom<\/li>\n<li>Na no\u017ei\u010dk\u00e1ch, kolieska<\/li>\n<li>Dod\u00e1van\u00e9 v demonte<\/li>\n<\/ul>\n","protected":false},"excerpt":{"rendered":"<p>Modern\u00e9, pohodln\u00e9 rozkladacie kreslo KENY, ktor\u00e9 vyu\u017eijete aj ako poste\u013e. Kreslo je \u010dal\u00fanen\u00e9 kvalitnou hnedou l\u00e1tkou. S\u00fa\u010das\u0165ou je aj opierkov\u00fd vank\u00fa\u0161. Ocen\u00edte aj \u00falo\u017en\u00fd piestor, ktor\u00fd ur\u010dite neostane nevyu\u017eit\u00fd. Materi\u00e1l:\u00a0l\u00e1tka Savana Rozmery (\u0160xHxV):\u00a0100x87x90 cm Rozmer plochy na spanie (\u0160xD):\u00a0100&#215;190 cm V\u00fd\u0161ka sedu:\u00a045 cm H\u013abka sedu s vank\u00fa\u0161om:\u00a055 cm H\u013abka sedu bez vank\u00fa\u0161a:\u00a078 cm V\u00fd\u0161ka l\u00f4\u017eka&#8230;<\/p>\n","protected":false},"featured_media":21123,"comment_status":"closed","ping_status":"closed","template":"","meta":{"_seopress_robots_primary_cat":"219","_seopress_titles_title":"","_seopress_titles_desc":"","_seopress_robots_index":""},"product_brand":[],"product_cat":[219,231],"product_tag":[],"class_list":{"0":"post-21112","1":"product","2":"type-product","3":"status-publish","4":"has-post-thumbnail","6":"product_cat-pohovky","7":"product_cat-kresla","9":"first","10":"onbackorder","11":"shipping-taxable","12":"purchasable","13":"product-type-variable"},"_links":{"self":[{"href":"https:\/\/nabytoklaguna.sk\/sk\/wp-json\/wp\/v2\/product\/21112","targetHints":{"allow":["GET"]}}],"collection":[{"href":"https:\/\/nabytoklaguna.sk\/sk\/wp-json\/wp\/v2\/product"}],"about":[{"href":"https:\/\/nabytoklaguna.sk\/sk\/wp-json\/wp\/v2\/types\/product"}],"replies":[{"embeddable":true,"href":"https:\/\/nabytoklaguna.sk\/sk\/wp-json\/wp\/v2\/comments?post=21112"}],"wp:featuredmedia":[{"embeddable":true,"href":"https:\/\/nabytoklaguna.sk\/sk\/wp-json\/wp\/v2\/media\/21123"}],"wp:attachment":[{"href":"https:\/\/nabytoklaguna.sk\/sk\/wp-json\/wp\/v2\/media?parent=21112"}],"wp:term":[{"taxonomy":"product_brand","embeddable":true,"href":"https:\/\/nabytoklaguna.sk\/sk\/wp-json\/wp\/v2\/product_brand?post=21112"},{"taxonomy":"product_cat","embeddable":true,"href":"https:\/\/nabytoklaguna.sk\/sk\/wp-json\/wp\/v2\/product_cat?post=21112"},{"taxonomy":"product_tag","embeddable":true,"href":"https:\/\/nabytoklaguna.sk\/sk\/wp-json\/wp\/v2\/product_tag?post=21112"}],"curies":[{"name":"wp","href":"https:\/\/api.w.org\/{rel}","templated":true}]}}