{"id":24944,"date":"2021-02-22T16:54:36","date_gmt":"2021-02-22T15:54:36","guid":{"rendered":"http:\/\/nabytoklaguna.sk\/sk\/?post_type=product&#038;p=24944"},"modified":"2026-01-08T12:19:23","modified_gmt":"2026-01-08T11:19:23","slug":"k-b9-new-pc-stolik","status":"publish","type":"product","link":"https:\/\/nabytoklaguna.sk\/sk\/produkt\/k-b9-new-pc-stolik\/","title":{"rendered":"K B9 NEW"},"content":{"rendered":"<p>Sed\u00edte v kancel\u00e1rii a rozm\u00fd\u0161\u013eate, \u017ee v\u00e1m nie\u010do ch\u00fdba? V\u0161etko m\u00f4\u017ee vyrie\u0161i\u0165\u00a0praktick\u00fd<b> PC<\/b> stol\u00edk\u00a0so\u00a0<b>zamykate\u013enou skrinkou<\/b>\u00a0a\u00a0<b>\u0161upl\u00edkmi<\/b>. Vyroben\u00fd je z\u00a0<b>DTD f\u00f3liovan\u00e1<\/b>\u00a0vo farebnom preveden\u00ed\u00a0<b>dub artisan<\/b>. Na pravej strane sa nach\u00e1dza\u00a0<b>skrinka s dvierkami<\/b>\u00a0s\u00a0<b>jednou policou<\/b>\u00a0a\u00a0<b>otvoren\u00fdm \u00falo\u017en\u00fdm priestorom<\/b>\u00a0a na \u013eavej strane s\u00fa\u00a0<b>\u0161tyri \u0161upl\u00edky<\/b>\u00a0s\u00a0<b>otvoren\u00fdm \u00falo\u017en\u00fdm priestorom<\/b>. Pracovn\u00fa plochu \u0161ikovne u\u0161etr\u00edte, ak presuniete kl\u00e1vesnicu a my\u0161 na\u00a0<b>praktick\u00fa vys\u00favaciu policu.<\/b>\u00a0Ide o\u00a0<b>kvalitn\u00fd slovensk\u00fd v\u00fdrobok<\/b>.<\/p>\n<ul>\n<li><b>Materi\u00e1l:<\/b>\u00a0DTD laminovan\u00e1<\/li>\n<li><b>Farba:<\/b> dub artisan, dub sonoma, biela<\/li>\n<li><b>Rozmer (\u0160xHxV):<\/b>\u00a0123,5x55x75,5 cm<\/li>\n<li>Na pravej strane skrinka s policou<\/li>\n<li>Na \u013eavej strane \u0161tyri \u0161upl\u00edky<\/li>\n<li><b>Rozmery \u0161upl\u00edka (\u0160xHxV):<\/b>\u00a030x38x12,5 cm<\/li>\n<li>S otvoren\u00fdm \u00falo\u017en\u00fdm priestorom<\/li>\n<li><b>V\u00fd\u0161ka otvoren\u00e9ho \u00falo\u017en\u00e9ho priestoru:<\/b>\u00a012 cm<\/li>\n<li>S vys\u00favacou policou na kl\u00e1vesnicu a my\u0161<\/li>\n<li>Skrinka je zamykate\u013en\u00e1<\/li>\n<li><b>Nosnos\u0165 stol\u00edka:<\/b>\u00a010 kg<\/li>\n<li><b>Nosnos\u0165 pol\u00edc a \u0161upl\u00edkov:<\/b>\u00a05 kg<\/li>\n<li><b>Kvalitn\u00fd slovensk\u00fd v\u00fdrobok<\/b><\/li>\n<li>Dod\u00e1van\u00e9 v demonte<\/li>\n<\/ul>\n","protected":false},"excerpt":{"rendered":"<p>Sed\u00edte v kancel\u00e1rii a rozm\u00fd\u0161\u013eate, \u017ee v\u00e1m nie\u010do ch\u00fdba? V\u0161etko m\u00f4\u017ee vyrie\u0161i\u0165\u00a0praktick\u00fd PC stol\u00edk\u00a0so\u00a0zamykate\u013enou skrinkou\u00a0a\u00a0\u0161upl\u00edkmi. Vyroben\u00fd je z\u00a0DTD f\u00f3liovan\u00e1\u00a0vo farebnom preveden\u00ed\u00a0dub artisan. Na pravej strane sa nach\u00e1dza\u00a0skrinka s dvierkami\u00a0s\u00a0jednou policou\u00a0a\u00a0otvoren\u00fdm \u00falo\u017en\u00fdm priestorom\u00a0a na \u013eavej strane s\u00fa\u00a0\u0161tyri \u0161upl\u00edky\u00a0s\u00a0otvoren\u00fdm \u00falo\u017en\u00fdm priestorom. Pracovn\u00fa plochu \u0161ikovne u\u0161etr\u00edte, ak presuniete kl\u00e1vesnicu a my\u0161 na\u00a0praktick\u00fa vys\u00favaciu policu.\u00a0Ide o\u00a0kvalitn\u00fd slovensk\u00fd v\u00fdrobok. Materi\u00e1l:\u00a0DTD&#8230;<\/p>\n","protected":false},"featured_media":125592,"comment_status":"closed","ping_status":"closed","template":"","meta":{"_seopress_robots_primary_cat":"none","_seopress_titles_title":"","_seopress_titles_desc":"","_seopress_robots_index":""},"product_brand":[],"product_cat":[247],"product_tag":[],"class_list":{"0":"post-24944","1":"product","2":"type-product","3":"status-publish","4":"has-post-thumbnail","6":"product_cat-pisacie-pocitacove-stoly","7":"pa_farba-biela","8":"pa_farba-dub-artisan","9":"pa_farba-dub-sonoma","11":"first","12":"instock","13":"shipping-taxable","14":"purchasable","15":"product-type-variable"},"_links":{"self":[{"href":"https:\/\/nabytoklaguna.sk\/sk\/wp-json\/wp\/v2\/product\/24944","targetHints":{"allow":["GET"]}}],"collection":[{"href":"https:\/\/nabytoklaguna.sk\/sk\/wp-json\/wp\/v2\/product"}],"about":[{"href":"https:\/\/nabytoklaguna.sk\/sk\/wp-json\/wp\/v2\/types\/product"}],"replies":[{"embeddable":true,"href":"https:\/\/nabytoklaguna.sk\/sk\/wp-json\/wp\/v2\/comments?post=24944"}],"wp:featuredmedia":[{"embeddable":true,"href":"https:\/\/nabytoklaguna.sk\/sk\/wp-json\/wp\/v2\/media\/125592"}],"wp:attachment":[{"href":"https:\/\/nabytoklaguna.sk\/sk\/wp-json\/wp\/v2\/media?parent=24944"}],"wp:term":[{"taxonomy":"product_brand","embeddable":true,"href":"https:\/\/nabytoklaguna.sk\/sk\/wp-json\/wp\/v2\/product_brand?post=24944"},{"taxonomy":"product_cat","embeddable":true,"href":"https:\/\/nabytoklaguna.sk\/sk\/wp-json\/wp\/v2\/product_cat?post=24944"},{"taxonomy":"product_tag","embeddable":true,"href":"https:\/\/nabytoklaguna.sk\/sk\/wp-json\/wp\/v2\/product_tag?post=24944"}],"curies":[{"name":"wp","href":"https:\/\/api.w.org\/{rel}","templated":true}]}}