{"id":30179,"date":"2021-02-22T16:54:36","date_gmt":"2021-02-22T15:54:36","guid":{"rendered":"http:\/\/nabytoklaguna.sk\/sk\/?post_type=product&#038;p=30179"},"modified":"2025-11-13T16:12:20","modified_gmt":"2025-11-13T15:12:20","slug":"k-ervina","status":"publish","type":"product","link":"https:\/\/nabytoklaguna.sk\/sk\/produkt\/k-ervina\/","title":{"rendered":"K ERVINA"},"content":{"rendered":"<p>Stoli\u010dka je s\u00fa\u010das\u0165ou ka\u017edej dom\u00e1cnosti. Pou\u017e\u00edvame ich pri ka\u017edom jedle, \u010di pri tr\u00e1ven\u00ed \u010dasu s na\u0161imi zn\u00e1mymi. Stoli\u010dka ERVINA je \u010dal\u00fanen\u00e1 ekoko\u017eou vo viacer\u00fdch farebn\u00fdch prevedeniach. Stoj\u00ed na \u0161tyroch chr\u00f3movan\u00fdch no\u017ei\u010dk\u00e1ch, ktor\u00e9 zaru\u010duj\u00fa stabilitu stoli\u010dky. Vhodn\u00e1 do kuchyne, jed\u00e1lne \u010di re\u0161taur\u00e1cie. Ocen\u00edte madlo, ktor\u00e9 u\u013eah\u010duje manipul\u00e1ciu so stoli\u010dkou<\/p>\n<p>VLASTNOSTI<\/p>\n<div class=\"text\">\n<ul>\n<li><b>Materi\u00e1l:<\/b>\u00a0ekoko\u017ea\/chr\u00f3m<\/li>\n<li><b>Farba:<\/b> siv\u00e1, b\u00e9\u017eov\u00e1, \u010dierna<\/li>\n<li><b>Rozmery (\u0160xHxV):<\/b>\u00a042x43x99 cm<\/li>\n<li><b>V\u00fd\u0161ka sedu:\u00a0<\/b>47 cm<\/li>\n<li><b>H\u013abka sedu:<\/b>\u00a040 cm<\/li>\n<li><b>Nosnos\u0165:\u00a0<\/b>110 kg<\/li>\n<li>Dod\u00e1van\u00e9 v demonte<\/li>\n<\/ul>\n<p>Foto ilustra\u010dn\u00e9<\/p>\n<\/div>\n","protected":false},"excerpt":{"rendered":"<p>Stoli\u010dka je s\u00fa\u010das\u0165ou ka\u017edej dom\u00e1cnosti. Pou\u017e\u00edvame ich pri ka\u017edom jedle, \u010di pri tr\u00e1ven\u00ed \u010dasu s na\u0161imi zn\u00e1mymi. Stoli\u010dka ERVINA je \u010dal\u00fanen\u00e1 ekoko\u017eou vo viacer\u00fdch farebn\u00fdch prevedeniach. Stoj\u00ed na \u0161tyroch chr\u00f3movan\u00fdch no\u017ei\u010dk\u00e1ch, ktor\u00e9 zaru\u010duj\u00fa stabilitu stoli\u010dky. Vhodn\u00e1 do kuchyne, jed\u00e1lne \u010di re\u0161taur\u00e1cie. Ocen\u00edte madlo, ktor\u00e9 u\u013eah\u010duje manipul\u00e1ciu so stoli\u010dkou VLASTNOSTI Materi\u00e1l:\u00a0ekoko\u017ea\/chr\u00f3m Farba: siv\u00e1, b\u00e9\u017eov\u00e1, \u010dierna Rozmery&#8230;<\/p>\n","protected":false},"featured_media":92781,"comment_status":"closed","ping_status":"closed","template":"","meta":{"_seopress_robots_primary_cat":"239","_seopress_titles_title":"","_seopress_titles_desc":"","_seopress_robots_index":""},"product_brand":[],"product_cat":[239,237],"product_tag":[],"class_list":{"0":"post-30179","1":"product","2":"type-product","3":"status-publish","4":"has-post-thumbnail","6":"product_cat-kovove-stolicky","7":"product_cat-stolicky","9":"first","10":"onbackorder","11":"shipping-taxable","12":"purchasable","13":"product-type-variable"},"_links":{"self":[{"href":"https:\/\/nabytoklaguna.sk\/sk\/wp-json\/wp\/v2\/product\/30179","targetHints":{"allow":["GET"]}}],"collection":[{"href":"https:\/\/nabytoklaguna.sk\/sk\/wp-json\/wp\/v2\/product"}],"about":[{"href":"https:\/\/nabytoklaguna.sk\/sk\/wp-json\/wp\/v2\/types\/product"}],"replies":[{"embeddable":true,"href":"https:\/\/nabytoklaguna.sk\/sk\/wp-json\/wp\/v2\/comments?post=30179"}],"wp:featuredmedia":[{"embeddable":true,"href":"https:\/\/nabytoklaguna.sk\/sk\/wp-json\/wp\/v2\/media\/92781"}],"wp:attachment":[{"href":"https:\/\/nabytoklaguna.sk\/sk\/wp-json\/wp\/v2\/media?parent=30179"}],"wp:term":[{"taxonomy":"product_brand","embeddable":true,"href":"https:\/\/nabytoklaguna.sk\/sk\/wp-json\/wp\/v2\/product_brand?post=30179"},{"taxonomy":"product_cat","embeddable":true,"href":"https:\/\/nabytoklaguna.sk\/sk\/wp-json\/wp\/v2\/product_cat?post=30179"},{"taxonomy":"product_tag","embeddable":true,"href":"https:\/\/nabytoklaguna.sk\/sk\/wp-json\/wp\/v2\/product_tag?post=30179"}],"curies":[{"name":"wp","href":"https:\/\/api.w.org\/{rel}","templated":true}]}}