{"id":31997,"date":"2021-02-22T16:54:36","date_gmt":"2021-02-22T15:54:36","guid":{"rendered":"http:\/\/nabytoklaguna.sk\/sk\/?post_type=product&#038;p=31997"},"modified":"2025-02-24T11:00:29","modified_gmt":"2025-02-24T10:00:29","slug":"tempo-kondela-astrid","status":"publish","type":"product","link":"https:\/\/nabytoklaguna.sk\/sk\/produkt\/tempo-kondela-astrid\/","title":{"rendered":"K ASTRID"},"content":{"rendered":"<p>TV u\u0161iak\u00a0<b>ASTRID<\/b> si ob\u013e\u00fabite u\u017e po prvom seden\u00ed. Sedacia \u010das\u0165 je vyplnen\u00e1\u00a0<b>PUR penou<\/b>, ktor\u00e1 vynik\u00e1 v\u00fdborn\u00fdmi vlastnos\u0165ami. Na za\u010diatku je tuh\u0161ia, no pou\u017e\u00edvan\u00edm sa st\u00e1va\u00a0<b>komfortnej\u0161ia<\/b>\u00a0bez toho, aby str\u00e1cala na objeme. Pocit pohodlia n\u00e1sob\u00ed\u00a0<b>\u0161ikovn\u00fd taburet<\/b>, ktor\u00fd je s\u00fa\u010das\u0165ou kresla.\u00a0<b>Taburet<\/b>\u00a0poskytne va\u0161im noh\u00e1m dokonal\u00fa \u00fa\u013eavu. M\u00e1 aj in\u00e9 praktick\u00e9 vyu\u017eitie, napr.\u00a0<b>na sedenie<\/b>, alebo posl\u00fa\u017ei ako\u00a0<b>pomocn\u00e1 odkladacia plocha<\/b>.<\/p>\n<p>Rozmery (\u0160xHxV):86x73x105 cm V\u00fd\u0161ka sedenia: 42 cm H\u013abka sedenia 48 cm Hmotnos\u0165: 34 kg<\/p>\n","protected":false},"excerpt":{"rendered":"<p>TV u\u0161iak\u00a0ASTRID si ob\u013e\u00fabite u\u017e po prvom seden\u00ed. Sedacia \u010das\u0165 je vyplnen\u00e1\u00a0PUR penou, ktor\u00e1 vynik\u00e1 v\u00fdborn\u00fdmi vlastnos\u0165ami. Na za\u010diatku je tuh\u0161ia, no pou\u017e\u00edvan\u00edm sa st\u00e1va\u00a0komfortnej\u0161ia\u00a0bez toho, aby str\u00e1cala na objeme. Pocit pohodlia n\u00e1sob\u00ed\u00a0\u0161ikovn\u00fd taburet, ktor\u00fd je s\u00fa\u010das\u0165ou kresla.\u00a0Taburet\u00a0poskytne va\u0161im noh\u00e1m dokonal\u00fa \u00fa\u013eavu. M\u00e1 aj in\u00e9 praktick\u00e9 vyu\u017eitie, napr.\u00a0na sedenie, alebo posl\u00fa\u017ei ako\u00a0pomocn\u00e1 odkladacia plocha. Rozmery&#8230;<\/p>\n","protected":false},"featured_media":83832,"comment_status":"closed","ping_status":"closed","template":"","meta":{"_seopress_robots_primary_cat":"231","_seopress_titles_title":"","_seopress_titles_desc":"","_seopress_robots_index":""},"product_brand":[],"product_cat":[140,231],"product_tag":[],"class_list":{"0":"post-31997","1":"product","2":"type-product","3":"status-publish","4":"has-post-thumbnail","6":"product_cat-sedacie-supravy","7":"product_cat-kresla","9":"first","10":"onbackorder","11":"shipping-taxable","12":"purchasable","13":"product-type-variable"},"_links":{"self":[{"href":"https:\/\/nabytoklaguna.sk\/sk\/wp-json\/wp\/v2\/product\/31997","targetHints":{"allow":["GET"]}}],"collection":[{"href":"https:\/\/nabytoklaguna.sk\/sk\/wp-json\/wp\/v2\/product"}],"about":[{"href":"https:\/\/nabytoklaguna.sk\/sk\/wp-json\/wp\/v2\/types\/product"}],"replies":[{"embeddable":true,"href":"https:\/\/nabytoklaguna.sk\/sk\/wp-json\/wp\/v2\/comments?post=31997"}],"wp:featuredmedia":[{"embeddable":true,"href":"https:\/\/nabytoklaguna.sk\/sk\/wp-json\/wp\/v2\/media\/83832"}],"wp:attachment":[{"href":"https:\/\/nabytoklaguna.sk\/sk\/wp-json\/wp\/v2\/media?parent=31997"}],"wp:term":[{"taxonomy":"product_brand","embeddable":true,"href":"https:\/\/nabytoklaguna.sk\/sk\/wp-json\/wp\/v2\/product_brand?post=31997"},{"taxonomy":"product_cat","embeddable":true,"href":"https:\/\/nabytoklaguna.sk\/sk\/wp-json\/wp\/v2\/product_cat?post=31997"},{"taxonomy":"product_tag","embeddable":true,"href":"https:\/\/nabytoklaguna.sk\/sk\/wp-json\/wp\/v2\/product_tag?post=31997"}],"curies":[{"name":"wp","href":"https:\/\/api.w.org\/{rel}","templated":true}]}}