{"id":37665,"date":"2021-03-21T12:53:18","date_gmt":"2021-03-21T11:53:18","guid":{"rendered":"http:\/\/nabytoklaguna.sk\/sk\/?post_type=product&#038;p=37665"},"modified":"2025-03-18T11:11:24","modified_gmt":"2025-03-18T10:11:24","slug":"irma-obyvacia-stena","status":"publish","type":"product","link":"https:\/\/nabytoklaguna.sk\/sk\/produkt\/irma-obyvacia-stena\/","title":{"rendered":"W RMA ob\u00fdvacia stena"},"content":{"rendered":"<p><strong>W RMA<\/strong> je ve\u013emi modern\u00e1 ob\u00fdvacia stena s <strong>vysok\u00fdm leskom<\/strong>. Ve\u013ekou v\u00fdhodou tejto ob\u00fdvacej steny je <strong>tich\u00e9 zatv\u00e1ranie dvierok<\/strong> a <strong>ABS<\/strong> hrany.D\u00e1 sa objedna\u0165 v dvoch farebn\u00fdch prevedeniach: v <strong>bielom s vlo\u017ekou dub maggia<\/strong> (vi\u010f na hlavnom obr\u00e1zku) alebo <strong>bielom s bielou vlo\u017ekou.<\/strong>\u00a0 D\u00e1\u00a0<span style=\"font-size: 15.008px;\">sa objedna\u0165 ako celok alebo ako <strong>sektor<\/strong> kde si m\u00f4\u017ete vybra\u0165 pr\u00e1ve tie \u010dasti n\u00e1bytku, ktor\u00e9 V\u00e1m bud\u00fa vyhovova\u0165.<br \/>\n<\/span><\/p>\n<ul>\n<li>komoda IM3 (\u0161\/h\/v)(v cm) 100x39x89cm<\/li>\n<li>vitr\u00edna IM5 (\u0161\/h\/v)(v cm) 100x39x134,5cm<\/li>\n<li>rozkladac\u00ed stol\u00edk IM12 (\u0161\/h\/v)(v cm) 114-144x68x52cm<strong>\u00a0<\/strong><\/li>\n<li>polica IM10 (\u0161\/h\/v)(v cm) 100&#215;21,5x21cm<\/li>\n<li>polica IM11 (\u0161\/h\/v)(v cm) 152&#215;21,5x21cm<strong>\u00a0<\/strong><\/li>\n<li>reg\u00e1l IM8 (\u0161\/h\/v)(v cm) 60x39x195,5cm<\/li>\n<li>TV stol\u00edk IM2 (\u0161\/h\/v)(v cm) 152&#215;44,5x48cm<\/li>\n<li>TV stol\u00edk IM1 (\u0161\/h\/v)(v cm) 115&#215;44,5x48cm<\/li>\n<li>komoda IM4 (\u0161\/h\/v)(v cm) 152x39x89cm<\/li>\n<li>vitr\u00edna IM6 L (\u0161\/h\/v)(v cm) 60x39x195,5cm<\/li>\n<li>vitr\u00edna IM7 P (\u0161\/h\/v)(v cm) 60x39x195,5 cm<\/li>\n<li>skri\u0148a 2D IM9 (\u0161\/h\/v)(v cm) 100&#215;54,5&#215;195,5 cm<\/li>\n<li>rozkladac\u00ed st\u00f4l IM13 (\u0161\/h\/v)(v cm) 160-200x90x76,5<\/li>\n<\/ul>\n","protected":false},"excerpt":{"rendered":"<p>W RMA je ve\u013emi modern\u00e1 ob\u00fdvacia stena s vysok\u00fdm leskom. Ve\u013ekou v\u00fdhodou tejto ob\u00fdvacej steny je tich\u00e9 zatv\u00e1ranie dvierok a ABS hrany.D\u00e1 sa objedna\u0165 v dvoch farebn\u00fdch prevedeniach: v bielom s vlo\u017ekou dub maggia (vi\u010f na hlavnom obr\u00e1zku) alebo bielom s bielou vlo\u017ekou.\u00a0 D\u00e1\u00a0sa objedna\u0165 ako celok alebo ako sektor kde si m\u00f4\u017ete vybra\u0165 pr\u00e1ve&#8230;<\/p>\n","protected":false},"featured_media":56985,"comment_status":"closed","ping_status":"closed","template":"","meta":{"_seopress_robots_primary_cat":"183","_seopress_titles_title":"","_seopress_titles_desc":"","_seopress_robots_index":""},"product_brand":[],"product_cat":[183],"product_tag":[],"class_list":{"0":"post-37665","1":"product","2":"type-product","3":"status-publish","4":"has-post-thumbnail","6":"product_cat-sektorove-obyvacie-steny","7":"pa_typ-produktu-komoda-im-3","8":"pa_typ-produktu-komoda-im-4","9":"pa_typ-produktu-polica-im-10","10":"pa_typ-produktu-polica-im-11","11":"pa_typ-produktu-regal-im-8","12":"pa_typ-produktu-rozkladaci-stol-im-13","13":"pa_typ-produktu-rozkladaci-stolik-im-12","14":"pa_typ-produktu-skrina-2d-im-9","15":"pa_typ-produktu-tv-stolik-im-1","16":"pa_typ-produktu-tv-stolik-im-2","17":"pa_typ-produktu-vitrina-im-5","18":"pa_typ-produktu-vitrina-im-6-l","19":"pa_typ-produktu-vitrina-im-7-p","21":"first","22":"onbackorder","23":"shipping-taxable","24":"purchasable","25":"product-type-variable"},"_links":{"self":[{"href":"https:\/\/nabytoklaguna.sk\/sk\/wp-json\/wp\/v2\/product\/37665","targetHints":{"allow":["GET"]}}],"collection":[{"href":"https:\/\/nabytoklaguna.sk\/sk\/wp-json\/wp\/v2\/product"}],"about":[{"href":"https:\/\/nabytoklaguna.sk\/sk\/wp-json\/wp\/v2\/types\/product"}],"replies":[{"embeddable":true,"href":"https:\/\/nabytoklaguna.sk\/sk\/wp-json\/wp\/v2\/comments?post=37665"}],"wp:featuredmedia":[{"embeddable":true,"href":"https:\/\/nabytoklaguna.sk\/sk\/wp-json\/wp\/v2\/media\/56985"}],"wp:attachment":[{"href":"https:\/\/nabytoklaguna.sk\/sk\/wp-json\/wp\/v2\/media?parent=37665"}],"wp:term":[{"taxonomy":"product_brand","embeddable":true,"href":"https:\/\/nabytoklaguna.sk\/sk\/wp-json\/wp\/v2\/product_brand?post=37665"},{"taxonomy":"product_cat","embeddable":true,"href":"https:\/\/nabytoklaguna.sk\/sk\/wp-json\/wp\/v2\/product_cat?post=37665"},{"taxonomy":"product_tag","embeddable":true,"href":"https:\/\/nabytoklaguna.sk\/sk\/wp-json\/wp\/v2\/product_tag?post=37665"}],"curies":[{"name":"wp","href":"https:\/\/api.w.org\/{rel}","templated":true}]}}