{"id":37922,"date":"2022-06-20T12:53:18","date_gmt":"2022-06-20T10:53:18","guid":{"rendered":"http:\/\/nabytoklaguna.sk\/sk\/?post_type=product&#038;p=37922"},"modified":"2025-03-17T14:17:19","modified_gmt":"2025-03-17T13:17:19","slug":"obyvacia-stena-worti","status":"publish","type":"product","link":"https:\/\/nabytoklaguna.sk\/sk\/produkt\/obyvacia-stena-worti\/","title":{"rendered":"WORTI MASIV"},"content":{"rendered":"<p>Sektorov\u00e1 ob\u00fdvacia stena <strong>WORTI<\/strong> si zamilujete na prv\u00fd poh\u013ead. Predn\u00e9 dvierka s\u00fa z <strong>mas\u00edvneho<\/strong> dubov\u00e9ho dreva. \u010cierne sklenen\u00e9 vlo\u017eky a dr\u00e1\u017ekovan\u00e9 prvky zd\u00f4raz\u0148uj\u00fa mimoriadn\u00fd \u0161t\u00fdl sektoru. Kovov\u00e9 madla a r\u00e1my zdobiace presklen\u00e9 prvky zv\u00fdraz\u0148uj\u00fa kr\u00e1su pr\u00edrodn\u00fdch materi\u00e1lov. Vieme, \u017ee si radi vyber\u00e1te a preto je sektorov\u00fd n\u00e1bytok v dvoch farebn\u00fdch prevedeniach<strong> Dub antick\u00fd<\/strong>\u00a0a <strong>Dub \u010dokol\u00e1dov\u00fd<\/strong>. Sektorov\u00fd n\u00e1bytok <strong>WORTI<\/strong> je tie\u017e synonymom spo\u013eahlivosti.\u00a0 Materi\u00e1ly, z ktor\u00fdch je tento n\u00e1bytok vyroben\u00fd zaru\u010duj\u00fa jeho \u017eivotnos\u0165 na dlh\u00e9 roky. V kolekcii n\u00e1bytku WORTI sa nach\u00e1dzaj\u00fa <strong>stol\u00edky, vitr\u00edny<\/strong> \u010di <strong>komody<\/strong>, ktor\u00e9 V\u00e1m umo\u017enia vytvori\u0165 dokonal\u00fa zostavu do Va\u0161ej ob\u00fdva\u010dky. Led osvetlenie nie je v cene, je mo\u017en\u00e9 si ho doobjedna\u0165 za pr\u00edplatok. Vyberte si sektorov\u00fd n\u00e1bytok WORTI, preto\u017ee je to elegantn\u00fd n\u00e1bytok, ktor\u00fd h\u013ead\u00e1te<\/p>\n<p><strong>Zobrazen\u00e1 zostava pozost\u00e1va<\/strong><\/p>\n<p>Vitr\u00edna \u013eav\u00e1 WORTI 10, rozmery (\u0160xHxV)\u00a0 \u00a0 66x42x198cm<br \/>\nVitr\u00edna WORTI 15, rozmery (\u0160xHxV)\u00a0 \u00a0 \u00a0 \u00a0 \u00a0 \u00a0 95x42x145cm<br \/>\nRTV stol\u00edk WORTI 25, rozmery (\u0160xHxV)\u00a0 \u00a0 \u00a0160x42x51cm<br \/>\nPolica WORTI 35, rozmery (\u0160xHxV)\u00a0 \u00a0 \u00a0 \u00a0 \u00a0 \u00a0 160x25x23cm<\/p>\n<p><strong>Mo\u017enost doobjedna\u0165<\/strong><\/p>\n<ul>\n<li>Vitr\u00edna prav\u00e1 WORTI 11, rozmery (\u0160xHxV)\u00a0 \u00a0 \u00a0 \u00a0 \u00a0 \u00a066x42x198cm<\/li>\n<li>Vitr\u00edna WORTI 12, rozmery (\u0160xHxV)\u00a0 \u00a0 \u00a0 \u00a0 \u00a0 \u00a0 \u00a0 \u00a0 \u00a0 \u00a0 \u00a095x42x198cm<\/li>\n<li>Konferen\u010dn\u00fd stol\u00edk WORTI 41,rozmery (\u0160xHxV)\u00a0 110x60x47cm<\/li>\n<li>Komoda WORTI 45, rozmery (\u0160xHxV)\u00a0 \u00a0 \u00a0 \u00a0 \u00a0 \u00a0 \u00a0 \u00a0 \u00a0160x42x90cm<\/li>\n<li>Komoda WORTI 48, rozmery (\u0160xHxV)\u00a0 \u00a0 \u00a0 \u00a0 \u00a0 \u00a0 \u00a0 \u00a0 \u00a0 180x42x90cm<\/li>\n<li>Skri\u0148a 2-dverov\u00e1 WORTI 70, rozmery (\u0160xHxV)\u00a0 \u00a0 95x60x198cm<\/li>\n<\/ul>\n","protected":false},"excerpt":{"rendered":"<p>Sektorov\u00e1 ob\u00fdvacia stena WORTI si zamilujete na prv\u00fd poh\u013ead. Predn\u00e9 dvierka s\u00fa z mas\u00edvneho dubov\u00e9ho dreva. \u010cierne sklenen\u00e9 vlo\u017eky a dr\u00e1\u017ekovan\u00e9 prvky zd\u00f4raz\u0148uj\u00fa mimoriadn\u00fd \u0161t\u00fdl sektoru. Kovov\u00e9 madla a r\u00e1my zdobiace presklen\u00e9 prvky zv\u00fdraz\u0148uj\u00fa kr\u00e1su pr\u00edrodn\u00fdch materi\u00e1lov. Vieme, \u017ee si radi vyber\u00e1te a preto je sektorov\u00fd n\u00e1bytok v dvoch farebn\u00fdch prevedeniach Dub antick\u00fd\u00a0a Dub \u010dokol\u00e1dov\u00fd&#8230;.<\/p>\n","protected":false},"featured_media":106023,"comment_status":"closed","ping_status":"closed","template":"","meta":{"_seopress_robots_primary_cat":"251","_seopress_titles_title":"","_seopress_titles_desc":"","_seopress_robots_index":""},"product_brand":[],"product_cat":[7513,182,251],"product_tag":[],"class_list":{"0":"post-37922","1":"product","2":"type-product","3":"status-publish","4":"has-post-thumbnail","6":"product_cat-obyvacie-steny-masiv","7":"product_cat-obyvacie-steny","8":"product_cat-steny","10":"first","11":"onbackorder","12":"shipping-taxable","13":"purchasable","14":"product-type-simple"},"_links":{"self":[{"href":"https:\/\/nabytoklaguna.sk\/sk\/wp-json\/wp\/v2\/product\/37922","targetHints":{"allow":["GET"]}}],"collection":[{"href":"https:\/\/nabytoklaguna.sk\/sk\/wp-json\/wp\/v2\/product"}],"about":[{"href":"https:\/\/nabytoklaguna.sk\/sk\/wp-json\/wp\/v2\/types\/product"}],"replies":[{"embeddable":true,"href":"https:\/\/nabytoklaguna.sk\/sk\/wp-json\/wp\/v2\/comments?post=37922"}],"wp:featuredmedia":[{"embeddable":true,"href":"https:\/\/nabytoklaguna.sk\/sk\/wp-json\/wp\/v2\/media\/106023"}],"wp:attachment":[{"href":"https:\/\/nabytoklaguna.sk\/sk\/wp-json\/wp\/v2\/media?parent=37922"}],"wp:term":[{"taxonomy":"product_brand","embeddable":true,"href":"https:\/\/nabytoklaguna.sk\/sk\/wp-json\/wp\/v2\/product_brand?post=37922"},{"taxonomy":"product_cat","embeddable":true,"href":"https:\/\/nabytoklaguna.sk\/sk\/wp-json\/wp\/v2\/product_cat?post=37922"},{"taxonomy":"product_tag","embeddable":true,"href":"https:\/\/nabytoklaguna.sk\/sk\/wp-json\/wp\/v2\/product_tag?post=37922"}],"curies":[{"name":"wp","href":"https:\/\/api.w.org\/{rel}","templated":true}]}}