{"id":46209,"date":"2021-03-21T12:53:18","date_gmt":"2021-03-21T11:53:18","guid":{"rendered":"https:\/\/nabytoklaguna.sk\/sk\/?post_type=product&#038;p=46209"},"modified":"2025-06-03T13:33:29","modified_gmt":"2025-06-03T11:33:29","slug":"tempo-kondela-emily-roh-maly","status":"publish","type":"product","link":"https:\/\/nabytoklaguna.sk\/sk\/produkt\/tempo-kondela-emily-roh-maly\/","title":{"rendered":"K EMILY ROH MAL\u00dd"},"content":{"rendered":"<p>Chcete si posedie\u0165 naozaj \u0161t\u00fdlovo? Tak zaostrite zrak na sedaciu s\u00fapravu <strong>EMILY ROH MAL\u00dd<\/strong>. EMILY ROH MAL\u00dd <strong>je celo\u010dal\u00fanen\u00e1<\/strong>, \u0161t\u00fdlov\u00e1<strong> rohov\u00e1<\/strong> sedacia s\u00faprava vybaven\u00e1 s viacer\u00fdmi vychyt\u00e1vkami, ktor\u00e1 zaujme nielen svojim vzh\u013eadom ale aj multifunk\u010dnos\u0165ou. T\u00e1to kr\u00e1savica sa p\u00fd\u0161i <strong>rozkladacou funkciou<\/strong>, ktor\u00fa m\u00f4\u017eete vyu\u017ei\u0165 na pr\u00edle\u017eitostn\u00e9 spanie. Ak chcete aby bol v\u00e1\u0161 priestor ob\u00fdvacej izby \u00fa\u010delovo vyplnen\u00fd, zaru\u010dene to sk\u00faste so sedacou s\u00fapravou <strong>EMILY ROH MAL\u00dd<\/strong>. Mo\u017enos\u0165 v\u00fdberu prav\u00e9ho alebo \u013eav\u00e9ho prevedenia. Pon\u00fakame V\u00e1m ju v po\u0165ahovej l\u00e1tke Soro.<\/p>\n<p>L\u00e1tku\u00a0<b>Soro<\/b>\u00a0rad\u00edme medzi vel\u00farovou tkaninu. Jedn\u00e1 sa o tkaninu podobn\u00fa ply\u0161u s kr\u00e1tkym vlasom, ktor\u00e1 sa vyzna\u010duje <strong>zamatovo jemn\u00fdm<\/strong> povrchom.\u00a0<b>L\u00e1tka Soro<\/b>\u00a0vyroben\u00e1 zo 100% polyesteru s vidite\u013en\u00fdm pleten\u00fdm vzorom je m\u00e4kk\u00e1, priedu\u0161n\u00fd, \u013eahko absorbuje vlhkos\u0165 a r\u00fdchlo schne. Odol\u00e1va tie\u017e denn\u00e9mu svetlu a <strong>netvor\u00ed \u017emolky.<\/strong><\/p>\n<p>Mo\u017enos\u0165 objednania v 4 farebn\u00fdch odtie\u0148och ekoko\u017ee a v\u00a0 6 farebn\u00fdch odtie\u0148och l\u00e1tky Soro v cene 1039,- \u20ac. Doba dodanie je 8-10 t\u00fd\u017ed\u0148ov<\/p>\n<h3 class=\"page-product-heading\">VLASTNOSTI<\/h3>\n<table class=\"table-data-sheet\">\n<tbody>\n<tr class=\"odd\">\n<td>H\u013abka<\/td>\n<td>174 cm<\/td>\n<\/tr>\n<tr class=\"even\">\n<td>\u0160\u00edrka<\/td>\n<td>280 cm<\/td>\n<\/tr>\n<tr class=\"odd\">\n<td>V\u00fd\u0161ka<\/td>\n<td>83 cm<\/td>\n<\/tr>\n<tr class=\"even\">\n<td>Vhodn\u00e1 miestnos\u0165<\/td>\n<td>ob\u00fdva\u010dka, spolo\u010densk\u00e1 miestnos\u0165, hotely, kaviarne<\/td>\n<\/tr>\n<tr class=\"odd\">\n<td>Typ n\u00e1bytku<\/td>\n<td>rohov\u00e1 sedacia s\u00faprava<\/td>\n<\/tr>\n<tr class=\"even\">\n<td>\u0160t\u00fdl n\u00e1bytku<\/td>\n<td>modern\u00fd<\/td>\n<\/tr>\n<tr class=\"odd\">\n<td>Z\u00e1ruka<\/td>\n<td>2 roky<\/td>\n<\/tr>\n<tr class=\"even\">\n<td>Sp\u00f4sob dodania<\/td>\n<td>demont v dvoch bal\u00edkoch<\/td>\n<\/tr>\n<tr class=\"odd\">\n<td>Hmotnos\u0165<\/td>\n<td>110 kg<\/td>\n<\/tr>\n<tr class=\"even\">\n<td>\u00dalo\u017en\u00fd priestor<\/td>\n<td>\u00e1no<\/td>\n<\/tr>\n<tr class=\"odd\">\n<td>Rohov\u00e9 prevedenie<\/td>\n<td>\u00e1no<\/td>\n<\/tr>\n<tr class=\"even\">\n<td>V\u00fd\u0161ka sed\u00e1ka<\/td>\n<td>43 cm<\/td>\n<\/tr>\n<tr class=\"odd\">\n<td>V\u00fd\u0161ka zadn\u00e9ho \u010dela<\/td>\n<td>max. 83 cm<\/td>\n<\/tr>\n<tr class=\"even\">\n<td>Mo\u017enos\u0165 rozkladania<\/td>\n<td>\u00e1no<\/td>\n<\/tr>\n<tr class=\"odd\">\n<td>Plocha na spanie<\/td>\n<td>130\u00d7210 cm<\/td>\n<\/tr>\n<tr class=\"even\">\n<td>Kon\u0161trukcia<\/td>\n<td>DTD<\/td>\n<\/tr>\n<tr class=\"odd\">\n<td>N\u00f4\u017eky<\/td>\n<td>kov<\/td>\n<\/tr>\n<tr class=\"even\">\n<td>Obsahuje vank\u00fa\u0161e<\/td>\n<td>nie<\/td>\n<\/tr>\n<tr class=\"odd\">\n<td>Nastavenie opierok<\/td>\n<td>\u00e1no<\/td>\n<\/tr>\n<tr class=\"even\">\n<td>V\u00fdpl\u0148 seda\u010dky<\/td>\n<td>pena+ pru\u017eina<\/td>\n<\/tr>\n<\/tbody>\n<\/table>\n","protected":false},"excerpt":{"rendered":"<p>Chcete si posedie\u0165 naozaj \u0161t\u00fdlovo? Tak zaostrite zrak na sedaciu s\u00fapravu EMILY ROH MAL\u00dd. EMILY ROH MAL\u00dd je celo\u010dal\u00fanen\u00e1, \u0161t\u00fdlov\u00e1 rohov\u00e1 sedacia s\u00faprava vybaven\u00e1 s viacer\u00fdmi vychyt\u00e1vkami, ktor\u00e1 zaujme nielen svojim vzh\u013eadom ale aj multifunk\u010dnos\u0165ou. T\u00e1to kr\u00e1savica sa p\u00fd\u0161i rozkladacou funkciou, ktor\u00fa m\u00f4\u017eete vyu\u017ei\u0165 na pr\u00edle\u017eitostn\u00e9 spanie. Ak chcete aby bol v\u00e1\u0161 priestor ob\u00fdvacej izby&#8230;<\/p>\n","protected":false},"featured_media":90428,"comment_status":"closed","ping_status":"closed","template":"","meta":{"_seopress_robots_primary_cat":"255","_seopress_titles_title":"","_seopress_titles_desc":"","_seopress_robots_index":""},"product_brand":[],"product_cat":[255,140],"product_tag":[],"class_list":{"0":"post-46209","1":"product","2":"type-product","3":"status-publish","4":"has-post-thumbnail","6":"product_cat-rohove-supravy","7":"product_cat-sedacie-supravy","9":"first","10":"onbackorder","11":"shipping-taxable","12":"purchasable","13":"product-type-variable"},"_links":{"self":[{"href":"https:\/\/nabytoklaguna.sk\/sk\/wp-json\/wp\/v2\/product\/46209","targetHints":{"allow":["GET"]}}],"collection":[{"href":"https:\/\/nabytoklaguna.sk\/sk\/wp-json\/wp\/v2\/product"}],"about":[{"href":"https:\/\/nabytoklaguna.sk\/sk\/wp-json\/wp\/v2\/types\/product"}],"replies":[{"embeddable":true,"href":"https:\/\/nabytoklaguna.sk\/sk\/wp-json\/wp\/v2\/comments?post=46209"}],"wp:featuredmedia":[{"embeddable":true,"href":"https:\/\/nabytoklaguna.sk\/sk\/wp-json\/wp\/v2\/media\/90428"}],"wp:attachment":[{"href":"https:\/\/nabytoklaguna.sk\/sk\/wp-json\/wp\/v2\/media?parent=46209"}],"wp:term":[{"taxonomy":"product_brand","embeddable":true,"href":"https:\/\/nabytoklaguna.sk\/sk\/wp-json\/wp\/v2\/product_brand?post=46209"},{"taxonomy":"product_cat","embeddable":true,"href":"https:\/\/nabytoklaguna.sk\/sk\/wp-json\/wp\/v2\/product_cat?post=46209"},{"taxonomy":"product_tag","embeddable":true,"href":"https:\/\/nabytoklaguna.sk\/sk\/wp-json\/wp\/v2\/product_tag?post=46209"}],"curies":[{"name":"wp","href":"https:\/\/api.w.org\/{rel}","templated":true}]}}